{"id":54753,"date":"2019-08-07T09:58:39","date_gmt":"2019-08-07T09:58:39","guid":{"rendered":"https:\/\/moreholiday.cmsfacil.eu\/more-holiday\/"},"modified":"2025-01-11T17:11:58","modified_gmt":"2025-01-11T17:11:58","slug":"fabrega-goertzen","status":"publish","type":"page","link":"https:\/\/fabrega.syspre.sysprovider.com\/en\/","title":{"rendered":"Fabrega-Goertzen by More Holiday"},"content":{"rendered":"\t\t<div data-elementor-type=\"wp-post\" data-elementor-id=\"54753\" class=\"elementor elementor-54753 elementor-35157\" data-elementor-post-type=\"page\">\n\t\t\t\t\t\t<section class=\"elementor-section elementor-top-section elementor-element elementor-element-1b23fd2 elementor-section-full_width elementor-section-stretched elementor-section-height-default elementor-section-height-default\" data-id=\"1b23fd2\" data-element_type=\"section\" data-settings=\"{&quot;stretch_section&quot;:&quot;section-stretched&quot;,&quot;background_background&quot;:&quot;slideshow&quot;,&quot;background_slideshow_gallery&quot;:[{&quot;id&quot;:84085,&quot;url&quot;:&quot;https:\\\/\\\/fabrega-goertzen.com\\\/wp-content\\\/uploads\\\/2025\\\/01\\\/Llanca-Port-de-la-Selva-1555-1.jpg&quot;},{&quot;id&quot;:84089,&quot;url&quot;:&quot;https:\\\/\\\/fabrega-goertzen.com\\\/wp-content\\\/uploads\\\/2025\\\/01\\\/Llanca-Port-de-la-Selva-1390-1.jpg&quot;},{&quot;id&quot;:84093,&quot;url&quot;:&quot;https:\\\/\\\/fabrega-goertzen.com\\\/wp-content\\\/uploads\\\/2025\\\/01\\\/Llanca-Port-de-la-Selva-1642-1.jpg&quot;},{&quot;id&quot;:84097,&quot;url&quot;:&quot;https:\\\/\\\/fabrega-goertzen.com\\\/wp-content\\\/uploads\\\/2025\\\/01\\\/Llanca-Port-de-la-Selva-0124-1.jpg&quot;},{&quot;id&quot;:84101,&quot;url&quot;:&quot;https:\\\/\\\/fabrega-goertzen.com\\\/wp-content\\\/uploads\\\/2025\\\/01\\\/Llanca-Port-de-la-Selva-1165-2-1.jpg&quot;},{&quot;id&quot;:84105,&quot;url&quot;:&quot;https:\\\/\\\/fabrega-goertzen.com\\\/wp-content\\\/uploads\\\/2025\\\/01\\\/Llanca-Port-de-la-Selva-5256-1.jpg&quot;},{&quot;id&quot;:84109,&quot;url&quot;:&quot;https:\\\/\\\/fabrega-goertzen.com\\\/wp-content\\\/uploads\\\/2025\\\/01\\\/Llanca-Port-de-la-Selva-2071-1.jpg&quot;},{&quot;id&quot;:84113,&quot;url&quot;:&quot;https:\\\/\\\/fabrega-goertzen.com\\\/wp-content\\\/uploads\\\/2025\\\/01\\\/Llanca-Port-de-la-Selva-5284-1.jpg&quot;},{&quot;id&quot;:84117,&quot;url&quot;:&quot;https:\\\/\\\/fabrega-goertzen.com\\\/wp-content\\\/uploads\\\/2025\\\/01\\\/Llanca-Port-de-la-Selva-6012-1.jpg&quot;}],&quot;background_slideshow_slide_duration&quot;:7000,&quot;background_slideshow_ken_burns&quot;:&quot;yes&quot;,&quot;background_slideshow_loop&quot;:&quot;yes&quot;,&quot;background_slideshow_slide_transition&quot;:&quot;fade&quot;,&quot;background_slideshow_transition_duration&quot;:500,&quot;background_slideshow_ken_burns_zoom_direction&quot;:&quot;in&quot;}\">\n\t\t\t\t\t\t\t<div class=\"elementor-background-overlay\"><\/div>\n\t\t\t\t\t\t\t<div class=\"elementor-container elementor-column-gap-default\">\n\t\t\t\t\t<div class=\"elementor-column elementor-col-100 elementor-top-column elementor-element elementor-element-c7f98d5\" data-id=\"c7f98d5\" data-element_type=\"column\">\n\t\t\t<div class=\"elementor-widget-wrap elementor-element-populated\">\n\t\t\t\t\t\t<div class=\"elementor-element elementor-element-247f27f elementor-widget elementor-widget-heading\" data-id=\"247f27f\" data-element_type=\"widget\" data-widget_type=\"heading.default\">\n\t\t\t\t<div class=\"elementor-widget-container\">\n\t\t\t\t\t<h2 class=\"elementor-heading-title elementor-size-default\">Dream holidays in Llan\u00e7\u00e0<\/h2>\t\t\t\t<\/div>\n\t\t\t\t<\/div>\n\t\t\t\t<div class=\"elementor-element elementor-element-f080842 elementor-widget elementor-widget-heading\" data-id=\"f080842\" data-element_type=\"widget\" data-widget_type=\"heading.default\">\n\t\t\t\t<div class=\"elementor-widget-container\">\n\t\t\t\t\t<h2 class=\"elementor-heading-title elementor-size-default\">Tourist apartments and accommodation in Llan\u00e7\u00e0 - Cap de Creus<\/h2>\t\t\t\t<\/div>\n\t\t\t\t<\/div>\n\t\t\t\t\t<\/div>\n\t\t<\/div>\n\t\t\t\t\t<\/div>\n\t\t<\/section>\n\t\t\t\t<section class=\"elementor-section elementor-top-section elementor-element elementor-element-492a159 elementor-section-full_width elementor-section-height-default elementor-section-height-default\" data-id=\"492a159\" data-element_type=\"section\" data-settings=\"{&quot;background_background&quot;:&quot;classic&quot;}\">\n\t\t\t\t\t\t<div class=\"elementor-container elementor-column-gap-default\">\n\t\t\t\t\t<div class=\"elementor-column elementor-col-100 elementor-top-column elementor-element elementor-element-2d8cde5\" data-id=\"2d8cde5\" data-element_type=\"column\">\n\t\t\t<div class=\"elementor-widget-wrap elementor-element-populated\">\n\t\t\t\t\t\t<div class=\"elementor-element elementor-element-38010a4 elementor-widget elementor-widget-Wprentals_Advanced_Search\" data-id=\"38010a4\" data-element_type=\"widget\" data-widget_type=\"Wprentals_Advanced_Search.default\">\n\t\t\t\t<div class=\"elementor-widget-container\">\n\t\t\t\t\t<input type='hidden' name='lang' value='en' \/><div class=\"advanced_search_shortcode\"><h2 class=\"shortcode_title_adv\"><\/h2><div class=\"adv-search-1   adv_extended_class 54753 advanced_search_form_wrapper\"  data-postid=\"54753\"><form role=\"search\" method=\"get\"   action=\"https:\/\/fabrega.syspre.sysprovider.com\/en\/search-results\/\" ><div class=\" col-md-4 Where_do_you_want_to_go_? map_icon \"><input type=\"hidden\" class=\"stype\" id=\"stype\" name=\"stype\" value=\"tax\">\n        <div class=\"dropdown form-control\">\n            <div data-toggle=\"dropdown\" id=\"search_location\"  class=\"filter_menu_trigger \"  data-value=\"all\">Where do you want to go ?<span class=\"caret caret_filter\"><\/span> <\/div>           \n            <input type=\"hidden\" name=\"search_location\" id=\"search_location_autointernal\"  value=\"\">\n            <ul  class=\"dropdown-menu filter_menu search_location_autointernal_list\"  id=\"search_location-select\" role=\"menu\" aria-labelledby=\"search_location\">\n                <li role=\"presentation\" data-value=\"0\" selected=\"selected\" >any<\/li><li role=\"presentation\" data-tax=\"tax\" data-value=\"Carboneras - Tonyines\">Carboneras - Tonyines<\/li><li role=\"presentation\" data-tax=\"tax\" data-value=\"Carboneras - Tonyines, Llan\u00e7\u00e0\">Carboneras - Tonyines, Llan\u00e7\u00e0<\/li><li role=\"presentation\" data-tax=\"tax\" data-value=\"Fener - Cau del Llop\">Fener - Cau del Llop<\/li><li role=\"presentation\" data-tax=\"tax\" data-value=\"Fener - Cau del Llop, Llan\u00e7\u00e0\">Fener - Cau del Llop, Llan\u00e7\u00e0<\/li><li role=\"presentation\" data-tax=\"tax\" data-value=\"Grifeu - Cap Ras\">Grifeu - Cap Ras<\/li><li role=\"presentation\" data-tax=\"tax\" data-value=\"Grifeu - Cap Ras, Llan\u00e7\u00e0\">Grifeu - Cap Ras, Llan\u00e7\u00e0<\/li><li role=\"presentation\" data-tax=\"tax\" data-value=\"Port de Llan\u00e7\u00e0\">Port de Llan\u00e7\u00e0<\/li><li role=\"presentation\" data-tax=\"tax\" data-value=\"Port de Llan\u00e7\u00e0, Llan\u00e7\u00e0\">Port de Llan\u00e7\u00e0, Llan\u00e7\u00e0<\/li><li role=\"presentation\" data-tax=\"tax\" data-value=\"Port de la Selva\">Port de la Selva<\/li><li role=\"presentation\" data-tax=\"tax\" data-value=\"Port de la Selva, Selva de mar\">Port de la Selva, Selva de mar<\/li><li role=\"presentation\" data-tax=\"tax\" data-value=\"Port de la Selva, Selva de mar, L&#039;Escala\">Port de la Selva, Selva de mar, L'Escala<\/li><li role=\"presentation\" data-tax=\"tax\" data-value=\"St. Carles - St. Gen\u00eds\">St. Carles - St. Gen\u00eds<\/li><li role=\"presentation\" data-tax=\"tax\" data-value=\"St. Carles - St. Gen\u00eds, Llan\u00e7\u00e0\">St. Carles - St. Gen\u00eds, Llan\u00e7\u00e0<\/li><li role=\"presentation\" data-tax=\"tax\" data-value=\"L&#039;Escala\">L'Escala<\/li><li role=\"presentation\" data-tax=\"tax\" data-value=\"Llan\u00e7\u00e0\">Llan\u00e7\u00e0<\/li><li role=\"presentation\" data-tax=\"tax\" data-value=\"Port de la Selva\">Port de la Selva<\/li><li role=\"presentation\" data-tax=\"tax\" data-value=\"Selva de mar\">Selva de mar<\/li><li role=\"presentation\" data-tax=\"meta\" data-value=\"Afghanistan\">Afghanistan<\/li><li role=\"presentation\" data-tax=\"meta\" data-value=\"Spain\">Spain<\/li>\n            <\/ul>        \n        <\/div>  <input type=\"hidden\" autocomplete=\"off\" id=\"advanced_cityshortcode\"      class=\"form-control\" name=\"advanced_city\" data-value=\"\"   value=\"\" >\n                    <input type=\"hidden\" autocomplete=\"off\" id=\"advanced_areashortcode\"      class=\"form-control\" name=\"advanced_area\"   data-value=\"\" value=\"\" >\n                    <input type=\"hidden\" autocomplete=\"off\" id=\"advanced_countryshortcode\"   class=\"form-control\" name=\"advanced_country\"   data-value=\"\" value=\"\" >\n                    <input type=\"hidden\" autocomplete=\"off\" id=\"property_admin_areashortcode\" name=\"property_admin_area\" value=\"\"><\/div><div class=\" col-md-2 Check-In calendar_icon  \"><input type=\"text\"    id=\"check_in_shortcode\"  name=\"check_in\" placeholder=\"Check-In\"  class=\"advanced_select form-control custom_icon_class_input\" value=\"\" \/><\/div><div class=\" col-md-2 Check-Out calendar_icon  \"><input type=\"text\"    id=\"check_out_shortcode\"  name=\"check_out\" placeholder=\"Check-Out\"  class=\"advanced_select form-control custom_icon_class_input\" value=\"\" \/><\/div><div class=\" col-md-2 Guests guest_no_drop \"><div class=\"dropdown custom_icon_class  form-control \"> <div data-toggle=\"dropdown\" id=\"guest_no_toogle\" class=\" filter_menu_trigger  \"   data-value=\"\">Guests\n                <span class=\"caret  caret_filter \"><\/span>\n                <\/div> <input type=\"hidden\" name=\"guest_no\" id=\"guest_no\" value=\"\">\n                    <ul  class=\"dropdown-menu filter_menu\" role=\"menu\" aria-labelledby=\"guest_no_toogle\">\n                         <li role=\"presentation\" data-value=\"all\">Guests<\/li><li data-value=\"1\"  value=\"1\">1<\/li><li data-value=\"2\"  value=\"2\">2<\/li><li data-value=\"3\"  value=\"3\">3<\/li><li data-value=\"4\"  value=\"4\">4<\/li><li data-value=\"5\"  value=\"5\">5<\/li><li data-value=\"6\"  value=\"6\">6<\/li><li data-value=\"7\"  value=\"7\">7<\/li><li data-value=\"8\"  value=\"8\">8<\/li><li data-value=\"9\"  value=\"9\">9<\/li><li data-value=\"10\"  value=\"10\">10<\/li><li data-value=\"11\"  value=\"11\">11<\/li><li data-value=\"12\"  value=\"12\">12<\/li><li data-value=\"13\"  value=\"13\">13<\/li><li data-value=\"14\"  value=\"14\">14<\/li><li data-value=\"15\"  value=\"15\">15<\/li>\n                    <\/ul>\n                <\/div><\/div><input type=\"hidden\" id=\"wpestate_regular_search_nonce\" name=\"wpestate_regular_search_nonce\" value=\"1bf1c32743\" \/><input type=\"hidden\" name=\"_wp_http_referer\" value=\"\/en\/wp-json\/wp\/v2\/pages\/54753\" \/><div class=\"col-md-2\" ><input name=\"submit\" type=\"submit\" class=\"advanced_search_submit_button \"  value=\"Search\"><\/div><\/form><\/div><\/div>\t\t\t\t<\/div>\n\t\t\t\t<\/div>\n\t\t\t\t\t<\/div>\n\t\t<\/div>\n\t\t\t\t\t<\/div>\n\t\t<\/section>\n\t\t\t\t<section class=\"elementor-section elementor-top-section elementor-element elementor-element-3894b59 elementor-section-boxed elementor-section-height-default elementor-section-height-default\" data-id=\"3894b59\" data-element_type=\"section\" data-settings=\"{&quot;background_background&quot;:&quot;slideshow&quot;,&quot;background_slideshow_gallery&quot;:[],&quot;background_slideshow_loop&quot;:&quot;yes&quot;,&quot;background_slideshow_slide_duration&quot;:5000,&quot;background_slideshow_slide_transition&quot;:&quot;fade&quot;,&quot;background_slideshow_transition_duration&quot;:500}\">\n\t\t\t\t\t\t<div class=\"elementor-container elementor-column-gap-default\">\n\t\t\t\t\t<div class=\"elementor-column elementor-col-25 elementor-top-column elementor-element elementor-element-41281ec\" data-id=\"41281ec\" data-element_type=\"column\" data-settings=\"{&quot;background_background&quot;:&quot;classic&quot;}\">\n\t\t\t<div class=\"elementor-widget-wrap elementor-element-populated\">\n\t\t\t\t\t\t<div class=\"elementor-element elementor-element-97ed4fd elementor-position-left elementor-vertical-align-middle elementor-widget elementor-widget-image-box\" data-id=\"97ed4fd\" data-element_type=\"widget\" data-widget_type=\"image-box.default\">\n\t\t\t\t<div class=\"elementor-widget-container\">\n\t\t\t\t\t<div class=\"elementor-image-box-wrapper\"><figure class=\"elementor-image-box-img\"><a href=\"https:\/\/fabrega-goertzen.com\/en\/grifeu-cap-ras\/\" tabindex=\"-1\"><img fetchpriority=\"high\" decoding=\"async\" width=\"1024\" height=\"768\" src=\"https:\/\/fabrega.syspre.sysprovider.com\/wp-content\/uploads\/2025\/01\/Diseno-sin-titulo-1.jpg\" class=\"elementor-animation-grow attachment-full size-full wp-image-84198\" alt=\"\" srcset=\"https:\/\/fabrega.syspre.sysprovider.com\/wp-content\/uploads\/2025\/01\/Diseno-sin-titulo-1.jpg 1024w, https:\/\/fabrega.syspre.sysprovider.com\/wp-content\/uploads\/2025\/01\/Diseno-sin-titulo-1-300x225.jpg 300w, https:\/\/fabrega.syspre.sysprovider.com\/wp-content\/uploads\/2025\/01\/Diseno-sin-titulo-1-768x576.jpg 768w, https:\/\/fabrega.syspre.sysprovider.com\/wp-content\/uploads\/2025\/01\/Diseno-sin-titulo-1-600x450.jpg 600w\" sizes=\"(max-width: 1024px) 100vw, 1024px\" \/><\/a><\/figure><div class=\"elementor-image-box-content\"><h3 class=\"elementor-image-box-title\"><a href=\"https:\/\/fabrega-goertzen.com\/en\/grifeu-cap-ras\/\">Grifeu - Cap Ras - Sant Genis - Sant Carles<\/a><\/h3><\/div><\/div>\t\t\t\t<\/div>\n\t\t\t\t<\/div>\n\t\t\t\t\t<\/div>\n\t\t<\/div>\n\t\t\t\t<div class=\"elementor-column elementor-col-25 elementor-top-column elementor-element elementor-element-2db97bf\" data-id=\"2db97bf\" data-element_type=\"column\">\n\t\t\t<div class=\"elementor-widget-wrap elementor-element-populated\">\n\t\t\t\t\t\t<div class=\"elementor-element elementor-element-12445d5 elementor-position-left elementor-vertical-align-middle elementor-widget elementor-widget-image-box\" data-id=\"12445d5\" data-element_type=\"widget\" data-widget_type=\"image-box.default\">\n\t\t\t\t<div class=\"elementor-widget-container\">\n\t\t\t\t\t<div class=\"elementor-image-box-wrapper\"><figure class=\"elementor-image-box-img\"><a href=\"https:\/\/fabrega-goertzen.com\/en\/port-de-llanca\/\" tabindex=\"-1\"><img decoding=\"async\" width=\"1024\" height=\"768\" src=\"https:\/\/fabrega.syspre.sysprovider.com\/wp-content\/uploads\/2025\/01\/Diseno-sin-titulo-3-min.jpg\" class=\"elementor-animation-grow attachment-full size-full wp-image-84202\" alt=\"\" srcset=\"https:\/\/fabrega.syspre.sysprovider.com\/wp-content\/uploads\/2025\/01\/Diseno-sin-titulo-3-min.jpg 1024w, https:\/\/fabrega.syspre.sysprovider.com\/wp-content\/uploads\/2025\/01\/Diseno-sin-titulo-3-min-300x225.jpg 300w, https:\/\/fabrega.syspre.sysprovider.com\/wp-content\/uploads\/2025\/01\/Diseno-sin-titulo-3-min-768x576.jpg 768w, https:\/\/fabrega.syspre.sysprovider.com\/wp-content\/uploads\/2025\/01\/Diseno-sin-titulo-3-min-600x450.jpg 600w\" sizes=\"(max-width: 1024px) 100vw, 1024px\" \/><\/a><\/figure><div class=\"elementor-image-box-content\"><h3 class=\"elementor-image-box-title\"><a href=\"https:\/\/fabrega-goertzen.com\/en\/port-de-llanca\/\">Port - Carboneres - La Farella - Les Tonyines<\/a><\/h3><\/div><\/div>\t\t\t\t<\/div>\n\t\t\t\t<\/div>\n\t\t\t\t\t<\/div>\n\t\t<\/div>\n\t\t\t\t<div class=\"elementor-column elementor-col-25 elementor-top-column elementor-element elementor-element-235ad03\" data-id=\"235ad03\" data-element_type=\"column\">\n\t\t\t<div class=\"elementor-widget-wrap elementor-element-populated\">\n\t\t\t\t\t\t<div class=\"elementor-element elementor-element-84d1296 elementor-position-left elementor-vertical-align-middle elementor-widget elementor-widget-image-box\" data-id=\"84d1296\" data-element_type=\"widget\" data-widget_type=\"image-box.default\">\n\t\t\t\t<div class=\"elementor-widget-container\">\n\t\t\t\t\t<div class=\"elementor-image-box-wrapper\"><figure class=\"elementor-image-box-img\"><a href=\"https:\/\/fabrega-goertzen.com\/en\/fener-cau-del-llop\/\" tabindex=\"-1\"><img decoding=\"async\" width=\"1024\" height=\"768\" src=\"https:\/\/fabrega.syspre.sysprovider.com\/wp-content\/uploads\/2025\/01\/Diseno-sin-titulo-13.jpg\" class=\"elementor-animation-grow attachment-full size-full wp-image-84206\" alt=\"\" srcset=\"https:\/\/fabrega.syspre.sysprovider.com\/wp-content\/uploads\/2025\/01\/Diseno-sin-titulo-13.jpg 1024w, https:\/\/fabrega.syspre.sysprovider.com\/wp-content\/uploads\/2025\/01\/Diseno-sin-titulo-13-300x225.jpg 300w, https:\/\/fabrega.syspre.sysprovider.com\/wp-content\/uploads\/2025\/01\/Diseno-sin-titulo-13-768x576.jpg 768w, https:\/\/fabrega.syspre.sysprovider.com\/wp-content\/uploads\/2025\/01\/Diseno-sin-titulo-13-600x450.jpg 600w\" sizes=\"(max-width: 1024px) 100vw, 1024px\" \/><\/a><\/figure><div class=\"elementor-image-box-content\"><h3 class=\"elementor-image-box-title\"><a href=\"https:\/\/fabrega-goertzen.com\/en\/fener-cau-del-llop\/\">Fener - Super - Fener - Cau del Llop<\/a><\/h3><\/div><\/div>\t\t\t\t<\/div>\n\t\t\t\t<\/div>\n\t\t\t\t\t<\/div>\n\t\t<\/div>\n\t\t\t\t<div class=\"elementor-column elementor-col-25 elementor-top-column elementor-element elementor-element-5c66f7f\" data-id=\"5c66f7f\" data-element_type=\"column\">\n\t\t\t<div class=\"elementor-widget-wrap elementor-element-populated\">\n\t\t\t\t\t\t<div class=\"elementor-element elementor-element-3d69b9c elementor-position-left elementor-vertical-align-middle elementor-widget elementor-widget-image-box\" data-id=\"3d69b9c\" data-element_type=\"widget\" data-widget_type=\"image-box.default\">\n\t\t\t\t<div class=\"elementor-widget-container\">\n\t\t\t\t\t<div class=\"elementor-image-box-wrapper\"><figure class=\"elementor-image-box-img\"><a href=\"https:\/\/fabrega-goertzen.com\/en\/port-de-la-selva\/\" tabindex=\"-1\"><img loading=\"lazy\" decoding=\"async\" width=\"1024\" height=\"768\" src=\"https:\/\/fabrega.syspre.sysprovider.com\/wp-content\/uploads\/2025\/01\/Diseno-sin-titulo-5-min.jpg\" class=\"elementor-animation-grow attachment-full size-full wp-image-84210\" alt=\"\" srcset=\"https:\/\/fabrega.syspre.sysprovider.com\/wp-content\/uploads\/2025\/01\/Diseno-sin-titulo-5-min.jpg 1024w, https:\/\/fabrega.syspre.sysprovider.com\/wp-content\/uploads\/2025\/01\/Diseno-sin-titulo-5-min-300x225.jpg 300w, https:\/\/fabrega.syspre.sysprovider.com\/wp-content\/uploads\/2025\/01\/Diseno-sin-titulo-5-min-768x576.jpg 768w, https:\/\/fabrega.syspre.sysprovider.com\/wp-content\/uploads\/2025\/01\/Diseno-sin-titulo-5-min-600x450.jpg 600w\" sizes=\"(max-width: 1024px) 100vw, 1024px\" \/><\/a><\/figure><div class=\"elementor-image-box-content\"><h3 class=\"elementor-image-box-title\"><a href=\"https:\/\/fabrega-goertzen.com\/en\/port-de-la-selva\/\">Port de la Selva - Selva de Mar<\/a><\/h3><\/div><\/div>\t\t\t\t<\/div>\n\t\t\t\t<\/div>\n\t\t\t\t\t<\/div>\n\t\t<\/div>\n\t\t\t\t\t<\/div>\n\t\t<\/section>\n\t\t\t\t<section class=\"elementor-section elementor-top-section elementor-element elementor-element-4dafdb7 elementor-hidden-desktop elementor-hidden-tablet elementor-hidden-mobile elementor-section-boxed elementor-section-height-default elementor-section-height-default\" data-id=\"4dafdb7\" data-element_type=\"section\">\n\t\t\t\t\t\t<div class=\"elementor-container elementor-column-gap-default\">\n\t\t\t\t\t<div class=\"elementor-column elementor-col-100 elementor-top-column elementor-element elementor-element-bae0103\" data-id=\"bae0103\" data-element_type=\"column\">\n\t\t\t<div class=\"elementor-widget-wrap elementor-element-populated\">\n\t\t\t\t\t\t<div class=\"elementor-element elementor-element-15a5a29 elementor-widget elementor-widget-premium-carousel-widget\" data-id=\"15a5a29\" data-element_type=\"widget\" data-widget_type=\"premium-carousel-widget.default\">\n\t\t\t\t<div class=\"elementor-widget-container\">\n\t\t\t\t\t\r\n\t\t<div id=\"premium-carousel-wrapper-15a5a29\" class=\"premium-carousel-wrapper premium-carousel-hidden carousel-wrapper-15a5a29 \" data-settings=\"{&quot;vertical&quot;:false,&quot;slidesToScroll&quot;:3,&quot;slidesToShow&quot;:3,&quot;infinite&quot;:true,&quot;speed&quot;:300,&quot;fade&quot;:false,&quot;autoplay&quot;:true,&quot;autoplaySpeed&quot;:5000,&quot;draggable&quot;:true,&quot;touchMove&quot;:true,&quot;adaptiveHeight&quot;:false,&quot;variableWidth&quot;:false,&quot;cssEase&quot;:&quot;ease&quot;,&quot;pauseOnHover&quot;:false,&quot;centerMode&quot;:false,&quot;arrows&quot;:true,&quot;dots&quot;:false,&quot;slidesDesk&quot;:3,&quot;slidesTab&quot;:3,&quot;slidesMob&quot;:2,&quot;animation&quot;:&quot;null&quot;,&quot;tabletBreak&quot;:1025,&quot;mobileBreak&quot;:768,&quot;navigation&quot;:[&quot;&quot;,&quot;&quot;,&quot;&quot;,&quot;&quot;,&quot;&quot;,&quot;&quot;],&quot;carouselNavigation&quot;:&quot;none&quot;,&quot;templatesNumber&quot;:6}\">\r\n\t\t\t\t\t\t\t\t<div class=\"premium-carousel-nav-arrow-prev\">\r\n\t\t\t\t\t<a type=\"button\" data-role=\"none\" class=\"carousel-arrow carousel-prev\" aria-label=\"Previous\" role=\"button\">\r\n\t\t\t\t\t\t\t\t\t\t<i class=\"fas fa-arrow-circle-left\" aria-hidden=\"true\"><\/i>\r\n\t\t\t\t\t\t\t\t\t<\/a>\r\n\t\t\t\t<\/div>\r\n\t\t\t\t<div class=\"premium-carousel-nav-arrow-next\">\r\n\t\t\t\t\t<a type=\"button\" data-role=\"none\" class=\"carousel-arrow carousel-next\" aria-label=\"Next\" role=\"button\">\r\n\t\t\t\t\t\t\t\t\t\t<i class=\"fas fa-arrow-circle-right\" aria-hidden=\"true\"><\/i>\r\n\t\t\t\t\t\t\t\t\t<\/a>\r\n\t\t\t\t<\/div>\r\n\t\t\t\t\t<div id=\"premium-carousel-15a5a29\" class=\"premium-carousel-inner\">\r\n\t\t\t\t\t\t<div class=\"premium-carousel-template item-wrapper\">\r\n\t\t\t\t\t<style>.elementor-widget-image .widget-image-caption{color:var( --e-global-color-text );font-family:var( --e-global-typography-text-font-family ), Sans-serif;font-weight:var( --e-global-typography-text-font-weight );}.elementor-54991 .elementor-element.elementor-element-3528d6ee > .elementor-widget-container{transition:background 0s;}.elementor-54991 .elementor-element.elementor-element-3528d6ee img{transition-duration:0.4s;border-radius:10px 10px 10px 10px;}.elementor-widget-heading .elementor-heading-title{font-family:var( --e-global-typography-primary-font-family ), Sans-serif;font-weight:var( --e-global-typography-primary-font-weight );color:var( --e-global-color-primary );}.elementor-54991 .elementor-element.elementor-element-28987e9b > .elementor-widget-container{margin:-5px 0px 0px 0px;padding:0px 0px 0px 0px;}.elementor-54991 .elementor-element.elementor-element-28987e9b .elementor-heading-title{font-family:\"Roboto\", Sans-serif;font-size:14px;font-weight:600;color:#000000;}<\/style>\t\t<div data-elementor-type=\"section\" data-elementor-id=\"54991\" class=\"elementor elementor-54991 elementor-52018\" data-elementor-post-type=\"elementor_library\">\n\t\t\t\t\t<section class=\"elementor-section elementor-top-section elementor-element elementor-element-4d3e174a elementor-section-boxed elementor-section-height-default elementor-section-height-default\" data-id=\"4d3e174a\" data-element_type=\"section\">\n\t\t\t\t\t\t<div class=\"elementor-container elementor-column-gap-default\">\n\t\t\t\t\t<div class=\"elementor-column elementor-col-100 elementor-top-column elementor-element elementor-element-7c1b9b27\" data-id=\"7c1b9b27\" data-element_type=\"column\">\n\t\t\t<div class=\"elementor-widget-wrap elementor-element-populated\">\n\t\t\t\t\t\t<div class=\"elementor-element elementor-element-3528d6ee elementor-widget elementor-widget-image\" data-id=\"3528d6ee\" data-element_type=\"widget\" data-settings=\"{&quot;_animation&quot;:&quot;none&quot;}\" data-widget_type=\"image.default\">\n\t\t\t\t<div class=\"elementor-widget-container\">\n\t\t\t\t\t\t\t\t\t\t\t\t\t\t\t\t<a href=\"https:\/\/fabrega-goertzen.com\/en\/grifeu-cap-ras\/\">\n\t\t\t\t\t\t\t<img loading=\"lazy\" decoding=\"async\" width=\"1024\" height=\"768\" src=\"https:\/\/fabrega.syspre.sysprovider.com\/wp-content\/uploads\/2021\/11\/Disen\u0303o-sin-ti\u0301tulo-1.jpg\" class=\"elementor-animation-grow attachment-large size-large wp-image-54431\" alt=\"\" srcset=\"https:\/\/fabrega.syspre.sysprovider.com\/wp-content\/uploads\/2021\/11\/Disen\u0303o-sin-ti\u0301tulo-1.jpg 1024w, https:\/\/fabrega.syspre.sysprovider.com\/wp-content\/uploads\/2021\/11\/Disen\u0303o-sin-ti\u0301tulo-1-600x450.jpg 600w, https:\/\/fabrega.syspre.sysprovider.com\/wp-content\/uploads\/2021\/11\/Disen\u0303o-sin-ti\u0301tulo-1-300x225.jpg 300w, https:\/\/fabrega.syspre.sysprovider.com\/wp-content\/uploads\/2021\/11\/Disen\u0303o-sin-ti\u0301tulo-1-768x576.jpg 768w\" sizes=\"(max-width: 1024px) 100vw, 1024px\" \/>\t\t\t\t\t\t\t\t<\/a>\n\t\t\t\t\t\t\t\t\t\t\t\t\t\t\t<\/div>\n\t\t\t\t<\/div>\n\t\t\t\t<div class=\"elementor-element elementor-element-28987e9b elementor-widget elementor-widget-heading\" data-id=\"28987e9b\" data-element_type=\"widget\" data-widget_type=\"heading.default\">\n\t\t\t\t<div class=\"elementor-widget-container\">\n\t\t\t\t\t<h2 class=\"elementor-heading-title elementor-size-default\">Grifeu - Cap Ras<\/h2>\t\t\t\t<\/div>\n\t\t\t\t<\/div>\n\t\t\t\t\t<\/div>\n\t\t<\/div>\n\t\t\t\t\t<\/div>\n\t\t<\/section>\n\t\t\t\t<\/div>\n\t\t\t\t\t\t\t\t\t\t\t<\/div>\r\n\t\t\t\t\t\t\t\t<div class=\"premium-carousel-template item-wrapper\">\r\n\t\t\t\t\t<style>.elementor-widget-image .widget-image-caption{color:var( --e-global-color-text );font-family:var( --e-global-typography-text-font-family ), Sans-serif;font-weight:var( --e-global-typography-text-font-weight );}.elementor-54978 .elementor-element.elementor-element-5c7fd29 > .elementor-widget-container{transition:background 0s;}.elementor-54978 .elementor-element.elementor-element-5c7fd29 img{transition-duration:0.4s;border-radius:10px 10px 10px 10px;}.elementor-widget-heading .elementor-heading-title{font-family:var( --e-global-typography-primary-font-family ), Sans-serif;font-weight:var( --e-global-typography-primary-font-weight );color:var( --e-global-color-primary );}.elementor-54978 .elementor-element.elementor-element-4b33730b > .elementor-widget-container{margin:-5px 0px 0px 0px;padding:0px 0px 0px 0px;}.elementor-54978 .elementor-element.elementor-element-4b33730b .elementor-heading-title{font-family:\"Roboto\", Sans-serif;font-size:14px;font-weight:600;color:#000000;}<\/style>\t\t<div data-elementor-type=\"section\" data-elementor-id=\"54978\" class=\"elementor elementor-54978 elementor-51973\" data-elementor-post-type=\"elementor_library\">\n\t\t\t\t\t<section class=\"elementor-section elementor-top-section elementor-element elementor-element-6b12d806 elementor-section-boxed elementor-section-height-default elementor-section-height-default\" data-id=\"6b12d806\" data-element_type=\"section\">\n\t\t\t\t\t\t<div class=\"elementor-container elementor-column-gap-default\">\n\t\t\t\t\t<div class=\"elementor-column elementor-col-100 elementor-top-column elementor-element elementor-element-4f139d32\" data-id=\"4f139d32\" data-element_type=\"column\">\n\t\t\t<div class=\"elementor-widget-wrap elementor-element-populated\">\n\t\t\t\t\t\t<div class=\"elementor-element elementor-element-5c7fd29 elementor-widget elementor-widget-image\" data-id=\"5c7fd29\" data-element_type=\"widget\" data-settings=\"{&quot;_animation&quot;:&quot;none&quot;}\" data-widget_type=\"image.default\">\n\t\t\t\t<div class=\"elementor-widget-container\">\n\t\t\t\t\t\t\t\t\t\t\t\t\t\t\t\t<a href=\"https:\/\/fabrega-goertzen.com\/en\/port-de-llanca\/\">\n\t\t\t\t\t\t\t<img loading=\"lazy\" decoding=\"async\" width=\"1024\" height=\"768\" src=\"https:\/\/fabrega.syspre.sysprovider.com\/wp-content\/uploads\/2021\/11\/Disen\u0303o-sin-ti\u0301tulo-3-min.jpg\" class=\"elementor-animation-grow attachment-large size-large wp-image-54440\" alt=\"\" srcset=\"https:\/\/fabrega.syspre.sysprovider.com\/wp-content\/uploads\/2021\/11\/Disen\u0303o-sin-ti\u0301tulo-3-min.jpg 1024w, https:\/\/fabrega.syspre.sysprovider.com\/wp-content\/uploads\/2021\/11\/Disen\u0303o-sin-ti\u0301tulo-3-min-600x450.jpg 600w, https:\/\/fabrega.syspre.sysprovider.com\/wp-content\/uploads\/2021\/11\/Disen\u0303o-sin-ti\u0301tulo-3-min-300x225.jpg 300w, https:\/\/fabrega.syspre.sysprovider.com\/wp-content\/uploads\/2021\/11\/Disen\u0303o-sin-ti\u0301tulo-3-min-768x576.jpg 768w\" sizes=\"(max-width: 1024px) 100vw, 1024px\" \/>\t\t\t\t\t\t\t\t<\/a>\n\t\t\t\t\t\t\t\t\t\t\t\t\t\t\t<\/div>\n\t\t\t\t<\/div>\n\t\t\t\t<div class=\"elementor-element elementor-element-4b33730b elementor-widget elementor-widget-heading\" data-id=\"4b33730b\" data-element_type=\"widget\" data-widget_type=\"heading.default\">\n\t\t\t\t<div class=\"elementor-widget-container\">\n\t\t\t\t\t<h2 class=\"elementor-heading-title elementor-size-default\"><a href=\"https:\/\/fabrega-goertzen.com\/area\/port-de-llanca\/\">Port de Llan\u00e7\u00e0<\/a><\/h2>\t\t\t\t<\/div>\n\t\t\t\t<\/div>\n\t\t\t\t\t<\/div>\n\t\t<\/div>\n\t\t\t\t\t<\/div>\n\t\t<\/section>\n\t\t\t\t<\/div>\n\t\t\t\t\t\t\t\t\t\t\t<\/div>\r\n\t\t\t\t\t\t\t\t<div class=\"premium-carousel-template item-wrapper\">\r\n\t\t\t\t\t<style>.elementor-widget-image .widget-image-caption{color:var( --e-global-color-text );font-family:var( --e-global-typography-text-font-family ), Sans-serif;font-weight:var( --e-global-typography-text-font-weight );}.elementor-54966 .elementor-element.elementor-element-32b76a9c > .elementor-widget-container{transition:background 0s;}.elementor-54966 .elementor-element.elementor-element-32b76a9c img{transition-duration:0.4s;border-radius:10px 10px 10px 10px;}.elementor-widget-heading .elementor-heading-title{font-family:var( --e-global-typography-primary-font-family ), Sans-serif;font-weight:var( --e-global-typography-primary-font-weight );color:var( --e-global-color-primary );}.elementor-54966 .elementor-element.elementor-element-283dc5e6 > .elementor-widget-container{margin:-5px 0px 0px 0px;padding:0px 0px 0px 0px;}.elementor-54966 .elementor-element.elementor-element-283dc5e6 .elementor-heading-title{font-family:\"Roboto\", Sans-serif;font-size:14px;font-weight:600;color:#000000;}<\/style>\t\t<div data-elementor-type=\"section\" data-elementor-id=\"54966\" class=\"elementor elementor-54966 elementor-51983\" data-elementor-post-type=\"elementor_library\">\n\t\t\t\t\t<section class=\"elementor-section elementor-top-section elementor-element elementor-element-68e0b077 elementor-section-boxed elementor-section-height-default elementor-section-height-default\" data-id=\"68e0b077\" data-element_type=\"section\">\n\t\t\t\t\t\t<div class=\"elementor-container elementor-column-gap-default\">\n\t\t\t\t\t<div class=\"elementor-column elementor-col-100 elementor-top-column elementor-element elementor-element-257cde87\" data-id=\"257cde87\" data-element_type=\"column\">\n\t\t\t<div class=\"elementor-widget-wrap elementor-element-populated\">\n\t\t\t\t\t\t<div class=\"elementor-element elementor-element-32b76a9c elementor-widget elementor-widget-image\" data-id=\"32b76a9c\" data-element_type=\"widget\" data-settings=\"{&quot;_animation&quot;:&quot;none&quot;}\" data-widget_type=\"image.default\">\n\t\t\t\t<div class=\"elementor-widget-container\">\n\t\t\t\t\t\t\t\t\t\t\t\t\t\t\t\t<a href=\"https:\/\/fabrega-goertzen.com\/en\/fener-cau-del-llop\/\">\n\t\t\t\t\t\t\t<img loading=\"lazy\" decoding=\"async\" width=\"1024\" height=\"768\" src=\"https:\/\/fabrega.syspre.sysprovider.com\/wp-content\/uploads\/2021\/11\/Disen\u0303o-sin-ti\u0301tulo-13.jpg\" class=\"elementor-animation-grow attachment-large size-large wp-image-54698\" alt=\"Cau del Llop - Llan\u00e7\u00e0\" srcset=\"https:\/\/fabrega.syspre.sysprovider.com\/wp-content\/uploads\/2021\/11\/Disen\u0303o-sin-ti\u0301tulo-13.jpg 1024w, https:\/\/fabrega.syspre.sysprovider.com\/wp-content\/uploads\/2021\/11\/Disen\u0303o-sin-ti\u0301tulo-13-600x450.jpg 600w, https:\/\/fabrega.syspre.sysprovider.com\/wp-content\/uploads\/2021\/11\/Disen\u0303o-sin-ti\u0301tulo-13-300x225.jpg 300w, https:\/\/fabrega.syspre.sysprovider.com\/wp-content\/uploads\/2021\/11\/Disen\u0303o-sin-ti\u0301tulo-13-768x576.jpg 768w\" sizes=\"(max-width: 1024px) 100vw, 1024px\" \/>\t\t\t\t\t\t\t\t<\/a>\n\t\t\t\t\t\t\t\t\t\t\t\t\t\t\t<\/div>\n\t\t\t\t<\/div>\n\t\t\t\t<div class=\"elementor-element elementor-element-283dc5e6 elementor-widget elementor-widget-heading\" data-id=\"283dc5e6\" data-element_type=\"widget\" data-widget_type=\"heading.default\">\n\t\t\t\t<div class=\"elementor-widget-container\">\n\t\t\t\t\t<h2 class=\"elementor-heading-title elementor-size-default\"><a href=\"https:\/\/fabrega-goertzen.com\/area\/fener\/\">Fener - Cau del Llop<\/a><\/h2>\t\t\t\t<\/div>\n\t\t\t\t<\/div>\n\t\t\t\t\t<\/div>\n\t\t<\/div>\n\t\t\t\t\t<\/div>\n\t\t<\/section>\n\t\t\t\t<\/div>\n\t\t\t\t\t\t\t\t\t\t\t<\/div>\r\n\t\t\t\t\t\t\t\t<div class=\"premium-carousel-template item-wrapper\">\r\n\t\t\t\t\t<style>.elementor-widget-image .widget-image-caption{color:var( --e-global-color-text );font-family:var( --e-global-typography-text-font-family ), Sans-serif;font-weight:var( --e-global-typography-text-font-weight );}.elementor-54956 .elementor-element.elementor-element-20f397ed > .elementor-widget-container{transition:background 0s;}.elementor-54956 .elementor-element.elementor-element-20f397ed img{transition-duration:0.4s;border-radius:10px 10px 10px 10px;}.elementor-widget-heading .elementor-heading-title{font-family:var( --e-global-typography-primary-font-family ), Sans-serif;font-weight:var( --e-global-typography-primary-font-weight );color:var( --e-global-color-primary );}.elementor-54956 .elementor-element.elementor-element-109d819c > .elementor-widget-container{margin:-5px 0px 0px 0px;padding:0px 0px 0px 0px;}.elementor-54956 .elementor-element.elementor-element-109d819c .elementor-heading-title{font-family:\"Roboto\", Sans-serif;font-size:14px;font-weight:600;color:#000000;}<\/style>\t\t<div data-elementor-type=\"section\" data-elementor-id=\"54956\" class=\"elementor elementor-54956 elementor-51991\" data-elementor-post-type=\"elementor_library\">\n\t\t\t\t\t<section class=\"elementor-section elementor-top-section elementor-element elementor-element-41eef166 elementor-section-boxed elementor-section-height-default elementor-section-height-default\" data-id=\"41eef166\" data-element_type=\"section\">\n\t\t\t\t\t\t<div class=\"elementor-container elementor-column-gap-default\">\n\t\t\t\t\t<div class=\"elementor-column elementor-col-100 elementor-top-column elementor-element elementor-element-2d2dbab3\" data-id=\"2d2dbab3\" data-element_type=\"column\">\n\t\t\t<div class=\"elementor-widget-wrap elementor-element-populated\">\n\t\t\t\t\t\t<div class=\"elementor-element elementor-element-20f397ed elementor-widget elementor-widget-image\" data-id=\"20f397ed\" data-element_type=\"widget\" data-settings=\"{&quot;_animation&quot;:&quot;none&quot;}\" data-widget_type=\"image.default\">\n\t\t\t\t<div class=\"elementor-widget-container\">\n\t\t\t\t\t\t\t\t\t\t\t\t\t\t\t\t<a href=\"https:\/\/fabrega-goertzen.com\/en\/sant-carles\/\">\n\t\t\t\t\t\t\t<img loading=\"lazy\" decoding=\"async\" width=\"1024\" height=\"768\" src=\"https:\/\/fabrega.syspre.sysprovider.com\/wp-content\/uploads\/2021\/11\/Disen\u0303o-sin-ti\u0301tulo-2.jpg\" class=\"elementor-animation-grow attachment-large size-large wp-image-54436\" alt=\"\" srcset=\"https:\/\/fabrega.syspre.sysprovider.com\/wp-content\/uploads\/2021\/11\/Disen\u0303o-sin-ti\u0301tulo-2.jpg 1024w, https:\/\/fabrega.syspre.sysprovider.com\/wp-content\/uploads\/2021\/11\/Disen\u0303o-sin-ti\u0301tulo-2-600x450.jpg 600w, https:\/\/fabrega.syspre.sysprovider.com\/wp-content\/uploads\/2021\/11\/Disen\u0303o-sin-ti\u0301tulo-2-300x225.jpg 300w, https:\/\/fabrega.syspre.sysprovider.com\/wp-content\/uploads\/2021\/11\/Disen\u0303o-sin-ti\u0301tulo-2-768x576.jpg 768w\" sizes=\"(max-width: 1024px) 100vw, 1024px\" \/>\t\t\t\t\t\t\t\t<\/a>\n\t\t\t\t\t\t\t\t\t\t\t\t\t\t\t<\/div>\n\t\t\t\t<\/div>\n\t\t\t\t<div class=\"elementor-element elementor-element-109d819c elementor-widget elementor-widget-heading\" data-id=\"109d819c\" data-element_type=\"widget\" data-widget_type=\"heading.default\">\n\t\t\t\t<div class=\"elementor-widget-container\">\n\t\t\t\t\t<h2 class=\"elementor-heading-title elementor-size-default\"><a href=\"https:\/\/fabrega-goertzen.com\/area\/st-carles-st-genis\/\">St. Carles - St. Gen\u00eds<\/a><\/h2>\t\t\t\t<\/div>\n\t\t\t\t<\/div>\n\t\t\t\t\t<\/div>\n\t\t<\/div>\n\t\t\t\t\t<\/div>\n\t\t<\/section>\n\t\t\t\t<\/div>\n\t\t\t\t\t\t\t\t\t\t\t<\/div>\r\n\t\t\t\t\t\t\t\t<div class=\"premium-carousel-template item-wrapper\">\r\n\t\t\t\t\t<style>.elementor-widget-image .widget-image-caption{color:var( --e-global-color-text );font-family:var( --e-global-typography-text-font-family ), Sans-serif;font-weight:var( --e-global-typography-text-font-weight );}.elementor-54946 .elementor-element.elementor-element-4a4cd9e0 > .elementor-widget-container{transition:background 0s;}.elementor-54946 .elementor-element.elementor-element-4a4cd9e0 img{transition-duration:0.4s;border-radius:10px 10px 10px 10px;}.elementor-widget-heading .elementor-heading-title{font-family:var( --e-global-typography-primary-font-family ), Sans-serif;font-weight:var( --e-global-typography-primary-font-weight );color:var( --e-global-color-primary );}.elementor-54946 .elementor-element.elementor-element-4cadf8c5 > .elementor-widget-container{margin:-5px 0px 0px 0px;padding:0px 0px 0px 0px;}.elementor-54946 .elementor-element.elementor-element-4cadf8c5 .elementor-heading-title{font-family:\"Roboto\", Sans-serif;font-size:14px;font-weight:600;color:#000000;}<\/style>\t\t<div data-elementor-type=\"section\" data-elementor-id=\"54946\" class=\"elementor elementor-54946 elementor-52008\" data-elementor-post-type=\"elementor_library\">\n\t\t\t\t\t<section class=\"elementor-section elementor-top-section elementor-element elementor-element-811ab3 elementor-section-boxed elementor-section-height-default elementor-section-height-default\" data-id=\"811ab3\" data-element_type=\"section\">\n\t\t\t\t\t\t<div class=\"elementor-container elementor-column-gap-default\">\n\t\t\t\t\t<div class=\"elementor-column elementor-col-100 elementor-top-column elementor-element elementor-element-46b319f2\" data-id=\"46b319f2\" data-element_type=\"column\">\n\t\t\t<div class=\"elementor-widget-wrap elementor-element-populated\">\n\t\t\t\t\t\t<div class=\"elementor-element elementor-element-4a4cd9e0 elementor-widget elementor-widget-image\" data-id=\"4a4cd9e0\" data-element_type=\"widget\" data-settings=\"{&quot;_animation&quot;:&quot;none&quot;}\" data-widget_type=\"image.default\">\n\t\t\t\t<div class=\"elementor-widget-container\">\n\t\t\t\t\t\t\t\t\t\t\t\t\t\t\t\t<a href=\"https:\/\/fabrega-goertzen.com\/en\/carboneres-tonyines\/\">\n\t\t\t\t\t\t\t<img loading=\"lazy\" decoding=\"async\" width=\"1024\" height=\"768\" src=\"https:\/\/fabrega.syspre.sysprovider.com\/wp-content\/uploads\/2021\/11\/Disen\u0303o-sin-ti\u0301tulo-4-min.jpg\" class=\"elementor-animation-grow attachment-large size-large wp-image-54444\" alt=\"\" srcset=\"https:\/\/fabrega.syspre.sysprovider.com\/wp-content\/uploads\/2021\/11\/Disen\u0303o-sin-ti\u0301tulo-4-min.jpg 1024w, https:\/\/fabrega.syspre.sysprovider.com\/wp-content\/uploads\/2021\/11\/Disen\u0303o-sin-ti\u0301tulo-4-min-600x450.jpg 600w, https:\/\/fabrega.syspre.sysprovider.com\/wp-content\/uploads\/2021\/11\/Disen\u0303o-sin-ti\u0301tulo-4-min-300x225.jpg 300w, https:\/\/fabrega.syspre.sysprovider.com\/wp-content\/uploads\/2021\/11\/Disen\u0303o-sin-ti\u0301tulo-4-min-768x576.jpg 768w\" sizes=\"(max-width: 1024px) 100vw, 1024px\" \/>\t\t\t\t\t\t\t\t<\/a>\n\t\t\t\t\t\t\t\t\t\t\t\t\t\t\t<\/div>\n\t\t\t\t<\/div>\n\t\t\t\t<div class=\"elementor-element elementor-element-4cadf8c5 elementor-widget elementor-widget-heading\" data-id=\"4cadf8c5\" data-element_type=\"widget\" data-widget_type=\"heading.default\">\n\t\t\t\t<div class=\"elementor-widget-container\">\n\t\t\t\t\t<h2 class=\"elementor-heading-title elementor-size-default\"><a href=\"https:\/\/fabrega-goertzen.com\/area\/grifeu-cap-ras\/\">Carboneres - Tonyines<\/a><\/h2>\t\t\t\t<\/div>\n\t\t\t\t<\/div>\n\t\t\t\t\t<\/div>\n\t\t<\/div>\n\t\t\t\t\t<\/div>\n\t\t<\/section>\n\t\t\t\t<\/div>\n\t\t\t\t\t\t\t\t\t\t\t<\/div>\r\n\t\t\t\t\t\t\t\t<div class=\"premium-carousel-template item-wrapper\">\r\n\t\t\t\t\t<style>.elementor-widget-image .widget-image-caption{color:var( --e-global-color-text );font-family:var( --e-global-typography-text-font-family ), Sans-serif;font-weight:var( --e-global-typography-text-font-weight );}.elementor-54936 .elementor-element.elementor-element-119ace4a > .elementor-widget-container{transition:background 0s;}.elementor-54936 .elementor-element.elementor-element-119ace4a img{transition-duration:0.4s;border-radius:10px 10px 10px 10px;}.elementor-widget-heading .elementor-heading-title{font-family:var( --e-global-typography-primary-font-family ), Sans-serif;font-weight:var( --e-global-typography-primary-font-weight );color:var( --e-global-color-primary );}.elementor-54936 .elementor-element.elementor-element-42219e01 > .elementor-widget-container{margin:-5px 0px 0px 0px;padding:0px 0px 0px 0px;}.elementor-54936 .elementor-element.elementor-element-42219e01 .elementor-heading-title{font-family:\"Roboto\", Sans-serif;font-size:14px;font-weight:600;color:#000000;}<\/style>\t\t<div data-elementor-type=\"section\" data-elementor-id=\"54936\" class=\"elementor elementor-54936 elementor-52021\" data-elementor-post-type=\"elementor_library\">\n\t\t\t\t\t<section class=\"elementor-section elementor-top-section elementor-element elementor-element-4b072938 elementor-section-boxed elementor-section-height-default elementor-section-height-default\" data-id=\"4b072938\" data-element_type=\"section\">\n\t\t\t\t\t\t<div class=\"elementor-container elementor-column-gap-default\">\n\t\t\t\t\t<div class=\"elementor-column elementor-col-100 elementor-top-column elementor-element elementor-element-5c7ec18e\" data-id=\"5c7ec18e\" data-element_type=\"column\">\n\t\t\t<div class=\"elementor-widget-wrap elementor-element-populated\">\n\t\t\t\t\t\t<div class=\"elementor-element elementor-element-119ace4a elementor-widget elementor-widget-image\" data-id=\"119ace4a\" data-element_type=\"widget\" data-settings=\"{&quot;_animation&quot;:&quot;none&quot;}\" data-widget_type=\"image.default\">\n\t\t\t\t<div class=\"elementor-widget-container\">\n\t\t\t\t\t\t\t\t\t\t\t\t\t\t\t\t<a href=\"https:\/\/fabrega-goertzen.com\/en\/port-de-la-selva\/\">\n\t\t\t\t\t\t\t<img loading=\"lazy\" decoding=\"async\" width=\"1024\" height=\"768\" src=\"https:\/\/fabrega.syspre.sysprovider.com\/wp-content\/uploads\/2021\/11\/Disen\u0303o-sin-ti\u0301tulo-5-min.jpg\" class=\"elementor-animation-grow attachment-large size-large wp-image-54452\" alt=\"\" srcset=\"https:\/\/fabrega.syspre.sysprovider.com\/wp-content\/uploads\/2021\/11\/Disen\u0303o-sin-ti\u0301tulo-5-min.jpg 1024w, https:\/\/fabrega.syspre.sysprovider.com\/wp-content\/uploads\/2021\/11\/Disen\u0303o-sin-ti\u0301tulo-5-min-600x450.jpg 600w, https:\/\/fabrega.syspre.sysprovider.com\/wp-content\/uploads\/2021\/11\/Disen\u0303o-sin-ti\u0301tulo-5-min-300x225.jpg 300w, https:\/\/fabrega.syspre.sysprovider.com\/wp-content\/uploads\/2021\/11\/Disen\u0303o-sin-ti\u0301tulo-5-min-768x576.jpg 768w\" sizes=\"(max-width: 1024px) 100vw, 1024px\" \/>\t\t\t\t\t\t\t\t<\/a>\n\t\t\t\t\t\t\t\t\t\t\t\t\t\t\t<\/div>\n\t\t\t\t<\/div>\n\t\t\t\t<div class=\"elementor-element elementor-element-42219e01 elementor-widget elementor-widget-heading\" data-id=\"42219e01\" data-element_type=\"widget\" data-widget_type=\"heading.default\">\n\t\t\t\t<div class=\"elementor-widget-container\">\n\t\t\t\t\t<h2 class=\"elementor-heading-title elementor-size-default\"><a href=\"http:\/\/Port%20de%20la%20Sleva\">Port de la Selva<\/a><\/h2>\t\t\t\t<\/div>\n\t\t\t\t<\/div>\n\t\t\t\t\t<\/div>\n\t\t<\/div>\n\t\t\t\t\t<\/div>\n\t\t<\/section>\n\t\t\t\t<\/div>\n\t\t\t\t\t\t\t\t\t\t\t<\/div>\r\n\t\t\t\t\t\t\t<\/div>\r\n\t\t\t\t\t<\/div>\r\n\t\t\t\t\t\t<\/div>\n\t\t\t\t<\/div>\n\t\t\t\t\t<\/div>\n\t\t<\/div>\n\t\t\t\t\t<\/div>\n\t\t<\/section>\n\t\t\t\t<section class=\"elementor-section elementor-top-section elementor-element elementor-element-a8c0eec elementor-section-boxed elementor-section-height-default elementor-section-height-default\" data-id=\"a8c0eec\" data-element_type=\"section\" data-settings=\"{&quot;background_background&quot;:&quot;classic&quot;}\">\n\t\t\t\t\t\t<div class=\"elementor-container elementor-column-gap-default\">\n\t\t\t\t\t<div class=\"elementor-column elementor-col-100 elementor-top-column elementor-element elementor-element-852a678\" data-id=\"852a678\" data-element_type=\"column\">\n\t\t\t<div class=\"elementor-widget-wrap elementor-element-populated\">\n\t\t\t\t\t\t<div class=\"elementor-element elementor-element-de06e2a elementor-widget elementor-widget-heading\" data-id=\"de06e2a\" data-element_type=\"widget\" data-widget_type=\"heading.default\">\n\t\t\t\t<div class=\"elementor-widget-container\">\n\t\t\t\t\t<h2 class=\"elementor-heading-title elementor-size-default\">Take a holiday in Llan\u00e7\u00e0<\/h2>\t\t\t\t<\/div>\n\t\t\t\t<\/div>\n\t\t\t\t<div class=\"elementor-element elementor-element-007767a elementor-widget elementor-widget-heading\" data-id=\"007767a\" data-element_type=\"widget\" data-widget_type=\"heading.default\">\n\t\t\t\t<div class=\"elementor-widget-container\">\n\t\t\t\t\t<h3 class=\"elementor-heading-title elementor-size-default\">Sun, beach, wild nature and lots of relax.<\/h3>\t\t\t\t<\/div>\n\t\t\t\t<\/div>\n\t\t\t\t<div class=\"elementor-element elementor-element-2a8ac26 elementor-widget elementor-widget-Wprentals_Recent_Items\" data-id=\"2a8ac26\" data-element_type=\"widget\" data-widget_type=\"Wprentals_Recent_Items.default\">\n\t\t\t\t<div class=\"elementor-widget-container\">\n\t\t\t\t\t<div class=\" bottom-estate_property nobutton \" ><div class=\"items_shortcode_wrapper  \">\n<div itemscope itemtype=\"http:\/\/schema.org\/Product\" class=\"listing_wrapper col-md-4 shortcode-col property_unit_v3  property_flex propety_unit_3\" data-org=\"4\" data-listid=\"54108\" >\n    \n    <div class=\"property_listing\" >\n        \n\n            <div class=\"listing-unit-img-wrapper\">\n                <div id=\"property_unit_carousel_69eea2b1e924c\" class=\"carousel property_unit_carousel slide  \" data-ride=\"carousel\" data-interval=\"false\">\n                    <div class=\"carousel-inner\">\n                        <div class=\"item active\">\n                            <a href=\"https:\/\/fabrega.syspre.sysprovider.com\/en\/properties\/cap-ras-01-apartment-in-llanca-with-terrace-and-barbecue\/\"><img decoding=\"async\" itemprop=\"image\" src=\"https:\/\/fabrega.syspre.sysprovider.com\/wp-content\/uploads\/2021\/11\/01-Llanca-01-Cap-Ras-b-min-400x314.jpg\"   class=\"b-lazy img-responsive wp-post-image lazy-hidden\" alt=\"image\" \/><\/a>\n                        <\/div>\n                        <div class=\"item lazy-load-item\">\n                                        <a href=\"https:\/\/fabrega.syspre.sysprovider.com\/en\/properties\/cap-ras-01-apartment-in-llanca-with-terrace-and-barbecue\/\"><img  data-lazy-load-src=\"https:\/\/fabrega.syspre.sysprovider.com\/wp-content\/uploads\/2021\/11\/02-Llanca-01-Cap-Ras-b-min-400x314.jpg\" alt=\"CAP RAS 01 \u2013 Apartment with terrace and sea views\" class=\"img-responsive\" \/><\/a>\n                                    <\/div><div class=\"item lazy-load-item\">\n                                        <a href=\"https:\/\/fabrega.syspre.sysprovider.com\/en\/properties\/cap-ras-01-apartment-in-llanca-with-terrace-and-barbecue\/\"><img  data-lazy-load-src=\"https:\/\/fabrega.syspre.sysprovider.com\/wp-content\/uploads\/2021\/11\/03-Llanca-01-Cap-Ras-b-min-400x314.jpg\" alt=\"CAP RAS 01 \u2013 Apartment with terrace and sea views\" class=\"img-responsive\" \/><\/a>\n                                    <\/div><div class=\"item lazy-load-item\">\n                                        <a href=\"https:\/\/fabrega.syspre.sysprovider.com\/en\/properties\/cap-ras-01-apartment-in-llanca-with-terrace-and-barbecue\/\"><img  data-lazy-load-src=\"https:\/\/fabrega.syspre.sysprovider.com\/wp-content\/uploads\/2021\/11\/04-Llanca-01-Cap-Ras-b-min-400x314.jpg\" alt=\"CAP RAS 01 \u2013 Apartment with terrace and sea views\" class=\"img-responsive\" \/><\/a>\n                                    <\/div><div class=\"item lazy-load-item\">\n                                        <a href=\"https:\/\/fabrega.syspre.sysprovider.com\/en\/properties\/cap-ras-01-apartment-in-llanca-with-terrace-and-barbecue\/\"><img  data-lazy-load-src=\"https:\/\/fabrega.syspre.sysprovider.com\/wp-content\/uploads\/2021\/11\/05-Llanca-01-Cap-Ras-b-min-400x314.jpg\" alt=\"CAP RAS 01 \u2013 Apartment with terrace and sea views\" class=\"img-responsive\" \/><\/a>\n                                    <\/div><div class=\"item lazy-load-item\">\n                                        <a href=\"https:\/\/fabrega.syspre.sysprovider.com\/en\/properties\/cap-ras-01-apartment-in-llanca-with-terrace-and-barbecue\/\"><img  data-lazy-load-src=\"https:\/\/fabrega.syspre.sysprovider.com\/wp-content\/uploads\/2021\/11\/06-Llanca-01-Cap-Ras-b-min-400x314.jpg\" alt=\"CAP RAS 01 \u2013 Apartment with terrace and sea views\" class=\"img-responsive\" \/><\/a>\n                                    <\/div><div class=\"item lazy-load-item\">\n                                        <a href=\"https:\/\/fabrega.syspre.sysprovider.com\/en\/properties\/cap-ras-01-apartment-in-llanca-with-terrace-and-barbecue\/\"><img  data-lazy-load-src=\"https:\/\/fabrega.syspre.sysprovider.com\/wp-content\/uploads\/2021\/11\/07-Llanca-01-Cap-Ras-b-min-400x314.jpg\" alt=\"CAP RAS 01 \u2013 Apartment with terrace and sea views\" class=\"img-responsive\" \/><\/a>\n                                    <\/div><div class=\"item lazy-load-item\">\n                                        <a href=\"https:\/\/fabrega.syspre.sysprovider.com\/en\/properties\/cap-ras-01-apartment-in-llanca-with-terrace-and-barbecue\/\"><img  data-lazy-load-src=\"https:\/\/fabrega.syspre.sysprovider.com\/wp-content\/uploads\/2021\/11\/08-Llanca-01-Cap-Ras-b-min-400x314.jpg\" alt=\"CAP RAS 01 \u2013 Apartment with terrace and sea views\" class=\"img-responsive\" \/><\/a>\n                                    <\/div><div class=\"item lazy-load-item\">\n                                        <a href=\"https:\/\/fabrega.syspre.sysprovider.com\/en\/properties\/cap-ras-01-apartment-in-llanca-with-terrace-and-barbecue\/\"><img  data-lazy-load-src=\"https:\/\/fabrega.syspre.sysprovider.com\/wp-content\/uploads\/2021\/11\/09-Llanca-01-Cap-Ras-b-min-400x314.jpg\" alt=\"CAP RAS 01 \u2013 Apartment with terrace and sea views\" class=\"img-responsive\" \/><\/a>\n                                    <\/div><div class=\"item lazy-load-item\">\n                                        <a href=\"https:\/\/fabrega.syspre.sysprovider.com\/en\/properties\/cap-ras-01-apartment-in-llanca-with-terrace-and-barbecue\/\"><img  data-lazy-load-src=\"https:\/\/fabrega.syspre.sysprovider.com\/wp-content\/uploads\/2021\/11\/10-Llanca-01-Cap-Ras-b-min-400x314.jpg\" alt=\"CAP RAS 01 \u2013 Apartment with terrace and sea views\" class=\"img-responsive\" \/><\/a>\n                                    <\/div><div class=\"item lazy-load-item\">\n                                        <a href=\"https:\/\/fabrega.syspre.sysprovider.com\/en\/properties\/cap-ras-01-apartment-in-llanca-with-terrace-and-barbecue\/\"><img  data-lazy-load-src=\"https:\/\/fabrega.syspre.sysprovider.com\/wp-content\/uploads\/2021\/11\/11-Llanca-01-Cap-Ras-b-min-400x314.jpg\" alt=\"CAP RAS 01 \u2013 Apartment with terrace and sea views\" class=\"img-responsive\" \/><\/a>\n                                    <\/div><div class=\"item lazy-load-item\">\n                                        <a href=\"https:\/\/fabrega.syspre.sysprovider.com\/en\/properties\/cap-ras-01-apartment-in-llanca-with-terrace-and-barbecue\/\"><img  data-lazy-load-src=\"https:\/\/fabrega.syspre.sysprovider.com\/wp-content\/uploads\/2021\/11\/12-Llanca-01-Cap-Ras-b-min-400x314.jpg\" alt=\"CAP RAS 01 \u2013 Apartment with terrace and sea views\" class=\"img-responsive\" \/><\/a>\n                                    <\/div><div class=\"item lazy-load-item\">\n                                        <a href=\"https:\/\/fabrega.syspre.sysprovider.com\/en\/properties\/cap-ras-01-apartment-in-llanca-with-terrace-and-barbecue\/\"><img  data-lazy-load-src=\"https:\/\/fabrega.syspre.sysprovider.com\/wp-content\/uploads\/2021\/11\/13-Llanca-01-Cap-Ras-b-min-400x314.jpg\" alt=\"CAP RAS 01 \u2013 Apartment with terrace and sea views\" class=\"img-responsive\" \/><\/a>\n                                    <\/div><div class=\"item lazy-load-item\">\n                                        <a href=\"https:\/\/fabrega.syspre.sysprovider.com\/en\/properties\/cap-ras-01-apartment-in-llanca-with-terrace-and-barbecue\/\"><img  data-lazy-load-src=\"https:\/\/fabrega.syspre.sysprovider.com\/wp-content\/uploads\/2021\/11\/14-Llanca-01-Cap-Ras-b-min-400x314.jpg\" alt=\"CAP RAS 01 \u2013 Apartment with terrace and sea views\" class=\"img-responsive\" \/><\/a>\n                                    <\/div><div class=\"item lazy-load-item\">\n                                        <a href=\"https:\/\/fabrega.syspre.sysprovider.com\/en\/properties\/cap-ras-01-apartment-in-llanca-with-terrace-and-barbecue\/\"><img  data-lazy-load-src=\"https:\/\/fabrega.syspre.sysprovider.com\/wp-content\/uploads\/2021\/11\/15-Llanca-01-Cap-Ras-b-min-400x314.jpg\" alt=\"CAP RAS 01 \u2013 Apartment with terrace and sea views\" class=\"img-responsive\" \/><\/a>\n                                    <\/div><div class=\"item lazy-load-item\">\n                                        <a href=\"https:\/\/fabrega.syspre.sysprovider.com\/en\/properties\/cap-ras-01-apartment-in-llanca-with-terrace-and-barbecue\/\"><img  data-lazy-load-src=\"https:\/\/fabrega.syspre.sysprovider.com\/wp-content\/uploads\/2021\/11\/16-Llanca-01-Cap-Ras-b-min-400x314.jpg\" alt=\"CAP RAS 01 \u2013 Apartment with terrace and sea views\" class=\"img-responsive\" \/><\/a>\n                                    <\/div><div class=\"item lazy-load-item\">\n                                        <a href=\"https:\/\/fabrega.syspre.sysprovider.com\/en\/properties\/cap-ras-01-apartment-in-llanca-with-terrace-and-barbecue\/\"><img  data-lazy-load-src=\"https:\/\/fabrega.syspre.sysprovider.com\/wp-content\/uploads\/2021\/11\/17-Llanca-01-Cap-Ras-b-min-400x314.jpg\" alt=\"CAP RAS 01 \u2013 Apartment with terrace and sea views\" class=\"img-responsive\" \/><\/a>\n                                    <\/div><div class=\"item lazy-load-item\">\n                                        <a href=\"https:\/\/fabrega.syspre.sysprovider.com\/en\/properties\/cap-ras-01-apartment-in-llanca-with-terrace-and-barbecue\/\"><img  data-lazy-load-src=\"https:\/\/fabrega.syspre.sysprovider.com\/wp-content\/uploads\/2021\/11\/18-Llanca-01-Cap-Ras-b-min-400x314.jpg\" alt=\"CAP RAS 01 \u2013 Apartment with terrace and sea views\" class=\"img-responsive\" \/><\/a>\n                                    <\/div><div class=\"item lazy-load-item\">\n                                        <a href=\"https:\/\/fabrega.syspre.sysprovider.com\/en\/properties\/cap-ras-01-apartment-in-llanca-with-terrace-and-barbecue\/\"><img  data-lazy-load-src=\"https:\/\/fabrega.syspre.sysprovider.com\/wp-content\/uploads\/2021\/11\/19-Llanca-01-Cap-Ras-b-min-400x314.jpg\" alt=\"CAP RAS 01 \u2013 Apartment with terrace and sea views\" class=\"img-responsive\" \/><\/a>\n                                    <\/div><div class=\"item lazy-load-item\">\n                                        <a href=\"https:\/\/fabrega.syspre.sysprovider.com\/en\/properties\/cap-ras-01-apartment-in-llanca-with-terrace-and-barbecue\/\"><img  data-lazy-load-src=\"https:\/\/fabrega.syspre.sysprovider.com\/wp-content\/uploads\/2021\/11\/20-Llanca-01-Cap-Ras-b-min-400x314.jpg\" alt=\"CAP RAS 01 \u2013 Apartment with terrace and sea views\" class=\"img-responsive\" \/><\/a>\n                                    <\/div><div class=\"item lazy-load-item\">\n                                        <a href=\"https:\/\/fabrega.syspre.sysprovider.com\/en\/properties\/cap-ras-01-apartment-in-llanca-with-terrace-and-barbecue\/\"><img  data-lazy-load-src=\"https:\/\/fabrega.syspre.sysprovider.com\/wp-content\/uploads\/2021\/11\/21-Llanca-01-Cap-Ras-b-min-400x314.jpg\" alt=\"CAP RAS 01 \u2013 Apartment with terrace and sea views\" class=\"img-responsive\" \/><\/a>\n                                    <\/div><div class=\"item lazy-load-item\">\n                                        <a href=\"https:\/\/fabrega.syspre.sysprovider.com\/en\/properties\/cap-ras-01-apartment-in-llanca-with-terrace-and-barbecue\/\"><img  data-lazy-load-src=\"https:\/\/fabrega.syspre.sysprovider.com\/wp-content\/uploads\/2021\/11\/22-Llanca-01-Cap-Ras-b-min-400x314.jpg\" alt=\"CAP RAS 01 \u2013 Apartment with terrace and sea views\" class=\"img-responsive\" \/><\/a>\n                                    <\/div><div class=\"item lazy-load-item\">\n                                        <a href=\"https:\/\/fabrega.syspre.sysprovider.com\/en\/properties\/cap-ras-01-apartment-in-llanca-with-terrace-and-barbecue\/\"><img  data-lazy-load-src=\"https:\/\/fabrega.syspre.sysprovider.com\/wp-content\/uploads\/2021\/11\/23-Llanca-01-Cap-Ras-b-min-400x314.jpg\" alt=\"CAP RAS 01 \u2013 Apartment with terrace and sea views\" class=\"img-responsive\" \/><\/a>\n                                    <\/div>\n                    <\/div><a href=\"https:\/\/fabrega.syspre.sysprovider.com\/en\/properties\/cap-ras-01-apartment-in-llanca-with-terrace-and-barbecue\/\"> <\/a><a class=\"left  carousel-control\" href=\"#property_unit_carousel_69eea2b1e924c\" data-slide=\"prev\">\n                        <i class=\"icon-left-open-big\"><\/i>\n                    <\/a>\n\n                    <a class=\"right  carousel-control\" href=\"#property_unit_carousel_69eea2b1e924c\" data-slide=\"next\">\n                        <i class=\"icon-right-open-big\"><\/i>\n                    <\/a><\/div><div class=\"price_unit_wrapper\"> <\/div><div class=\"price_unit\">From 64 \u20ac\/night<\/div><\/div>\n\n\n            <div class=\"property_status_wrapper\"><\/div>\n            <div class=\"title-container\">\n\n                <meta itemprop=\"ratingValue\" content=\"0\"\/><div class=rating_placeholder><\/div>\n                <div class=\"category_name\">\n                        <a  itemprop=\"url\"  href=\"https:\/\/fabrega.syspre.sysprovider.com\/en\/properties\/cap-ras-01-apartment-in-llanca-with-terrace-and-barbecue\/\"  class=\"listing_title_unit\" >\n    \n    \n   <span itemprop=\"name\">\n    CAP RAS 01 \u2013 Apartment with terrace and sea views    <\/span>\n<\/a>\n                    <div class=\"category_tagline actions_icon\">\n                        <a href=\"https:\/\/fabrega.syspre.sysprovider.com\/en\/listings\/tourist-apartments\/\" rel=\"tag\">Tourist apartments<\/a> \/                    <\/div>\n\n                    <div class=\"category_tagline custom_details\">\n                       <div class=\"custom_listing_data\"><span class=\"custom_listing_data_label\">Hostes:<\/span>5<\/div><div class=\"custom_listing_data\"><i class=\"fas fa-bed\"><\/i>2<\/div><div class=\"custom_listing_data\"><i class=\"fas fa-bath\"><\/i>1<\/div><div class=\"custom_listing_data\"><i class=\"fas fa-paw\"><\/i>Si<\/div>                    <\/div>\n                <\/div>\n\n\n            <\/div>\n            <\/div>\n<\/div>\n\n<div itemscope itemtype=\"http:\/\/schema.org\/Product\" class=\"listing_wrapper col-md-4 shortcode-col property_unit_v3  property_flex propety_unit_3\" data-org=\"4\" data-listid=\"54116\" >\n    \n    <div class=\"property_listing\" >\n        \n\n            <div class=\"listing-unit-img-wrapper\">\n                <div id=\"property_unit_carousel_69eea2b1ecc01\" class=\"carousel property_unit_carousel slide  \" data-ride=\"carousel\" data-interval=\"false\">\n                    <div class=\"carousel-inner\">\n                        <div class=\"item active\">\n                            <a href=\"https:\/\/fabrega.syspre.sysprovider.com\/en\/properties\/cap-ras-03-comfortable-top-floor-apartment-with-sea-views\/\"><img decoding=\"async\" itemprop=\"image\" src=\"https:\/\/fabrega.syspre.sysprovider.com\/wp-content\/uploads\/2021\/10\/01-Llanca-03-Cap-Ras-min-400x314.jpg\"   class=\"b-lazy img-responsive wp-post-image lazy-hidden\" alt=\"image\" \/><\/a>\n                        <\/div>\n                        <div class=\"item lazy-load-item\">\n                                        <a href=\"https:\/\/fabrega.syspre.sysprovider.com\/en\/properties\/cap-ras-03-comfortable-top-floor-apartment-with-sea-views\/\"><img  data-lazy-load-src=\"https:\/\/fabrega.syspre.sysprovider.com\/wp-content\/uploads\/2021\/10\/02-Llanca-03-Cap-Ras-min-1-400x314.jpg\" alt=\"CAP RAS 03 \u2013 Comfortable top-floor apartment with sea views\" class=\"img-responsive\" \/><\/a>\n                                    <\/div><div class=\"item lazy-load-item\">\n                                        <a href=\"https:\/\/fabrega.syspre.sysprovider.com\/en\/properties\/cap-ras-03-comfortable-top-floor-apartment-with-sea-views\/\"><img  data-lazy-load-src=\"https:\/\/fabrega.syspre.sysprovider.com\/wp-content\/uploads\/2021\/10\/03-Llanca-03-Cap-Ras-min-400x314.jpg\" alt=\"CAP RAS 03 \u2013 Comfortable top-floor apartment with sea views\" class=\"img-responsive\" \/><\/a>\n                                    <\/div><div class=\"item lazy-load-item\">\n                                        <a href=\"https:\/\/fabrega.syspre.sysprovider.com\/en\/properties\/cap-ras-03-comfortable-top-floor-apartment-with-sea-views\/\"><img  data-lazy-load-src=\"https:\/\/fabrega.syspre.sysprovider.com\/wp-content\/uploads\/2021\/10\/04-Llanca-03-Cap-Ras-min-400x314.jpg\" alt=\"CAP RAS 03 \u2013 Comfortable top-floor apartment with sea views\" class=\"img-responsive\" \/><\/a>\n                                    <\/div><div class=\"item lazy-load-item\">\n                                        <a href=\"https:\/\/fabrega.syspre.sysprovider.com\/en\/properties\/cap-ras-03-comfortable-top-floor-apartment-with-sea-views\/\"><img  data-lazy-load-src=\"https:\/\/fabrega.syspre.sysprovider.com\/wp-content\/uploads\/2021\/10\/05-Llanca-03-Cap-Ras-min-400x314.jpg\" alt=\"CAP RAS 03 \u2013 Comfortable top-floor apartment with sea views\" class=\"img-responsive\" \/><\/a>\n                                    <\/div><div class=\"item lazy-load-item\">\n                                        <a href=\"https:\/\/fabrega.syspre.sysprovider.com\/en\/properties\/cap-ras-03-comfortable-top-floor-apartment-with-sea-views\/\"><img  data-lazy-load-src=\"https:\/\/fabrega.syspre.sysprovider.com\/wp-content\/uploads\/2021\/10\/06-Llanca-03-Cap-Ras-min-400x314.jpg\" alt=\"CAP RAS 03 \u2013 Comfortable top-floor apartment with sea views\" class=\"img-responsive\" \/><\/a>\n                                    <\/div><div class=\"item lazy-load-item\">\n                                        <a href=\"https:\/\/fabrega.syspre.sysprovider.com\/en\/properties\/cap-ras-03-comfortable-top-floor-apartment-with-sea-views\/\"><img  data-lazy-load-src=\"https:\/\/fabrega.syspre.sysprovider.com\/wp-content\/uploads\/2021\/10\/07-Llanca-03-Cap-Ras-min-400x314.jpg\" alt=\"CAP RAS 03 \u2013 Comfortable top-floor apartment with sea views\" class=\"img-responsive\" \/><\/a>\n                                    <\/div><div class=\"item lazy-load-item\">\n                                        <a href=\"https:\/\/fabrega.syspre.sysprovider.com\/en\/properties\/cap-ras-03-comfortable-top-floor-apartment-with-sea-views\/\"><img  data-lazy-load-src=\"https:\/\/fabrega.syspre.sysprovider.com\/wp-content\/uploads\/2021\/10\/08-Llanca-03-Cap-Ras-min-400x314.jpg\" alt=\"CAP RAS 03 \u2013 Comfortable top-floor apartment with sea views\" class=\"img-responsive\" \/><\/a>\n                                    <\/div><div class=\"item lazy-load-item\">\n                                        <a href=\"https:\/\/fabrega.syspre.sysprovider.com\/en\/properties\/cap-ras-03-comfortable-top-floor-apartment-with-sea-views\/\"><img  data-lazy-load-src=\"https:\/\/fabrega.syspre.sysprovider.com\/wp-content\/uploads\/2021\/10\/09-Llanca-03-Cap-Ras-min-400x314.jpg\" alt=\"CAP RAS 03 \u2013 Comfortable top-floor apartment with sea views\" class=\"img-responsive\" \/><\/a>\n                                    <\/div><div class=\"item lazy-load-item\">\n                                        <a href=\"https:\/\/fabrega.syspre.sysprovider.com\/en\/properties\/cap-ras-03-comfortable-top-floor-apartment-with-sea-views\/\"><img  data-lazy-load-src=\"https:\/\/fabrega.syspre.sysprovider.com\/wp-content\/uploads\/2021\/10\/10-Llanca-03-Cap-Ras-min-400x314.jpg\" alt=\"CAP RAS 03 \u2013 Comfortable top-floor apartment with sea views\" class=\"img-responsive\" \/><\/a>\n                                    <\/div><div class=\"item lazy-load-item\">\n                                        <a href=\"https:\/\/fabrega.syspre.sysprovider.com\/en\/properties\/cap-ras-03-comfortable-top-floor-apartment-with-sea-views\/\"><img  data-lazy-load-src=\"https:\/\/fabrega.syspre.sysprovider.com\/wp-content\/uploads\/2021\/10\/01-Llanca-03-Cap-Ras-bano-min-400x314.jpg\" alt=\"CAP RAS 03 \u2013 Comfortable top-floor apartment with sea views\" class=\"img-responsive\" \/><\/a>\n                                    <\/div><div class=\"item lazy-load-item\">\n                                        <a href=\"https:\/\/fabrega.syspre.sysprovider.com\/en\/properties\/cap-ras-03-comfortable-top-floor-apartment-with-sea-views\/\"><img  data-lazy-load-src=\"https:\/\/fabrega.syspre.sysprovider.com\/wp-content\/uploads\/2021\/10\/02-Llanca-03-Cap-Ras-bano-min-400x314.jpg\" alt=\"CAP RAS 03 \u2013 Comfortable top-floor apartment with sea views\" class=\"img-responsive\" \/><\/a>\n                                    <\/div><div class=\"item lazy-load-item\">\n                                        <a href=\"https:\/\/fabrega.syspre.sysprovider.com\/en\/properties\/cap-ras-03-comfortable-top-floor-apartment-with-sea-views\/\"><img  data-lazy-load-src=\"https:\/\/fabrega.syspre.sysprovider.com\/wp-content\/uploads\/2021\/10\/13-Llanca-03-Cap-Ras-min-400x314.jpg\" alt=\"CAP RAS 03 \u2013 Comfortable top-floor apartment with sea views\" class=\"img-responsive\" \/><\/a>\n                                    <\/div><div class=\"item lazy-load-item\">\n                                        <a href=\"https:\/\/fabrega.syspre.sysprovider.com\/en\/properties\/cap-ras-03-comfortable-top-floor-apartment-with-sea-views\/\"><img  data-lazy-load-src=\"https:\/\/fabrega.syspre.sysprovider.com\/wp-content\/uploads\/2021\/10\/14-Llanca-03-Cap-Ras-min-400x314.jpg\" alt=\"CAP RAS 03 \u2013 Comfortable top-floor apartment with sea views\" class=\"img-responsive\" \/><\/a>\n                                    <\/div><div class=\"item lazy-load-item\">\n                                        <a href=\"https:\/\/fabrega.syspre.sysprovider.com\/en\/properties\/cap-ras-03-comfortable-top-floor-apartment-with-sea-views\/\"><img  data-lazy-load-src=\"https:\/\/fabrega.syspre.sysprovider.com\/wp-content\/uploads\/2021\/10\/15-Llanca-03-Cap-Ras-min-400x314.jpg\" alt=\"CAP RAS 03 \u2013 Comfortable top-floor apartment with sea views\" class=\"img-responsive\" \/><\/a>\n                                    <\/div><div class=\"item lazy-load-item\">\n                                        <a href=\"https:\/\/fabrega.syspre.sysprovider.com\/en\/properties\/cap-ras-03-comfortable-top-floor-apartment-with-sea-views\/\"><img  data-lazy-load-src=\"https:\/\/fabrega.syspre.sysprovider.com\/wp-content\/uploads\/2021\/10\/16-Llanca-03-Cap-Ras-min-400x314.jpg\" alt=\"CAP RAS 03 \u2013 Comfortable top-floor apartment with sea views\" class=\"img-responsive\" \/><\/a>\n                                    <\/div>\n                    <\/div><a href=\"https:\/\/fabrega.syspre.sysprovider.com\/en\/properties\/cap-ras-03-comfortable-top-floor-apartment-with-sea-views\/\"> <\/a><a class=\"left  carousel-control\" href=\"#property_unit_carousel_69eea2b1ecc01\" data-slide=\"prev\">\n                        <i class=\"icon-left-open-big\"><\/i>\n                    <\/a>\n\n                    <a class=\"right  carousel-control\" href=\"#property_unit_carousel_69eea2b1ecc01\" data-slide=\"next\">\n                        <i class=\"icon-right-open-big\"><\/i>\n                    <\/a><\/div><div class=\"price_unit_wrapper\"> <\/div><div class=\"price_unit\">From 86 \u20ac\/night<\/div><\/div>\n\n\n            <div class=\"property_status_wrapper\"><\/div>\n            <div class=\"title-container\">\n\n                <meta itemprop=\"ratingValue\" content=\"0\"\/><div class=rating_placeholder><\/div>\n                <div class=\"category_name\">\n                        <a  itemprop=\"url\"  href=\"https:\/\/fabrega.syspre.sysprovider.com\/en\/properties\/cap-ras-03-comfortable-top-floor-apartment-with-sea-views\/\"  class=\"listing_title_unit\" >\n    \n    \n   <span itemprop=\"name\">\n    CAP RAS 03 \u2013 Comfortable top-floor apartment with sea views    <\/span>\n<\/a>\n                    <div class=\"category_tagline actions_icon\">\n                        <a href=\"https:\/\/fabrega.syspre.sysprovider.com\/en\/listings\/tourist-apartments\/\" rel=\"tag\">Tourist apartments<\/a> \/                    <\/div>\n\n                    <div class=\"category_tagline custom_details\">\n                       <div class=\"custom_listing_data\"><span class=\"custom_listing_data_label\">Hostes:<\/span>4<\/div><div class=\"custom_listing_data\"><i class=\"fas fa-bed\"><\/i>2<\/div><div class=\"custom_listing_data\"><i class=\"fas fa-bath\"><\/i>1<\/div>                    <\/div>\n                <\/div>\n\n\n            <\/div>\n            <\/div>\n<\/div>\n\n<div itemscope itemtype=\"http:\/\/schema.org\/Product\" class=\"listing_wrapper col-md-4 shortcode-col property_unit_v3  property_flex propety_unit_3\" data-org=\"4\" data-listid=\"54122\" >\n    \n    <div class=\"property_listing\" >\n        \n\n            <div class=\"listing-unit-img-wrapper\">\n                <div id=\"property_unit_carousel_69eea2b1effad\" class=\"carousel property_unit_carousel slide  \" data-ride=\"carousel\" data-interval=\"false\">\n                    <div class=\"carousel-inner\">\n                        <div class=\"item active\">\n                            <a href=\"https:\/\/fabrega.syspre.sysprovider.com\/en\/properties\/cap-ras-04-comfortable-apartment-close-to-the-sea\/\"><img decoding=\"async\" itemprop=\"image\" src=\"https:\/\/fabrega.syspre.sysprovider.com\/wp-content\/uploads\/2021\/10\/16-Feb21Llanc\u0327a\u0300-12-min-400x314.jpg\"   class=\"b-lazy img-responsive wp-post-image lazy-hidden\" alt=\"image\" \/><\/a>\n                        <\/div>\n                        <div class=\"item lazy-load-item\">\n                                        <a href=\"https:\/\/fabrega.syspre.sysprovider.com\/en\/properties\/cap-ras-04-comfortable-apartment-close-to-the-sea\/\"><img  data-lazy-load-src=\"https:\/\/fabrega.syspre.sysprovider.com\/wp-content\/uploads\/2021\/10\/01-Llanca-04-Cap-Ras-min-400x314.jpg\" alt=\"CAP RAS 04 \u2013 Comfortable apartment close to the sea\" class=\"img-responsive\" \/><\/a>\n                                    <\/div><div class=\"item lazy-load-item\">\n                                        <a href=\"https:\/\/fabrega.syspre.sysprovider.com\/en\/properties\/cap-ras-04-comfortable-apartment-close-to-the-sea\/\"><img  data-lazy-load-src=\"https:\/\/fabrega.syspre.sysprovider.com\/wp-content\/uploads\/2021\/10\/05-Llanca-04-Cap-Ras-min-400x314.jpg\" alt=\"CAP RAS 04 \u2013 Comfortable apartment close to the sea\" class=\"img-responsive\" \/><\/a>\n                                    <\/div><div class=\"item lazy-load-item\">\n                                        <a href=\"https:\/\/fabrega.syspre.sysprovider.com\/en\/properties\/cap-ras-04-comfortable-apartment-close-to-the-sea\/\"><img  data-lazy-load-src=\"https:\/\/fabrega.syspre.sysprovider.com\/wp-content\/uploads\/2021\/10\/03-Llanca-04-Cap-Ras-min-400x314.jpg\" alt=\"CAP RAS 04 \u2013 Comfortable apartment close to the sea\" class=\"img-responsive\" \/><\/a>\n                                    <\/div><div class=\"item lazy-load-item\">\n                                        <a href=\"https:\/\/fabrega.syspre.sysprovider.com\/en\/properties\/cap-ras-04-comfortable-apartment-close-to-the-sea\/\"><img  data-lazy-load-src=\"https:\/\/fabrega.syspre.sysprovider.com\/wp-content\/uploads\/2021\/10\/06-Llanca-04-Cap-Ras-min-400x314.jpg\" alt=\"CAP RAS 04 \u2013 Comfortable apartment close to the sea\" class=\"img-responsive\" \/><\/a>\n                                    <\/div><div class=\"item lazy-load-item\">\n                                        <a href=\"https:\/\/fabrega.syspre.sysprovider.com\/en\/properties\/cap-ras-04-comfortable-apartment-close-to-the-sea\/\"><img  data-lazy-load-src=\"https:\/\/fabrega.syspre.sysprovider.com\/wp-content\/uploads\/2021\/10\/07-Llanca-04-Cap-Ras-min-400x314.jpg\" alt=\"CAP RAS 04 \u2013 Comfortable apartment close to the sea\" class=\"img-responsive\" \/><\/a>\n                                    <\/div><div class=\"item lazy-load-item\">\n                                        <a href=\"https:\/\/fabrega.syspre.sysprovider.com\/en\/properties\/cap-ras-04-comfortable-apartment-close-to-the-sea\/\"><img  data-lazy-load-src=\"https:\/\/fabrega.syspre.sysprovider.com\/wp-content\/uploads\/2021\/10\/08-Llanca-04-Cap-Ras-min-400x314.jpg\" alt=\"CAP RAS 04 \u2013 Comfortable apartment close to the sea\" class=\"img-responsive\" \/><\/a>\n                                    <\/div><div class=\"item lazy-load-item\">\n                                        <a href=\"https:\/\/fabrega.syspre.sysprovider.com\/en\/properties\/cap-ras-04-comfortable-apartment-close-to-the-sea\/\"><img  data-lazy-load-src=\"https:\/\/fabrega.syspre.sysprovider.com\/wp-content\/uploads\/2021\/10\/09-Llanca-04-Cap-Ras-min-400x314.jpg\" alt=\"CAP RAS 04 \u2013 Comfortable apartment close to the sea\" class=\"img-responsive\" \/><\/a>\n                                    <\/div><div class=\"item lazy-load-item\">\n                                        <a href=\"https:\/\/fabrega.syspre.sysprovider.com\/en\/properties\/cap-ras-04-comfortable-apartment-close-to-the-sea\/\"><img  data-lazy-load-src=\"https:\/\/fabrega.syspre.sysprovider.com\/wp-content\/uploads\/2021\/10\/01-Llanca-04-Cap-Ras-sab-min-400x314.jpg\" alt=\"CAP RAS 04 \u2013 Comfortable apartment close to the sea\" class=\"img-responsive\" \/><\/a>\n                                    <\/div><div class=\"item lazy-load-item\">\n                                        <a href=\"https:\/\/fabrega.syspre.sysprovider.com\/en\/properties\/cap-ras-04-comfortable-apartment-close-to-the-sea\/\"><img  data-lazy-load-src=\"https:\/\/fabrega.syspre.sysprovider.com\/wp-content\/uploads\/2021\/10\/02-Llanca-04-Cap-Ras-sab-min-400x314.jpg\" alt=\"CAP RAS 04 \u2013 Comfortable apartment close to the sea\" class=\"img-responsive\" \/><\/a>\n                                    <\/div><div class=\"item lazy-load-item\">\n                                        <a href=\"https:\/\/fabrega.syspre.sysprovider.com\/en\/properties\/cap-ras-04-comfortable-apartment-close-to-the-sea\/\"><img  data-lazy-load-src=\"https:\/\/fabrega.syspre.sysprovider.com\/wp-content\/uploads\/2021\/10\/03-Llanca-04-Cap-Ras-sab-min-400x314.jpg\" alt=\"CAP RAS 04 \u2013 Comfortable apartment close to the sea\" class=\"img-responsive\" \/><\/a>\n                                    <\/div><div class=\"item lazy-load-item\">\n                                        <a href=\"https:\/\/fabrega.syspre.sysprovider.com\/en\/properties\/cap-ras-04-comfortable-apartment-close-to-the-sea\/\"><img  data-lazy-load-src=\"https:\/\/fabrega.syspre.sysprovider.com\/wp-content\/uploads\/2021\/10\/13-Llanca-04-Cap-Ras-min-400x314.jpg\" alt=\"CAP RAS 04 \u2013 Comfortable apartment close to the sea\" class=\"img-responsive\" \/><\/a>\n                                    <\/div><div class=\"item lazy-load-item\">\n                                        <a href=\"https:\/\/fabrega.syspre.sysprovider.com\/en\/properties\/cap-ras-04-comfortable-apartment-close-to-the-sea\/\"><img  data-lazy-load-src=\"https:\/\/fabrega.syspre.sysprovider.com\/wp-content\/uploads\/2021\/10\/14-Llanca-04-Cap-Ras-min-400x314.jpg\" alt=\"CAP RAS 04 \u2013 Comfortable apartment close to the sea\" class=\"img-responsive\" \/><\/a>\n                                    <\/div><div class=\"item lazy-load-item\">\n                                        <a href=\"https:\/\/fabrega.syspre.sysprovider.com\/en\/properties\/cap-ras-04-comfortable-apartment-close-to-the-sea\/\"><img  data-lazy-load-src=\"https:\/\/fabrega.syspre.sysprovider.com\/wp-content\/uploads\/2021\/10\/15-Llanca-04-Cap-Ras-min-400x314.jpg\" alt=\"CAP RAS 04 \u2013 Comfortable apartment close to the sea\" class=\"img-responsive\" \/><\/a>\n                                    <\/div><div class=\"item lazy-load-item\">\n                                        <a href=\"https:\/\/fabrega.syspre.sysprovider.com\/en\/properties\/cap-ras-04-comfortable-apartment-close-to-the-sea\/\"><img  data-lazy-load-src=\"https:\/\/fabrega.syspre.sysprovider.com\/wp-content\/uploads\/2021\/10\/1-Feb22Llanc\u0327a\u0300-14-min-400x314.jpg\" alt=\"CAP RAS 04 \u2013 Comfortable apartment close to the sea\" class=\"img-responsive\" \/><\/a>\n                                    <\/div><div class=\"item lazy-load-item\">\n                                        <a href=\"https:\/\/fabrega.syspre.sysprovider.com\/en\/properties\/cap-ras-04-comfortable-apartment-close-to-the-sea\/\"><img  data-lazy-load-src=\"https:\/\/fabrega.syspre.sysprovider.com\/wp-content\/uploads\/2021\/10\/2-Feb22Llanc\u0327a\u0300-15-min-400x314.jpg\" alt=\"CAP RAS 04 \u2013 Comfortable apartment close to the sea\" class=\"img-responsive\" \/><\/a>\n                                    <\/div>\n                    <\/div><a href=\"https:\/\/fabrega.syspre.sysprovider.com\/en\/properties\/cap-ras-04-comfortable-apartment-close-to-the-sea\/\"> <\/a><a class=\"left  carousel-control\" href=\"#property_unit_carousel_69eea2b1effad\" data-slide=\"prev\">\n                        <i class=\"icon-left-open-big\"><\/i>\n                    <\/a>\n\n                    <a class=\"right  carousel-control\" href=\"#property_unit_carousel_69eea2b1effad\" data-slide=\"next\">\n                        <i class=\"icon-right-open-big\"><\/i>\n                    <\/a><\/div><div class=\"price_unit_wrapper\"> <\/div><div class=\"price_unit\">From 57 \u20ac\/night<\/div><\/div>\n\n\n            <div class=\"property_status_wrapper\"><\/div>\n            <div class=\"title-container\">\n\n                <meta itemprop=\"ratingValue\" content=\"0\"\/><div class=rating_placeholder><\/div>\n                <div class=\"category_name\">\n                        <a  itemprop=\"url\"  href=\"https:\/\/fabrega.syspre.sysprovider.com\/en\/properties\/cap-ras-04-comfortable-apartment-close-to-the-sea\/\"  class=\"listing_title_unit\" >\n    \n    \n   <span itemprop=\"name\">\n    CAP RAS 04 \u2013 Comfortable apartment close to the sea    <\/span>\n<\/a>\n                    <div class=\"category_tagline actions_icon\">\n                        <a href=\"https:\/\/fabrega.syspre.sysprovider.com\/en\/listings\/tourist-apartments\/\" rel=\"tag\">Tourist apartments<\/a> \/ <a href=\"https:\/\/fabrega.syspre.sysprovider.com\/en\/action\/private-room-en\/\" rel=\"tag\">Apartament sencer<\/a>                    <\/div>\n\n                    <div class=\"category_tagline custom_details\">\n                       <div class=\"custom_listing_data\"><span class=\"custom_listing_data_label\">Hostes:<\/span>4<\/div><div class=\"custom_listing_data\"><i class=\"fas fa-bed\"><\/i>2<\/div><div class=\"custom_listing_data\"><i class=\"fas fa-bath\"><\/i>1<\/div><div class=\"custom_listing_data\"><i class=\"fas fa-paw\"><\/i>Si<\/div>                    <\/div>\n                <\/div>\n\n\n            <\/div>\n            <\/div>\n<\/div>\n\n<div itemscope itemtype=\"http:\/\/schema.org\/Product\" class=\"listing_wrapper col-md-4 shortcode-col property_unit_v3  property_flex propety_unit_3\" data-org=\"4\" data-listid=\"75061\" >\n    \n    <div class=\"property_listing\" >\n        \n\n            <div class=\"listing-unit-img-wrapper\">\n                <div id=\"property_unit_carousel_69eea2b1f2a42\" class=\"carousel property_unit_carousel slide  \" data-ride=\"carousel\" data-interval=\"false\">\n                    <div class=\"carousel-inner\">\n                        <div class=\"item active\">\n                            <a href=\"https:\/\/fabrega.syspre.sysprovider.com\/en\/properties\/cap-ras-04-3-apartment-with-terrace-and-sea-view\/\"><img decoding=\"async\" itemprop=\"image\" src=\"https:\/\/fabrega.syspre.sysprovider.com\/wp-content\/uploads\/2024\/04\/04-Llanca-04.3-Cap-Ras-min-400x314.jpg\"   class=\"b-lazy img-responsive wp-post-image lazy-hidden\" alt=\"image\" \/><\/a>\n                        <\/div>\n                        <div class=\"item lazy-load-item\">\n                                        <a href=\"https:\/\/fabrega.syspre.sysprovider.com\/en\/properties\/cap-ras-04-3-apartment-with-terrace-and-sea-view\/\"><img  data-lazy-load-src=\"https:\/\/fabrega.syspre.sysprovider.com\/wp-content\/uploads\/2024\/04\/01-Llanca-04.3-Cap-Ras-min-400x314.jpg\" alt=\"CAP RAS 04.3 &#8211; Apartment with terrace and sea views\" class=\"img-responsive\" \/><\/a>\n                                    <\/div><div class=\"item lazy-load-item\">\n                                        <a href=\"https:\/\/fabrega.syspre.sysprovider.com\/en\/properties\/cap-ras-04-3-apartment-with-terrace-and-sea-view\/\"><img  data-lazy-load-src=\"https:\/\/fabrega.syspre.sysprovider.com\/wp-content\/uploads\/2024\/04\/02-Llanca-04.3-Cap-Ras-min-400x314.jpg\" alt=\"CAP RAS 04.3 &#8211; Apartment with terrace and sea views\" class=\"img-responsive\" \/><\/a>\n                                    <\/div><div class=\"item lazy-load-item\">\n                                        <a href=\"https:\/\/fabrega.syspre.sysprovider.com\/en\/properties\/cap-ras-04-3-apartment-with-terrace-and-sea-view\/\"><img  data-lazy-load-src=\"https:\/\/fabrega.syspre.sysprovider.com\/wp-content\/uploads\/2024\/04\/15-Llanca-04.3-Cap-Ras-min-400x314.jpg\" alt=\"CAP RAS 04.3 &#8211; Apartment with terrace and sea views\" class=\"img-responsive\" \/><\/a>\n                                    <\/div><div class=\"item lazy-load-item\">\n                                        <a href=\"https:\/\/fabrega.syspre.sysprovider.com\/en\/properties\/cap-ras-04-3-apartment-with-terrace-and-sea-view\/\"><img  data-lazy-load-src=\"https:\/\/fabrega.syspre.sysprovider.com\/wp-content\/uploads\/2024\/04\/11-Llanca-04.3-Cap-Ras-min-400x314.jpg\" alt=\"CAP RAS 04.3 &#8211; Apartment with terrace and sea views\" class=\"img-responsive\" \/><\/a>\n                                    <\/div><div class=\"item lazy-load-item\">\n                                        <a href=\"https:\/\/fabrega.syspre.sysprovider.com\/en\/properties\/cap-ras-04-3-apartment-with-terrace-and-sea-view\/\"><img  data-lazy-load-src=\"https:\/\/fabrega.syspre.sysprovider.com\/wp-content\/uploads\/2024\/04\/05-Llanca-04.3-Cap-Ras-min-400x314.jpg\" alt=\"CAP RAS 04.3 &#8211; Apartment with terrace and sea views\" class=\"img-responsive\" \/><\/a>\n                                    <\/div><div class=\"item lazy-load-item\">\n                                        <a href=\"https:\/\/fabrega.syspre.sysprovider.com\/en\/properties\/cap-ras-04-3-apartment-with-terrace-and-sea-view\/\"><img  data-lazy-load-src=\"https:\/\/fabrega.syspre.sysprovider.com\/wp-content\/uploads\/2024\/04\/06-Llanca-04.3-Cap-Ras-min-400x314.jpg\" alt=\"CAP RAS 04.3 &#8211; Apartment with terrace and sea views\" class=\"img-responsive\" \/><\/a>\n                                    <\/div><div class=\"item lazy-load-item\">\n                                        <a href=\"https:\/\/fabrega.syspre.sysprovider.com\/en\/properties\/cap-ras-04-3-apartment-with-terrace-and-sea-view\/\"><img  data-lazy-load-src=\"https:\/\/fabrega.syspre.sysprovider.com\/wp-content\/uploads\/2024\/04\/07-Llanca-04.3-Cap-Ras-min-400x314.jpg\" alt=\"CAP RAS 04.3 &#8211; Apartment with terrace and sea views\" class=\"img-responsive\" \/><\/a>\n                                    <\/div><div class=\"item lazy-load-item\">\n                                        <a href=\"https:\/\/fabrega.syspre.sysprovider.com\/en\/properties\/cap-ras-04-3-apartment-with-terrace-and-sea-view\/\"><img  data-lazy-load-src=\"https:\/\/fabrega.syspre.sysprovider.com\/wp-content\/uploads\/2024\/04\/08-Llanca-04.3-Cap-Ras-min-400x314.jpg\" alt=\"CAP RAS 04.3 &#8211; Apartment with terrace and sea views\" class=\"img-responsive\" \/><\/a>\n                                    <\/div><div class=\"item lazy-load-item\">\n                                        <a href=\"https:\/\/fabrega.syspre.sysprovider.com\/en\/properties\/cap-ras-04-3-apartment-with-terrace-and-sea-view\/\"><img  data-lazy-load-src=\"https:\/\/fabrega.syspre.sysprovider.com\/wp-content\/uploads\/2024\/04\/09-Llanca-04.3-Cap-Ras-min-400x314.jpg\" alt=\"CAP RAS 04.3 &#8211; Apartment with terrace and sea views\" class=\"img-responsive\" \/><\/a>\n                                    <\/div><div class=\"item lazy-load-item\">\n                                        <a href=\"https:\/\/fabrega.syspre.sysprovider.com\/en\/properties\/cap-ras-04-3-apartment-with-terrace-and-sea-view\/\"><img  data-lazy-load-src=\"https:\/\/fabrega.syspre.sysprovider.com\/wp-content\/uploads\/2024\/04\/10-Llanca-04.3-Cap-Ras-min-400x314.jpg\" alt=\"CAP RAS 04.3 &#8211; Apartment with terrace and sea views\" class=\"img-responsive\" \/><\/a>\n                                    <\/div><div class=\"item lazy-load-item\">\n                                        <a href=\"https:\/\/fabrega.syspre.sysprovider.com\/en\/properties\/cap-ras-04-3-apartment-with-terrace-and-sea-view\/\"><img  data-lazy-load-src=\"https:\/\/fabrega.syspre.sysprovider.com\/wp-content\/uploads\/2024\/04\/12-Llanca-04.3-Cap-Ras-min-400x314.jpg\" alt=\"CAP RAS 04.3 &#8211; Apartment with terrace and sea views\" class=\"img-responsive\" \/><\/a>\n                                    <\/div><div class=\"item lazy-load-item\">\n                                        <a href=\"https:\/\/fabrega.syspre.sysprovider.com\/en\/properties\/cap-ras-04-3-apartment-with-terrace-and-sea-view\/\"><img  data-lazy-load-src=\"https:\/\/fabrega.syspre.sysprovider.com\/wp-content\/uploads\/2024\/04\/13-Llanca-04.3-Cap-Ras-min-400x314.jpg\" alt=\"CAP RAS 04.3 &#8211; Apartment with terrace and sea views\" class=\"img-responsive\" \/><\/a>\n                                    <\/div><div class=\"item lazy-load-item\">\n                                        <a href=\"https:\/\/fabrega.syspre.sysprovider.com\/en\/properties\/cap-ras-04-3-apartment-with-terrace-and-sea-view\/\"><img  data-lazy-load-src=\"https:\/\/fabrega.syspre.sysprovider.com\/wp-content\/uploads\/2024\/04\/14-Llanca-04.3-Cap-Ras-min-400x314.jpg\" alt=\"CAP RAS 04.3 &#8211; Apartment with terrace and sea views\" class=\"img-responsive\" \/><\/a>\n                                    <\/div><div class=\"item lazy-load-item\">\n                                        <a href=\"https:\/\/fabrega.syspre.sysprovider.com\/en\/properties\/cap-ras-04-3-apartment-with-terrace-and-sea-view\/\"><img  data-lazy-load-src=\"https:\/\/fabrega.syspre.sysprovider.com\/wp-content\/uploads\/2024\/04\/16-Llanca-04.3-Cap-Ras-min-400x314.jpg\" alt=\"CAP RAS 04.3 &#8211; Apartment with terrace and sea views\" class=\"img-responsive\" \/><\/a>\n                                    <\/div><div class=\"item lazy-load-item\">\n                                        <a href=\"https:\/\/fabrega.syspre.sysprovider.com\/en\/properties\/cap-ras-04-3-apartment-with-terrace-and-sea-view\/\"><img  data-lazy-load-src=\"https:\/\/fabrega.syspre.sysprovider.com\/wp-content\/uploads\/2024\/04\/17-Llanca-04.3-Cap-Ras-min-400x314.jpg\" alt=\"CAP RAS 04.3 &#8211; Apartment with terrace and sea views\" class=\"img-responsive\" \/><\/a>\n                                    <\/div><div class=\"item lazy-load-item\">\n                                        <a href=\"https:\/\/fabrega.syspre.sysprovider.com\/en\/properties\/cap-ras-04-3-apartment-with-terrace-and-sea-view\/\"><img  data-lazy-load-src=\"https:\/\/fabrega.syspre.sysprovider.com\/wp-content\/uploads\/2024\/04\/18-Llanca-04.3-Cap-Ras-min-400x314.jpg\" alt=\"CAP RAS 04.3 &#8211; Apartment with terrace and sea views\" class=\"img-responsive\" \/><\/a>\n                                    <\/div><div class=\"item lazy-load-item\">\n                                        <a href=\"https:\/\/fabrega.syspre.sysprovider.com\/en\/properties\/cap-ras-04-3-apartment-with-terrace-and-sea-view\/\"><img  data-lazy-load-src=\"https:\/\/fabrega.syspre.sysprovider.com\/wp-content\/uploads\/2024\/04\/19-Llanca-04.3-Cap-Ras-min-400x314.jpg\" alt=\"CAP RAS 04.3 &#8211; Apartment with terrace and sea views\" class=\"img-responsive\" \/><\/a>\n                                    <\/div><div class=\"item lazy-load-item\">\n                                        <a href=\"https:\/\/fabrega.syspre.sysprovider.com\/en\/properties\/cap-ras-04-3-apartment-with-terrace-and-sea-view\/\"><img  data-lazy-load-src=\"https:\/\/fabrega.syspre.sysprovider.com\/wp-content\/uploads\/2024\/04\/20-Llanca-04.3-Cap-Ras-min-400x314.jpg\" alt=\"CAP RAS 04.3 &#8211; Apartment with terrace and sea views\" class=\"img-responsive\" \/><\/a>\n                                    <\/div><div class=\"item lazy-load-item\">\n                                        <a href=\"https:\/\/fabrega.syspre.sysprovider.com\/en\/properties\/cap-ras-04-3-apartment-with-terrace-and-sea-view\/\"><img  data-lazy-load-src=\"https:\/\/fabrega.syspre.sysprovider.com\/wp-content\/uploads\/2024\/04\/03-Llanca-04.3-Cap-Ras-min-400x314.jpg\" alt=\"CAP RAS 04.3 &#8211; Apartment with terrace and sea views\" class=\"img-responsive\" \/><\/a>\n                                    <\/div>\n                    <\/div><a href=\"https:\/\/fabrega.syspre.sysprovider.com\/en\/properties\/cap-ras-04-3-apartment-with-terrace-and-sea-view\/\"> <\/a><a class=\"left  carousel-control\" href=\"#property_unit_carousel_69eea2b1f2a42\" data-slide=\"prev\">\n                        <i class=\"icon-left-open-big\"><\/i>\n                    <\/a>\n\n                    <a class=\"right  carousel-control\" href=\"#property_unit_carousel_69eea2b1f2a42\" data-slide=\"next\">\n                        <i class=\"icon-right-open-big\"><\/i>\n                    <\/a><\/div><div class=\"price_unit_wrapper\"> <\/div><div class=\"price_unit\">From 99 \u20ac\/night<\/div><\/div>\n\n\n            <div class=\"property_status_wrapper\"><\/div>\n            <div class=\"title-container\">\n\n                <meta itemprop=\"ratingValue\" content=\"0\"\/><div class=rating_placeholder><\/div>\n                <div class=\"category_name\">\n                        <a  itemprop=\"url\"  href=\"https:\/\/fabrega.syspre.sysprovider.com\/en\/properties\/cap-ras-04-3-apartment-with-terrace-and-sea-view\/\"  class=\"listing_title_unit\" >\n    \n    \n   <span itemprop=\"name\">\n    CAP RAS 04.3 \u2013 Apartment with terrace and sea views    <\/span>\n<\/a>\n                    <div class=\"category_tagline actions_icon\">\n                        <a href=\"https:\/\/fabrega.syspre.sysprovider.com\/en\/listings\/tourist-apartments\/\" rel=\"tag\">Tourist apartments<\/a> \/ <a href=\"https:\/\/fabrega.syspre.sysprovider.com\/en\/action\/private-room-en\/\" rel=\"tag\">Apartament sencer<\/a>                    <\/div>\n\n                    <div class=\"category_tagline custom_details\">\n                       <div class=\"custom_listing_data\"><span class=\"custom_listing_data_label\">Hostes:<\/span>4<\/div><div class=\"custom_listing_data\"><i class=\"fas fa-bed\"><\/i>1<\/div><div class=\"custom_listing_data\"><i class=\"fas fa-bath\"><\/i>1<\/div>                    <\/div>\n                <\/div>\n\n\n            <\/div>\n            <\/div>\n<\/div>\n\n<div itemscope itemtype=\"http:\/\/schema.org\/Product\" class=\"listing_wrapper col-md-4 shortcode-col property_unit_v3  property_flex propety_unit_3\" data-org=\"4\" data-listid=\"54128\" >\n    \n    <div class=\"property_listing\" >\n        \n\n            <div class=\"listing-unit-img-wrapper\">\n                <div id=\"property_unit_carousel_69eea2b201514\" class=\"carousel property_unit_carousel slide  \" data-ride=\"carousel\" data-interval=\"false\">\n                    <div class=\"carousel-inner\">\n                        <div class=\"item active\">\n                            <a href=\"https:\/\/fabrega.syspre.sysprovider.com\/en\/properties\/grifeu-05-bright-apartment-with-terrace-and-sea-views\/\"><img decoding=\"async\" itemprop=\"image\" src=\"https:\/\/fabrega.syspre.sysprovider.com\/wp-content\/uploads\/2021\/10\/06-Llanca-05-Grifeu-min-400x314.jpg\"   class=\"b-lazy img-responsive wp-post-image lazy-hidden\" alt=\"image\" \/><\/a>\n                        <\/div>\n                        <div class=\"item lazy-load-item\">\n                                        <a href=\"https:\/\/fabrega.syspre.sysprovider.com\/en\/properties\/grifeu-05-bright-apartment-with-terrace-and-sea-views\/\"><img  data-lazy-load-src=\"https:\/\/fabrega.syspre.sysprovider.com\/wp-content\/uploads\/2021\/10\/01-Llanca-05-Grifeu-min-400x314.jpg\" alt=\"GRIFEU 05 &#8211; Bright apartment with terrace and sea views\" class=\"img-responsive\" \/><\/a>\n                                    <\/div><div class=\"item lazy-load-item\">\n                                        <a href=\"https:\/\/fabrega.syspre.sysprovider.com\/en\/properties\/grifeu-05-bright-apartment-with-terrace-and-sea-views\/\"><img  data-lazy-load-src=\"https:\/\/fabrega.syspre.sysprovider.com\/wp-content\/uploads\/2021\/10\/02-Llanca-05-Grifeu-min-400x314.jpg\" alt=\"GRIFEU 05 &#8211; Bright apartment with terrace and sea views\" class=\"img-responsive\" \/><\/a>\n                                    <\/div><div class=\"item lazy-load-item\">\n                                        <a href=\"https:\/\/fabrega.syspre.sysprovider.com\/en\/properties\/grifeu-05-bright-apartment-with-terrace-and-sea-views\/\"><img  data-lazy-load-src=\"https:\/\/fabrega.syspre.sysprovider.com\/wp-content\/uploads\/2021\/10\/03-Llanca-05-Grifeu-min-400x314.jpg\" alt=\"GRIFEU 05 &#8211; Bright apartment with terrace and sea views\" class=\"img-responsive\" \/><\/a>\n                                    <\/div><div class=\"item lazy-load-item\">\n                                        <a href=\"https:\/\/fabrega.syspre.sysprovider.com\/en\/properties\/grifeu-05-bright-apartment-with-terrace-and-sea-views\/\"><img  data-lazy-load-src=\"https:\/\/fabrega.syspre.sysprovider.com\/wp-content\/uploads\/2021\/10\/04-Llanca-05-Grifeu-min-400x314.jpg\" alt=\"GRIFEU 05 &#8211; Bright apartment with terrace and sea views\" class=\"img-responsive\" \/><\/a>\n                                    <\/div><div class=\"item lazy-load-item\">\n                                        <a href=\"https:\/\/fabrega.syspre.sysprovider.com\/en\/properties\/grifeu-05-bright-apartment-with-terrace-and-sea-views\/\"><img  data-lazy-load-src=\"https:\/\/fabrega.syspre.sysprovider.com\/wp-content\/uploads\/2021\/10\/05-Llanca-05-Grifeu-min-400x314.jpg\" alt=\"GRIFEU 05 &#8211; Bright apartment with terrace and sea views\" class=\"img-responsive\" \/><\/a>\n                                    <\/div><div class=\"item lazy-load-item\">\n                                        <a href=\"https:\/\/fabrega.syspre.sysprovider.com\/en\/properties\/grifeu-05-bright-apartment-with-terrace-and-sea-views\/\"><img  data-lazy-load-src=\"https:\/\/fabrega.syspre.sysprovider.com\/wp-content\/uploads\/2021\/10\/07-Llanca-05-Grifeu-min-400x314.jpg\" alt=\"GRIFEU 05 &#8211; Bright apartment with terrace and sea views\" class=\"img-responsive\" \/><\/a>\n                                    <\/div><div class=\"item lazy-load-item\">\n                                        <a href=\"https:\/\/fabrega.syspre.sysprovider.com\/en\/properties\/grifeu-05-bright-apartment-with-terrace-and-sea-views\/\"><img  data-lazy-load-src=\"https:\/\/fabrega.syspre.sysprovider.com\/wp-content\/uploads\/2021\/10\/08-Llanca-05-Grifeu-min-400x314.jpg\" alt=\"GRIFEU 05 &#8211; Bright apartment with terrace and sea views\" class=\"img-responsive\" \/><\/a>\n                                    <\/div><div class=\"item lazy-load-item\">\n                                        <a href=\"https:\/\/fabrega.syspre.sysprovider.com\/en\/properties\/grifeu-05-bright-apartment-with-terrace-and-sea-views\/\"><img  data-lazy-load-src=\"https:\/\/fabrega.syspre.sysprovider.com\/wp-content\/uploads\/2021\/10\/09-Llanca-05-Grifeu-min-400x314.jpg\" alt=\"GRIFEU 05 &#8211; Bright apartment with terrace and sea views\" class=\"img-responsive\" \/><\/a>\n                                    <\/div><div class=\"item lazy-load-item\">\n                                        <a href=\"https:\/\/fabrega.syspre.sysprovider.com\/en\/properties\/grifeu-05-bright-apartment-with-terrace-and-sea-views\/\"><img  data-lazy-load-src=\"https:\/\/fabrega.syspre.sysprovider.com\/wp-content\/uploads\/2021\/10\/10-Llanca-05-Grifeu-min-400x314.jpg\" alt=\"GRIFEU 05 &#8211; Bright apartment with terrace and sea views\" class=\"img-responsive\" \/><\/a>\n                                    <\/div><div class=\"item lazy-load-item\">\n                                        <a href=\"https:\/\/fabrega.syspre.sysprovider.com\/en\/properties\/grifeu-05-bright-apartment-with-terrace-and-sea-views\/\"><img  data-lazy-load-src=\"https:\/\/fabrega.syspre.sysprovider.com\/wp-content\/uploads\/2021\/10\/11-Llanca-05-Grifeu-min-400x314.jpg\" alt=\"GRIFEU 05 &#8211; Bright apartment with terrace and sea views\" class=\"img-responsive\" \/><\/a>\n                                    <\/div><div class=\"item lazy-load-item\">\n                                        <a href=\"https:\/\/fabrega.syspre.sysprovider.com\/en\/properties\/grifeu-05-bright-apartment-with-terrace-and-sea-views\/\"><img  data-lazy-load-src=\"https:\/\/fabrega.syspre.sysprovider.com\/wp-content\/uploads\/2021\/10\/12-Llanca-05-Grifeu-min-400x314.jpg\" alt=\"GRIFEU 05 &#8211; Bright apartment with terrace and sea views\" class=\"img-responsive\" \/><\/a>\n                                    <\/div><div class=\"item lazy-load-item\">\n                                        <a href=\"https:\/\/fabrega.syspre.sysprovider.com\/en\/properties\/grifeu-05-bright-apartment-with-terrace-and-sea-views\/\"><img  data-lazy-load-src=\"https:\/\/fabrega.syspre.sysprovider.com\/wp-content\/uploads\/2021\/10\/13-Llanca-05-Grifeu-min-400x314.jpg\" alt=\"GRIFEU 05 &#8211; Bright apartment with terrace and sea views\" class=\"img-responsive\" \/><\/a>\n                                    <\/div><div class=\"item lazy-load-item\">\n                                        <a href=\"https:\/\/fabrega.syspre.sysprovider.com\/en\/properties\/grifeu-05-bright-apartment-with-terrace-and-sea-views\/\"><img  data-lazy-load-src=\"https:\/\/fabrega.syspre.sysprovider.com\/wp-content\/uploads\/2021\/10\/14-Llanca-05-Grifeu-min-1-400x314.jpg\" alt=\"GRIFEU 05 &#8211; Bright apartment with terrace and sea views\" class=\"img-responsive\" \/><\/a>\n                                    <\/div><div class=\"item lazy-load-item\">\n                                        <a href=\"https:\/\/fabrega.syspre.sysprovider.com\/en\/properties\/grifeu-05-bright-apartment-with-terrace-and-sea-views\/\"><img  data-lazy-load-src=\"https:\/\/fabrega.syspre.sysprovider.com\/wp-content\/uploads\/2021\/10\/15-Llanca-05-Grifeu-min-2-400x314.jpg\" alt=\"GRIFEU 05 &#8211; Bright apartment with terrace and sea views\" class=\"img-responsive\" \/><\/a>\n                                    <\/div><div class=\"item lazy-load-item\">\n                                        <a href=\"https:\/\/fabrega.syspre.sysprovider.com\/en\/properties\/grifeu-05-bright-apartment-with-terrace-and-sea-views\/\"><img  data-lazy-load-src=\"https:\/\/fabrega.syspre.sysprovider.com\/wp-content\/uploads\/2021\/10\/16-Llanca-05-Grifeu-min-1-400x314.jpg\" alt=\"GRIFEU 05 &#8211; Bright apartment with terrace and sea views\" class=\"img-responsive\" \/><\/a>\n                                    <\/div><div class=\"item lazy-load-item\">\n                                        <a href=\"https:\/\/fabrega.syspre.sysprovider.com\/en\/properties\/grifeu-05-bright-apartment-with-terrace-and-sea-views\/\"><img  data-lazy-load-src=\"https:\/\/fabrega.syspre.sysprovider.com\/wp-content\/uploads\/2021\/10\/17-Llanca-05-Grifeu-min-1-400x314.jpg\" alt=\"GRIFEU 05 &#8211; Bright apartment with terrace and sea views\" class=\"img-responsive\" \/><\/a>\n                                    <\/div><div class=\"item lazy-load-item\">\n                                        <a href=\"https:\/\/fabrega.syspre.sysprovider.com\/en\/properties\/grifeu-05-bright-apartment-with-terrace-and-sea-views\/\"><img  data-lazy-load-src=\"https:\/\/fabrega.syspre.sysprovider.com\/wp-content\/uploads\/2021\/10\/18-Llanca-05-Grifeu-min-1-400x314.jpg\" alt=\"GRIFEU 05 &#8211; Bright apartment with terrace and sea views\" class=\"img-responsive\" \/><\/a>\n                                    <\/div><div class=\"item lazy-load-item\">\n                                        <a href=\"https:\/\/fabrega.syspre.sysprovider.com\/en\/properties\/grifeu-05-bright-apartment-with-terrace-and-sea-views\/\"><img  data-lazy-load-src=\"https:\/\/fabrega.syspre.sysprovider.com\/wp-content\/uploads\/2021\/10\/18-Llanca-05-Grifeu-min-400x314.jpg\" alt=\"GRIFEU 05 &#8211; Bright apartment with terrace and sea views\" class=\"img-responsive\" \/><\/a>\n                                    <\/div>\n                    <\/div><a href=\"https:\/\/fabrega.syspre.sysprovider.com\/en\/properties\/grifeu-05-bright-apartment-with-terrace-and-sea-views\/\"> <\/a><a class=\"left  carousel-control\" href=\"#property_unit_carousel_69eea2b201514\" data-slide=\"prev\">\n                        <i class=\"icon-left-open-big\"><\/i>\n                    <\/a>\n\n                    <a class=\"right  carousel-control\" href=\"#property_unit_carousel_69eea2b201514\" data-slide=\"next\">\n                        <i class=\"icon-right-open-big\"><\/i>\n                    <\/a><\/div><div class=\"price_unit_wrapper\"> <\/div><div class=\"price_unit\">From 78 \u20ac\/night<\/div><\/div>\n\n\n            <div class=\"property_status_wrapper\"><\/div>\n            <div class=\"title-container\">\n\n                <meta itemprop=\"ratingValue\" content=\"0\"\/><div class=rating_placeholder><\/div>\n                <div class=\"category_name\">\n                        <a  itemprop=\"url\"  href=\"https:\/\/fabrega.syspre.sysprovider.com\/en\/properties\/grifeu-05-bright-apartment-with-terrace-and-sea-views\/\"  class=\"listing_title_unit\" >\n    \n    \n   <span itemprop=\"name\">\n    GRIFEU 05 \u2013 Bright apartment with terrace and sea views    <\/span>\n<\/a>\n                    <div class=\"category_tagline actions_icon\">\n                        <a href=\"https:\/\/fabrega.syspre.sysprovider.com\/en\/listings\/tourist-apartments\/\" rel=\"tag\">Tourist apartments<\/a> \/                    <\/div>\n\n                    <div class=\"category_tagline custom_details\">\n                       <div class=\"custom_listing_data\"><span class=\"custom_listing_data_label\">Hostes:<\/span>5<\/div><div class=\"custom_listing_data\"><i class=\"fas fa-bed\"><\/i>3<\/div><div class=\"custom_listing_data\"><i class=\"fas fa-bath\"><\/i>1<\/div><div class=\"custom_listing_data\"><i class=\"fas fa-paw\"><\/i>Si<\/div>                    <\/div>\n                <\/div>\n\n\n            <\/div>\n            <\/div>\n<\/div>\n\n<div itemscope itemtype=\"http:\/\/schema.org\/Product\" class=\"listing_wrapper col-md-4 shortcode-col property_unit_v3  property_flex propety_unit_3\" data-org=\"4\" data-listid=\"54135\" >\n    \n    <div class=\"property_listing\" >\n        \n\n            <div class=\"listing-unit-img-wrapper\">\n                <div id=\"property_unit_carousel_69eea2b20373b\" class=\"carousel property_unit_carousel slide  \" data-ride=\"carousel\" data-interval=\"false\">\n                    <div class=\"carousel-inner\">\n                        <div class=\"item active\">\n                            <a href=\"https:\/\/fabrega.syspre.sysprovider.com\/en\/properties\/grifeu-06-bright-apartment-with-terrace-and-sea-views\/\"><img decoding=\"async\" itemprop=\"image\" src=\"https:\/\/fabrega.syspre.sysprovider.com\/wp-content\/uploads\/2021\/10\/01-Llanca-06-Grifeu-min-400x314.jpg\"   class=\"b-lazy img-responsive wp-post-image lazy-hidden\" alt=\"image\" \/><\/a>\n                        <\/div>\n                        <div class=\"item lazy-load-item\">\n                                        <a href=\"https:\/\/fabrega.syspre.sysprovider.com\/en\/properties\/grifeu-06-bright-apartment-with-terrace-and-sea-views\/\"><img  data-lazy-load-src=\"https:\/\/fabrega.syspre.sysprovider.com\/wp-content\/uploads\/2021\/10\/02-Llanca-06-Grifeu-min-400x314.jpg\" alt=\"GRIFEU 06 &#8211; Bright apartment with terrace and sea views\" class=\"img-responsive\" \/><\/a>\n                                    <\/div><div class=\"item lazy-load-item\">\n                                        <a href=\"https:\/\/fabrega.syspre.sysprovider.com\/en\/properties\/grifeu-06-bright-apartment-with-terrace-and-sea-views\/\"><img  data-lazy-load-src=\"https:\/\/fabrega.syspre.sysprovider.com\/wp-content\/uploads\/2021\/10\/03-Llanca-06-Grifeu-min-400x314.jpg\" alt=\"GRIFEU 06 &#8211; Bright apartment with terrace and sea views\" class=\"img-responsive\" \/><\/a>\n                                    <\/div><div class=\"item lazy-load-item\">\n                                        <a href=\"https:\/\/fabrega.syspre.sysprovider.com\/en\/properties\/grifeu-06-bright-apartment-with-terrace-and-sea-views\/\"><img  data-lazy-load-src=\"https:\/\/fabrega.syspre.sysprovider.com\/wp-content\/uploads\/2021\/10\/04-Llanca-06-Grifeu-min-400x314.jpg\" alt=\"GRIFEU 06 &#8211; Bright apartment with terrace and sea views\" class=\"img-responsive\" \/><\/a>\n                                    <\/div><div class=\"item lazy-load-item\">\n                                        <a href=\"https:\/\/fabrega.syspre.sysprovider.com\/en\/properties\/grifeu-06-bright-apartment-with-terrace-and-sea-views\/\"><img  data-lazy-load-src=\"https:\/\/fabrega.syspre.sysprovider.com\/wp-content\/uploads\/2021\/10\/05-Llanca-06-Grifeu-min-400x314.jpg\" alt=\"GRIFEU 06 &#8211; Bright apartment with terrace and sea views\" class=\"img-responsive\" \/><\/a>\n                                    <\/div><div class=\"item lazy-load-item\">\n                                        <a href=\"https:\/\/fabrega.syspre.sysprovider.com\/en\/properties\/grifeu-06-bright-apartment-with-terrace-and-sea-views\/\"><img  data-lazy-load-src=\"https:\/\/fabrega.syspre.sysprovider.com\/wp-content\/uploads\/2021\/10\/06-Llanca-06-Grifeu-min-400x314.jpg\" alt=\"GRIFEU 06 &#8211; Bright apartment with terrace and sea views\" class=\"img-responsive\" \/><\/a>\n                                    <\/div><div class=\"item lazy-load-item\">\n                                        <a href=\"https:\/\/fabrega.syspre.sysprovider.com\/en\/properties\/grifeu-06-bright-apartment-with-terrace-and-sea-views\/\"><img  data-lazy-load-src=\"https:\/\/fabrega.syspre.sysprovider.com\/wp-content\/uploads\/2021\/10\/07-Llanca-06-Grifeu-min-400x314.jpg\" alt=\"GRIFEU 06 &#8211; Bright apartment with terrace and sea views\" class=\"img-responsive\" \/><\/a>\n                                    <\/div><div class=\"item lazy-load-item\">\n                                        <a href=\"https:\/\/fabrega.syspre.sysprovider.com\/en\/properties\/grifeu-06-bright-apartment-with-terrace-and-sea-views\/\"><img  data-lazy-load-src=\"https:\/\/fabrega.syspre.sysprovider.com\/wp-content\/uploads\/2021\/10\/08-Llanca-06-Grifeu-min-400x314.jpg\" alt=\"GRIFEU 06 &#8211; Bright apartment with terrace and sea views\" class=\"img-responsive\" \/><\/a>\n                                    <\/div><div class=\"item lazy-load-item\">\n                                        <a href=\"https:\/\/fabrega.syspre.sysprovider.com\/en\/properties\/grifeu-06-bright-apartment-with-terrace-and-sea-views\/\"><img  data-lazy-load-src=\"https:\/\/fabrega.syspre.sysprovider.com\/wp-content\/uploads\/2021\/10\/09-Llanca-06-Grifeu-min-400x314.jpg\" alt=\"GRIFEU 06 &#8211; Bright apartment with terrace and sea views\" class=\"img-responsive\" \/><\/a>\n                                    <\/div><div class=\"item lazy-load-item\">\n                                        <a href=\"https:\/\/fabrega.syspre.sysprovider.com\/en\/properties\/grifeu-06-bright-apartment-with-terrace-and-sea-views\/\"><img  data-lazy-load-src=\"https:\/\/fabrega.syspre.sysprovider.com\/wp-content\/uploads\/2021\/10\/10-Llanca-06-Grifeu-min-400x314.jpg\" alt=\"GRIFEU 06 &#8211; Bright apartment with terrace and sea views\" class=\"img-responsive\" \/><\/a>\n                                    <\/div><div class=\"item lazy-load-item\">\n                                        <a href=\"https:\/\/fabrega.syspre.sysprovider.com\/en\/properties\/grifeu-06-bright-apartment-with-terrace-and-sea-views\/\"><img  data-lazy-load-src=\"https:\/\/fabrega.syspre.sysprovider.com\/wp-content\/uploads\/2021\/10\/11-Llanca-06-Grifeu-min-400x314.jpg\" alt=\"GRIFEU 06 &#8211; Bright apartment with terrace and sea views\" class=\"img-responsive\" \/><\/a>\n                                    <\/div><div class=\"item lazy-load-item\">\n                                        <a href=\"https:\/\/fabrega.syspre.sysprovider.com\/en\/properties\/grifeu-06-bright-apartment-with-terrace-and-sea-views\/\"><img  data-lazy-load-src=\"https:\/\/fabrega.syspre.sysprovider.com\/wp-content\/uploads\/2021\/10\/12-Llanca-06-Grifeu-min-400x314.jpg\" alt=\"GRIFEU 06 &#8211; Bright apartment with terrace and sea views\" class=\"img-responsive\" \/><\/a>\n                                    <\/div><div class=\"item lazy-load-item\">\n                                        <a href=\"https:\/\/fabrega.syspre.sysprovider.com\/en\/properties\/grifeu-06-bright-apartment-with-terrace-and-sea-views\/\"><img  data-lazy-load-src=\"https:\/\/fabrega.syspre.sysprovider.com\/wp-content\/uploads\/2021\/10\/13-Llanca-06-Grifeu-min-400x314.jpg\" alt=\"GRIFEU 06 &#8211; Bright apartment with terrace and sea views\" class=\"img-responsive\" \/><\/a>\n                                    <\/div><div class=\"item lazy-load-item\">\n                                        <a href=\"https:\/\/fabrega.syspre.sysprovider.com\/en\/properties\/grifeu-06-bright-apartment-with-terrace-and-sea-views\/\"><img  data-lazy-load-src=\"https:\/\/fabrega.syspre.sysprovider.com\/wp-content\/uploads\/2021\/10\/14-Llanca-06-Grifeu-min-400x314.jpg\" alt=\"GRIFEU 06 &#8211; Bright apartment with terrace and sea views\" class=\"img-responsive\" \/><\/a>\n                                    <\/div><div class=\"item lazy-load-item\">\n                                        <a href=\"https:\/\/fabrega.syspre.sysprovider.com\/en\/properties\/grifeu-06-bright-apartment-with-terrace-and-sea-views\/\"><img  data-lazy-load-src=\"https:\/\/fabrega.syspre.sysprovider.com\/wp-content\/uploads\/2021\/10\/15-Llanca-06-Grifeu-min-400x314.jpg\" alt=\"GRIFEU 06 &#8211; Bright apartment with terrace and sea views\" class=\"img-responsive\" \/><\/a>\n                                    <\/div><div class=\"item lazy-load-item\">\n                                        <a href=\"https:\/\/fabrega.syspre.sysprovider.com\/en\/properties\/grifeu-06-bright-apartment-with-terrace-and-sea-views\/\"><img  data-lazy-load-src=\"https:\/\/fabrega.syspre.sysprovider.com\/wp-content\/uploads\/2021\/10\/16-Llanca-06-Grifeu-min-400x314.jpg\" alt=\"GRIFEU 06 &#8211; Bright apartment with terrace and sea views\" class=\"img-responsive\" \/><\/a>\n                                    <\/div><div class=\"item lazy-load-item\">\n                                        <a href=\"https:\/\/fabrega.syspre.sysprovider.com\/en\/properties\/grifeu-06-bright-apartment-with-terrace-and-sea-views\/\"><img  data-lazy-load-src=\"https:\/\/fabrega.syspre.sysprovider.com\/wp-content\/uploads\/2021\/10\/17-Llanca-06-Grifeu-min-400x314.jpg\" alt=\"GRIFEU 06 &#8211; Bright apartment with terrace and sea views\" class=\"img-responsive\" \/><\/a>\n                                    <\/div>\n                    <\/div><a href=\"https:\/\/fabrega.syspre.sysprovider.com\/en\/properties\/grifeu-06-bright-apartment-with-terrace-and-sea-views\/\"> <\/a><a class=\"left  carousel-control\" href=\"#property_unit_carousel_69eea2b20373b\" data-slide=\"prev\">\n                        <i class=\"icon-left-open-big\"><\/i>\n                    <\/a>\n\n                    <a class=\"right  carousel-control\" href=\"#property_unit_carousel_69eea2b20373b\" data-slide=\"next\">\n                        <i class=\"icon-right-open-big\"><\/i>\n                    <\/a><\/div><div class=\"price_unit_wrapper\"> <\/div><div class=\"price_unit\">From 78 \u20ac\/night<\/div><\/div>\n\n\n            <div class=\"property_status_wrapper\"><\/div>\n            <div class=\"title-container\">\n\n                <meta itemprop=\"ratingValue\" content=\"0\"\/><div class=rating_placeholder><\/div>\n                <div class=\"category_name\">\n                        <a  itemprop=\"url\"  href=\"https:\/\/fabrega.syspre.sysprovider.com\/en\/properties\/grifeu-06-bright-apartment-with-terrace-and-sea-views\/\"  class=\"listing_title_unit\" >\n    \n    \n   <span itemprop=\"name\">\n    GRIFEU 06 \u2013 Bright apartment with terrace and sea views    <\/span>\n<\/a>\n                    <div class=\"category_tagline actions_icon\">\n                        <a href=\"https:\/\/fabrega.syspre.sysprovider.com\/en\/listings\/tourist-apartments\/\" rel=\"tag\">Tourist apartments<\/a> \/                    <\/div>\n\n                    <div class=\"category_tagline custom_details\">\n                       <div class=\"custom_listing_data\"><span class=\"custom_listing_data_label\">Hostes:<\/span>5<\/div><div class=\"custom_listing_data\"><i class=\"fas fa-bed\"><\/i>3<\/div><div class=\"custom_listing_data\"><i class=\"fas fa-bath\"><\/i>1<\/div><div class=\"custom_listing_data\"><i class=\"fas fa-paw\"><\/i>Si<\/div>                    <\/div>\n                <\/div>\n\n\n            <\/div>\n            <\/div>\n<\/div>\n<\/div><\/div>\t\t\t\t<\/div>\n\t\t\t\t<\/div>\n\t\t\t\t<div class=\"elementor-element elementor-element-2ac01db elementor-invisible elementor-widget elementor-widget-button\" data-id=\"2ac01db\" data-element_type=\"widget\" data-settings=\"{&quot;_animation&quot;:&quot;fadeInUp&quot;,&quot;_animation_delay&quot;:200}\" data-widget_type=\"button.default\">\n\t\t\t\t<div class=\"elementor-widget-container\">\n\t\t\t\t\t\t\t\t\t<div class=\"elementor-button-wrapper\">\n\t\t\t\t\t<a class=\"elementor-button elementor-button-link elementor-size-md\" href=\"https:\/\/fabrega-goertzen.com\/en\/tipus-allotjaments\/\">\n\t\t\t\t\t\t<span class=\"elementor-button-content-wrapper\">\n\t\t\t\t\t\t\t\t\t<span class=\"elementor-button-text\">More accommodations<\/span>\n\t\t\t\t\t<\/span>\n\t\t\t\t\t<\/a>\n\t\t\t\t<\/div>\n\t\t\t\t\t\t\t\t<\/div>\n\t\t\t\t<\/div>\n\t\t\t\t<div class=\"elementor-element elementor-element-355a67d elementor-hidden-desktop elementor-hidden-tablet elementor-widget elementor-widget-Wprentals_Recent_Items_Slider\" data-id=\"355a67d\" data-element_type=\"widget\" data-widget_type=\"Wprentals_Recent_Items_Slider.default\">\n\t\t\t\t<div class=\"elementor-widget-container\">\n\t\t\t\t\t<div class=\"article_container slider_container bottom-estate_property nobutton\" ><div class=\"slider_control_left  wprentals_slider_control_left\"><\/div>\n                       <div class=\"slider_control_right wprentals_slider_control_right\"><\/div><h2 class=\"shortcode_title no_title_slider\"><\/h2><div class=\"shortcode_slider_wrapper\"  data-auto=\"4000\" ><ul class=\"shortcode_slider_list\"><li>\n<div itemscope itemtype=\"http:\/\/schema.org\/Product\" class=\"listing_wrapper col-md- shortcode-col property_unit_v3  property_flex propety_unit_3\" data-org=\"4\" data-listid=\"54108\" >\n    \n    <div class=\"property_listing\" >\n        \n\n            <div class=\"listing-unit-img-wrapper\">\n                <div id=\"property_unit_carousel_69eea2b20bd04\" class=\"carousel property_unit_carousel slide  \" data-ride=\"carousel\" data-interval=\"false\">\n                    <div class=\"carousel-inner\">\n                        <div class=\"item active\">\n                            <a href=\"https:\/\/fabrega.syspre.sysprovider.com\/en\/properties\/cap-ras-01-apartment-in-llanca-with-terrace-and-barbecue\/\"><img decoding=\"async\" itemprop=\"image\" src=\"https:\/\/fabrega.syspre.sysprovider.com\/wp-content\/uploads\/2021\/11\/01-Llanca-01-Cap-Ras-b-min-400x314.jpg\"   class=\"b-lazy img-responsive wp-post-image lazy-hidden\" alt=\"image\" \/><\/a>\n                        <\/div>\n                        <div class=\"item lazy-load-item\">\n                                        <a href=\"https:\/\/fabrega.syspre.sysprovider.com\/en\/properties\/cap-ras-01-apartment-in-llanca-with-terrace-and-barbecue\/\"><img  data-lazy-load-src=\"https:\/\/fabrega.syspre.sysprovider.com\/wp-content\/uploads\/2021\/11\/02-Llanca-01-Cap-Ras-b-min-400x314.jpg\" alt=\"CAP RAS 01 \u2013 Apartment with terrace and sea views\" class=\"img-responsive\" \/><\/a>\n                                    <\/div><div class=\"item lazy-load-item\">\n                                        <a href=\"https:\/\/fabrega.syspre.sysprovider.com\/en\/properties\/cap-ras-01-apartment-in-llanca-with-terrace-and-barbecue\/\"><img  data-lazy-load-src=\"https:\/\/fabrega.syspre.sysprovider.com\/wp-content\/uploads\/2021\/11\/03-Llanca-01-Cap-Ras-b-min-400x314.jpg\" alt=\"CAP RAS 01 \u2013 Apartment with terrace and sea views\" class=\"img-responsive\" \/><\/a>\n                                    <\/div><div class=\"item lazy-load-item\">\n                                        <a href=\"https:\/\/fabrega.syspre.sysprovider.com\/en\/properties\/cap-ras-01-apartment-in-llanca-with-terrace-and-barbecue\/\"><img  data-lazy-load-src=\"https:\/\/fabrega.syspre.sysprovider.com\/wp-content\/uploads\/2021\/11\/04-Llanca-01-Cap-Ras-b-min-400x314.jpg\" alt=\"CAP RAS 01 \u2013 Apartment with terrace and sea views\" class=\"img-responsive\" \/><\/a>\n                                    <\/div><div class=\"item lazy-load-item\">\n                                        <a href=\"https:\/\/fabrega.syspre.sysprovider.com\/en\/properties\/cap-ras-01-apartment-in-llanca-with-terrace-and-barbecue\/\"><img  data-lazy-load-src=\"https:\/\/fabrega.syspre.sysprovider.com\/wp-content\/uploads\/2021\/11\/05-Llanca-01-Cap-Ras-b-min-400x314.jpg\" alt=\"CAP RAS 01 \u2013 Apartment with terrace and sea views\" class=\"img-responsive\" \/><\/a>\n                                    <\/div><div class=\"item lazy-load-item\">\n                                        <a href=\"https:\/\/fabrega.syspre.sysprovider.com\/en\/properties\/cap-ras-01-apartment-in-llanca-with-terrace-and-barbecue\/\"><img  data-lazy-load-src=\"https:\/\/fabrega.syspre.sysprovider.com\/wp-content\/uploads\/2021\/11\/06-Llanca-01-Cap-Ras-b-min-400x314.jpg\" alt=\"CAP RAS 01 \u2013 Apartment with terrace and sea views\" class=\"img-responsive\" \/><\/a>\n                                    <\/div><div class=\"item lazy-load-item\">\n                                        <a href=\"https:\/\/fabrega.syspre.sysprovider.com\/en\/properties\/cap-ras-01-apartment-in-llanca-with-terrace-and-barbecue\/\"><img  data-lazy-load-src=\"https:\/\/fabrega.syspre.sysprovider.com\/wp-content\/uploads\/2021\/11\/07-Llanca-01-Cap-Ras-b-min-400x314.jpg\" alt=\"CAP RAS 01 \u2013 Apartment with terrace and sea views\" class=\"img-responsive\" \/><\/a>\n                                    <\/div><div class=\"item lazy-load-item\">\n                                        <a href=\"https:\/\/fabrega.syspre.sysprovider.com\/en\/properties\/cap-ras-01-apartment-in-llanca-with-terrace-and-barbecue\/\"><img  data-lazy-load-src=\"https:\/\/fabrega.syspre.sysprovider.com\/wp-content\/uploads\/2021\/11\/08-Llanca-01-Cap-Ras-b-min-400x314.jpg\" alt=\"CAP RAS 01 \u2013 Apartment with terrace and sea views\" class=\"img-responsive\" \/><\/a>\n                                    <\/div><div class=\"item lazy-load-item\">\n                                        <a href=\"https:\/\/fabrega.syspre.sysprovider.com\/en\/properties\/cap-ras-01-apartment-in-llanca-with-terrace-and-barbecue\/\"><img  data-lazy-load-src=\"https:\/\/fabrega.syspre.sysprovider.com\/wp-content\/uploads\/2021\/11\/09-Llanca-01-Cap-Ras-b-min-400x314.jpg\" alt=\"CAP RAS 01 \u2013 Apartment with terrace and sea views\" class=\"img-responsive\" \/><\/a>\n                                    <\/div><div class=\"item lazy-load-item\">\n                                        <a href=\"https:\/\/fabrega.syspre.sysprovider.com\/en\/properties\/cap-ras-01-apartment-in-llanca-with-terrace-and-barbecue\/\"><img  data-lazy-load-src=\"https:\/\/fabrega.syspre.sysprovider.com\/wp-content\/uploads\/2021\/11\/10-Llanca-01-Cap-Ras-b-min-400x314.jpg\" alt=\"CAP RAS 01 \u2013 Apartment with terrace and sea views\" class=\"img-responsive\" \/><\/a>\n                                    <\/div><div class=\"item lazy-load-item\">\n                                        <a href=\"https:\/\/fabrega.syspre.sysprovider.com\/en\/properties\/cap-ras-01-apartment-in-llanca-with-terrace-and-barbecue\/\"><img  data-lazy-load-src=\"https:\/\/fabrega.syspre.sysprovider.com\/wp-content\/uploads\/2021\/11\/11-Llanca-01-Cap-Ras-b-min-400x314.jpg\" alt=\"CAP RAS 01 \u2013 Apartment with terrace and sea views\" class=\"img-responsive\" \/><\/a>\n                                    <\/div><div class=\"item lazy-load-item\">\n                                        <a href=\"https:\/\/fabrega.syspre.sysprovider.com\/en\/properties\/cap-ras-01-apartment-in-llanca-with-terrace-and-barbecue\/\"><img  data-lazy-load-src=\"https:\/\/fabrega.syspre.sysprovider.com\/wp-content\/uploads\/2021\/11\/12-Llanca-01-Cap-Ras-b-min-400x314.jpg\" alt=\"CAP RAS 01 \u2013 Apartment with terrace and sea views\" class=\"img-responsive\" \/><\/a>\n                                    <\/div><div class=\"item lazy-load-item\">\n                                        <a href=\"https:\/\/fabrega.syspre.sysprovider.com\/en\/properties\/cap-ras-01-apartment-in-llanca-with-terrace-and-barbecue\/\"><img  data-lazy-load-src=\"https:\/\/fabrega.syspre.sysprovider.com\/wp-content\/uploads\/2021\/11\/13-Llanca-01-Cap-Ras-b-min-400x314.jpg\" alt=\"CAP RAS 01 \u2013 Apartment with terrace and sea views\" class=\"img-responsive\" \/><\/a>\n                                    <\/div><div class=\"item lazy-load-item\">\n                                        <a href=\"https:\/\/fabrega.syspre.sysprovider.com\/en\/properties\/cap-ras-01-apartment-in-llanca-with-terrace-and-barbecue\/\"><img  data-lazy-load-src=\"https:\/\/fabrega.syspre.sysprovider.com\/wp-content\/uploads\/2021\/11\/14-Llanca-01-Cap-Ras-b-min-400x314.jpg\" alt=\"CAP RAS 01 \u2013 Apartment with terrace and sea views\" class=\"img-responsive\" \/><\/a>\n                                    <\/div><div class=\"item lazy-load-item\">\n                                        <a href=\"https:\/\/fabrega.syspre.sysprovider.com\/en\/properties\/cap-ras-01-apartment-in-llanca-with-terrace-and-barbecue\/\"><img  data-lazy-load-src=\"https:\/\/fabrega.syspre.sysprovider.com\/wp-content\/uploads\/2021\/11\/15-Llanca-01-Cap-Ras-b-min-400x314.jpg\" alt=\"CAP RAS 01 \u2013 Apartment with terrace and sea views\" class=\"img-responsive\" \/><\/a>\n                                    <\/div><div class=\"item lazy-load-item\">\n                                        <a href=\"https:\/\/fabrega.syspre.sysprovider.com\/en\/properties\/cap-ras-01-apartment-in-llanca-with-terrace-and-barbecue\/\"><img  data-lazy-load-src=\"https:\/\/fabrega.syspre.sysprovider.com\/wp-content\/uploads\/2021\/11\/16-Llanca-01-Cap-Ras-b-min-400x314.jpg\" alt=\"CAP RAS 01 \u2013 Apartment with terrace and sea views\" class=\"img-responsive\" \/><\/a>\n                                    <\/div><div class=\"item lazy-load-item\">\n                                        <a href=\"https:\/\/fabrega.syspre.sysprovider.com\/en\/properties\/cap-ras-01-apartment-in-llanca-with-terrace-and-barbecue\/\"><img  data-lazy-load-src=\"https:\/\/fabrega.syspre.sysprovider.com\/wp-content\/uploads\/2021\/11\/17-Llanca-01-Cap-Ras-b-min-400x314.jpg\" alt=\"CAP RAS 01 \u2013 Apartment with terrace and sea views\" class=\"img-responsive\" \/><\/a>\n                                    <\/div><div class=\"item lazy-load-item\">\n                                        <a href=\"https:\/\/fabrega.syspre.sysprovider.com\/en\/properties\/cap-ras-01-apartment-in-llanca-with-terrace-and-barbecue\/\"><img  data-lazy-load-src=\"https:\/\/fabrega.syspre.sysprovider.com\/wp-content\/uploads\/2021\/11\/18-Llanca-01-Cap-Ras-b-min-400x314.jpg\" alt=\"CAP RAS 01 \u2013 Apartment with terrace and sea views\" class=\"img-responsive\" \/><\/a>\n                                    <\/div><div class=\"item lazy-load-item\">\n                                        <a href=\"https:\/\/fabrega.syspre.sysprovider.com\/en\/properties\/cap-ras-01-apartment-in-llanca-with-terrace-and-barbecue\/\"><img  data-lazy-load-src=\"https:\/\/fabrega.syspre.sysprovider.com\/wp-content\/uploads\/2021\/11\/19-Llanca-01-Cap-Ras-b-min-400x314.jpg\" alt=\"CAP RAS 01 \u2013 Apartment with terrace and sea views\" class=\"img-responsive\" \/><\/a>\n                                    <\/div><div class=\"item lazy-load-item\">\n                                        <a href=\"https:\/\/fabrega.syspre.sysprovider.com\/en\/properties\/cap-ras-01-apartment-in-llanca-with-terrace-and-barbecue\/\"><img  data-lazy-load-src=\"https:\/\/fabrega.syspre.sysprovider.com\/wp-content\/uploads\/2021\/11\/20-Llanca-01-Cap-Ras-b-min-400x314.jpg\" alt=\"CAP RAS 01 \u2013 Apartment with terrace and sea views\" class=\"img-responsive\" \/><\/a>\n                                    <\/div><div class=\"item lazy-load-item\">\n                                        <a href=\"https:\/\/fabrega.syspre.sysprovider.com\/en\/properties\/cap-ras-01-apartment-in-llanca-with-terrace-and-barbecue\/\"><img  data-lazy-load-src=\"https:\/\/fabrega.syspre.sysprovider.com\/wp-content\/uploads\/2021\/11\/21-Llanca-01-Cap-Ras-b-min-400x314.jpg\" alt=\"CAP RAS 01 \u2013 Apartment with terrace and sea views\" class=\"img-responsive\" \/><\/a>\n                                    <\/div><div class=\"item lazy-load-item\">\n                                        <a href=\"https:\/\/fabrega.syspre.sysprovider.com\/en\/properties\/cap-ras-01-apartment-in-llanca-with-terrace-and-barbecue\/\"><img  data-lazy-load-src=\"https:\/\/fabrega.syspre.sysprovider.com\/wp-content\/uploads\/2021\/11\/22-Llanca-01-Cap-Ras-b-min-400x314.jpg\" alt=\"CAP RAS 01 \u2013 Apartment with terrace and sea views\" class=\"img-responsive\" \/><\/a>\n                                    <\/div><div class=\"item lazy-load-item\">\n                                        <a href=\"https:\/\/fabrega.syspre.sysprovider.com\/en\/properties\/cap-ras-01-apartment-in-llanca-with-terrace-and-barbecue\/\"><img  data-lazy-load-src=\"https:\/\/fabrega.syspre.sysprovider.com\/wp-content\/uploads\/2021\/11\/23-Llanca-01-Cap-Ras-b-min-400x314.jpg\" alt=\"CAP RAS 01 \u2013 Apartment with terrace and sea views\" class=\"img-responsive\" \/><\/a>\n                                    <\/div>\n                    <\/div><a href=\"https:\/\/fabrega.syspre.sysprovider.com\/en\/properties\/cap-ras-01-apartment-in-llanca-with-terrace-and-barbecue\/\"> <\/a><a class=\"left  carousel-control\" href=\"#property_unit_carousel_69eea2b20bd04\" data-slide=\"prev\">\n                        <i class=\"icon-left-open-big\"><\/i>\n                    <\/a>\n\n                    <a class=\"right  carousel-control\" href=\"#property_unit_carousel_69eea2b20bd04\" data-slide=\"next\">\n                        <i class=\"icon-right-open-big\"><\/i>\n                    <\/a><\/div><div class=\"price_unit_wrapper\"> <\/div><div class=\"price_unit\">From 64 \u20ac\/night<\/div><\/div>\n\n\n            <div class=\"property_status_wrapper\"><\/div>\n            <div class=\"title-container\">\n\n                <meta itemprop=\"ratingValue\" content=\"0\"\/><div class=rating_placeholder><\/div>\n                <div class=\"category_name\">\n                        <a  itemprop=\"url\"  href=\"https:\/\/fabrega.syspre.sysprovider.com\/en\/properties\/cap-ras-01-apartment-in-llanca-with-terrace-and-barbecue\/\"  class=\"listing_title_unit\" >\n    \n    \n   <span itemprop=\"name\">\n    CAP RAS 01 \u2013 Apartment with terrace and sea views    <\/span>\n<\/a>\n                    <div class=\"category_tagline actions_icon\">\n                        <a href=\"https:\/\/fabrega.syspre.sysprovider.com\/en\/listings\/tourist-apartments\/\" rel=\"tag\">Tourist apartments<\/a> \/                    <\/div>\n\n                    <div class=\"category_tagline custom_details\">\n                       <div class=\"custom_listing_data\"><span class=\"custom_listing_data_label\">Hostes:<\/span>5<\/div><div class=\"custom_listing_data\"><i class=\"fas fa-bed\"><\/i>2<\/div><div class=\"custom_listing_data\"><i class=\"fas fa-bath\"><\/i>1<\/div><div class=\"custom_listing_data\"><i class=\"fas fa-paw\"><\/i>Si<\/div>                    <\/div>\n                <\/div>\n\n\n            <\/div>\n            <\/div>\n<\/div>\n<\/li><li>\n<div itemscope itemtype=\"http:\/\/schema.org\/Product\" class=\"listing_wrapper col-md- shortcode-col property_unit_v3  property_flex propety_unit_3\" data-org=\"4\" data-listid=\"54116\" >\n    \n    <div class=\"property_listing\" >\n        \n\n            <div class=\"listing-unit-img-wrapper\">\n                <div id=\"property_unit_carousel_69eea2b20cd52\" class=\"carousel property_unit_carousel slide  \" data-ride=\"carousel\" data-interval=\"false\">\n                    <div class=\"carousel-inner\">\n                        <div class=\"item active\">\n                            <a href=\"https:\/\/fabrega.syspre.sysprovider.com\/en\/properties\/cap-ras-03-comfortable-top-floor-apartment-with-sea-views\/\"><img decoding=\"async\" itemprop=\"image\" src=\"https:\/\/fabrega.syspre.sysprovider.com\/wp-content\/uploads\/2021\/10\/01-Llanca-03-Cap-Ras-min-400x314.jpg\"   class=\"b-lazy img-responsive wp-post-image lazy-hidden\" alt=\"image\" \/><\/a>\n                        <\/div>\n                        <div class=\"item lazy-load-item\">\n                                        <a href=\"https:\/\/fabrega.syspre.sysprovider.com\/en\/properties\/cap-ras-03-comfortable-top-floor-apartment-with-sea-views\/\"><img  data-lazy-load-src=\"https:\/\/fabrega.syspre.sysprovider.com\/wp-content\/uploads\/2021\/10\/02-Llanca-03-Cap-Ras-min-1-400x314.jpg\" alt=\"CAP RAS 03 \u2013 Comfortable top-floor apartment with sea views\" class=\"img-responsive\" \/><\/a>\n                                    <\/div><div class=\"item lazy-load-item\">\n                                        <a href=\"https:\/\/fabrega.syspre.sysprovider.com\/en\/properties\/cap-ras-03-comfortable-top-floor-apartment-with-sea-views\/\"><img  data-lazy-load-src=\"https:\/\/fabrega.syspre.sysprovider.com\/wp-content\/uploads\/2021\/10\/03-Llanca-03-Cap-Ras-min-400x314.jpg\" alt=\"CAP RAS 03 \u2013 Comfortable top-floor apartment with sea views\" class=\"img-responsive\" \/><\/a>\n                                    <\/div><div class=\"item lazy-load-item\">\n                                        <a href=\"https:\/\/fabrega.syspre.sysprovider.com\/en\/properties\/cap-ras-03-comfortable-top-floor-apartment-with-sea-views\/\"><img  data-lazy-load-src=\"https:\/\/fabrega.syspre.sysprovider.com\/wp-content\/uploads\/2021\/10\/04-Llanca-03-Cap-Ras-min-400x314.jpg\" alt=\"CAP RAS 03 \u2013 Comfortable top-floor apartment with sea views\" class=\"img-responsive\" \/><\/a>\n                                    <\/div><div class=\"item lazy-load-item\">\n                                        <a href=\"https:\/\/fabrega.syspre.sysprovider.com\/en\/properties\/cap-ras-03-comfortable-top-floor-apartment-with-sea-views\/\"><img  data-lazy-load-src=\"https:\/\/fabrega.syspre.sysprovider.com\/wp-content\/uploads\/2021\/10\/05-Llanca-03-Cap-Ras-min-400x314.jpg\" alt=\"CAP RAS 03 \u2013 Comfortable top-floor apartment with sea views\" class=\"img-responsive\" \/><\/a>\n                                    <\/div><div class=\"item lazy-load-item\">\n                                        <a href=\"https:\/\/fabrega.syspre.sysprovider.com\/en\/properties\/cap-ras-03-comfortable-top-floor-apartment-with-sea-views\/\"><img  data-lazy-load-src=\"https:\/\/fabrega.syspre.sysprovider.com\/wp-content\/uploads\/2021\/10\/06-Llanca-03-Cap-Ras-min-400x314.jpg\" alt=\"CAP RAS 03 \u2013 Comfortable top-floor apartment with sea views\" class=\"img-responsive\" \/><\/a>\n                                    <\/div><div class=\"item lazy-load-item\">\n                                        <a href=\"https:\/\/fabrega.syspre.sysprovider.com\/en\/properties\/cap-ras-03-comfortable-top-floor-apartment-with-sea-views\/\"><img  data-lazy-load-src=\"https:\/\/fabrega.syspre.sysprovider.com\/wp-content\/uploads\/2021\/10\/07-Llanca-03-Cap-Ras-min-400x314.jpg\" alt=\"CAP RAS 03 \u2013 Comfortable top-floor apartment with sea views\" class=\"img-responsive\" \/><\/a>\n                                    <\/div><div class=\"item lazy-load-item\">\n                                        <a href=\"https:\/\/fabrega.syspre.sysprovider.com\/en\/properties\/cap-ras-03-comfortable-top-floor-apartment-with-sea-views\/\"><img  data-lazy-load-src=\"https:\/\/fabrega.syspre.sysprovider.com\/wp-content\/uploads\/2021\/10\/08-Llanca-03-Cap-Ras-min-400x314.jpg\" alt=\"CAP RAS 03 \u2013 Comfortable top-floor apartment with sea views\" class=\"img-responsive\" \/><\/a>\n                                    <\/div><div class=\"item lazy-load-item\">\n                                        <a href=\"https:\/\/fabrega.syspre.sysprovider.com\/en\/properties\/cap-ras-03-comfortable-top-floor-apartment-with-sea-views\/\"><img  data-lazy-load-src=\"https:\/\/fabrega.syspre.sysprovider.com\/wp-content\/uploads\/2021\/10\/09-Llanca-03-Cap-Ras-min-400x314.jpg\" alt=\"CAP RAS 03 \u2013 Comfortable top-floor apartment with sea views\" class=\"img-responsive\" \/><\/a>\n                                    <\/div><div class=\"item lazy-load-item\">\n                                        <a href=\"https:\/\/fabrega.syspre.sysprovider.com\/en\/properties\/cap-ras-03-comfortable-top-floor-apartment-with-sea-views\/\"><img  data-lazy-load-src=\"https:\/\/fabrega.syspre.sysprovider.com\/wp-content\/uploads\/2021\/10\/10-Llanca-03-Cap-Ras-min-400x314.jpg\" alt=\"CAP RAS 03 \u2013 Comfortable top-floor apartment with sea views\" class=\"img-responsive\" \/><\/a>\n                                    <\/div><div class=\"item lazy-load-item\">\n                                        <a href=\"https:\/\/fabrega.syspre.sysprovider.com\/en\/properties\/cap-ras-03-comfortable-top-floor-apartment-with-sea-views\/\"><img  data-lazy-load-src=\"https:\/\/fabrega.syspre.sysprovider.com\/wp-content\/uploads\/2021\/10\/01-Llanca-03-Cap-Ras-bano-min-400x314.jpg\" alt=\"CAP RAS 03 \u2013 Comfortable top-floor apartment with sea views\" class=\"img-responsive\" \/><\/a>\n                                    <\/div><div class=\"item lazy-load-item\">\n                                        <a href=\"https:\/\/fabrega.syspre.sysprovider.com\/en\/properties\/cap-ras-03-comfortable-top-floor-apartment-with-sea-views\/\"><img  data-lazy-load-src=\"https:\/\/fabrega.syspre.sysprovider.com\/wp-content\/uploads\/2021\/10\/02-Llanca-03-Cap-Ras-bano-min-400x314.jpg\" alt=\"CAP RAS 03 \u2013 Comfortable top-floor apartment with sea views\" class=\"img-responsive\" \/><\/a>\n                                    <\/div><div class=\"item lazy-load-item\">\n                                        <a href=\"https:\/\/fabrega.syspre.sysprovider.com\/en\/properties\/cap-ras-03-comfortable-top-floor-apartment-with-sea-views\/\"><img  data-lazy-load-src=\"https:\/\/fabrega.syspre.sysprovider.com\/wp-content\/uploads\/2021\/10\/13-Llanca-03-Cap-Ras-min-400x314.jpg\" alt=\"CAP RAS 03 \u2013 Comfortable top-floor apartment with sea views\" class=\"img-responsive\" \/><\/a>\n                                    <\/div><div class=\"item lazy-load-item\">\n                                        <a href=\"https:\/\/fabrega.syspre.sysprovider.com\/en\/properties\/cap-ras-03-comfortable-top-floor-apartment-with-sea-views\/\"><img  data-lazy-load-src=\"https:\/\/fabrega.syspre.sysprovider.com\/wp-content\/uploads\/2021\/10\/14-Llanca-03-Cap-Ras-min-400x314.jpg\" alt=\"CAP RAS 03 \u2013 Comfortable top-floor apartment with sea views\" class=\"img-responsive\" \/><\/a>\n                                    <\/div><div class=\"item lazy-load-item\">\n                                        <a href=\"https:\/\/fabrega.syspre.sysprovider.com\/en\/properties\/cap-ras-03-comfortable-top-floor-apartment-with-sea-views\/\"><img  data-lazy-load-src=\"https:\/\/fabrega.syspre.sysprovider.com\/wp-content\/uploads\/2021\/10\/15-Llanca-03-Cap-Ras-min-400x314.jpg\" alt=\"CAP RAS 03 \u2013 Comfortable top-floor apartment with sea views\" class=\"img-responsive\" \/><\/a>\n                                    <\/div><div class=\"item lazy-load-item\">\n                                        <a href=\"https:\/\/fabrega.syspre.sysprovider.com\/en\/properties\/cap-ras-03-comfortable-top-floor-apartment-with-sea-views\/\"><img  data-lazy-load-src=\"https:\/\/fabrega.syspre.sysprovider.com\/wp-content\/uploads\/2021\/10\/16-Llanca-03-Cap-Ras-min-400x314.jpg\" alt=\"CAP RAS 03 \u2013 Comfortable top-floor apartment with sea views\" class=\"img-responsive\" \/><\/a>\n                                    <\/div>\n                    <\/div><a href=\"https:\/\/fabrega.syspre.sysprovider.com\/en\/properties\/cap-ras-03-comfortable-top-floor-apartment-with-sea-views\/\"> <\/a><a class=\"left  carousel-control\" href=\"#property_unit_carousel_69eea2b20cd52\" data-slide=\"prev\">\n                        <i class=\"icon-left-open-big\"><\/i>\n                    <\/a>\n\n                    <a class=\"right  carousel-control\" href=\"#property_unit_carousel_69eea2b20cd52\" data-slide=\"next\">\n                        <i class=\"icon-right-open-big\"><\/i>\n                    <\/a><\/div><div class=\"price_unit_wrapper\"> <\/div><div class=\"price_unit\">From 86 \u20ac\/night<\/div><\/div>\n\n\n            <div class=\"property_status_wrapper\"><\/div>\n            <div class=\"title-container\">\n\n                <meta itemprop=\"ratingValue\" content=\"0\"\/><div class=rating_placeholder><\/div>\n                <div class=\"category_name\">\n                        <a  itemprop=\"url\"  href=\"https:\/\/fabrega.syspre.sysprovider.com\/en\/properties\/cap-ras-03-comfortable-top-floor-apartment-with-sea-views\/\"  class=\"listing_title_unit\" >\n    \n    \n   <span itemprop=\"name\">\n    CAP RAS 03 \u2013 Comfortable top-floor apartment with sea views    <\/span>\n<\/a>\n                    <div class=\"category_tagline actions_icon\">\n                        <a href=\"https:\/\/fabrega.syspre.sysprovider.com\/en\/listings\/tourist-apartments\/\" rel=\"tag\">Tourist apartments<\/a> \/                    <\/div>\n\n                    <div class=\"category_tagline custom_details\">\n                       <div class=\"custom_listing_data\"><span class=\"custom_listing_data_label\">Hostes:<\/span>4<\/div><div class=\"custom_listing_data\"><i class=\"fas fa-bed\"><\/i>2<\/div><div class=\"custom_listing_data\"><i class=\"fas fa-bath\"><\/i>1<\/div>                    <\/div>\n                <\/div>\n\n\n            <\/div>\n            <\/div>\n<\/div>\n<\/li><li>\n<div itemscope itemtype=\"http:\/\/schema.org\/Product\" class=\"listing_wrapper col-md- shortcode-col property_unit_v3  property_flex propety_unit_3\" data-org=\"4\" data-listid=\"54122\" >\n    \n    <div class=\"property_listing\" >\n        \n\n            <div class=\"listing-unit-img-wrapper\">\n                <div id=\"property_unit_carousel_69eea2b20dd68\" class=\"carousel property_unit_carousel slide  \" data-ride=\"carousel\" data-interval=\"false\">\n                    <div class=\"carousel-inner\">\n                        <div class=\"item active\">\n                            <a href=\"https:\/\/fabrega.syspre.sysprovider.com\/en\/properties\/cap-ras-04-comfortable-apartment-close-to-the-sea\/\"><img decoding=\"async\" itemprop=\"image\" src=\"https:\/\/fabrega.syspre.sysprovider.com\/wp-content\/uploads\/2021\/10\/16-Feb21Llanc\u0327a\u0300-12-min-400x314.jpg\"   class=\"b-lazy img-responsive wp-post-image lazy-hidden\" alt=\"image\" \/><\/a>\n                        <\/div>\n                        <div class=\"item lazy-load-item\">\n                                        <a href=\"https:\/\/fabrega.syspre.sysprovider.com\/en\/properties\/cap-ras-04-comfortable-apartment-close-to-the-sea\/\"><img  data-lazy-load-src=\"https:\/\/fabrega.syspre.sysprovider.com\/wp-content\/uploads\/2021\/10\/01-Llanca-04-Cap-Ras-min-400x314.jpg\" alt=\"CAP RAS 04 \u2013 Comfortable apartment close to the sea\" class=\"img-responsive\" \/><\/a>\n                                    <\/div><div class=\"item lazy-load-item\">\n                                        <a href=\"https:\/\/fabrega.syspre.sysprovider.com\/en\/properties\/cap-ras-04-comfortable-apartment-close-to-the-sea\/\"><img  data-lazy-load-src=\"https:\/\/fabrega.syspre.sysprovider.com\/wp-content\/uploads\/2021\/10\/05-Llanca-04-Cap-Ras-min-400x314.jpg\" alt=\"CAP RAS 04 \u2013 Comfortable apartment close to the sea\" class=\"img-responsive\" \/><\/a>\n                                    <\/div><div class=\"item lazy-load-item\">\n                                        <a href=\"https:\/\/fabrega.syspre.sysprovider.com\/en\/properties\/cap-ras-04-comfortable-apartment-close-to-the-sea\/\"><img  data-lazy-load-src=\"https:\/\/fabrega.syspre.sysprovider.com\/wp-content\/uploads\/2021\/10\/03-Llanca-04-Cap-Ras-min-400x314.jpg\" alt=\"CAP RAS 04 \u2013 Comfortable apartment close to the sea\" class=\"img-responsive\" \/><\/a>\n                                    <\/div><div class=\"item lazy-load-item\">\n                                        <a href=\"https:\/\/fabrega.syspre.sysprovider.com\/en\/properties\/cap-ras-04-comfortable-apartment-close-to-the-sea\/\"><img  data-lazy-load-src=\"https:\/\/fabrega.syspre.sysprovider.com\/wp-content\/uploads\/2021\/10\/06-Llanca-04-Cap-Ras-min-400x314.jpg\" alt=\"CAP RAS 04 \u2013 Comfortable apartment close to the sea\" class=\"img-responsive\" \/><\/a>\n                                    <\/div><div class=\"item lazy-load-item\">\n                                        <a href=\"https:\/\/fabrega.syspre.sysprovider.com\/en\/properties\/cap-ras-04-comfortable-apartment-close-to-the-sea\/\"><img  data-lazy-load-src=\"https:\/\/fabrega.syspre.sysprovider.com\/wp-content\/uploads\/2021\/10\/07-Llanca-04-Cap-Ras-min-400x314.jpg\" alt=\"CAP RAS 04 \u2013 Comfortable apartment close to the sea\" class=\"img-responsive\" \/><\/a>\n                                    <\/div><div class=\"item lazy-load-item\">\n                                        <a href=\"https:\/\/fabrega.syspre.sysprovider.com\/en\/properties\/cap-ras-04-comfortable-apartment-close-to-the-sea\/\"><img  data-lazy-load-src=\"https:\/\/fabrega.syspre.sysprovider.com\/wp-content\/uploads\/2021\/10\/08-Llanca-04-Cap-Ras-min-400x314.jpg\" alt=\"CAP RAS 04 \u2013 Comfortable apartment close to the sea\" class=\"img-responsive\" \/><\/a>\n                                    <\/div><div class=\"item lazy-load-item\">\n                                        <a href=\"https:\/\/fabrega.syspre.sysprovider.com\/en\/properties\/cap-ras-04-comfortable-apartment-close-to-the-sea\/\"><img  data-lazy-load-src=\"https:\/\/fabrega.syspre.sysprovider.com\/wp-content\/uploads\/2021\/10\/09-Llanca-04-Cap-Ras-min-400x314.jpg\" alt=\"CAP RAS 04 \u2013 Comfortable apartment close to the sea\" class=\"img-responsive\" \/><\/a>\n                                    <\/div><div class=\"item lazy-load-item\">\n                                        <a href=\"https:\/\/fabrega.syspre.sysprovider.com\/en\/properties\/cap-ras-04-comfortable-apartment-close-to-the-sea\/\"><img  data-lazy-load-src=\"https:\/\/fabrega.syspre.sysprovider.com\/wp-content\/uploads\/2021\/10\/01-Llanca-04-Cap-Ras-sab-min-400x314.jpg\" alt=\"CAP RAS 04 \u2013 Comfortable apartment close to the sea\" class=\"img-responsive\" \/><\/a>\n                                    <\/div><div class=\"item lazy-load-item\">\n                                        <a href=\"https:\/\/fabrega.syspre.sysprovider.com\/en\/properties\/cap-ras-04-comfortable-apartment-close-to-the-sea\/\"><img  data-lazy-load-src=\"https:\/\/fabrega.syspre.sysprovider.com\/wp-content\/uploads\/2021\/10\/02-Llanca-04-Cap-Ras-sab-min-400x314.jpg\" alt=\"CAP RAS 04 \u2013 Comfortable apartment close to the sea\" class=\"img-responsive\" \/><\/a>\n                                    <\/div><div class=\"item lazy-load-item\">\n                                        <a href=\"https:\/\/fabrega.syspre.sysprovider.com\/en\/properties\/cap-ras-04-comfortable-apartment-close-to-the-sea\/\"><img  data-lazy-load-src=\"https:\/\/fabrega.syspre.sysprovider.com\/wp-content\/uploads\/2021\/10\/03-Llanca-04-Cap-Ras-sab-min-400x314.jpg\" alt=\"CAP RAS 04 \u2013 Comfortable apartment close to the sea\" class=\"img-responsive\" \/><\/a>\n                                    <\/div><div class=\"item lazy-load-item\">\n                                        <a href=\"https:\/\/fabrega.syspre.sysprovider.com\/en\/properties\/cap-ras-04-comfortable-apartment-close-to-the-sea\/\"><img  data-lazy-load-src=\"https:\/\/fabrega.syspre.sysprovider.com\/wp-content\/uploads\/2021\/10\/13-Llanca-04-Cap-Ras-min-400x314.jpg\" alt=\"CAP RAS 04 \u2013 Comfortable apartment close to the sea\" class=\"img-responsive\" \/><\/a>\n                                    <\/div><div class=\"item lazy-load-item\">\n                                        <a href=\"https:\/\/fabrega.syspre.sysprovider.com\/en\/properties\/cap-ras-04-comfortable-apartment-close-to-the-sea\/\"><img  data-lazy-load-src=\"https:\/\/fabrega.syspre.sysprovider.com\/wp-content\/uploads\/2021\/10\/14-Llanca-04-Cap-Ras-min-400x314.jpg\" alt=\"CAP RAS 04 \u2013 Comfortable apartment close to the sea\" class=\"img-responsive\" \/><\/a>\n                                    <\/div><div class=\"item lazy-load-item\">\n                                        <a href=\"https:\/\/fabrega.syspre.sysprovider.com\/en\/properties\/cap-ras-04-comfortable-apartment-close-to-the-sea\/\"><img  data-lazy-load-src=\"https:\/\/fabrega.syspre.sysprovider.com\/wp-content\/uploads\/2021\/10\/15-Llanca-04-Cap-Ras-min-400x314.jpg\" alt=\"CAP RAS 04 \u2013 Comfortable apartment close to the sea\" class=\"img-responsive\" \/><\/a>\n                                    <\/div><div class=\"item lazy-load-item\">\n                                        <a href=\"https:\/\/fabrega.syspre.sysprovider.com\/en\/properties\/cap-ras-04-comfortable-apartment-close-to-the-sea\/\"><img  data-lazy-load-src=\"https:\/\/fabrega.syspre.sysprovider.com\/wp-content\/uploads\/2021\/10\/1-Feb22Llanc\u0327a\u0300-14-min-400x314.jpg\" alt=\"CAP RAS 04 \u2013 Comfortable apartment close to the sea\" class=\"img-responsive\" \/><\/a>\n                                    <\/div><div class=\"item lazy-load-item\">\n                                        <a href=\"https:\/\/fabrega.syspre.sysprovider.com\/en\/properties\/cap-ras-04-comfortable-apartment-close-to-the-sea\/\"><img  data-lazy-load-src=\"https:\/\/fabrega.syspre.sysprovider.com\/wp-content\/uploads\/2021\/10\/2-Feb22Llanc\u0327a\u0300-15-min-400x314.jpg\" alt=\"CAP RAS 04 \u2013 Comfortable apartment close to the sea\" class=\"img-responsive\" \/><\/a>\n                                    <\/div>\n                    <\/div><a href=\"https:\/\/fabrega.syspre.sysprovider.com\/en\/properties\/cap-ras-04-comfortable-apartment-close-to-the-sea\/\"> <\/a><a class=\"left  carousel-control\" href=\"#property_unit_carousel_69eea2b20dd68\" data-slide=\"prev\">\n                        <i class=\"icon-left-open-big\"><\/i>\n                    <\/a>\n\n                    <a class=\"right  carousel-control\" href=\"#property_unit_carousel_69eea2b20dd68\" data-slide=\"next\">\n                        <i class=\"icon-right-open-big\"><\/i>\n                    <\/a><\/div><div class=\"price_unit_wrapper\"> <\/div><div class=\"price_unit\">From 57 \u20ac\/night<\/div><\/div>\n\n\n            <div class=\"property_status_wrapper\"><\/div>\n            <div class=\"title-container\">\n\n                <meta itemprop=\"ratingValue\" content=\"0\"\/><div class=rating_placeholder><\/div>\n                <div class=\"category_name\">\n                        <a  itemprop=\"url\"  href=\"https:\/\/fabrega.syspre.sysprovider.com\/en\/properties\/cap-ras-04-comfortable-apartment-close-to-the-sea\/\"  class=\"listing_title_unit\" >\n    \n    \n   <span itemprop=\"name\">\n    CAP RAS 04 \u2013 Comfortable apartment close to the sea    <\/span>\n<\/a>\n                    <div class=\"category_tagline actions_icon\">\n                        <a href=\"https:\/\/fabrega.syspre.sysprovider.com\/en\/listings\/tourist-apartments\/\" rel=\"tag\">Tourist apartments<\/a> \/ <a href=\"https:\/\/fabrega.syspre.sysprovider.com\/en\/action\/private-room-en\/\" rel=\"tag\">Apartament sencer<\/a>                    <\/div>\n\n                    <div class=\"category_tagline custom_details\">\n                       <div class=\"custom_listing_data\"><span class=\"custom_listing_data_label\">Hostes:<\/span>4<\/div><div class=\"custom_listing_data\"><i class=\"fas fa-bed\"><\/i>2<\/div><div class=\"custom_listing_data\"><i class=\"fas fa-bath\"><\/i>1<\/div><div class=\"custom_listing_data\"><i class=\"fas fa-paw\"><\/i>Si<\/div>                    <\/div>\n                <\/div>\n\n\n            <\/div>\n            <\/div>\n<\/div>\n<\/li><li>\n<div itemscope itemtype=\"http:\/\/schema.org\/Product\" class=\"listing_wrapper col-md- shortcode-col property_unit_v3  property_flex propety_unit_3\" data-org=\"4\" data-listid=\"75061\" >\n    \n    <div class=\"property_listing\" >\n        \n\n            <div class=\"listing-unit-img-wrapper\">\n                <div id=\"property_unit_carousel_69eea2b20efef\" class=\"carousel property_unit_carousel slide  \" data-ride=\"carousel\" data-interval=\"false\">\n                    <div class=\"carousel-inner\">\n                        <div class=\"item active\">\n                            <a href=\"https:\/\/fabrega.syspre.sysprovider.com\/en\/properties\/cap-ras-04-3-apartment-with-terrace-and-sea-view\/\"><img decoding=\"async\" itemprop=\"image\" src=\"https:\/\/fabrega.syspre.sysprovider.com\/wp-content\/uploads\/2024\/04\/04-Llanca-04.3-Cap-Ras-min-400x314.jpg\"   class=\"b-lazy img-responsive wp-post-image lazy-hidden\" alt=\"image\" \/><\/a>\n                        <\/div>\n                        <div class=\"item lazy-load-item\">\n                                        <a href=\"https:\/\/fabrega.syspre.sysprovider.com\/en\/properties\/cap-ras-04-3-apartment-with-terrace-and-sea-view\/\"><img  data-lazy-load-src=\"https:\/\/fabrega.syspre.sysprovider.com\/wp-content\/uploads\/2024\/04\/01-Llanca-04.3-Cap-Ras-min-400x314.jpg\" alt=\"CAP RAS 04.3 &#8211; Apartment with terrace and sea views\" class=\"img-responsive\" \/><\/a>\n                                    <\/div><div class=\"item lazy-load-item\">\n                                        <a href=\"https:\/\/fabrega.syspre.sysprovider.com\/en\/properties\/cap-ras-04-3-apartment-with-terrace-and-sea-view\/\"><img  data-lazy-load-src=\"https:\/\/fabrega.syspre.sysprovider.com\/wp-content\/uploads\/2024\/04\/02-Llanca-04.3-Cap-Ras-min-400x314.jpg\" alt=\"CAP RAS 04.3 &#8211; Apartment with terrace and sea views\" class=\"img-responsive\" \/><\/a>\n                                    <\/div><div class=\"item lazy-load-item\">\n                                        <a href=\"https:\/\/fabrega.syspre.sysprovider.com\/en\/properties\/cap-ras-04-3-apartment-with-terrace-and-sea-view\/\"><img  data-lazy-load-src=\"https:\/\/fabrega.syspre.sysprovider.com\/wp-content\/uploads\/2024\/04\/15-Llanca-04.3-Cap-Ras-min-400x314.jpg\" alt=\"CAP RAS 04.3 &#8211; Apartment with terrace and sea views\" class=\"img-responsive\" \/><\/a>\n                                    <\/div><div class=\"item lazy-load-item\">\n                                        <a href=\"https:\/\/fabrega.syspre.sysprovider.com\/en\/properties\/cap-ras-04-3-apartment-with-terrace-and-sea-view\/\"><img  data-lazy-load-src=\"https:\/\/fabrega.syspre.sysprovider.com\/wp-content\/uploads\/2024\/04\/11-Llanca-04.3-Cap-Ras-min-400x314.jpg\" alt=\"CAP RAS 04.3 &#8211; Apartment with terrace and sea views\" class=\"img-responsive\" \/><\/a>\n                                    <\/div><div class=\"item lazy-load-item\">\n                                        <a href=\"https:\/\/fabrega.syspre.sysprovider.com\/en\/properties\/cap-ras-04-3-apartment-with-terrace-and-sea-view\/\"><img  data-lazy-load-src=\"https:\/\/fabrega.syspre.sysprovider.com\/wp-content\/uploads\/2024\/04\/05-Llanca-04.3-Cap-Ras-min-400x314.jpg\" alt=\"CAP RAS 04.3 &#8211; Apartment with terrace and sea views\" class=\"img-responsive\" \/><\/a>\n                                    <\/div><div class=\"item lazy-load-item\">\n                                        <a href=\"https:\/\/fabrega.syspre.sysprovider.com\/en\/properties\/cap-ras-04-3-apartment-with-terrace-and-sea-view\/\"><img  data-lazy-load-src=\"https:\/\/fabrega.syspre.sysprovider.com\/wp-content\/uploads\/2024\/04\/06-Llanca-04.3-Cap-Ras-min-400x314.jpg\" alt=\"CAP RAS 04.3 &#8211; Apartment with terrace and sea views\" class=\"img-responsive\" \/><\/a>\n                                    <\/div><div class=\"item lazy-load-item\">\n                                        <a href=\"https:\/\/fabrega.syspre.sysprovider.com\/en\/properties\/cap-ras-04-3-apartment-with-terrace-and-sea-view\/\"><img  data-lazy-load-src=\"https:\/\/fabrega.syspre.sysprovider.com\/wp-content\/uploads\/2024\/04\/07-Llanca-04.3-Cap-Ras-min-400x314.jpg\" alt=\"CAP RAS 04.3 &#8211; Apartment with terrace and sea views\" class=\"img-responsive\" \/><\/a>\n                                    <\/div><div class=\"item lazy-load-item\">\n                                        <a href=\"https:\/\/fabrega.syspre.sysprovider.com\/en\/properties\/cap-ras-04-3-apartment-with-terrace-and-sea-view\/\"><img  data-lazy-load-src=\"https:\/\/fabrega.syspre.sysprovider.com\/wp-content\/uploads\/2024\/04\/08-Llanca-04.3-Cap-Ras-min-400x314.jpg\" alt=\"CAP RAS 04.3 &#8211; Apartment with terrace and sea views\" class=\"img-responsive\" \/><\/a>\n                                    <\/div><div class=\"item lazy-load-item\">\n                                        <a href=\"https:\/\/fabrega.syspre.sysprovider.com\/en\/properties\/cap-ras-04-3-apartment-with-terrace-and-sea-view\/\"><img  data-lazy-load-src=\"https:\/\/fabrega.syspre.sysprovider.com\/wp-content\/uploads\/2024\/04\/09-Llanca-04.3-Cap-Ras-min-400x314.jpg\" alt=\"CAP RAS 04.3 &#8211; Apartment with terrace and sea views\" class=\"img-responsive\" \/><\/a>\n                                    <\/div><div class=\"item lazy-load-item\">\n                                        <a href=\"https:\/\/fabrega.syspre.sysprovider.com\/en\/properties\/cap-ras-04-3-apartment-with-terrace-and-sea-view\/\"><img  data-lazy-load-src=\"https:\/\/fabrega.syspre.sysprovider.com\/wp-content\/uploads\/2024\/04\/10-Llanca-04.3-Cap-Ras-min-400x314.jpg\" alt=\"CAP RAS 04.3 &#8211; Apartment with terrace and sea views\" class=\"img-responsive\" \/><\/a>\n                                    <\/div><div class=\"item lazy-load-item\">\n                                        <a href=\"https:\/\/fabrega.syspre.sysprovider.com\/en\/properties\/cap-ras-04-3-apartment-with-terrace-and-sea-view\/\"><img  data-lazy-load-src=\"https:\/\/fabrega.syspre.sysprovider.com\/wp-content\/uploads\/2024\/04\/12-Llanca-04.3-Cap-Ras-min-400x314.jpg\" alt=\"CAP RAS 04.3 &#8211; Apartment with terrace and sea views\" class=\"img-responsive\" \/><\/a>\n                                    <\/div><div class=\"item lazy-load-item\">\n                                        <a href=\"https:\/\/fabrega.syspre.sysprovider.com\/en\/properties\/cap-ras-04-3-apartment-with-terrace-and-sea-view\/\"><img  data-lazy-load-src=\"https:\/\/fabrega.syspre.sysprovider.com\/wp-content\/uploads\/2024\/04\/13-Llanca-04.3-Cap-Ras-min-400x314.jpg\" alt=\"CAP RAS 04.3 &#8211; Apartment with terrace and sea views\" class=\"img-responsive\" \/><\/a>\n                                    <\/div><div class=\"item lazy-load-item\">\n                                        <a href=\"https:\/\/fabrega.syspre.sysprovider.com\/en\/properties\/cap-ras-04-3-apartment-with-terrace-and-sea-view\/\"><img  data-lazy-load-src=\"https:\/\/fabrega.syspre.sysprovider.com\/wp-content\/uploads\/2024\/04\/14-Llanca-04.3-Cap-Ras-min-400x314.jpg\" alt=\"CAP RAS 04.3 &#8211; Apartment with terrace and sea views\" class=\"img-responsive\" \/><\/a>\n                                    <\/div><div class=\"item lazy-load-item\">\n                                        <a href=\"https:\/\/fabrega.syspre.sysprovider.com\/en\/properties\/cap-ras-04-3-apartment-with-terrace-and-sea-view\/\"><img  data-lazy-load-src=\"https:\/\/fabrega.syspre.sysprovider.com\/wp-content\/uploads\/2024\/04\/16-Llanca-04.3-Cap-Ras-min-400x314.jpg\" alt=\"CAP RAS 04.3 &#8211; Apartment with terrace and sea views\" class=\"img-responsive\" \/><\/a>\n                                    <\/div><div class=\"item lazy-load-item\">\n                                        <a href=\"https:\/\/fabrega.syspre.sysprovider.com\/en\/properties\/cap-ras-04-3-apartment-with-terrace-and-sea-view\/\"><img  data-lazy-load-src=\"https:\/\/fabrega.syspre.sysprovider.com\/wp-content\/uploads\/2024\/04\/17-Llanca-04.3-Cap-Ras-min-400x314.jpg\" alt=\"CAP RAS 04.3 &#8211; Apartment with terrace and sea views\" class=\"img-responsive\" \/><\/a>\n                                    <\/div><div class=\"item lazy-load-item\">\n                                        <a href=\"https:\/\/fabrega.syspre.sysprovider.com\/en\/properties\/cap-ras-04-3-apartment-with-terrace-and-sea-view\/\"><img  data-lazy-load-src=\"https:\/\/fabrega.syspre.sysprovider.com\/wp-content\/uploads\/2024\/04\/18-Llanca-04.3-Cap-Ras-min-400x314.jpg\" alt=\"CAP RAS 04.3 &#8211; Apartment with terrace and sea views\" class=\"img-responsive\" \/><\/a>\n                                    <\/div><div class=\"item lazy-load-item\">\n                                        <a href=\"https:\/\/fabrega.syspre.sysprovider.com\/en\/properties\/cap-ras-04-3-apartment-with-terrace-and-sea-view\/\"><img  data-lazy-load-src=\"https:\/\/fabrega.syspre.sysprovider.com\/wp-content\/uploads\/2024\/04\/19-Llanca-04.3-Cap-Ras-min-400x314.jpg\" alt=\"CAP RAS 04.3 &#8211; Apartment with terrace and sea views\" class=\"img-responsive\" \/><\/a>\n                                    <\/div><div class=\"item lazy-load-item\">\n                                        <a href=\"https:\/\/fabrega.syspre.sysprovider.com\/en\/properties\/cap-ras-04-3-apartment-with-terrace-and-sea-view\/\"><img  data-lazy-load-src=\"https:\/\/fabrega.syspre.sysprovider.com\/wp-content\/uploads\/2024\/04\/20-Llanca-04.3-Cap-Ras-min-400x314.jpg\" alt=\"CAP RAS 04.3 &#8211; Apartment with terrace and sea views\" class=\"img-responsive\" \/><\/a>\n                                    <\/div><div class=\"item lazy-load-item\">\n                                        <a href=\"https:\/\/fabrega.syspre.sysprovider.com\/en\/properties\/cap-ras-04-3-apartment-with-terrace-and-sea-view\/\"><img  data-lazy-load-src=\"https:\/\/fabrega.syspre.sysprovider.com\/wp-content\/uploads\/2024\/04\/03-Llanca-04.3-Cap-Ras-min-400x314.jpg\" alt=\"CAP RAS 04.3 &#8211; Apartment with terrace and sea views\" class=\"img-responsive\" \/><\/a>\n                                    <\/div>\n                    <\/div><a href=\"https:\/\/fabrega.syspre.sysprovider.com\/en\/properties\/cap-ras-04-3-apartment-with-terrace-and-sea-view\/\"> <\/a><a class=\"left  carousel-control\" href=\"#property_unit_carousel_69eea2b20efef\" data-slide=\"prev\">\n                        <i class=\"icon-left-open-big\"><\/i>\n                    <\/a>\n\n                    <a class=\"right  carousel-control\" href=\"#property_unit_carousel_69eea2b20efef\" data-slide=\"next\">\n                        <i class=\"icon-right-open-big\"><\/i>\n                    <\/a><\/div><div class=\"price_unit_wrapper\"> <\/div><div class=\"price_unit\">From 99 \u20ac\/night<\/div><\/div>\n\n\n            <div class=\"property_status_wrapper\"><\/div>\n            <div class=\"title-container\">\n\n                <meta itemprop=\"ratingValue\" content=\"0\"\/><div class=rating_placeholder><\/div>\n                <div class=\"category_name\">\n                        <a  itemprop=\"url\"  href=\"https:\/\/fabrega.syspre.sysprovider.com\/en\/properties\/cap-ras-04-3-apartment-with-terrace-and-sea-view\/\"  class=\"listing_title_unit\" >\n    \n    \n   <span itemprop=\"name\">\n    CAP RAS 04.3 \u2013 Apartment with terrace and sea views    <\/span>\n<\/a>\n                    <div class=\"category_tagline actions_icon\">\n                        <a href=\"https:\/\/fabrega.syspre.sysprovider.com\/en\/listings\/tourist-apartments\/\" rel=\"tag\">Tourist apartments<\/a> \/ <a href=\"https:\/\/fabrega.syspre.sysprovider.com\/en\/action\/private-room-en\/\" rel=\"tag\">Apartament sencer<\/a>                    <\/div>\n\n                    <div class=\"category_tagline custom_details\">\n                       <div class=\"custom_listing_data\"><span class=\"custom_listing_data_label\">Hostes:<\/span>4<\/div><div class=\"custom_listing_data\"><i class=\"fas fa-bed\"><\/i>1<\/div><div class=\"custom_listing_data\"><i class=\"fas fa-bath\"><\/i>1<\/div>                    <\/div>\n                <\/div>\n\n\n            <\/div>\n            <\/div>\n<\/div>\n<\/li><li>\n<div itemscope itemtype=\"http:\/\/schema.org\/Product\" class=\"listing_wrapper col-md- shortcode-col property_unit_v3  property_flex propety_unit_3\" data-org=\"4\" data-listid=\"54128\" >\n    \n    <div class=\"property_listing\" >\n        \n\n            <div class=\"listing-unit-img-wrapper\">\n                <div id=\"property_unit_carousel_69eea2b21006c\" class=\"carousel property_unit_carousel slide  \" data-ride=\"carousel\" data-interval=\"false\">\n                    <div class=\"carousel-inner\">\n                        <div class=\"item active\">\n                            <a href=\"https:\/\/fabrega.syspre.sysprovider.com\/en\/properties\/grifeu-05-bright-apartment-with-terrace-and-sea-views\/\"><img decoding=\"async\" itemprop=\"image\" src=\"https:\/\/fabrega.syspre.sysprovider.com\/wp-content\/uploads\/2021\/10\/06-Llanca-05-Grifeu-min-400x314.jpg\"   class=\"b-lazy img-responsive wp-post-image lazy-hidden\" alt=\"image\" \/><\/a>\n                        <\/div>\n                        <div class=\"item lazy-load-item\">\n                                        <a href=\"https:\/\/fabrega.syspre.sysprovider.com\/en\/properties\/grifeu-05-bright-apartment-with-terrace-and-sea-views\/\"><img  data-lazy-load-src=\"https:\/\/fabrega.syspre.sysprovider.com\/wp-content\/uploads\/2021\/10\/01-Llanca-05-Grifeu-min-400x314.jpg\" alt=\"GRIFEU 05 &#8211; Bright apartment with terrace and sea views\" class=\"img-responsive\" \/><\/a>\n                                    <\/div><div class=\"item lazy-load-item\">\n                                        <a href=\"https:\/\/fabrega.syspre.sysprovider.com\/en\/properties\/grifeu-05-bright-apartment-with-terrace-and-sea-views\/\"><img  data-lazy-load-src=\"https:\/\/fabrega.syspre.sysprovider.com\/wp-content\/uploads\/2021\/10\/02-Llanca-05-Grifeu-min-400x314.jpg\" alt=\"GRIFEU 05 &#8211; Bright apartment with terrace and sea views\" class=\"img-responsive\" \/><\/a>\n                                    <\/div><div class=\"item lazy-load-item\">\n                                        <a href=\"https:\/\/fabrega.syspre.sysprovider.com\/en\/properties\/grifeu-05-bright-apartment-with-terrace-and-sea-views\/\"><img  data-lazy-load-src=\"https:\/\/fabrega.syspre.sysprovider.com\/wp-content\/uploads\/2021\/10\/03-Llanca-05-Grifeu-min-400x314.jpg\" alt=\"GRIFEU 05 &#8211; Bright apartment with terrace and sea views\" class=\"img-responsive\" \/><\/a>\n                                    <\/div><div class=\"item lazy-load-item\">\n                                        <a href=\"https:\/\/fabrega.syspre.sysprovider.com\/en\/properties\/grifeu-05-bright-apartment-with-terrace-and-sea-views\/\"><img  data-lazy-load-src=\"https:\/\/fabrega.syspre.sysprovider.com\/wp-content\/uploads\/2021\/10\/04-Llanca-05-Grifeu-min-400x314.jpg\" alt=\"GRIFEU 05 &#8211; Bright apartment with terrace and sea views\" class=\"img-responsive\" \/><\/a>\n                                    <\/div><div class=\"item lazy-load-item\">\n                                        <a href=\"https:\/\/fabrega.syspre.sysprovider.com\/en\/properties\/grifeu-05-bright-apartment-with-terrace-and-sea-views\/\"><img  data-lazy-load-src=\"https:\/\/fabrega.syspre.sysprovider.com\/wp-content\/uploads\/2021\/10\/05-Llanca-05-Grifeu-min-400x314.jpg\" alt=\"GRIFEU 05 &#8211; Bright apartment with terrace and sea views\" class=\"img-responsive\" \/><\/a>\n                                    <\/div><div class=\"item lazy-load-item\">\n                                        <a href=\"https:\/\/fabrega.syspre.sysprovider.com\/en\/properties\/grifeu-05-bright-apartment-with-terrace-and-sea-views\/\"><img  data-lazy-load-src=\"https:\/\/fabrega.syspre.sysprovider.com\/wp-content\/uploads\/2021\/10\/07-Llanca-05-Grifeu-min-400x314.jpg\" alt=\"GRIFEU 05 &#8211; Bright apartment with terrace and sea views\" class=\"img-responsive\" \/><\/a>\n                                    <\/div><div class=\"item lazy-load-item\">\n                                        <a href=\"https:\/\/fabrega.syspre.sysprovider.com\/en\/properties\/grifeu-05-bright-apartment-with-terrace-and-sea-views\/\"><img  data-lazy-load-src=\"https:\/\/fabrega.syspre.sysprovider.com\/wp-content\/uploads\/2021\/10\/08-Llanca-05-Grifeu-min-400x314.jpg\" alt=\"GRIFEU 05 &#8211; Bright apartment with terrace and sea views\" class=\"img-responsive\" \/><\/a>\n                                    <\/div><div class=\"item lazy-load-item\">\n                                        <a href=\"https:\/\/fabrega.syspre.sysprovider.com\/en\/properties\/grifeu-05-bright-apartment-with-terrace-and-sea-views\/\"><img  data-lazy-load-src=\"https:\/\/fabrega.syspre.sysprovider.com\/wp-content\/uploads\/2021\/10\/09-Llanca-05-Grifeu-min-400x314.jpg\" alt=\"GRIFEU 05 &#8211; Bright apartment with terrace and sea views\" class=\"img-responsive\" \/><\/a>\n                                    <\/div><div class=\"item lazy-load-item\">\n                                        <a href=\"https:\/\/fabrega.syspre.sysprovider.com\/en\/properties\/grifeu-05-bright-apartment-with-terrace-and-sea-views\/\"><img  data-lazy-load-src=\"https:\/\/fabrega.syspre.sysprovider.com\/wp-content\/uploads\/2021\/10\/10-Llanca-05-Grifeu-min-400x314.jpg\" alt=\"GRIFEU 05 &#8211; Bright apartment with terrace and sea views\" class=\"img-responsive\" \/><\/a>\n                                    <\/div><div class=\"item lazy-load-item\">\n                                        <a href=\"https:\/\/fabrega.syspre.sysprovider.com\/en\/properties\/grifeu-05-bright-apartment-with-terrace-and-sea-views\/\"><img  data-lazy-load-src=\"https:\/\/fabrega.syspre.sysprovider.com\/wp-content\/uploads\/2021\/10\/11-Llanca-05-Grifeu-min-400x314.jpg\" alt=\"GRIFEU 05 &#8211; Bright apartment with terrace and sea views\" class=\"img-responsive\" \/><\/a>\n                                    <\/div><div class=\"item lazy-load-item\">\n                                        <a href=\"https:\/\/fabrega.syspre.sysprovider.com\/en\/properties\/grifeu-05-bright-apartment-with-terrace-and-sea-views\/\"><img  data-lazy-load-src=\"https:\/\/fabrega.syspre.sysprovider.com\/wp-content\/uploads\/2021\/10\/12-Llanca-05-Grifeu-min-400x314.jpg\" alt=\"GRIFEU 05 &#8211; Bright apartment with terrace and sea views\" class=\"img-responsive\" \/><\/a>\n                                    <\/div><div class=\"item lazy-load-item\">\n                                        <a href=\"https:\/\/fabrega.syspre.sysprovider.com\/en\/properties\/grifeu-05-bright-apartment-with-terrace-and-sea-views\/\"><img  data-lazy-load-src=\"https:\/\/fabrega.syspre.sysprovider.com\/wp-content\/uploads\/2021\/10\/13-Llanca-05-Grifeu-min-400x314.jpg\" alt=\"GRIFEU 05 &#8211; Bright apartment with terrace and sea views\" class=\"img-responsive\" \/><\/a>\n                                    <\/div><div class=\"item lazy-load-item\">\n                                        <a href=\"https:\/\/fabrega.syspre.sysprovider.com\/en\/properties\/grifeu-05-bright-apartment-with-terrace-and-sea-views\/\"><img  data-lazy-load-src=\"https:\/\/fabrega.syspre.sysprovider.com\/wp-content\/uploads\/2021\/10\/14-Llanca-05-Grifeu-min-1-400x314.jpg\" alt=\"GRIFEU 05 &#8211; Bright apartment with terrace and sea views\" class=\"img-responsive\" \/><\/a>\n                                    <\/div><div class=\"item lazy-load-item\">\n                                        <a href=\"https:\/\/fabrega.syspre.sysprovider.com\/en\/properties\/grifeu-05-bright-apartment-with-terrace-and-sea-views\/\"><img  data-lazy-load-src=\"https:\/\/fabrega.syspre.sysprovider.com\/wp-content\/uploads\/2021\/10\/15-Llanca-05-Grifeu-min-2-400x314.jpg\" alt=\"GRIFEU 05 &#8211; Bright apartment with terrace and sea views\" class=\"img-responsive\" \/><\/a>\n                                    <\/div><div class=\"item lazy-load-item\">\n                                        <a href=\"https:\/\/fabrega.syspre.sysprovider.com\/en\/properties\/grifeu-05-bright-apartment-with-terrace-and-sea-views\/\"><img  data-lazy-load-src=\"https:\/\/fabrega.syspre.sysprovider.com\/wp-content\/uploads\/2021\/10\/16-Llanca-05-Grifeu-min-1-400x314.jpg\" alt=\"GRIFEU 05 &#8211; Bright apartment with terrace and sea views\" class=\"img-responsive\" \/><\/a>\n                                    <\/div><div class=\"item lazy-load-item\">\n                                        <a href=\"https:\/\/fabrega.syspre.sysprovider.com\/en\/properties\/grifeu-05-bright-apartment-with-terrace-and-sea-views\/\"><img  data-lazy-load-src=\"https:\/\/fabrega.syspre.sysprovider.com\/wp-content\/uploads\/2021\/10\/17-Llanca-05-Grifeu-min-1-400x314.jpg\" alt=\"GRIFEU 05 &#8211; Bright apartment with terrace and sea views\" class=\"img-responsive\" \/><\/a>\n                                    <\/div><div class=\"item lazy-load-item\">\n                                        <a href=\"https:\/\/fabrega.syspre.sysprovider.com\/en\/properties\/grifeu-05-bright-apartment-with-terrace-and-sea-views\/\"><img  data-lazy-load-src=\"https:\/\/fabrega.syspre.sysprovider.com\/wp-content\/uploads\/2021\/10\/18-Llanca-05-Grifeu-min-1-400x314.jpg\" alt=\"GRIFEU 05 &#8211; Bright apartment with terrace and sea views\" class=\"img-responsive\" \/><\/a>\n                                    <\/div><div class=\"item lazy-load-item\">\n                                        <a href=\"https:\/\/fabrega.syspre.sysprovider.com\/en\/properties\/grifeu-05-bright-apartment-with-terrace-and-sea-views\/\"><img  data-lazy-load-src=\"https:\/\/fabrega.syspre.sysprovider.com\/wp-content\/uploads\/2021\/10\/18-Llanca-05-Grifeu-min-400x314.jpg\" alt=\"GRIFEU 05 &#8211; Bright apartment with terrace and sea views\" class=\"img-responsive\" \/><\/a>\n                                    <\/div>\n                    <\/div><a href=\"https:\/\/fabrega.syspre.sysprovider.com\/en\/properties\/grifeu-05-bright-apartment-with-terrace-and-sea-views\/\"> <\/a><a class=\"left  carousel-control\" href=\"#property_unit_carousel_69eea2b21006c\" data-slide=\"prev\">\n                        <i class=\"icon-left-open-big\"><\/i>\n                    <\/a>\n\n                    <a class=\"right  carousel-control\" href=\"#property_unit_carousel_69eea2b21006c\" data-slide=\"next\">\n                        <i class=\"icon-right-open-big\"><\/i>\n                    <\/a><\/div><div class=\"price_unit_wrapper\"> <\/div><div class=\"price_unit\">From 78 \u20ac\/night<\/div><\/div>\n\n\n            <div class=\"property_status_wrapper\"><\/div>\n            <div class=\"title-container\">\n\n                <meta itemprop=\"ratingValue\" content=\"0\"\/><div class=rating_placeholder><\/div>\n                <div class=\"category_name\">\n                        <a  itemprop=\"url\"  href=\"https:\/\/fabrega.syspre.sysprovider.com\/en\/properties\/grifeu-05-bright-apartment-with-terrace-and-sea-views\/\"  class=\"listing_title_unit\" >\n    \n    \n   <span itemprop=\"name\">\n    GRIFEU 05 \u2013 Bright apartment with terrace and sea views    <\/span>\n<\/a>\n                    <div class=\"category_tagline actions_icon\">\n                        <a href=\"https:\/\/fabrega.syspre.sysprovider.com\/en\/listings\/tourist-apartments\/\" rel=\"tag\">Tourist apartments<\/a> \/                    <\/div>\n\n                    <div class=\"category_tagline custom_details\">\n                       <div class=\"custom_listing_data\"><span class=\"custom_listing_data_label\">Hostes:<\/span>5<\/div><div class=\"custom_listing_data\"><i class=\"fas fa-bed\"><\/i>3<\/div><div class=\"custom_listing_data\"><i class=\"fas fa-bath\"><\/i>1<\/div><div class=\"custom_listing_data\"><i class=\"fas fa-paw\"><\/i>Si<\/div>                    <\/div>\n                <\/div>\n\n\n            <\/div>\n            <\/div>\n<\/div>\n<\/li><li>\n<div itemscope itemtype=\"http:\/\/schema.org\/Product\" class=\"listing_wrapper col-md- shortcode-col property_unit_v3  property_flex propety_unit_3\" data-org=\"4\" data-listid=\"54135\" >\n    \n    <div class=\"property_listing\" >\n        \n\n            <div class=\"listing-unit-img-wrapper\">\n                <div id=\"property_unit_carousel_69eea2b21102b\" class=\"carousel property_unit_carousel slide  \" data-ride=\"carousel\" data-interval=\"false\">\n                    <div class=\"carousel-inner\">\n                        <div class=\"item active\">\n                            <a href=\"https:\/\/fabrega.syspre.sysprovider.com\/en\/properties\/grifeu-06-bright-apartment-with-terrace-and-sea-views\/\"><img decoding=\"async\" itemprop=\"image\" src=\"https:\/\/fabrega.syspre.sysprovider.com\/wp-content\/uploads\/2021\/10\/01-Llanca-06-Grifeu-min-400x314.jpg\"   class=\"b-lazy img-responsive wp-post-image lazy-hidden\" alt=\"image\" \/><\/a>\n                        <\/div>\n                        <div class=\"item lazy-load-item\">\n                                        <a href=\"https:\/\/fabrega.syspre.sysprovider.com\/en\/properties\/grifeu-06-bright-apartment-with-terrace-and-sea-views\/\"><img  data-lazy-load-src=\"https:\/\/fabrega.syspre.sysprovider.com\/wp-content\/uploads\/2021\/10\/02-Llanca-06-Grifeu-min-400x314.jpg\" alt=\"GRIFEU 06 &#8211; Bright apartment with terrace and sea views\" class=\"img-responsive\" \/><\/a>\n                                    <\/div><div class=\"item lazy-load-item\">\n                                        <a href=\"https:\/\/fabrega.syspre.sysprovider.com\/en\/properties\/grifeu-06-bright-apartment-with-terrace-and-sea-views\/\"><img  data-lazy-load-src=\"https:\/\/fabrega.syspre.sysprovider.com\/wp-content\/uploads\/2021\/10\/03-Llanca-06-Grifeu-min-400x314.jpg\" alt=\"GRIFEU 06 &#8211; Bright apartment with terrace and sea views\" class=\"img-responsive\" \/><\/a>\n                                    <\/div><div class=\"item lazy-load-item\">\n                                        <a href=\"https:\/\/fabrega.syspre.sysprovider.com\/en\/properties\/grifeu-06-bright-apartment-with-terrace-and-sea-views\/\"><img  data-lazy-load-src=\"https:\/\/fabrega.syspre.sysprovider.com\/wp-content\/uploads\/2021\/10\/04-Llanca-06-Grifeu-min-400x314.jpg\" alt=\"GRIFEU 06 &#8211; Bright apartment with terrace and sea views\" class=\"img-responsive\" \/><\/a>\n                                    <\/div><div class=\"item lazy-load-item\">\n                                        <a href=\"https:\/\/fabrega.syspre.sysprovider.com\/en\/properties\/grifeu-06-bright-apartment-with-terrace-and-sea-views\/\"><img  data-lazy-load-src=\"https:\/\/fabrega.syspre.sysprovider.com\/wp-content\/uploads\/2021\/10\/05-Llanca-06-Grifeu-min-400x314.jpg\" alt=\"GRIFEU 06 &#8211; Bright apartment with terrace and sea views\" class=\"img-responsive\" \/><\/a>\n                                    <\/div><div class=\"item lazy-load-item\">\n                                        <a href=\"https:\/\/fabrega.syspre.sysprovider.com\/en\/properties\/grifeu-06-bright-apartment-with-terrace-and-sea-views\/\"><img  data-lazy-load-src=\"https:\/\/fabrega.syspre.sysprovider.com\/wp-content\/uploads\/2021\/10\/06-Llanca-06-Grifeu-min-400x314.jpg\" alt=\"GRIFEU 06 &#8211; Bright apartment with terrace and sea views\" class=\"img-responsive\" \/><\/a>\n                                    <\/div><div class=\"item lazy-load-item\">\n                                        <a href=\"https:\/\/fabrega.syspre.sysprovider.com\/en\/properties\/grifeu-06-bright-apartment-with-terrace-and-sea-views\/\"><img  data-lazy-load-src=\"https:\/\/fabrega.syspre.sysprovider.com\/wp-content\/uploads\/2021\/10\/07-Llanca-06-Grifeu-min-400x314.jpg\" alt=\"GRIFEU 06 &#8211; Bright apartment with terrace and sea views\" class=\"img-responsive\" \/><\/a>\n                                    <\/div><div class=\"item lazy-load-item\">\n                                        <a href=\"https:\/\/fabrega.syspre.sysprovider.com\/en\/properties\/grifeu-06-bright-apartment-with-terrace-and-sea-views\/\"><img  data-lazy-load-src=\"https:\/\/fabrega.syspre.sysprovider.com\/wp-content\/uploads\/2021\/10\/08-Llanca-06-Grifeu-min-400x314.jpg\" alt=\"GRIFEU 06 &#8211; Bright apartment with terrace and sea views\" class=\"img-responsive\" \/><\/a>\n                                    <\/div><div class=\"item lazy-load-item\">\n                                        <a href=\"https:\/\/fabrega.syspre.sysprovider.com\/en\/properties\/grifeu-06-bright-apartment-with-terrace-and-sea-views\/\"><img  data-lazy-load-src=\"https:\/\/fabrega.syspre.sysprovider.com\/wp-content\/uploads\/2021\/10\/09-Llanca-06-Grifeu-min-400x314.jpg\" alt=\"GRIFEU 06 &#8211; Bright apartment with terrace and sea views\" class=\"img-responsive\" \/><\/a>\n                                    <\/div><div class=\"item lazy-load-item\">\n                                        <a href=\"https:\/\/fabrega.syspre.sysprovider.com\/en\/properties\/grifeu-06-bright-apartment-with-terrace-and-sea-views\/\"><img  data-lazy-load-src=\"https:\/\/fabrega.syspre.sysprovider.com\/wp-content\/uploads\/2021\/10\/10-Llanca-06-Grifeu-min-400x314.jpg\" alt=\"GRIFEU 06 &#8211; Bright apartment with terrace and sea views\" class=\"img-responsive\" \/><\/a>\n                                    <\/div><div class=\"item lazy-load-item\">\n                                        <a href=\"https:\/\/fabrega.syspre.sysprovider.com\/en\/properties\/grifeu-06-bright-apartment-with-terrace-and-sea-views\/\"><img  data-lazy-load-src=\"https:\/\/fabrega.syspre.sysprovider.com\/wp-content\/uploads\/2021\/10\/11-Llanca-06-Grifeu-min-400x314.jpg\" alt=\"GRIFEU 06 &#8211; Bright apartment with terrace and sea views\" class=\"img-responsive\" \/><\/a>\n                                    <\/div><div class=\"item lazy-load-item\">\n                                        <a href=\"https:\/\/fabrega.syspre.sysprovider.com\/en\/properties\/grifeu-06-bright-apartment-with-terrace-and-sea-views\/\"><img  data-lazy-load-src=\"https:\/\/fabrega.syspre.sysprovider.com\/wp-content\/uploads\/2021\/10\/12-Llanca-06-Grifeu-min-400x314.jpg\" alt=\"GRIFEU 06 &#8211; Bright apartment with terrace and sea views\" class=\"img-responsive\" \/><\/a>\n                                    <\/div><div class=\"item lazy-load-item\">\n                                        <a href=\"https:\/\/fabrega.syspre.sysprovider.com\/en\/properties\/grifeu-06-bright-apartment-with-terrace-and-sea-views\/\"><img  data-lazy-load-src=\"https:\/\/fabrega.syspre.sysprovider.com\/wp-content\/uploads\/2021\/10\/13-Llanca-06-Grifeu-min-400x314.jpg\" alt=\"GRIFEU 06 &#8211; Bright apartment with terrace and sea views\" class=\"img-responsive\" \/><\/a>\n                                    <\/div><div class=\"item lazy-load-item\">\n                                        <a href=\"https:\/\/fabrega.syspre.sysprovider.com\/en\/properties\/grifeu-06-bright-apartment-with-terrace-and-sea-views\/\"><img  data-lazy-load-src=\"https:\/\/fabrega.syspre.sysprovider.com\/wp-content\/uploads\/2021\/10\/14-Llanca-06-Grifeu-min-400x314.jpg\" alt=\"GRIFEU 06 &#8211; Bright apartment with terrace and sea views\" class=\"img-responsive\" \/><\/a>\n                                    <\/div><div class=\"item lazy-load-item\">\n                                        <a href=\"https:\/\/fabrega.syspre.sysprovider.com\/en\/properties\/grifeu-06-bright-apartment-with-terrace-and-sea-views\/\"><img  data-lazy-load-src=\"https:\/\/fabrega.syspre.sysprovider.com\/wp-content\/uploads\/2021\/10\/15-Llanca-06-Grifeu-min-400x314.jpg\" alt=\"GRIFEU 06 &#8211; Bright apartment with terrace and sea views\" class=\"img-responsive\" \/><\/a>\n                                    <\/div><div class=\"item lazy-load-item\">\n                                        <a href=\"https:\/\/fabrega.syspre.sysprovider.com\/en\/properties\/grifeu-06-bright-apartment-with-terrace-and-sea-views\/\"><img  data-lazy-load-src=\"https:\/\/fabrega.syspre.sysprovider.com\/wp-content\/uploads\/2021\/10\/16-Llanca-06-Grifeu-min-400x314.jpg\" alt=\"GRIFEU 06 &#8211; Bright apartment with terrace and sea views\" class=\"img-responsive\" \/><\/a>\n                                    <\/div><div class=\"item lazy-load-item\">\n                                        <a href=\"https:\/\/fabrega.syspre.sysprovider.com\/en\/properties\/grifeu-06-bright-apartment-with-terrace-and-sea-views\/\"><img  data-lazy-load-src=\"https:\/\/fabrega.syspre.sysprovider.com\/wp-content\/uploads\/2021\/10\/17-Llanca-06-Grifeu-min-400x314.jpg\" alt=\"GRIFEU 06 &#8211; Bright apartment with terrace and sea views\" class=\"img-responsive\" \/><\/a>\n                                    <\/div>\n                    <\/div><a href=\"https:\/\/fabrega.syspre.sysprovider.com\/en\/properties\/grifeu-06-bright-apartment-with-terrace-and-sea-views\/\"> <\/a><a class=\"left  carousel-control\" href=\"#property_unit_carousel_69eea2b21102b\" data-slide=\"prev\">\n                        <i class=\"icon-left-open-big\"><\/i>\n                    <\/a>\n\n                    <a class=\"right  carousel-control\" href=\"#property_unit_carousel_69eea2b21102b\" data-slide=\"next\">\n                        <i class=\"icon-right-open-big\"><\/i>\n                    <\/a><\/div><div class=\"price_unit_wrapper\"> <\/div><div class=\"price_unit\">From 78 \u20ac\/night<\/div><\/div>\n\n\n            <div class=\"property_status_wrapper\"><\/div>\n            <div class=\"title-container\">\n\n                <meta itemprop=\"ratingValue\" content=\"0\"\/><div class=rating_placeholder><\/div>\n                <div class=\"category_name\">\n                        <a  itemprop=\"url\"  href=\"https:\/\/fabrega.syspre.sysprovider.com\/en\/properties\/grifeu-06-bright-apartment-with-terrace-and-sea-views\/\"  class=\"listing_title_unit\" >\n    \n    \n   <span itemprop=\"name\">\n    GRIFEU 06 \u2013 Bright apartment with terrace and sea views    <\/span>\n<\/a>\n                    <div class=\"category_tagline actions_icon\">\n                        <a href=\"https:\/\/fabrega.syspre.sysprovider.com\/en\/listings\/tourist-apartments\/\" rel=\"tag\">Tourist apartments<\/a> \/                    <\/div>\n\n                    <div class=\"category_tagline custom_details\">\n                       <div class=\"custom_listing_data\"><span class=\"custom_listing_data_label\">Hostes:<\/span>5<\/div><div class=\"custom_listing_data\"><i class=\"fas fa-bed\"><\/i>3<\/div><div class=\"custom_listing_data\"><i class=\"fas fa-bath\"><\/i>1<\/div><div class=\"custom_listing_data\"><i class=\"fas fa-paw\"><\/i>Si<\/div>                    <\/div>\n                <\/div>\n\n\n            <\/div>\n            <\/div>\n<\/div>\n<\/li><li>\n<div itemscope itemtype=\"http:\/\/schema.org\/Product\" class=\"listing_wrapper col-md- shortcode-col property_unit_v3  property_flex propety_unit_3\" data-org=\"4\" data-listid=\"54140\" >\n    \n    <div class=\"property_listing\" >\n        \n\n            <div class=\"listing-unit-img-wrapper\">\n                <div id=\"property_unit_carousel_69eea2b213a86\" class=\"carousel property_unit_carousel slide  \" data-ride=\"carousel\" data-interval=\"false\">\n                    <div class=\"carousel-inner\">\n                        <div class=\"item active\">\n                            <a href=\"https:\/\/fabrega.syspre.sysprovider.com\/en\/properties\/grifeu-07-apartment-with-sea-views\/\"><img decoding=\"async\" itemprop=\"image\" src=\"https:\/\/fabrega.syspre.sysprovider.com\/wp-content\/uploads\/2021\/10\/01-Llanca-07-Grifeu-min-400x314.jpg\"   class=\"b-lazy img-responsive wp-post-image lazy-hidden\" alt=\"image\" \/><\/a>\n                        <\/div>\n                        <div class=\"item lazy-load-item\">\n                                        <a href=\"https:\/\/fabrega.syspre.sysprovider.com\/en\/properties\/grifeu-07-apartment-with-sea-views\/\"><img  data-lazy-load-src=\"https:\/\/fabrega.syspre.sysprovider.com\/wp-content\/uploads\/2021\/10\/02-Llanca-07-Grifeu-min-400x314.jpg\" alt=\"GRIFEU 07 &#8211; Apartment with sea views\" class=\"img-responsive\" \/><\/a>\n                                    <\/div><div class=\"item lazy-load-item\">\n                                        <a href=\"https:\/\/fabrega.syspre.sysprovider.com\/en\/properties\/grifeu-07-apartment-with-sea-views\/\"><img  data-lazy-load-src=\"https:\/\/fabrega.syspre.sysprovider.com\/wp-content\/uploads\/2021\/10\/03-Llanca-07-Grifeu-min-400x314.jpg\" alt=\"GRIFEU 07 &#8211; Apartment with sea views\" class=\"img-responsive\" \/><\/a>\n                                    <\/div><div class=\"item lazy-load-item\">\n                                        <a href=\"https:\/\/fabrega.syspre.sysprovider.com\/en\/properties\/grifeu-07-apartment-with-sea-views\/\"><img  data-lazy-load-src=\"https:\/\/fabrega.syspre.sysprovider.com\/wp-content\/uploads\/2021\/10\/04-Llanca-07-Grifeu-min-400x314.jpg\" alt=\"GRIFEU 07 &#8211; Apartment with sea views\" class=\"img-responsive\" \/><\/a>\n                                    <\/div><div class=\"item lazy-load-item\">\n                                        <a href=\"https:\/\/fabrega.syspre.sysprovider.com\/en\/properties\/grifeu-07-apartment-with-sea-views\/\"><img  data-lazy-load-src=\"https:\/\/fabrega.syspre.sysprovider.com\/wp-content\/uploads\/2021\/10\/05-Llanca-07-Grifeu-min-400x314.jpg\" alt=\"GRIFEU 07 &#8211; Apartment with sea views\" class=\"img-responsive\" \/><\/a>\n                                    <\/div><div class=\"item lazy-load-item\">\n                                        <a href=\"https:\/\/fabrega.syspre.sysprovider.com\/en\/properties\/grifeu-07-apartment-with-sea-views\/\"><img  data-lazy-load-src=\"https:\/\/fabrega.syspre.sysprovider.com\/wp-content\/uploads\/2021\/10\/06-Llanca-07-Grifeu-min-400x314.jpg\" alt=\"GRIFEU 07 &#8211; Apartment with sea views\" class=\"img-responsive\" \/><\/a>\n                                    <\/div><div class=\"item lazy-load-item\">\n                                        <a href=\"https:\/\/fabrega.syspre.sysprovider.com\/en\/properties\/grifeu-07-apartment-with-sea-views\/\"><img  data-lazy-load-src=\"https:\/\/fabrega.syspre.sysprovider.com\/wp-content\/uploads\/2021\/10\/07-Llanca-07-Grifeu-min-400x314.jpg\" alt=\"GRIFEU 07 &#8211; Apartment with sea views\" class=\"img-responsive\" \/><\/a>\n                                    <\/div><div class=\"item lazy-load-item\">\n                                        <a href=\"https:\/\/fabrega.syspre.sysprovider.com\/en\/properties\/grifeu-07-apartment-with-sea-views\/\"><img  data-lazy-load-src=\"https:\/\/fabrega.syspre.sysprovider.com\/wp-content\/uploads\/2021\/10\/08-Llanca-07-Grifeu-min-400x314.jpg\" alt=\"GRIFEU 07 &#8211; Apartment with sea views\" class=\"img-responsive\" \/><\/a>\n                                    <\/div><div class=\"item lazy-load-item\">\n                                        <a href=\"https:\/\/fabrega.syspre.sysprovider.com\/en\/properties\/grifeu-07-apartment-with-sea-views\/\"><img  data-lazy-load-src=\"https:\/\/fabrega.syspre.sysprovider.com\/wp-content\/uploads\/2021\/10\/09-Llanca-07-Grifeu-min-400x314.jpg\" alt=\"GRIFEU 07 &#8211; Apartment with sea views\" class=\"img-responsive\" \/><\/a>\n                                    <\/div><div class=\"item lazy-load-item\">\n                                        <a href=\"https:\/\/fabrega.syspre.sysprovider.com\/en\/properties\/grifeu-07-apartment-with-sea-views\/\"><img  data-lazy-load-src=\"https:\/\/fabrega.syspre.sysprovider.com\/wp-content\/uploads\/2021\/10\/10-Llanca-07-Grifeu-min-400x314.jpg\" alt=\"GRIFEU 07 &#8211; Apartment with sea views\" class=\"img-responsive\" \/><\/a>\n                                    <\/div><div class=\"item lazy-load-item\">\n                                        <a href=\"https:\/\/fabrega.syspre.sysprovider.com\/en\/properties\/grifeu-07-apartment-with-sea-views\/\"><img  data-lazy-load-src=\"https:\/\/fabrega.syspre.sysprovider.com\/wp-content\/uploads\/2021\/10\/11-Llanca-07-Grifeu-min-400x314.jpg\" alt=\"GRIFEU 07 &#8211; Apartment with sea views\" class=\"img-responsive\" \/><\/a>\n                                    <\/div><div class=\"item lazy-load-item\">\n                                        <a href=\"https:\/\/fabrega.syspre.sysprovider.com\/en\/properties\/grifeu-07-apartment-with-sea-views\/\"><img  data-lazy-load-src=\"https:\/\/fabrega.syspre.sysprovider.com\/wp-content\/uploads\/2021\/10\/12-Llanca-07-Grifeu-min-400x314.jpg\" alt=\"GRIFEU 07 &#8211; Apartment with sea views\" class=\"img-responsive\" \/><\/a>\n                                    <\/div><div class=\"item lazy-load-item\">\n                                        <a href=\"https:\/\/fabrega.syspre.sysprovider.com\/en\/properties\/grifeu-07-apartment-with-sea-views\/\"><img  data-lazy-load-src=\"https:\/\/fabrega.syspre.sysprovider.com\/wp-content\/uploads\/2021\/10\/13-Llanca-07-Grifeu-min-400x314.jpg\" alt=\"GRIFEU 07 &#8211; Apartment with sea views\" class=\"img-responsive\" \/><\/a>\n                                    <\/div><div class=\"item lazy-load-item\">\n                                        <a href=\"https:\/\/fabrega.syspre.sysprovider.com\/en\/properties\/grifeu-07-apartment-with-sea-views\/\"><img  data-lazy-load-src=\"https:\/\/fabrega.syspre.sysprovider.com\/wp-content\/uploads\/2021\/10\/14-Llanca-07-Grifeu-min-400x314.jpg\" alt=\"GRIFEU 07 &#8211; Apartment with sea views\" class=\"img-responsive\" \/><\/a>\n                                    <\/div><div class=\"item lazy-load-item\">\n                                        <a href=\"https:\/\/fabrega.syspre.sysprovider.com\/en\/properties\/grifeu-07-apartment-with-sea-views\/\"><img  data-lazy-load-src=\"https:\/\/fabrega.syspre.sysprovider.com\/wp-content\/uploads\/2021\/10\/15-Llanca-07-Grifeu-min-400x314.jpg\" alt=\"GRIFEU 07 &#8211; Apartment with sea views\" class=\"img-responsive\" \/><\/a>\n                                    <\/div><div class=\"item lazy-load-item\">\n                                        <a href=\"https:\/\/fabrega.syspre.sysprovider.com\/en\/properties\/grifeu-07-apartment-with-sea-views\/\"><img  data-lazy-load-src=\"https:\/\/fabrega.syspre.sysprovider.com\/wp-content\/uploads\/2021\/10\/16-Llanca-07-Grifeu-min-400x314.jpg\" alt=\"GRIFEU 07 &#8211; Apartment with sea views\" class=\"img-responsive\" \/><\/a>\n                                    <\/div><div class=\"item lazy-load-item\">\n                                        <a href=\"https:\/\/fabrega.syspre.sysprovider.com\/en\/properties\/grifeu-07-apartment-with-sea-views\/\"><img  data-lazy-load-src=\"https:\/\/fabrega.syspre.sysprovider.com\/wp-content\/uploads\/2021\/10\/17-Llanca-07-Grifeu-min-400x314.jpg\" alt=\"GRIFEU 07 &#8211; Apartment with sea views\" class=\"img-responsive\" \/><\/a>\n                                    <\/div><div class=\"item lazy-load-item\">\n                                        <a href=\"https:\/\/fabrega.syspre.sysprovider.com\/en\/properties\/grifeu-07-apartment-with-sea-views\/\"><img  data-lazy-load-src=\"https:\/\/fabrega.syspre.sysprovider.com\/wp-content\/uploads\/2021\/10\/18-Llanca-07-Grifeu-min-400x314.jpg\" alt=\"GRIFEU 07 &#8211; Apartment with sea views\" class=\"img-responsive\" \/><\/a>\n                                    <\/div><div class=\"item lazy-load-item\">\n                                        <a href=\"https:\/\/fabrega.syspre.sysprovider.com\/en\/properties\/grifeu-07-apartment-with-sea-views\/\"><img  data-lazy-load-src=\"https:\/\/fabrega.syspre.sysprovider.com\/wp-content\/uploads\/2021\/10\/19-Llanca-07-Grifeu-min-400x314.jpg\" alt=\"GRIFEU 07 &#8211; Apartment with sea views\" class=\"img-responsive\" \/><\/a>\n                                    <\/div><div class=\"item lazy-load-item\">\n                                        <a href=\"https:\/\/fabrega.syspre.sysprovider.com\/en\/properties\/grifeu-07-apartment-with-sea-views\/\"><img  data-lazy-load-src=\"https:\/\/fabrega.syspre.sysprovider.com\/wp-content\/uploads\/2021\/10\/20-Llanca-07-Grifeu-min-400x314.jpg\" alt=\"GRIFEU 07 &#8211; Apartment with sea views\" class=\"img-responsive\" \/><\/a>\n                                    <\/div><div class=\"item lazy-load-item\">\n                                        <a href=\"https:\/\/fabrega.syspre.sysprovider.com\/en\/properties\/grifeu-07-apartment-with-sea-views\/\"><img  data-lazy-load-src=\"https:\/\/fabrega.syspre.sysprovider.com\/wp-content\/uploads\/2021\/10\/21-Llanca-07-Grifeu-min-400x314.jpg\" alt=\"GRIFEU 07 &#8211; Apartment with sea views\" class=\"img-responsive\" \/><\/a>\n                                    <\/div><div class=\"item lazy-load-item\">\n                                        <a href=\"https:\/\/fabrega.syspre.sysprovider.com\/en\/properties\/grifeu-07-apartment-with-sea-views\/\"><img  data-lazy-load-src=\"https:\/\/fabrega.syspre.sysprovider.com\/wp-content\/uploads\/2021\/10\/22-Llanca-07-Grifeu-min-400x314.jpg\" alt=\"GRIFEU 07 &#8211; Apartment with sea views\" class=\"img-responsive\" \/><\/a>\n                                    <\/div><div class=\"item lazy-load-item\">\n                                        <a href=\"https:\/\/fabrega.syspre.sysprovider.com\/en\/properties\/grifeu-07-apartment-with-sea-views\/\"><img  data-lazy-load-src=\"https:\/\/fabrega.syspre.sysprovider.com\/wp-content\/uploads\/2021\/10\/23-Llanca-07-Grifeu-min-400x314.jpg\" alt=\"GRIFEU 07 &#8211; Apartment with sea views\" class=\"img-responsive\" \/><\/a>\n                                    <\/div>\n                    <\/div><a href=\"https:\/\/fabrega.syspre.sysprovider.com\/en\/properties\/grifeu-07-apartment-with-sea-views\/\"> <\/a><a class=\"left  carousel-control\" href=\"#property_unit_carousel_69eea2b213a86\" data-slide=\"prev\">\n                        <i class=\"icon-left-open-big\"><\/i>\n                    <\/a>\n\n                    <a class=\"right  carousel-control\" href=\"#property_unit_carousel_69eea2b213a86\" data-slide=\"next\">\n                        <i class=\"icon-right-open-big\"><\/i>\n                    <\/a><\/div><div class=\"price_unit_wrapper\"> <\/div><div class=\"price_unit\">From 75 \u20ac\/night<\/div><\/div>\n\n\n            <div class=\"property_status_wrapper\"><\/div>\n            <div class=\"title-container\">\n\n                <meta itemprop=\"ratingValue\" content=\"0\"\/><div class=rating_placeholder><\/div>\n                <div class=\"category_name\">\n                        <a  itemprop=\"url\"  href=\"https:\/\/fabrega.syspre.sysprovider.com\/en\/properties\/grifeu-07-apartment-with-sea-views\/\"  class=\"listing_title_unit\" >\n    \n    \n   <span itemprop=\"name\">\n    GRIFEU 07 \u2013 Apartment with sea views    <\/span>\n<\/a>\n                    <div class=\"category_tagline actions_icon\">\n                        <a href=\"https:\/\/fabrega.syspre.sysprovider.com\/en\/listings\/tourist-apartments\/\" rel=\"tag\">Tourist apartments<\/a> \/                    <\/div>\n\n                    <div class=\"category_tagline custom_details\">\n                       <div class=\"custom_listing_data\"><span class=\"custom_listing_data_label\">Hostes:<\/span>6<\/div><div class=\"custom_listing_data\"><i class=\"fas fa-bed\"><\/i>3<\/div><div class=\"custom_listing_data\"><i class=\"fas fa-bath\"><\/i>2<\/div><div class=\"custom_listing_data\"><i class=\"fas fa-paw\"><\/i>Si<\/div>                    <\/div>\n                <\/div>\n\n\n            <\/div>\n            <\/div>\n<\/div>\n<\/li><li>\n<div itemscope itemtype=\"http:\/\/schema.org\/Product\" class=\"listing_wrapper col-md- shortcode-col property_unit_v3  property_flex propety_unit_3\" data-org=\"4\" data-listid=\"54511\" >\n    \n    <div class=\"property_listing\" >\n        \n\n            <div class=\"listing-unit-img-wrapper\">\n                <div id=\"property_unit_carousel_69eea2b2162af\" class=\"carousel property_unit_carousel slide  \" data-ride=\"carousel\" data-interval=\"false\">\n                    <div class=\"carousel-inner\">\n                        <div class=\"item active\">\n                            <a href=\"https:\/\/fabrega.syspre.sysprovider.com\/en\/properties\/grifeu-08-apartment-with-lovely-outside-terrace\/\"><img decoding=\"async\" itemprop=\"image\" src=\"https:\/\/fabrega.syspre.sysprovider.com\/wp-content\/uploads\/2021\/10\/01-Llanca-08-Grifeu-min-400x314.jpg\"   class=\"b-lazy img-responsive wp-post-image lazy-hidden\" alt=\"image\" \/><\/a>\n                        <\/div>\n                        <div class=\"item lazy-load-item\">\n                                        <a href=\"https:\/\/fabrega.syspre.sysprovider.com\/en\/properties\/grifeu-08-apartment-with-lovely-outside-terrace\/\"><img  data-lazy-load-src=\"https:\/\/fabrega.syspre.sysprovider.com\/wp-content\/uploads\/2021\/10\/02-Llanca-08-Grifeu-min-400x314.jpg\" alt=\"GRIFEU 08 &#8211; Apartment with lovely outside terrace\" class=\"img-responsive\" \/><\/a>\n                                    <\/div><div class=\"item lazy-load-item\">\n                                        <a href=\"https:\/\/fabrega.syspre.sysprovider.com\/en\/properties\/grifeu-08-apartment-with-lovely-outside-terrace\/\"><img  data-lazy-load-src=\"https:\/\/fabrega.syspre.sysprovider.com\/wp-content\/uploads\/2021\/10\/03-Llanca-08-Grifeu-min-400x314.jpg\" alt=\"GRIFEU 08 &#8211; Apartment with lovely outside terrace\" class=\"img-responsive\" \/><\/a>\n                                    <\/div><div class=\"item lazy-load-item\">\n                                        <a href=\"https:\/\/fabrega.syspre.sysprovider.com\/en\/properties\/grifeu-08-apartment-with-lovely-outside-terrace\/\"><img  data-lazy-load-src=\"https:\/\/fabrega.syspre.sysprovider.com\/wp-content\/uploads\/2021\/10\/04-Llanca-08-Grifeu-min-400x314.jpg\" alt=\"GRIFEU 08 &#8211; Apartment with lovely outside terrace\" class=\"img-responsive\" \/><\/a>\n                                    <\/div><div class=\"item lazy-load-item\">\n                                        <a href=\"https:\/\/fabrega.syspre.sysprovider.com\/en\/properties\/grifeu-08-apartment-with-lovely-outside-terrace\/\"><img  data-lazy-load-src=\"https:\/\/fabrega.syspre.sysprovider.com\/wp-content\/uploads\/2021\/10\/05-Llanca-08-Grifeu-min-400x314.jpg\" alt=\"GRIFEU 08 &#8211; Apartment with lovely outside terrace\" class=\"img-responsive\" \/><\/a>\n                                    <\/div><div class=\"item lazy-load-item\">\n                                        <a href=\"https:\/\/fabrega.syspre.sysprovider.com\/en\/properties\/grifeu-08-apartment-with-lovely-outside-terrace\/\"><img  data-lazy-load-src=\"https:\/\/fabrega.syspre.sysprovider.com\/wp-content\/uploads\/2021\/10\/06-Llanca-08-Grifeu-min-400x314.jpg\" alt=\"GRIFEU 08 &#8211; Apartment with lovely outside terrace\" class=\"img-responsive\" \/><\/a>\n                                    <\/div><div class=\"item lazy-load-item\">\n                                        <a href=\"https:\/\/fabrega.syspre.sysprovider.com\/en\/properties\/grifeu-08-apartment-with-lovely-outside-terrace\/\"><img  data-lazy-load-src=\"https:\/\/fabrega.syspre.sysprovider.com\/wp-content\/uploads\/2021\/10\/07-Llanca-08-Grifeu-min-400x314.jpg\" alt=\"GRIFEU 08 &#8211; Apartment with lovely outside terrace\" class=\"img-responsive\" \/><\/a>\n                                    <\/div><div class=\"item lazy-load-item\">\n                                        <a href=\"https:\/\/fabrega.syspre.sysprovider.com\/en\/properties\/grifeu-08-apartment-with-lovely-outside-terrace\/\"><img  data-lazy-load-src=\"https:\/\/fabrega.syspre.sysprovider.com\/wp-content\/uploads\/2021\/10\/08-Llanca-08-Grifeu-min-400x314.jpg\" alt=\"GRIFEU 08 &#8211; Apartment with lovely outside terrace\" class=\"img-responsive\" \/><\/a>\n                                    <\/div><div class=\"item lazy-load-item\">\n                                        <a href=\"https:\/\/fabrega.syspre.sysprovider.com\/en\/properties\/grifeu-08-apartment-with-lovely-outside-terrace\/\"><img  data-lazy-load-src=\"https:\/\/fabrega.syspre.sysprovider.com\/wp-content\/uploads\/2021\/10\/09-Llanca-08-Grifeu-min-400x314.jpg\" alt=\"GRIFEU 08 &#8211; Apartment with lovely outside terrace\" class=\"img-responsive\" \/><\/a>\n                                    <\/div><div class=\"item lazy-load-item\">\n                                        <a href=\"https:\/\/fabrega.syspre.sysprovider.com\/en\/properties\/grifeu-08-apartment-with-lovely-outside-terrace\/\"><img  data-lazy-load-src=\"https:\/\/fabrega.syspre.sysprovider.com\/wp-content\/uploads\/2021\/10\/10-Llanca-08-Grifeu-min-400x314.jpg\" alt=\"GRIFEU 08 &#8211; Apartment with lovely outside terrace\" class=\"img-responsive\" \/><\/a>\n                                    <\/div><div class=\"item lazy-load-item\">\n                                        <a href=\"https:\/\/fabrega.syspre.sysprovider.com\/en\/properties\/grifeu-08-apartment-with-lovely-outside-terrace\/\"><img  data-lazy-load-src=\"https:\/\/fabrega.syspre.sysprovider.com\/wp-content\/uploads\/2021\/10\/11-Llanca-08-Grifeu-min-400x314.jpg\" alt=\"GRIFEU 08 &#8211; Apartment with lovely outside terrace\" class=\"img-responsive\" \/><\/a>\n                                    <\/div><div class=\"item lazy-load-item\">\n                                        <a href=\"https:\/\/fabrega.syspre.sysprovider.com\/en\/properties\/grifeu-08-apartment-with-lovely-outside-terrace\/\"><img  data-lazy-load-src=\"https:\/\/fabrega.syspre.sysprovider.com\/wp-content\/uploads\/2021\/10\/12-Llanca-08-Grifeu-min-400x314.jpg\" alt=\"GRIFEU 08 &#8211; Apartment with lovely outside terrace\" class=\"img-responsive\" \/><\/a>\n                                    <\/div><div class=\"item lazy-load-item\">\n                                        <a href=\"https:\/\/fabrega.syspre.sysprovider.com\/en\/properties\/grifeu-08-apartment-with-lovely-outside-terrace\/\"><img  data-lazy-load-src=\"https:\/\/fabrega.syspre.sysprovider.com\/wp-content\/uploads\/2021\/10\/13-Llanca-08-Grifeu-min-400x314.jpg\" alt=\"GRIFEU 08 &#8211; Apartment with lovely outside terrace\" class=\"img-responsive\" \/><\/a>\n                                    <\/div><div class=\"item lazy-load-item\">\n                                        <a href=\"https:\/\/fabrega.syspre.sysprovider.com\/en\/properties\/grifeu-08-apartment-with-lovely-outside-terrace\/\"><img  data-lazy-load-src=\"https:\/\/fabrega.syspre.sysprovider.com\/wp-content\/uploads\/2021\/10\/14-Llanca-08-Grifeu-min-400x314.jpg\" alt=\"GRIFEU 08 &#8211; Apartment with lovely outside terrace\" class=\"img-responsive\" \/><\/a>\n                                    <\/div><div class=\"item lazy-load-item\">\n                                        <a href=\"https:\/\/fabrega.syspre.sysprovider.com\/en\/properties\/grifeu-08-apartment-with-lovely-outside-terrace\/\"><img  data-lazy-load-src=\"https:\/\/fabrega.syspre.sysprovider.com\/wp-content\/uploads\/2021\/10\/15-Llanca-08-Grifeu-min-400x314.jpg\" alt=\"GRIFEU 08 &#8211; Apartment with lovely outside terrace\" class=\"img-responsive\" \/><\/a>\n                                    <\/div><div class=\"item lazy-load-item\">\n                                        <a href=\"https:\/\/fabrega.syspre.sysprovider.com\/en\/properties\/grifeu-08-apartment-with-lovely-outside-terrace\/\"><img  data-lazy-load-src=\"https:\/\/fabrega.syspre.sysprovider.com\/wp-content\/uploads\/2021\/10\/16-Llanca-08-Grifeu-min-400x314.jpg\" alt=\"GRIFEU 08 &#8211; Apartment with lovely outside terrace\" class=\"img-responsive\" \/><\/a>\n                                    <\/div><div class=\"item lazy-load-item\">\n                                        <a href=\"https:\/\/fabrega.syspre.sysprovider.com\/en\/properties\/grifeu-08-apartment-with-lovely-outside-terrace\/\"><img  data-lazy-load-src=\"https:\/\/fabrega.syspre.sysprovider.com\/wp-content\/uploads\/2021\/10\/17-Llanca-08-Grifeu-min-400x314.jpg\" alt=\"GRIFEU 08 &#8211; Apartment with lovely outside terrace\" class=\"img-responsive\" \/><\/a>\n                                    <\/div><div class=\"item lazy-load-item\">\n                                        <a href=\"https:\/\/fabrega.syspre.sysprovider.com\/en\/properties\/grifeu-08-apartment-with-lovely-outside-terrace\/\"><img  data-lazy-load-src=\"https:\/\/fabrega.syspre.sysprovider.com\/wp-content\/uploads\/2021\/10\/18-Llanca-08-Grifeu-min-400x314.jpg\" alt=\"GRIFEU 08 &#8211; Apartment with lovely outside terrace\" class=\"img-responsive\" \/><\/a>\n                                    <\/div><div class=\"item lazy-load-item\">\n                                        <a href=\"https:\/\/fabrega.syspre.sysprovider.com\/en\/properties\/grifeu-08-apartment-with-lovely-outside-terrace\/\"><img  data-lazy-load-src=\"https:\/\/fabrega.syspre.sysprovider.com\/wp-content\/uploads\/2021\/10\/19-Llanca-08-Grifeu-min-400x314.jpg\" alt=\"GRIFEU 08 &#8211; Apartment with lovely outside terrace\" class=\"img-responsive\" \/><\/a>\n                                    <\/div><div class=\"item lazy-load-item\">\n                                        <a href=\"https:\/\/fabrega.syspre.sysprovider.com\/en\/properties\/grifeu-08-apartment-with-lovely-outside-terrace\/\"><img  data-lazy-load-src=\"https:\/\/fabrega.syspre.sysprovider.com\/wp-content\/uploads\/2021\/10\/20-Llanca-08-Grifeu-min-400x314.jpg\" alt=\"GRIFEU 08 &#8211; Apartment with lovely outside terrace\" class=\"img-responsive\" \/><\/a>\n                                    <\/div><div class=\"item lazy-load-item\">\n                                        <a href=\"https:\/\/fabrega.syspre.sysprovider.com\/en\/properties\/grifeu-08-apartment-with-lovely-outside-terrace\/\"><img  data-lazy-load-src=\"https:\/\/fabrega.syspre.sysprovider.com\/wp-content\/uploads\/2021\/10\/21-Llanca-08-Grifeu-min-400x314.jpg\" alt=\"GRIFEU 08 &#8211; Apartment with lovely outside terrace\" class=\"img-responsive\" \/><\/a>\n                                    <\/div><div class=\"item lazy-load-item\">\n                                        <a href=\"https:\/\/fabrega.syspre.sysprovider.com\/en\/properties\/grifeu-08-apartment-with-lovely-outside-terrace\/\"><img  data-lazy-load-src=\"https:\/\/fabrega.syspre.sysprovider.com\/wp-content\/uploads\/2021\/10\/22-Llanca-08-Grifeu-min-400x314.jpg\" alt=\"GRIFEU 08 &#8211; Apartment with lovely outside terrace\" class=\"img-responsive\" \/><\/a>\n                                    <\/div>\n                    <\/div><a href=\"https:\/\/fabrega.syspre.sysprovider.com\/en\/properties\/grifeu-08-apartment-with-lovely-outside-terrace\/\"> <\/a><a class=\"left  carousel-control\" href=\"#property_unit_carousel_69eea2b2162af\" data-slide=\"prev\">\n                        <i class=\"icon-left-open-big\"><\/i>\n                    <\/a>\n\n                    <a class=\"right  carousel-control\" href=\"#property_unit_carousel_69eea2b2162af\" data-slide=\"next\">\n                        <i class=\"icon-right-open-big\"><\/i>\n                    <\/a><\/div><div class=\"price_unit_wrapper\"> <\/div><div class=\"price_unit\">From 75 \u20ac\/night<\/div><\/div>\n\n\n            <div class=\"property_status_wrapper\"><\/div>\n            <div class=\"title-container\">\n\n                <meta itemprop=\"ratingValue\" content=\"0\"\/><div class=rating_placeholder><\/div>\n                <div class=\"category_name\">\n                        <a  itemprop=\"url\"  href=\"https:\/\/fabrega.syspre.sysprovider.com\/en\/properties\/grifeu-08-apartment-with-lovely-outside-terrace\/\"  class=\"listing_title_unit\" >\n    \n    \n   <span itemprop=\"name\">\n    GRIFEU 08 \u2013 Apartment with lovely outside terrace    <\/span>\n<\/a>\n                    <div class=\"category_tagline actions_icon\">\n                        <a href=\"https:\/\/fabrega.syspre.sysprovider.com\/en\/listings\/tourist-apartments\/\" rel=\"tag\">Tourist apartments<\/a> \/                    <\/div>\n\n                    <div class=\"category_tagline custom_details\">\n                       <div class=\"custom_listing_data\"><span class=\"custom_listing_data_label\">Hostes:<\/span>6<\/div><div class=\"custom_listing_data\"><i class=\"fas fa-bed\"><\/i>3<\/div><div class=\"custom_listing_data\"><i class=\"fas fa-bath\"><\/i>2<\/div><div class=\"custom_listing_data\"><i class=\"fas fa-paw\"><\/i>Si<\/div>                    <\/div>\n                <\/div>\n\n\n            <\/div>\n            <\/div>\n<\/div>\n<\/li><li>\n<div itemscope itemtype=\"http:\/\/schema.org\/Product\" class=\"listing_wrapper col-md- shortcode-col property_unit_v3  property_flex propety_unit_3\" data-org=\"4\" data-listid=\"54149\" >\n    \n    <div class=\"property_listing\" >\n        \n\n            <div class=\"listing-unit-img-wrapper\">\n                <div id=\"property_unit_carousel_69eea2b218930\" class=\"carousel property_unit_carousel slide  \" data-ride=\"carousel\" data-interval=\"false\">\n                    <div class=\"carousel-inner\">\n                        <div class=\"item active\">\n                            <a href=\"https:\/\/fabrega.syspre.sysprovider.com\/en\/properties\/grifeu-09-apartment-with-panoramic-sea-views\/\"><img decoding=\"async\" itemprop=\"image\" src=\"https:\/\/fabrega.syspre.sysprovider.com\/wp-content\/uploads\/2021\/10\/01-Llanca-09-Grifeu-min-400x314.jpg\"   class=\"b-lazy img-responsive wp-post-image lazy-hidden\" alt=\"image\" \/><\/a>\n                        <\/div>\n                        <div class=\"item lazy-load-item\">\n                                        <a href=\"https:\/\/fabrega.syspre.sysprovider.com\/en\/properties\/grifeu-09-apartment-with-panoramic-sea-views\/\"><img  data-lazy-load-src=\"https:\/\/fabrega.syspre.sysprovider.com\/wp-content\/uploads\/2021\/10\/02-Llanca-09-Grifeu-min-400x314.jpg\" alt=\"GRIFEU 09 \u2013 Apartment with panoramic sea views\" class=\"img-responsive\" \/><\/a>\n                                    <\/div><div class=\"item lazy-load-item\">\n                                        <a href=\"https:\/\/fabrega.syspre.sysprovider.com\/en\/properties\/grifeu-09-apartment-with-panoramic-sea-views\/\"><img  data-lazy-load-src=\"https:\/\/fabrega.syspre.sysprovider.com\/wp-content\/uploads\/2021\/10\/03-Llanca-09-Grifeu-min-400x314.jpg\" alt=\"GRIFEU 09 \u2013 Apartment with panoramic sea views\" class=\"img-responsive\" \/><\/a>\n                                    <\/div><div class=\"item lazy-load-item\">\n                                        <a href=\"https:\/\/fabrega.syspre.sysprovider.com\/en\/properties\/grifeu-09-apartment-with-panoramic-sea-views\/\"><img  data-lazy-load-src=\"https:\/\/fabrega.syspre.sysprovider.com\/wp-content\/uploads\/2021\/10\/1-Llanca-09-Grifeu-a-min-400x314.jpg\" alt=\"GRIFEU 09 \u2013 Apartment with panoramic sea views\" class=\"img-responsive\" \/><\/a>\n                                    <\/div><div class=\"item lazy-load-item\">\n                                        <a href=\"https:\/\/fabrega.syspre.sysprovider.com\/en\/properties\/grifeu-09-apartment-with-panoramic-sea-views\/\"><img  data-lazy-load-src=\"https:\/\/fabrega.syspre.sysprovider.com\/wp-content\/uploads\/2021\/10\/05-Llanca-09-Grifeu-min-400x314.jpg\" alt=\"GRIFEU 09 \u2013 Apartment with panoramic sea views\" class=\"img-responsive\" \/><\/a>\n                                    <\/div><div class=\"item lazy-load-item\">\n                                        <a href=\"https:\/\/fabrega.syspre.sysprovider.com\/en\/properties\/grifeu-09-apartment-with-panoramic-sea-views\/\"><img  data-lazy-load-src=\"https:\/\/fabrega.syspre.sysprovider.com\/wp-content\/uploads\/2021\/10\/06-Llanca-09-Grifeu-min-1-400x314.jpg\" alt=\"GRIFEU 09 \u2013 Apartment with panoramic sea views\" class=\"img-responsive\" \/><\/a>\n                                    <\/div><div class=\"item lazy-load-item\">\n                                        <a href=\"https:\/\/fabrega.syspre.sysprovider.com\/en\/properties\/grifeu-09-apartment-with-panoramic-sea-views\/\"><img  data-lazy-load-src=\"https:\/\/fabrega.syspre.sysprovider.com\/wp-content\/uploads\/2021\/10\/2-Llanca-09-Grifeu-a-min-400x314.jpg\" alt=\"GRIFEU 09 \u2013 Apartment with panoramic sea views\" class=\"img-responsive\" \/><\/a>\n                                    <\/div><div class=\"item lazy-load-item\">\n                                        <a href=\"https:\/\/fabrega.syspre.sysprovider.com\/en\/properties\/grifeu-09-apartment-with-panoramic-sea-views\/\"><img  data-lazy-load-src=\"https:\/\/fabrega.syspre.sysprovider.com\/wp-content\/uploads\/2021\/10\/07-Llanca-09-Grifeu-min-400x314.jpg\" alt=\"GRIFEU 09 \u2013 Apartment with panoramic sea views\" class=\"img-responsive\" \/><\/a>\n                                    <\/div><div class=\"item lazy-load-item\">\n                                        <a href=\"https:\/\/fabrega.syspre.sysprovider.com\/en\/properties\/grifeu-09-apartment-with-panoramic-sea-views\/\"><img  data-lazy-load-src=\"https:\/\/fabrega.syspre.sysprovider.com\/wp-content\/uploads\/2021\/10\/08-Llanca-09-Grifeu-min-400x314.jpg\" alt=\"GRIFEU 09 \u2013 Apartment with panoramic sea views\" class=\"img-responsive\" \/><\/a>\n                                    <\/div><div class=\"item lazy-load-item\">\n                                        <a href=\"https:\/\/fabrega.syspre.sysprovider.com\/en\/properties\/grifeu-09-apartment-with-panoramic-sea-views\/\"><img  data-lazy-load-src=\"https:\/\/fabrega.syspre.sysprovider.com\/wp-content\/uploads\/2021\/10\/09-Llanca-09-Grifeu-min-400x314.jpg\" alt=\"GRIFEU 09 \u2013 Apartment with panoramic sea views\" class=\"img-responsive\" \/><\/a>\n                                    <\/div><div class=\"item lazy-load-item\">\n                                        <a href=\"https:\/\/fabrega.syspre.sysprovider.com\/en\/properties\/grifeu-09-apartment-with-panoramic-sea-views\/\"><img  data-lazy-load-src=\"https:\/\/fabrega.syspre.sysprovider.com\/wp-content\/uploads\/2021\/10\/09-Feb21Llanc\u0327a\u0300-141-400x314.jpg\" alt=\"GRIFEU 09 \u2013 Apartment with panoramic sea views\" class=\"img-responsive\" \/><\/a>\n                                    <\/div><div class=\"item lazy-load-item\">\n                                        <a href=\"https:\/\/fabrega.syspre.sysprovider.com\/en\/properties\/grifeu-09-apartment-with-panoramic-sea-views\/\"><img  data-lazy-load-src=\"https:\/\/fabrega.syspre.sysprovider.com\/wp-content\/uploads\/2021\/10\/10-Llanca-09-Grifeu-min-400x314.jpg\" alt=\"GRIFEU 09 \u2013 Apartment with panoramic sea views\" class=\"img-responsive\" \/><\/a>\n                                    <\/div><div class=\"item lazy-load-item\">\n                                        <a href=\"https:\/\/fabrega.syspre.sysprovider.com\/en\/properties\/grifeu-09-apartment-with-panoramic-sea-views\/\"><img  data-lazy-load-src=\"https:\/\/fabrega.syspre.sysprovider.com\/wp-content\/uploads\/2021\/10\/11-Llanca-09-Grifeu-min-400x314.jpg\" alt=\"GRIFEU 09 \u2013 Apartment with panoramic sea views\" class=\"img-responsive\" \/><\/a>\n                                    <\/div><div class=\"item lazy-load-item\">\n                                        <a href=\"https:\/\/fabrega.syspre.sysprovider.com\/en\/properties\/grifeu-09-apartment-with-panoramic-sea-views\/\"><img  data-lazy-load-src=\"https:\/\/fabrega.syspre.sysprovider.com\/wp-content\/uploads\/2021\/10\/12-Llanca-09-Grifeu-min-400x314.jpg\" alt=\"GRIFEU 09 \u2013 Apartment with panoramic sea views\" class=\"img-responsive\" \/><\/a>\n                                    <\/div><div class=\"item lazy-load-item\">\n                                        <a href=\"https:\/\/fabrega.syspre.sysprovider.com\/en\/properties\/grifeu-09-apartment-with-panoramic-sea-views\/\"><img  data-lazy-load-src=\"https:\/\/fabrega.syspre.sysprovider.com\/wp-content\/uploads\/2021\/10\/13-Llanca-09-Grifeu-min-400x314.jpg\" alt=\"GRIFEU 09 \u2013 Apartment with panoramic sea views\" class=\"img-responsive\" \/><\/a>\n                                    <\/div><div class=\"item lazy-load-item\">\n                                        <a href=\"https:\/\/fabrega.syspre.sysprovider.com\/en\/properties\/grifeu-09-apartment-with-panoramic-sea-views\/\"><img  data-lazy-load-src=\"https:\/\/fabrega.syspre.sysprovider.com\/wp-content\/uploads\/2021\/10\/14-Llanca-09-Grifeu-min-400x314.jpg\" alt=\"GRIFEU 09 \u2013 Apartment with panoramic sea views\" class=\"img-responsive\" \/><\/a>\n                                    <\/div><div class=\"item lazy-load-item\">\n                                        <a href=\"https:\/\/fabrega.syspre.sysprovider.com\/en\/properties\/grifeu-09-apartment-with-panoramic-sea-views\/\"><img  data-lazy-load-src=\"https:\/\/fabrega.syspre.sysprovider.com\/wp-content\/uploads\/2021\/10\/15-Llanca-09-Grifeu-min-400x314.jpg\" alt=\"GRIFEU 09 \u2013 Apartment with panoramic sea views\" class=\"img-responsive\" \/><\/a>\n                                    <\/div><div class=\"item lazy-load-item\">\n                                        <a href=\"https:\/\/fabrega.syspre.sysprovider.com\/en\/properties\/grifeu-09-apartment-with-panoramic-sea-views\/\"><img  data-lazy-load-src=\"https:\/\/fabrega.syspre.sysprovider.com\/wp-content\/uploads\/2021\/10\/16-Llanca-09-Grifeu-min-400x314.jpg\" alt=\"GRIFEU 09 \u2013 Apartment with panoramic sea views\" class=\"img-responsive\" \/><\/a>\n                                    <\/div><div class=\"item lazy-load-item\">\n                                        <a href=\"https:\/\/fabrega.syspre.sysprovider.com\/en\/properties\/grifeu-09-apartment-with-panoramic-sea-views\/\"><img  data-lazy-load-src=\"https:\/\/fabrega.syspre.sysprovider.com\/wp-content\/uploads\/2021\/10\/17-Llanca-09-Grifeu-min-400x314.jpg\" alt=\"GRIFEU 09 \u2013 Apartment with panoramic sea views\" class=\"img-responsive\" \/><\/a>\n                                    <\/div>\n                    <\/div><a href=\"https:\/\/fabrega.syspre.sysprovider.com\/en\/properties\/grifeu-09-apartment-with-panoramic-sea-views\/\"> <\/a><a class=\"left  carousel-control\" href=\"#property_unit_carousel_69eea2b218930\" data-slide=\"prev\">\n                        <i class=\"icon-left-open-big\"><\/i>\n                    <\/a>\n\n                    <a class=\"right  carousel-control\" href=\"#property_unit_carousel_69eea2b218930\" data-slide=\"next\">\n                        <i class=\"icon-right-open-big\"><\/i>\n                    <\/a><\/div><div class=\"price_unit_wrapper\"> <\/div><div class=\"price_unit\">From 99 \u20ac\/night<\/div><\/div>\n\n\n            <div class=\"property_status_wrapper\"><\/div>\n            <div class=\"title-container\">\n\n                <meta itemprop=\"ratingValue\" content=\"0\"\/><div class=rating_placeholder><\/div>\n                <div class=\"category_name\">\n                        <a  itemprop=\"url\"  href=\"https:\/\/fabrega.syspre.sysprovider.com\/en\/properties\/grifeu-09-apartment-with-panoramic-sea-views\/\"  class=\"listing_title_unit\" >\n    \n    \n   <span itemprop=\"name\">\n    GRIFEU 09 \u2013 Apartment with panoramic sea views    <\/span>\n<\/a>\n                    <div class=\"category_tagline actions_icon\">\n                        <a href=\"https:\/\/fabrega.syspre.sysprovider.com\/en\/listings\/tourist-apartments\/\" rel=\"tag\">Tourist apartments<\/a> \/                    <\/div>\n\n                    <div class=\"category_tagline custom_details\">\n                       <div class=\"custom_listing_data\"><span class=\"custom_listing_data_label\">Hostes:<\/span>5<\/div><div class=\"custom_listing_data\"><i class=\"fas fa-bed\"><\/i>2<\/div><div class=\"custom_listing_data\"><i class=\"fas fa-bath\"><\/i>1<\/div>                    <\/div>\n                <\/div>\n\n\n            <\/div>\n            <\/div>\n<\/div>\n<\/li><li>\n<div itemscope itemtype=\"http:\/\/schema.org\/Product\" class=\"listing_wrapper col-md- shortcode-col property_unit_v3  property_flex propety_unit_3\" data-org=\"4\" data-listid=\"54154\" >\n    \n    <div class=\"property_listing\" >\n        \n\n            <div class=\"listing-unit-img-wrapper\">\n                <div id=\"property_unit_carousel_69eea2b21a995\" class=\"carousel property_unit_carousel slide  \" data-ride=\"carousel\" data-interval=\"false\">\n                    <div class=\"carousel-inner\">\n                        <div class=\"item active\">\n                            <a href=\"https:\/\/fabrega.syspre.sysprovider.com\/en\/properties\/grifeu-010-apartment-with-outside-terrace\/\"><img decoding=\"async\" itemprop=\"image\" src=\"https:\/\/fabrega.syspre.sysprovider.com\/wp-content\/uploads\/2021\/10\/01-Llanca-10-Grifeu-min-400x314.jpg\"   class=\"b-lazy img-responsive wp-post-image lazy-hidden\" alt=\"image\" \/><\/a>\n                        <\/div>\n                        <div class=\"item lazy-load-item\">\n                                        <a href=\"https:\/\/fabrega.syspre.sysprovider.com\/en\/properties\/grifeu-010-apartment-with-outside-terrace\/\"><img  data-lazy-load-src=\"https:\/\/fabrega.syspre.sysprovider.com\/wp-content\/uploads\/2021\/10\/02-Llanca-10-Grifeu-min-400x314.jpg\" alt=\"GRIFEU 10 &#8211; Apartment with outside terrace\" class=\"img-responsive\" \/><\/a>\n                                    <\/div><div class=\"item lazy-load-item\">\n                                        <a href=\"https:\/\/fabrega.syspre.sysprovider.com\/en\/properties\/grifeu-010-apartment-with-outside-terrace\/\"><img  data-lazy-load-src=\"https:\/\/fabrega.syspre.sysprovider.com\/wp-content\/uploads\/2021\/10\/1-Llanca-10-Grifeu-a-min-400x314.jpg\" alt=\"GRIFEU 10 &#8211; Apartment with outside terrace\" class=\"img-responsive\" \/><\/a>\n                                    <\/div><div class=\"item lazy-load-item\">\n                                        <a href=\"https:\/\/fabrega.syspre.sysprovider.com\/en\/properties\/grifeu-010-apartment-with-outside-terrace\/\"><img  data-lazy-load-src=\"https:\/\/fabrega.syspre.sysprovider.com\/wp-content\/uploads\/2021\/10\/2-Llanca-10-Grifeu-a-min-400x314.jpg\" alt=\"GRIFEU 10 &#8211; Apartment with outside terrace\" class=\"img-responsive\" \/><\/a>\n                                    <\/div><div class=\"item lazy-load-item\">\n                                        <a href=\"https:\/\/fabrega.syspre.sysprovider.com\/en\/properties\/grifeu-010-apartment-with-outside-terrace\/\"><img  data-lazy-load-src=\"https:\/\/fabrega.syspre.sysprovider.com\/wp-content\/uploads\/2021\/10\/3-Llanca-10-Grifeu-a-min-400x314.jpg\" alt=\"GRIFEU 10 &#8211; Apartment with outside terrace\" class=\"img-responsive\" \/><\/a>\n                                    <\/div><div class=\"item lazy-load-item\">\n                                        <a href=\"https:\/\/fabrega.syspre.sysprovider.com\/en\/properties\/grifeu-010-apartment-with-outside-terrace\/\"><img  data-lazy-load-src=\"https:\/\/fabrega.syspre.sysprovider.com\/wp-content\/uploads\/2021\/10\/05-Llanca-10-Grifeu-min-400x314.jpg\" alt=\"GRIFEU 10 &#8211; Apartment with outside terrace\" class=\"img-responsive\" \/><\/a>\n                                    <\/div><div class=\"item lazy-load-item\">\n                                        <a href=\"https:\/\/fabrega.syspre.sysprovider.com\/en\/properties\/grifeu-010-apartment-with-outside-terrace\/\"><img  data-lazy-load-src=\"https:\/\/fabrega.syspre.sysprovider.com\/wp-content\/uploads\/2021\/10\/04-Llanca-10-Grifeu-min-400x314.jpg\" alt=\"GRIFEU 10 &#8211; Apartment with outside terrace\" class=\"img-responsive\" \/><\/a>\n                                    <\/div><div class=\"item lazy-load-item\">\n                                        <a href=\"https:\/\/fabrega.syspre.sysprovider.com\/en\/properties\/grifeu-010-apartment-with-outside-terrace\/\"><img  data-lazy-load-src=\"https:\/\/fabrega.syspre.sysprovider.com\/wp-content\/uploads\/2021\/10\/4-Llanca-10-Grifeu-a-min-400x314.jpg\" alt=\"GRIFEU 10 &#8211; Apartment with outside terrace\" class=\"img-responsive\" \/><\/a>\n                                    <\/div><div class=\"item lazy-load-item\">\n                                        <a href=\"https:\/\/fabrega.syspre.sysprovider.com\/en\/properties\/grifeu-010-apartment-with-outside-terrace\/\"><img  data-lazy-load-src=\"https:\/\/fabrega.syspre.sysprovider.com\/wp-content\/uploads\/2021\/10\/5-Llanca-10-Grifeu-a-min-400x314.jpg\" alt=\"GRIFEU 10 &#8211; Apartment with outside terrace\" class=\"img-responsive\" \/><\/a>\n                                    <\/div><div class=\"item lazy-load-item\">\n                                        <a href=\"https:\/\/fabrega.syspre.sysprovider.com\/en\/properties\/grifeu-010-apartment-with-outside-terrace\/\"><img  data-lazy-load-src=\"https:\/\/fabrega.syspre.sysprovider.com\/wp-content\/uploads\/2021\/10\/07-Llanca-10-Grifeu-min-400x314.jpg\" alt=\"GRIFEU 10 &#8211; Apartment with outside terrace\" class=\"img-responsive\" \/><\/a>\n                                    <\/div><div class=\"item lazy-load-item\">\n                                        <a href=\"https:\/\/fabrega.syspre.sysprovider.com\/en\/properties\/grifeu-010-apartment-with-outside-terrace\/\"><img  data-lazy-load-src=\"https:\/\/fabrega.syspre.sysprovider.com\/wp-content\/uploads\/2021\/10\/08-Llanca-10-Grifeu-min-400x314.jpg\" alt=\"GRIFEU 10 &#8211; Apartment with outside terrace\" class=\"img-responsive\" \/><\/a>\n                                    <\/div><div class=\"item lazy-load-item\">\n                                        <a href=\"https:\/\/fabrega.syspre.sysprovider.com\/en\/properties\/grifeu-010-apartment-with-outside-terrace\/\"><img  data-lazy-load-src=\"https:\/\/fabrega.syspre.sysprovider.com\/wp-content\/uploads\/2021\/10\/09-Llanca-10-Grifeu-min-400x314.jpg\" alt=\"GRIFEU 10 &#8211; Apartment with outside terrace\" class=\"img-responsive\" \/><\/a>\n                                    <\/div><div class=\"item lazy-load-item\">\n                                        <a href=\"https:\/\/fabrega.syspre.sysprovider.com\/en\/properties\/grifeu-010-apartment-with-outside-terrace\/\"><img  data-lazy-load-src=\"https:\/\/fabrega.syspre.sysprovider.com\/wp-content\/uploads\/2021\/10\/10-Llanca-10-Grifeu-min-400x314.jpg\" alt=\"GRIFEU 10 &#8211; Apartment with outside terrace\" class=\"img-responsive\" \/><\/a>\n                                    <\/div><div class=\"item lazy-load-item\">\n                                        <a href=\"https:\/\/fabrega.syspre.sysprovider.com\/en\/properties\/grifeu-010-apartment-with-outside-terrace\/\"><img  data-lazy-load-src=\"https:\/\/fabrega.syspre.sysprovider.com\/wp-content\/uploads\/2021\/10\/11-Llanca-10-Grifeu-min-400x314.jpg\" alt=\"GRIFEU 10 &#8211; Apartment with outside terrace\" class=\"img-responsive\" \/><\/a>\n                                    <\/div><div class=\"item lazy-load-item\">\n                                        <a href=\"https:\/\/fabrega.syspre.sysprovider.com\/en\/properties\/grifeu-010-apartment-with-outside-terrace\/\"><img  data-lazy-load-src=\"https:\/\/fabrega.syspre.sysprovider.com\/wp-content\/uploads\/2021\/10\/6-Llanca-10-Grifeu-a-min-400x314.jpg\" alt=\"GRIFEU 10 &#8211; Apartment with outside terrace\" class=\"img-responsive\" \/><\/a>\n                                    <\/div><div class=\"item lazy-load-item\">\n                                        <a href=\"https:\/\/fabrega.syspre.sysprovider.com\/en\/properties\/grifeu-010-apartment-with-outside-terrace\/\"><img  data-lazy-load-src=\"https:\/\/fabrega.syspre.sysprovider.com\/wp-content\/uploads\/2021\/10\/12-Llanca-10-Grifeu-min-400x314.jpg\" alt=\"GRIFEU 10 &#8211; Apartment with outside terrace\" class=\"img-responsive\" \/><\/a>\n                                    <\/div>\n                    <\/div><a href=\"https:\/\/fabrega.syspre.sysprovider.com\/en\/properties\/grifeu-010-apartment-with-outside-terrace\/\"> <\/a><a class=\"left  carousel-control\" href=\"#property_unit_carousel_69eea2b21a995\" data-slide=\"prev\">\n                        <i class=\"icon-left-open-big\"><\/i>\n                    <\/a>\n\n                    <a class=\"right  carousel-control\" href=\"#property_unit_carousel_69eea2b21a995\" data-slide=\"next\">\n                        <i class=\"icon-right-open-big\"><\/i>\n                    <\/a><\/div><div class=\"price_unit_wrapper\"> <\/div><div class=\"price_unit\">From 62 \u20ac\/night<\/div><\/div>\n\n\n            <div class=\"property_status_wrapper\"><\/div>\n            <div class=\"title-container\">\n\n                <meta itemprop=\"ratingValue\" content=\"0\"\/><div class=rating_placeholder><\/div>\n                <div class=\"category_name\">\n                        <a  itemprop=\"url\"  href=\"https:\/\/fabrega.syspre.sysprovider.com\/en\/properties\/grifeu-010-apartment-with-outside-terrace\/\"  class=\"listing_title_unit\" >\n    \n    \n   <span itemprop=\"name\">\n    GRIFEU 10 \u2013 Apartment with outside terrace    <\/span>\n<\/a>\n                    <div class=\"category_tagline actions_icon\">\n                        <a href=\"https:\/\/fabrega.syspre.sysprovider.com\/en\/listings\/tourist-apartments\/\" rel=\"tag\">Tourist apartments<\/a> \/                    <\/div>\n\n                    <div class=\"category_tagline custom_details\">\n                       <div class=\"custom_listing_data\"><span class=\"custom_listing_data_label\">Hostes:<\/span>2<\/div><div class=\"custom_listing_data\"><i class=\"fas fa-bed\"><\/i>1<\/div><div class=\"custom_listing_data\"><i class=\"fas fa-bath\"><\/i>1<\/div><div class=\"custom_listing_data\"><i class=\"fas fa-paw\"><\/i>Si<\/div>                    <\/div>\n                <\/div>\n\n\n            <\/div>\n            <\/div>\n<\/div>\n<\/li><li>\n<div itemscope itemtype=\"http:\/\/schema.org\/Product\" class=\"listing_wrapper col-md- shortcode-col property_unit_v3  property_flex propety_unit_3\" data-org=\"4\" data-listid=\"57047\" >\n    \n    <div class=\"property_listing\" >\n        \n\n            <div class=\"listing-unit-img-wrapper\">\n                <div id=\"property_unit_carousel_69eea2b21d329\" class=\"carousel property_unit_carousel slide  \" data-ride=\"carousel\" data-interval=\"false\">\n                    <div class=\"carousel-inner\">\n                        <div class=\"item active\">\n                            <a href=\"https:\/\/fabrega.syspre.sysprovider.com\/en\/properties\/grifeu-11-apartment-with-terrace-and-panoramic-view-of-the-sea\/\"><img decoding=\"async\" itemprop=\"image\" src=\"https:\/\/fabrega.syspre.sysprovider.com\/wp-content\/uploads\/2021\/12\/04-Llanca-11-Grifeu-min-400x314.jpg\"   class=\"b-lazy img-responsive wp-post-image lazy-hidden\" alt=\"image\" \/><\/a>\n                        <\/div>\n                        <div class=\"item lazy-load-item\">\n                                        <a href=\"https:\/\/fabrega.syspre.sysprovider.com\/en\/properties\/grifeu-11-apartment-with-terrace-and-panoramic-view-of-the-sea\/\"><img  data-lazy-load-src=\"https:\/\/fabrega.syspre.sysprovider.com\/wp-content\/uploads\/2021\/12\/01-Llanca-11-Grifeu-min-400x314.jpg\" alt=\"GRIFEU 11 &#8211; Apartment with terrace and panoramic views\" class=\"img-responsive\" \/><\/a>\n                                    <\/div><div class=\"item lazy-load-item\">\n                                        <a href=\"https:\/\/fabrega.syspre.sysprovider.com\/en\/properties\/grifeu-11-apartment-with-terrace-and-panoramic-view-of-the-sea\/\"><img  data-lazy-load-src=\"https:\/\/fabrega.syspre.sysprovider.com\/wp-content\/uploads\/2021\/12\/06-Llanca-11-Grifeu-min-400x314.jpg\" alt=\"GRIFEU 11 &#8211; Apartment with terrace and panoramic views\" class=\"img-responsive\" \/><\/a>\n                                    <\/div><div class=\"item lazy-load-item\">\n                                        <a href=\"https:\/\/fabrega.syspre.sysprovider.com\/en\/properties\/grifeu-11-apartment-with-terrace-and-panoramic-view-of-the-sea\/\"><img  data-lazy-load-src=\"https:\/\/fabrega.syspre.sysprovider.com\/wp-content\/uploads\/2021\/12\/02-Llanca-11-Grifeu-min-400x314.jpg\" alt=\"GRIFEU 11 &#8211; Apartment with terrace and panoramic views\" class=\"img-responsive\" \/><\/a>\n                                    <\/div><div class=\"item lazy-load-item\">\n                                        <a href=\"https:\/\/fabrega.syspre.sysprovider.com\/en\/properties\/grifeu-11-apartment-with-terrace-and-panoramic-view-of-the-sea\/\"><img  data-lazy-load-src=\"https:\/\/fabrega.syspre.sysprovider.com\/wp-content\/uploads\/2021\/12\/03-Llanca-11-Grifeu-min-400x314.jpg\" alt=\"GRIFEU 11 &#8211; Apartment with terrace and panoramic views\" class=\"img-responsive\" \/><\/a>\n                                    <\/div><div class=\"item lazy-load-item\">\n                                        <a href=\"https:\/\/fabrega.syspre.sysprovider.com\/en\/properties\/grifeu-11-apartment-with-terrace-and-panoramic-view-of-the-sea\/\"><img  data-lazy-load-src=\"https:\/\/fabrega.syspre.sysprovider.com\/wp-content\/uploads\/2021\/12\/05-Llanca-11-Grifeu-min-400x314.jpg\" alt=\"GRIFEU 11 &#8211; Apartment with terrace and panoramic views\" class=\"img-responsive\" \/><\/a>\n                                    <\/div><div class=\"item lazy-load-item\">\n                                        <a href=\"https:\/\/fabrega.syspre.sysprovider.com\/en\/properties\/grifeu-11-apartment-with-terrace-and-panoramic-view-of-the-sea\/\"><img  data-lazy-load-src=\"https:\/\/fabrega.syspre.sysprovider.com\/wp-content\/uploads\/2021\/12\/07-Llanca-11-Grifeu-min-400x314.jpg\" alt=\"GRIFEU 11 &#8211; Apartment with terrace and panoramic views\" class=\"img-responsive\" \/><\/a>\n                                    <\/div><div class=\"item lazy-load-item\">\n                                        <a href=\"https:\/\/fabrega.syspre.sysprovider.com\/en\/properties\/grifeu-11-apartment-with-terrace-and-panoramic-view-of-the-sea\/\"><img  data-lazy-load-src=\"https:\/\/fabrega.syspre.sysprovider.com\/wp-content\/uploads\/2021\/12\/09-Llanca-11-Grifeu-min-400x314.jpg\" alt=\"GRIFEU 11 &#8211; Apartment with terrace and panoramic views\" class=\"img-responsive\" \/><\/a>\n                                    <\/div><div class=\"item lazy-load-item\">\n                                        <a href=\"https:\/\/fabrega.syspre.sysprovider.com\/en\/properties\/grifeu-11-apartment-with-terrace-and-panoramic-view-of-the-sea\/\"><img  data-lazy-load-src=\"https:\/\/fabrega.syspre.sysprovider.com\/wp-content\/uploads\/2021\/12\/10-Llanca-11-Grifeu-min-400x314.jpg\" alt=\"GRIFEU 11 &#8211; Apartment with terrace and panoramic views\" class=\"img-responsive\" \/><\/a>\n                                    <\/div><div class=\"item lazy-load-item\">\n                                        <a href=\"https:\/\/fabrega.syspre.sysprovider.com\/en\/properties\/grifeu-11-apartment-with-terrace-and-panoramic-view-of-the-sea\/\"><img  data-lazy-load-src=\"https:\/\/fabrega.syspre.sysprovider.com\/wp-content\/uploads\/2021\/12\/08-Llanca-11-Grifeu-min-400x314.jpg\" alt=\"GRIFEU 11 &#8211; Apartment with terrace and panoramic views\" class=\"img-responsive\" \/><\/a>\n                                    <\/div><div class=\"item lazy-load-item\">\n                                        <a href=\"https:\/\/fabrega.syspre.sysprovider.com\/en\/properties\/grifeu-11-apartment-with-terrace-and-panoramic-view-of-the-sea\/\"><img  data-lazy-load-src=\"https:\/\/fabrega.syspre.sysprovider.com\/wp-content\/uploads\/2021\/12\/11-Llanca-11-Grifeu-min-400x314.jpg\" alt=\"GRIFEU 11 &#8211; Apartment with terrace and panoramic views\" class=\"img-responsive\" \/><\/a>\n                                    <\/div><div class=\"item lazy-load-item\">\n                                        <a href=\"https:\/\/fabrega.syspre.sysprovider.com\/en\/properties\/grifeu-11-apartment-with-terrace-and-panoramic-view-of-the-sea\/\"><img  data-lazy-load-src=\"https:\/\/fabrega.syspre.sysprovider.com\/wp-content\/uploads\/2021\/12\/12-Llanca-11-Grifeu-min-400x314.jpg\" alt=\"GRIFEU 11 &#8211; Apartment with terrace and panoramic views\" class=\"img-responsive\" \/><\/a>\n                                    <\/div><div class=\"item lazy-load-item\">\n                                        <a href=\"https:\/\/fabrega.syspre.sysprovider.com\/en\/properties\/grifeu-11-apartment-with-terrace-and-panoramic-view-of-the-sea\/\"><img  data-lazy-load-src=\"https:\/\/fabrega.syspre.sysprovider.com\/wp-content\/uploads\/2021\/12\/13-Llanca-11-Grifeu-min-400x314.jpg\" alt=\"GRIFEU 11 &#8211; Apartment with terrace and panoramic views\" class=\"img-responsive\" \/><\/a>\n                                    <\/div><div class=\"item lazy-load-item\">\n                                        <a href=\"https:\/\/fabrega.syspre.sysprovider.com\/en\/properties\/grifeu-11-apartment-with-terrace-and-panoramic-view-of-the-sea\/\"><img  data-lazy-load-src=\"https:\/\/fabrega.syspre.sysprovider.com\/wp-content\/uploads\/2021\/12\/14-Llanca-11-Grifeu-min-400x314.jpg\" alt=\"GRIFEU 11 &#8211; Apartment with terrace and panoramic views\" class=\"img-responsive\" \/><\/a>\n                                    <\/div><div class=\"item lazy-load-item\">\n                                        <a href=\"https:\/\/fabrega.syspre.sysprovider.com\/en\/properties\/grifeu-11-apartment-with-terrace-and-panoramic-view-of-the-sea\/\"><img  data-lazy-load-src=\"https:\/\/fabrega.syspre.sysprovider.com\/wp-content\/uploads\/2021\/12\/15-Llanca-11-Grifeu-min-400x314.jpg\" alt=\"GRIFEU 11 &#8211; Apartment with terrace and panoramic views\" class=\"img-responsive\" \/><\/a>\n                                    <\/div><div class=\"item lazy-load-item\">\n                                        <a href=\"https:\/\/fabrega.syspre.sysprovider.com\/en\/properties\/grifeu-11-apartment-with-terrace-and-panoramic-view-of-the-sea\/\"><img  data-lazy-load-src=\"https:\/\/fabrega.syspre.sysprovider.com\/wp-content\/uploads\/2021\/12\/16-Llanca-11-Grifeu-min-400x314.jpg\" alt=\"GRIFEU 11 &#8211; Apartment with terrace and panoramic views\" class=\"img-responsive\" \/><\/a>\n                                    <\/div><div class=\"item lazy-load-item\">\n                                        <a href=\"https:\/\/fabrega.syspre.sysprovider.com\/en\/properties\/grifeu-11-apartment-with-terrace-and-panoramic-view-of-the-sea\/\"><img  data-lazy-load-src=\"https:\/\/fabrega.syspre.sysprovider.com\/wp-content\/uploads\/2021\/12\/17-Llanca-11-Grifeu-min-400x314.jpg\" alt=\"GRIFEU 11 &#8211; Apartment with terrace and panoramic views\" class=\"img-responsive\" \/><\/a>\n                                    <\/div><div class=\"item lazy-load-item\">\n                                        <a href=\"https:\/\/fabrega.syspre.sysprovider.com\/en\/properties\/grifeu-11-apartment-with-terrace-and-panoramic-view-of-the-sea\/\"><img  data-lazy-load-src=\"https:\/\/fabrega.syspre.sysprovider.com\/wp-content\/uploads\/2021\/12\/18-Llanca-11-Grifeu-min-400x314.jpg\" alt=\"GRIFEU 11 &#8211; Apartment with terrace and panoramic views\" class=\"img-responsive\" \/><\/a>\n                                    <\/div><div class=\"item lazy-load-item\">\n                                        <a href=\"https:\/\/fabrega.syspre.sysprovider.com\/en\/properties\/grifeu-11-apartment-with-terrace-and-panoramic-view-of-the-sea\/\"><img  data-lazy-load-src=\"https:\/\/fabrega.syspre.sysprovider.com\/wp-content\/uploads\/2021\/12\/19-Llanca-11-Grifeu-min-400x314.jpg\" alt=\"GRIFEU 11 &#8211; Apartment with terrace and panoramic views\" class=\"img-responsive\" \/><\/a>\n                                    <\/div><div class=\"item lazy-load-item\">\n                                        <a href=\"https:\/\/fabrega.syspre.sysprovider.com\/en\/properties\/grifeu-11-apartment-with-terrace-and-panoramic-view-of-the-sea\/\"><img  data-lazy-load-src=\"https:\/\/fabrega.syspre.sysprovider.com\/wp-content\/uploads\/2021\/12\/20-Llanca-11-Grifeu-min-400x314.jpg\" alt=\"GRIFEU 11 &#8211; Apartment with terrace and panoramic views\" class=\"img-responsive\" \/><\/a>\n                                    <\/div><div class=\"item lazy-load-item\">\n                                        <a href=\"https:\/\/fabrega.syspre.sysprovider.com\/en\/properties\/grifeu-11-apartment-with-terrace-and-panoramic-view-of-the-sea\/\"><img  data-lazy-load-src=\"https:\/\/fabrega.syspre.sysprovider.com\/wp-content\/uploads\/2021\/12\/21-Llanca-11-Grifeu-min-400x314.jpg\" alt=\"GRIFEU 11 &#8211; Apartment with terrace and panoramic views\" class=\"img-responsive\" \/><\/a>\n                                    <\/div><div class=\"item lazy-load-item\">\n                                        <a href=\"https:\/\/fabrega.syspre.sysprovider.com\/en\/properties\/grifeu-11-apartment-with-terrace-and-panoramic-view-of-the-sea\/\"><img  data-lazy-load-src=\"https:\/\/fabrega.syspre.sysprovider.com\/wp-content\/uploads\/2021\/12\/23-Llanca-11-Grifeu-min-400x314.jpg\" alt=\"GRIFEU 11 &#8211; Apartment with terrace and panoramic views\" class=\"img-responsive\" \/><\/a>\n                                    <\/div>\n                    <\/div><a href=\"https:\/\/fabrega.syspre.sysprovider.com\/en\/properties\/grifeu-11-apartment-with-terrace-and-panoramic-view-of-the-sea\/\"> <\/a><a class=\"left  carousel-control\" href=\"#property_unit_carousel_69eea2b21d329\" data-slide=\"prev\">\n                        <i class=\"icon-left-open-big\"><\/i>\n                    <\/a>\n\n                    <a class=\"right  carousel-control\" href=\"#property_unit_carousel_69eea2b21d329\" data-slide=\"next\">\n                        <i class=\"icon-right-open-big\"><\/i>\n                    <\/a><\/div><div class=\"price_unit_wrapper\"> <\/div><div class=\"price_unit\">From 77 \u20ac\/night<\/div><\/div>\n\n\n            <div class=\"property_status_wrapper\"><\/div>\n            <div class=\"title-container\">\n\n                <meta itemprop=\"ratingValue\" content=\"0\"\/><div class=rating_placeholder><\/div>\n                <div class=\"category_name\">\n                        <a  itemprop=\"url\"  href=\"https:\/\/fabrega.syspre.sysprovider.com\/en\/properties\/grifeu-11-apartment-with-terrace-and-panoramic-view-of-the-sea\/\"  class=\"listing_title_unit\" >\n    \n    \n   <span itemprop=\"name\">\n    GRIFEU 11 \u2013 Apartment with terrace and panoramic views    <\/span>\n<\/a>\n                    <div class=\"category_tagline actions_icon\">\n                        <a href=\"https:\/\/fabrega.syspre.sysprovider.com\/en\/listings\/tourist-apartments\/\" rel=\"tag\">Tourist apartments<\/a> \/                    <\/div>\n\n                    <div class=\"category_tagline custom_details\">\n                       <div class=\"custom_listing_data\"><span class=\"custom_listing_data_label\">Hostes:<\/span>5<\/div><div class=\"custom_listing_data\"><i class=\"fas fa-bed\"><\/i>2<\/div><div class=\"custom_listing_data\"><i class=\"fas fa-bath\"><\/i>1<\/div><div class=\"custom_listing_data\"><i class=\"fas fa-paw\"><\/i>Si<\/div>                    <\/div>\n                <\/div>\n\n\n            <\/div>\n            <\/div>\n<\/div>\n<\/li><li>\n<div itemscope itemtype=\"http:\/\/schema.org\/Product\" class=\"listing_wrapper col-md- shortcode-col property_unit_v3  property_flex propety_unit_3\" data-org=\"4\" data-listid=\"68012\" >\n    \n    <div class=\"property_listing\" >\n        \n\n            <div class=\"listing-unit-img-wrapper\">\n                <div id=\"property_unit_carousel_69eea2b2203b4\" class=\"carousel property_unit_carousel slide  \" data-ride=\"carousel\" data-interval=\"false\">\n                    <div class=\"carousel-inner\">\n                        <div class=\"item active\">\n                            <a href=\"https:\/\/fabrega.syspre.sysprovider.com\/en\/properties\/grifeu-12-estudi-vistes-muntanya-costa\/\"><img decoding=\"async\" itemprop=\"image\" src=\"https:\/\/fabrega.syspre.sysprovider.com\/wp-content\/uploads\/2023\/06\/03-Llanca-12-Grifeu-min-400x314.jpg\"   class=\"b-lazy img-responsive wp-post-image lazy-hidden\" alt=\"image\" \/><\/a>\n                        <\/div>\n                        <div class=\"item lazy-load-item\">\n                                        <a href=\"https:\/\/fabrega.syspre.sysprovider.com\/en\/properties\/grifeu-12-estudi-vistes-muntanya-costa\/\"><img  data-lazy-load-src=\"https:\/\/fabrega.syspre.sysprovider.com\/wp-content\/uploads\/2023\/06\/01-Llanca-12-Grifeu-min-400x314.jpg\" alt=\"GRIFEU 12 &#8211;  Studio apartment with views of the coast\" class=\"img-responsive\" \/><\/a>\n                                    <\/div><div class=\"item lazy-load-item\">\n                                        <a href=\"https:\/\/fabrega.syspre.sysprovider.com\/en\/properties\/grifeu-12-estudi-vistes-muntanya-costa\/\"><img  data-lazy-load-src=\"https:\/\/fabrega.syspre.sysprovider.com\/wp-content\/uploads\/2023\/06\/1-Llanca-12-Grifeu-mesa-min-400x314.jpg\" alt=\"GRIFEU 12 &#8211;  Studio apartment with views of the coast\" class=\"img-responsive\" \/><\/a>\n                                    <\/div><div class=\"item lazy-load-item\">\n                                        <a href=\"https:\/\/fabrega.syspre.sysprovider.com\/en\/properties\/grifeu-12-estudi-vistes-muntanya-costa\/\"><img  data-lazy-load-src=\"https:\/\/fabrega.syspre.sysprovider.com\/wp-content\/uploads\/2023\/06\/04-Llanca-12-Grifeu-min-400x314.jpg\" alt=\"GRIFEU 12 &#8211;  Studio apartment with views of the coast\" class=\"img-responsive\" \/><\/a>\n                                    <\/div><div class=\"item lazy-load-item\">\n                                        <a href=\"https:\/\/fabrega.syspre.sysprovider.com\/en\/properties\/grifeu-12-estudi-vistes-muntanya-costa\/\"><img  data-lazy-load-src=\"https:\/\/fabrega.syspre.sysprovider.com\/wp-content\/uploads\/2023\/06\/05-Llanca-12-Grifeu-min-400x314.jpg\" alt=\"GRIFEU 12 &#8211;  Studio apartment with views of the coast\" class=\"img-responsive\" \/><\/a>\n                                    <\/div><div class=\"item lazy-load-item\">\n                                        <a href=\"https:\/\/fabrega.syspre.sysprovider.com\/en\/properties\/grifeu-12-estudi-vistes-muntanya-costa\/\"><img  data-lazy-load-src=\"https:\/\/fabrega.syspre.sysprovider.com\/wp-content\/uploads\/2023\/06\/06-Llanca-12-Grifeu-min-400x314.jpg\" alt=\"GRIFEU 12 &#8211;  Studio apartment with views of the coast\" class=\"img-responsive\" \/><\/a>\n                                    <\/div><div class=\"item lazy-load-item\">\n                                        <a href=\"https:\/\/fabrega.syspre.sysprovider.com\/en\/properties\/grifeu-12-estudi-vistes-muntanya-costa\/\"><img  data-lazy-load-src=\"https:\/\/fabrega.syspre.sysprovider.com\/wp-content\/uploads\/2023\/06\/6-Llanca-12-Grifeu-mesa-min-400x314.jpg\" alt=\"GRIFEU 12 &#8211;  Studio apartment with views of the coast\" class=\"img-responsive\" \/><\/a>\n                                    <\/div><div class=\"item lazy-load-item\">\n                                        <a href=\"https:\/\/fabrega.syspre.sysprovider.com\/en\/properties\/grifeu-12-estudi-vistes-muntanya-costa\/\"><img  data-lazy-load-src=\"https:\/\/fabrega.syspre.sysprovider.com\/wp-content\/uploads\/2023\/06\/7-Llanca-12-Grifeu-mesa-min-400x314.jpg\" alt=\"GRIFEU 12 &#8211;  Studio apartment with views of the coast\" class=\"img-responsive\" \/><\/a>\n                                    <\/div><div class=\"item lazy-load-item\">\n                                        <a href=\"https:\/\/fabrega.syspre.sysprovider.com\/en\/properties\/grifeu-12-estudi-vistes-muntanya-costa\/\"><img  data-lazy-load-src=\"https:\/\/fabrega.syspre.sysprovider.com\/wp-content\/uploads\/2023\/06\/08-Llanca-12-Grifeu-min-400x314.jpg\" alt=\"GRIFEU 12 &#8211;  Studio apartment with views of the coast\" class=\"img-responsive\" \/><\/a>\n                                    <\/div><div class=\"item lazy-load-item\">\n                                        <a href=\"https:\/\/fabrega.syspre.sysprovider.com\/en\/properties\/grifeu-12-estudi-vistes-muntanya-costa\/\"><img  data-lazy-load-src=\"https:\/\/fabrega.syspre.sysprovider.com\/wp-content\/uploads\/2023\/06\/17-Llanca-12-Grifeu-min-400x314.jpg\" alt=\"GRIFEU 12 &#8211;  Studio apartment with views of the coast\" class=\"img-responsive\" \/><\/a>\n                                    <\/div><div class=\"item lazy-load-item\">\n                                        <a href=\"https:\/\/fabrega.syspre.sysprovider.com\/en\/properties\/grifeu-12-estudi-vistes-muntanya-costa\/\"><img  data-lazy-load-src=\"https:\/\/fabrega.syspre.sysprovider.com\/wp-content\/uploads\/2023\/06\/3-Llanca-12-Grifeu-mesa-min-400x314.jpg\" alt=\"GRIFEU 12 &#8211;  Studio apartment with views of the coast\" class=\"img-responsive\" \/><\/a>\n                                    <\/div><div class=\"item lazy-load-item\">\n                                        <a href=\"https:\/\/fabrega.syspre.sysprovider.com\/en\/properties\/grifeu-12-estudi-vistes-muntanya-costa\/\"><img  data-lazy-load-src=\"https:\/\/fabrega.syspre.sysprovider.com\/wp-content\/uploads\/2023\/06\/09-Llanca-12-Grifeu-min-400x314.jpg\" alt=\"GRIFEU 12 &#8211;  Studio apartment with views of the coast\" class=\"img-responsive\" \/><\/a>\n                                    <\/div><div class=\"item lazy-load-item\">\n                                        <a href=\"https:\/\/fabrega.syspre.sysprovider.com\/en\/properties\/grifeu-12-estudi-vistes-muntanya-costa\/\"><img  data-lazy-load-src=\"https:\/\/fabrega.syspre.sysprovider.com\/wp-content\/uploads\/2023\/06\/10-Llanca-12-Grifeu-min-400x314.jpg\" alt=\"GRIFEU 12 &#8211;  Studio apartment with views of the coast\" class=\"img-responsive\" \/><\/a>\n                                    <\/div><div class=\"item lazy-load-item\">\n                                        <a href=\"https:\/\/fabrega.syspre.sysprovider.com\/en\/properties\/grifeu-12-estudi-vistes-muntanya-costa\/\"><img  data-lazy-load-src=\"https:\/\/fabrega.syspre.sysprovider.com\/wp-content\/uploads\/2023\/06\/11-Llanca-12-Grifeu-min-400x314.jpg\" alt=\"GRIFEU 12 &#8211;  Studio apartment with views of the coast\" class=\"img-responsive\" \/><\/a>\n                                    <\/div><div class=\"item lazy-load-item\">\n                                        <a href=\"https:\/\/fabrega.syspre.sysprovider.com\/en\/properties\/grifeu-12-estudi-vistes-muntanya-costa\/\"><img  data-lazy-load-src=\"https:\/\/fabrega.syspre.sysprovider.com\/wp-content\/uploads\/2023\/06\/12-Llanca-12-Grifeu-min-400x314.jpg\" alt=\"GRIFEU 12 &#8211;  Studio apartment with views of the coast\" class=\"img-responsive\" \/><\/a>\n                                    <\/div><div class=\"item lazy-load-item\">\n                                        <a href=\"https:\/\/fabrega.syspre.sysprovider.com\/en\/properties\/grifeu-12-estudi-vistes-muntanya-costa\/\"><img  data-lazy-load-src=\"https:\/\/fabrega.syspre.sysprovider.com\/wp-content\/uploads\/2023\/06\/13-Llanca-12-Grifeu-min-400x314.jpg\" alt=\"GRIFEU 12 &#8211;  Studio apartment with views of the coast\" class=\"img-responsive\" \/><\/a>\n                                    <\/div><div class=\"item lazy-load-item\">\n                                        <a href=\"https:\/\/fabrega.syspre.sysprovider.com\/en\/properties\/grifeu-12-estudi-vistes-muntanya-costa\/\"><img  data-lazy-load-src=\"https:\/\/fabrega.syspre.sysprovider.com\/wp-content\/uploads\/2023\/06\/2-Llanca-12-Grifeu-mesa-min-400x314.jpg\" alt=\"GRIFEU 12 &#8211;  Studio apartment with views of the coast\" class=\"img-responsive\" \/><\/a>\n                                    <\/div><div class=\"item lazy-load-item\">\n                                        <a href=\"https:\/\/fabrega.syspre.sysprovider.com\/en\/properties\/grifeu-12-estudi-vistes-muntanya-costa\/\"><img  data-lazy-load-src=\"https:\/\/fabrega.syspre.sysprovider.com\/wp-content\/uploads\/2023\/06\/16-Llanca-12-Grifeu-min-400x314.jpg\" alt=\"GRIFEU 12 &#8211;  Studio apartment with views of the coast\" class=\"img-responsive\" \/><\/a>\n                                    <\/div><div class=\"item lazy-load-item\">\n                                        <a href=\"https:\/\/fabrega.syspre.sysprovider.com\/en\/properties\/grifeu-12-estudi-vistes-muntanya-costa\/\"><img  data-lazy-load-src=\"https:\/\/fabrega.syspre.sysprovider.com\/wp-content\/uploads\/2023\/06\/9-Llanca-12-Grifeu-mesa-min-400x314.jpg\" alt=\"GRIFEU 12 &#8211;  Studio apartment with views of the coast\" class=\"img-responsive\" \/><\/a>\n                                    <\/div><div class=\"item lazy-load-item\">\n                                        <a href=\"https:\/\/fabrega.syspre.sysprovider.com\/en\/properties\/grifeu-12-estudi-vistes-muntanya-costa\/\"><img  data-lazy-load-src=\"https:\/\/fabrega.syspre.sysprovider.com\/wp-content\/uploads\/2023\/06\/18-Llanca-12-Grifeu-min-400x314.jpg\" alt=\"GRIFEU 12 &#8211;  Studio apartment with views of the coast\" class=\"img-responsive\" \/><\/a>\n                                    <\/div>\n                    <\/div><a href=\"https:\/\/fabrega.syspre.sysprovider.com\/en\/properties\/grifeu-12-estudi-vistes-muntanya-costa\/\"> <\/a><a class=\"left  carousel-control\" href=\"#property_unit_carousel_69eea2b2203b4\" data-slide=\"prev\">\n                        <i class=\"icon-left-open-big\"><\/i>\n                    <\/a>\n\n                    <a class=\"right  carousel-control\" href=\"#property_unit_carousel_69eea2b2203b4\" data-slide=\"next\">\n                        <i class=\"icon-right-open-big\"><\/i>\n                    <\/a><\/div><div class=\"price_unit_wrapper\"> <\/div><div class=\"price_unit\">From 51 \u20ac\/night<\/div><\/div>\n\n\n            <div class=\"property_status_wrapper\"><\/div>\n            <div class=\"title-container\">\n\n                <meta itemprop=\"ratingValue\" content=\"0\"\/><div class=rating_placeholder><\/div>\n                <div class=\"category_name\">\n                        <a  itemprop=\"url\"  href=\"https:\/\/fabrega.syspre.sysprovider.com\/en\/properties\/grifeu-12-estudi-vistes-muntanya-costa\/\"  class=\"listing_title_unit\" >\n    \n    \n   <span itemprop=\"name\">\n    GRIFEU 12 \u2013  Studio apartment with views of the coast    <\/span>\n<\/a>\n                    <div class=\"category_tagline actions_icon\">\n                        <a href=\"https:\/\/fabrega.syspre.sysprovider.com\/en\/listings\/tourist-apartments\/\" rel=\"tag\">Tourist apartments<\/a> \/ <a href=\"https:\/\/fabrega.syspre.sysprovider.com\/en\/action\/private-room-en\/\" rel=\"tag\">Apartament sencer<\/a>                    <\/div>\n\n                    <div class=\"category_tagline custom_details\">\n                       <div class=\"custom_listing_data\"><span class=\"custom_listing_data_label\">Hostes:<\/span>2<\/div><div class=\"custom_listing_data\"><i class=\"fas fa-bed\"><\/i>1<\/div><div class=\"custom_listing_data\"><i class=\"fas fa-bath\"><\/i>1<\/div>                    <\/div>\n                <\/div>\n\n\n            <\/div>\n            <\/div>\n<\/div>\n<\/li><li>\n<div itemscope itemtype=\"http:\/\/schema.org\/Product\" class=\"listing_wrapper col-md- shortcode-col property_unit_v3  property_flex propety_unit_3\" data-org=\"4\" data-listid=\"84841\" >\n    \n    <div class=\"property_listing\" >\n        \n\n            <div class=\"listing-unit-img-wrapper\">\n                <div id=\"property_unit_carousel_69eea2b2245bb\" class=\"carousel property_unit_carousel slide  \" data-ride=\"carousel\" data-interval=\"false\">\n                    <div class=\"carousel-inner\">\n                        <div class=\"item active\">\n                            <a href=\"https:\/\/fabrega.syspre.sysprovider.com\/en\/properties\/grifeu-13-house-with-terrace-and-panoramic-views-of-the-coast\/\"><img decoding=\"async\" itemprop=\"image\" src=\"https:\/\/fabrega.syspre.sysprovider.com\/wp-content\/uploads\/2025\/01\/06-Llanca-13-Grifeu-min-400x314.jpg\"   class=\"b-lazy img-responsive wp-post-image lazy-hidden\" alt=\"image\" \/><\/a>\n                        <\/div>\n                        <div class=\"item lazy-load-item\">\n                                        <a href=\"https:\/\/fabrega.syspre.sysprovider.com\/en\/properties\/grifeu-13-house-with-terrace-and-panoramic-views-of-the-coast\/\"><img  data-lazy-load-src=\"https:\/\/fabrega.syspre.sysprovider.com\/wp-content\/uploads\/2025\/01\/17-Llanca-13-Grifeu-min-1-400x314.jpg\" alt=\"GRIFEU 13 &#8211; House with terrace and panoramic views of the coast\" class=\"img-responsive\" \/><\/a>\n                                    <\/div><div class=\"item lazy-load-item\">\n                                        <a href=\"https:\/\/fabrega.syspre.sysprovider.com\/en\/properties\/grifeu-13-house-with-terrace-and-panoramic-views-of-the-coast\/\"><img  data-lazy-load-src=\"https:\/\/fabrega.syspre.sysprovider.com\/wp-content\/uploads\/2025\/01\/01-Llanca-13-Grifeu-min-400x314.jpg\" alt=\"GRIFEU 13 &#8211; House with terrace and panoramic views of the coast\" class=\"img-responsive\" \/><\/a>\n                                    <\/div><div class=\"item lazy-load-item\">\n                                        <a href=\"https:\/\/fabrega.syspre.sysprovider.com\/en\/properties\/grifeu-13-house-with-terrace-and-panoramic-views-of-the-coast\/\"><img  data-lazy-load-src=\"https:\/\/fabrega.syspre.sysprovider.com\/wp-content\/uploads\/2025\/01\/02-Llanca-13-Grifeu-min-400x314.jpg\" alt=\"GRIFEU 13 &#8211; House with terrace and panoramic views of the coast\" class=\"img-responsive\" \/><\/a>\n                                    <\/div><div class=\"item lazy-load-item\">\n                                        <a href=\"https:\/\/fabrega.syspre.sysprovider.com\/en\/properties\/grifeu-13-house-with-terrace-and-panoramic-views-of-the-coast\/\"><img  data-lazy-load-src=\"https:\/\/fabrega.syspre.sysprovider.com\/wp-content\/uploads\/2025\/01\/03-Llanca-13-Grifeu-min-400x314.jpg\" alt=\"GRIFEU 13 &#8211; House with terrace and panoramic views of the coast\" class=\"img-responsive\" \/><\/a>\n                                    <\/div><div class=\"item lazy-load-item\">\n                                        <a href=\"https:\/\/fabrega.syspre.sysprovider.com\/en\/properties\/grifeu-13-house-with-terrace-and-panoramic-views-of-the-coast\/\"><img  data-lazy-load-src=\"https:\/\/fabrega.syspre.sysprovider.com\/wp-content\/uploads\/2025\/01\/04-Llanca-13-Grifeu-min-400x314.jpg\" alt=\"GRIFEU 13 &#8211; House with terrace and panoramic views of the coast\" class=\"img-responsive\" \/><\/a>\n                                    <\/div><div class=\"item lazy-load-item\">\n                                        <a href=\"https:\/\/fabrega.syspre.sysprovider.com\/en\/properties\/grifeu-13-house-with-terrace-and-panoramic-views-of-the-coast\/\"><img  data-lazy-load-src=\"https:\/\/fabrega.syspre.sysprovider.com\/wp-content\/uploads\/2025\/01\/05-Llanca-13-Grifeu-min-400x314.jpg\" alt=\"GRIFEU 13 &#8211; House with terrace and panoramic views of the coast\" class=\"img-responsive\" \/><\/a>\n                                    <\/div><div class=\"item lazy-load-item\">\n                                        <a href=\"https:\/\/fabrega.syspre.sysprovider.com\/en\/properties\/grifeu-13-house-with-terrace-and-panoramic-views-of-the-coast\/\"><img  data-lazy-load-src=\"https:\/\/fabrega.syspre.sysprovider.com\/wp-content\/uploads\/2025\/01\/07-Llanca-13-Grifeu-min-400x314.jpg\" alt=\"GRIFEU 13 &#8211; House with terrace and panoramic views of the coast\" class=\"img-responsive\" \/><\/a>\n                                    <\/div><div class=\"item lazy-load-item\">\n                                        <a href=\"https:\/\/fabrega.syspre.sysprovider.com\/en\/properties\/grifeu-13-house-with-terrace-and-panoramic-views-of-the-coast\/\"><img  data-lazy-load-src=\"https:\/\/fabrega.syspre.sysprovider.com\/wp-content\/uploads\/2025\/01\/08-Llanca-13-Grifeu-min-400x314.jpg\" alt=\"GRIFEU 13 &#8211; House with terrace and panoramic views of the coast\" class=\"img-responsive\" \/><\/a>\n                                    <\/div><div class=\"item lazy-load-item\">\n                                        <a href=\"https:\/\/fabrega.syspre.sysprovider.com\/en\/properties\/grifeu-13-house-with-terrace-and-panoramic-views-of-the-coast\/\"><img  data-lazy-load-src=\"https:\/\/fabrega.syspre.sysprovider.com\/wp-content\/uploads\/2025\/01\/09-Llanca-13-Grifeu-min-400x314.jpg\" alt=\"GRIFEU 13 &#8211; House with terrace and panoramic views of the coast\" class=\"img-responsive\" \/><\/a>\n                                    <\/div><div class=\"item lazy-load-item\">\n                                        <a href=\"https:\/\/fabrega.syspre.sysprovider.com\/en\/properties\/grifeu-13-house-with-terrace-and-panoramic-views-of-the-coast\/\"><img  data-lazy-load-src=\"https:\/\/fabrega.syspre.sysprovider.com\/wp-content\/uploads\/2025\/01\/10-Llanca-13-Grifeu-min-400x314.jpg\" alt=\"GRIFEU 13 &#8211; House with terrace and panoramic views of the coast\" class=\"img-responsive\" \/><\/a>\n                                    <\/div><div class=\"item lazy-load-item\">\n                                        <a href=\"https:\/\/fabrega.syspre.sysprovider.com\/en\/properties\/grifeu-13-house-with-terrace-and-panoramic-views-of-the-coast\/\"><img  data-lazy-load-src=\"https:\/\/fabrega.syspre.sysprovider.com\/wp-content\/uploads\/2025\/01\/11-Llanca-13-Grifeu-min-400x314.jpg\" alt=\"GRIFEU 13 &#8211; House with terrace and panoramic views of the coast\" class=\"img-responsive\" \/><\/a>\n                                    <\/div><div class=\"item lazy-load-item\">\n                                        <a href=\"https:\/\/fabrega.syspre.sysprovider.com\/en\/properties\/grifeu-13-house-with-terrace-and-panoramic-views-of-the-coast\/\"><img  data-lazy-load-src=\"https:\/\/fabrega.syspre.sysprovider.com\/wp-content\/uploads\/2025\/01\/12-Llanca-13-Grifeu-min-400x314.jpg\" alt=\"GRIFEU 13 &#8211; House with terrace and panoramic views of the coast\" class=\"img-responsive\" \/><\/a>\n                                    <\/div><div class=\"item lazy-load-item\">\n                                        <a href=\"https:\/\/fabrega.syspre.sysprovider.com\/en\/properties\/grifeu-13-house-with-terrace-and-panoramic-views-of-the-coast\/\"><img  data-lazy-load-src=\"https:\/\/fabrega.syspre.sysprovider.com\/wp-content\/uploads\/2025\/01\/13-Llanca-13-Grifeu-min-400x314.jpg\" alt=\"GRIFEU 13 &#8211; House with terrace and panoramic views of the coast\" class=\"img-responsive\" \/><\/a>\n                                    <\/div><div class=\"item lazy-load-item\">\n                                        <a href=\"https:\/\/fabrega.syspre.sysprovider.com\/en\/properties\/grifeu-13-house-with-terrace-and-panoramic-views-of-the-coast\/\"><img  data-lazy-load-src=\"https:\/\/fabrega.syspre.sysprovider.com\/wp-content\/uploads\/2025\/01\/14-Llanca-13-Grifeu-min-400x314.jpg\" alt=\"GRIFEU 13 &#8211; House with terrace and panoramic views of the coast\" class=\"img-responsive\" \/><\/a>\n                                    <\/div><div class=\"item lazy-load-item\">\n                                        <a href=\"https:\/\/fabrega.syspre.sysprovider.com\/en\/properties\/grifeu-13-house-with-terrace-and-panoramic-views-of-the-coast\/\"><img  data-lazy-load-src=\"https:\/\/fabrega.syspre.sysprovider.com\/wp-content\/uploads\/2025\/01\/15-Llanca-13-Grifeu-min-400x314.jpg\" alt=\"GRIFEU 13 &#8211; House with terrace and panoramic views of the coast\" class=\"img-responsive\" \/><\/a>\n                                    <\/div><div class=\"item lazy-load-item\">\n                                        <a href=\"https:\/\/fabrega.syspre.sysprovider.com\/en\/properties\/grifeu-13-house-with-terrace-and-panoramic-views-of-the-coast\/\"><img  data-lazy-load-src=\"https:\/\/fabrega.syspre.sysprovider.com\/wp-content\/uploads\/2025\/01\/16-Llanca-13-Grifeu-min-400x314.jpg\" alt=\"GRIFEU 13 &#8211; House with terrace and panoramic views of the coast\" class=\"img-responsive\" \/><\/a>\n                                    <\/div><div class=\"item lazy-load-item\">\n                                        <a href=\"https:\/\/fabrega.syspre.sysprovider.com\/en\/properties\/grifeu-13-house-with-terrace-and-panoramic-views-of-the-coast\/\"><img  data-lazy-load-src=\"https:\/\/fabrega.syspre.sysprovider.com\/wp-content\/uploads\/2025\/01\/17-Llanca-13-Grifeu-min-400x314.jpg\" alt=\"GRIFEU 13 &#8211; House with terrace and panoramic views of the coast\" class=\"img-responsive\" \/><\/a>\n                                    <\/div><div class=\"item lazy-load-item\">\n                                        <a href=\"https:\/\/fabrega.syspre.sysprovider.com\/en\/properties\/grifeu-13-house-with-terrace-and-panoramic-views-of-the-coast\/\"><img  data-lazy-load-src=\"https:\/\/fabrega.syspre.sysprovider.com\/wp-content\/uploads\/2025\/01\/18-Llanca-13-Grifeu-min-400x314.jpg\" alt=\"GRIFEU 13 &#8211; House with terrace and panoramic views of the coast\" class=\"img-responsive\" \/><\/a>\n                                    <\/div><div class=\"item lazy-load-item\">\n                                        <a href=\"https:\/\/fabrega.syspre.sysprovider.com\/en\/properties\/grifeu-13-house-with-terrace-and-panoramic-views-of-the-coast\/\"><img  data-lazy-load-src=\"https:\/\/fabrega.syspre.sysprovider.com\/wp-content\/uploads\/2025\/01\/19-Llanca-13-Grifeu-min-400x314.jpg\" alt=\"GRIFEU 13 &#8211; House with terrace and panoramic views of the coast\" class=\"img-responsive\" \/><\/a>\n                                    <\/div><div class=\"item lazy-load-item\">\n                                        <a href=\"https:\/\/fabrega.syspre.sysprovider.com\/en\/properties\/grifeu-13-house-with-terrace-and-panoramic-views-of-the-coast\/\"><img  data-lazy-load-src=\"https:\/\/fabrega.syspre.sysprovider.com\/wp-content\/uploads\/2025\/01\/20-Llanca-13-Grifeu-min-400x314.jpg\" alt=\"GRIFEU 13 &#8211; House with terrace and panoramic views of the coast\" class=\"img-responsive\" \/><\/a>\n                                    <\/div><div class=\"item lazy-load-item\">\n                                        <a href=\"https:\/\/fabrega.syspre.sysprovider.com\/en\/properties\/grifeu-13-house-with-terrace-and-panoramic-views-of-the-coast\/\"><img  data-lazy-load-src=\"https:\/\/fabrega.syspre.sysprovider.com\/wp-content\/uploads\/2025\/01\/21-Llanca-13-Grifeu-min-400x314.jpg\" alt=\"GRIFEU 13 &#8211; House with terrace and panoramic views of the coast\" class=\"img-responsive\" \/><\/a>\n                                    <\/div><div class=\"item lazy-load-item\">\n                                        <a href=\"https:\/\/fabrega.syspre.sysprovider.com\/en\/properties\/grifeu-13-house-with-terrace-and-panoramic-views-of-the-coast\/\"><img  data-lazy-load-src=\"https:\/\/fabrega.syspre.sysprovider.com\/wp-content\/uploads\/2025\/01\/22-Llanca-13-Grifeu-min-400x314.jpg\" alt=\"GRIFEU 13 &#8211; House with terrace and panoramic views of the coast\" class=\"img-responsive\" \/><\/a>\n                                    <\/div><div class=\"item lazy-load-item\">\n                                        <a href=\"https:\/\/fabrega.syspre.sysprovider.com\/en\/properties\/grifeu-13-house-with-terrace-and-panoramic-views-of-the-coast\/\"><img  data-lazy-load-src=\"https:\/\/fabrega.syspre.sysprovider.com\/wp-content\/uploads\/2025\/01\/23-Llanca-13-Grifeu-min-400x314.jpg\" alt=\"GRIFEU 13 &#8211; House with terrace and panoramic views of the coast\" class=\"img-responsive\" \/><\/a>\n                                    <\/div><div class=\"item lazy-load-item\">\n                                        <a href=\"https:\/\/fabrega.syspre.sysprovider.com\/en\/properties\/grifeu-13-house-with-terrace-and-panoramic-views-of-the-coast\/\"><img  data-lazy-load-src=\"https:\/\/fabrega.syspre.sysprovider.com\/wp-content\/uploads\/2025\/01\/24-Llanca-13-Grifeu-min-400x314.jpg\" alt=\"GRIFEU 13 &#8211; House with terrace and panoramic views of the coast\" class=\"img-responsive\" \/><\/a>\n                                    <\/div><div class=\"item lazy-load-item\">\n                                        <a href=\"https:\/\/fabrega.syspre.sysprovider.com\/en\/properties\/grifeu-13-house-with-terrace-and-panoramic-views-of-the-coast\/\"><img  data-lazy-load-src=\"https:\/\/fabrega.syspre.sysprovider.com\/wp-content\/uploads\/2025\/01\/25-Llanca-13-Grifeu-min-400x314.jpg\" alt=\"GRIFEU 13 &#8211; House with terrace and panoramic views of the coast\" class=\"img-responsive\" \/><\/a>\n                                    <\/div><div class=\"item lazy-load-item\">\n                                        <a href=\"https:\/\/fabrega.syspre.sysprovider.com\/en\/properties\/grifeu-13-house-with-terrace-and-panoramic-views-of-the-coast\/\"><img  data-lazy-load-src=\"https:\/\/fabrega.syspre.sysprovider.com\/wp-content\/uploads\/2025\/01\/26-Llanca-13-Grifeu-min-400x314.jpg\" alt=\"GRIFEU 13 &#8211; House with terrace and panoramic views of the coast\" class=\"img-responsive\" \/><\/a>\n                                    <\/div><div class=\"item lazy-load-item\">\n                                        <a href=\"https:\/\/fabrega.syspre.sysprovider.com\/en\/properties\/grifeu-13-house-with-terrace-and-panoramic-views-of-the-coast\/\"><img  data-lazy-load-src=\"https:\/\/fabrega.syspre.sysprovider.com\/wp-content\/uploads\/2025\/01\/27-Llanca-13-Grifeu-min-400x314.jpg\" alt=\"GRIFEU 13 &#8211; House with terrace and panoramic views of the coast\" class=\"img-responsive\" \/><\/a>\n                                    <\/div><div class=\"item lazy-load-item\">\n                                        <a href=\"https:\/\/fabrega.syspre.sysprovider.com\/en\/properties\/grifeu-13-house-with-terrace-and-panoramic-views-of-the-coast\/\"><img  data-lazy-load-src=\"https:\/\/fabrega.syspre.sysprovider.com\/wp-content\/uploads\/2025\/01\/28-Llanca-13-Grifeu-min-400x314.jpg\" alt=\"GRIFEU 13 &#8211; House with terrace and panoramic views of the coast\" class=\"img-responsive\" \/><\/a>\n                                    <\/div><div class=\"item lazy-load-item\">\n                                        <a href=\"https:\/\/fabrega.syspre.sysprovider.com\/en\/properties\/grifeu-13-house-with-terrace-and-panoramic-views-of-the-coast\/\"><img  data-lazy-load-src=\"https:\/\/fabrega.syspre.sysprovider.com\/wp-content\/uploads\/2025\/01\/29-Llanca-13-Grifeu-min-400x314.jpg\" alt=\"GRIFEU 13 &#8211; House with terrace and panoramic views of the coast\" class=\"img-responsive\" \/><\/a>\n                                    <\/div><div class=\"item lazy-load-item\">\n                                        <a href=\"https:\/\/fabrega.syspre.sysprovider.com\/en\/properties\/grifeu-13-house-with-terrace-and-panoramic-views-of-the-coast\/\"><img  data-lazy-load-src=\"https:\/\/fabrega.syspre.sysprovider.com\/wp-content\/uploads\/2025\/01\/30-Llanca-13-Grifeu-min-400x314.jpg\" alt=\"GRIFEU 13 &#8211; House with terrace and panoramic views of the coast\" class=\"img-responsive\" \/><\/a>\n                                    <\/div><div class=\"item lazy-load-item\">\n                                        <a href=\"https:\/\/fabrega.syspre.sysprovider.com\/en\/properties\/grifeu-13-house-with-terrace-and-panoramic-views-of-the-coast\/\"><img  data-lazy-load-src=\"https:\/\/fabrega.syspre.sysprovider.com\/wp-content\/uploads\/2025\/01\/31-Llanca-13-Grifeu-min-400x314.jpg\" alt=\"GRIFEU 13 &#8211; House with terrace and panoramic views of the coast\" class=\"img-responsive\" \/><\/a>\n                                    <\/div><div class=\"item lazy-load-item\">\n                                        <a href=\"https:\/\/fabrega.syspre.sysprovider.com\/en\/properties\/grifeu-13-house-with-terrace-and-panoramic-views-of-the-coast\/\"><img  data-lazy-load-src=\"https:\/\/fabrega.syspre.sysprovider.com\/wp-content\/uploads\/2025\/01\/32-Llanca-13-Grifeu-min-400x314.jpg\" alt=\"GRIFEU 13 &#8211; House with terrace and panoramic views of the coast\" class=\"img-responsive\" \/><\/a>\n                                    <\/div><div class=\"item lazy-load-item\">\n                                        <a href=\"https:\/\/fabrega.syspre.sysprovider.com\/en\/properties\/grifeu-13-house-with-terrace-and-panoramic-views-of-the-coast\/\"><img  data-lazy-load-src=\"https:\/\/fabrega.syspre.sysprovider.com\/wp-content\/uploads\/2025\/01\/33-Llanca-13-Grifeu-min-400x314.jpg\" alt=\"GRIFEU 13 &#8211; House with terrace and panoramic views of the coast\" class=\"img-responsive\" \/><\/a>\n                                    <\/div><div class=\"item lazy-load-item\">\n                                        <a href=\"https:\/\/fabrega.syspre.sysprovider.com\/en\/properties\/grifeu-13-house-with-terrace-and-panoramic-views-of-the-coast\/\"><img  data-lazy-load-src=\"https:\/\/fabrega.syspre.sysprovider.com\/wp-content\/uploads\/2025\/01\/34-Llanca-13-Grifeu-min-400x314.jpg\" alt=\"GRIFEU 13 &#8211; House with terrace and panoramic views of the coast\" class=\"img-responsive\" \/><\/a>\n                                    <\/div><div class=\"item lazy-load-item\">\n                                        <a href=\"https:\/\/fabrega.syspre.sysprovider.com\/en\/properties\/grifeu-13-house-with-terrace-and-panoramic-views-of-the-coast\/\"><img  data-lazy-load-src=\"https:\/\/fabrega.syspre.sysprovider.com\/wp-content\/uploads\/2025\/01\/35-Llanca-13-Grifeu-min-400x314.jpg\" alt=\"GRIFEU 13 &#8211; House with terrace and panoramic views of the coast\" class=\"img-responsive\" \/><\/a>\n                                    <\/div><div class=\"item lazy-load-item\">\n                                        <a href=\"https:\/\/fabrega.syspre.sysprovider.com\/en\/properties\/grifeu-13-house-with-terrace-and-panoramic-views-of-the-coast\/\"><img  data-lazy-load-src=\"https:\/\/fabrega.syspre.sysprovider.com\/wp-content\/uploads\/2025\/01\/36-Llanca-13-Grifeu-min-400x314.jpg\" alt=\"GRIFEU 13 &#8211; House with terrace and panoramic views of the coast\" class=\"img-responsive\" \/><\/a>\n                                    <\/div><div class=\"item lazy-load-item\">\n                                        <a href=\"https:\/\/fabrega.syspre.sysprovider.com\/en\/properties\/grifeu-13-house-with-terrace-and-panoramic-views-of-the-coast\/\"><img  data-lazy-load-src=\"https:\/\/fabrega.syspre.sysprovider.com\/wp-content\/uploads\/2025\/01\/37-Llanca-13-Grifeu-min-400x314.jpg\" alt=\"GRIFEU 13 &#8211; House with terrace and panoramic views of the coast\" class=\"img-responsive\" \/><\/a>\n                                    <\/div>\n                    <\/div><a href=\"https:\/\/fabrega.syspre.sysprovider.com\/en\/properties\/grifeu-13-house-with-terrace-and-panoramic-views-of-the-coast\/\"> <\/a><a class=\"left  carousel-control\" href=\"#property_unit_carousel_69eea2b2245bb\" data-slide=\"prev\">\n                        <i class=\"icon-left-open-big\"><\/i>\n                    <\/a>\n\n                    <a class=\"right  carousel-control\" href=\"#property_unit_carousel_69eea2b2245bb\" data-slide=\"next\">\n                        <i class=\"icon-right-open-big\"><\/i>\n                    <\/a><\/div><div class=\"price_unit_wrapper\"> <\/div><div class=\"price_unit\">From 268 \u20ac\/night<\/div><\/div>\n\n\n            <div class=\"property_status_wrapper\"><\/div>\n            <div class=\"title-container\">\n\n                <meta itemprop=\"ratingValue\" content=\"0\"\/><div class=rating_placeholder><\/div>\n                <div class=\"category_name\">\n                        <a  itemprop=\"url\"  href=\"https:\/\/fabrega.syspre.sysprovider.com\/en\/properties\/grifeu-13-house-with-terrace-and-panoramic-views-of-the-coast\/\"  class=\"listing_title_unit\" >\n    \n    \n   <span itemprop=\"name\">\n    GRIFEU 13 \u2013 House with terrace and panoramic views of the co    <\/span>\n<\/a>\n                    <div class=\"category_tagline actions_icon\">\n                        <a href=\"https:\/\/fabrega.syspre.sysprovider.com\/en\/listings\/lloguer-temporal-en\/\" rel=\"tag\">Lloguer Temporal<\/a> \/                    <\/div>\n\n                    <div class=\"category_tagline custom_details\">\n                       <div class=\"custom_listing_data\"><span class=\"custom_listing_data_label\">Hostes:<\/span>8<\/div><div class=\"custom_listing_data\"><i class=\"fas fa-bed\"><\/i>4<\/div><div class=\"custom_listing_data\"><i class=\"fas fa-bath\"><\/i>2<\/div>                    <\/div>\n                <\/div>\n\n\n            <\/div>\n            <\/div>\n<\/div>\n<\/li><li>\n<div itemscope itemtype=\"http:\/\/schema.org\/Product\" class=\"listing_wrapper col-md- shortcode-col property_unit_v3  property_flex propety_unit_3\" data-org=\"4\" data-listid=\"89238\" >\n    \n    <div class=\"property_listing\" >\n        \n\n            <div class=\"listing-unit-img-wrapper\">\n                <div id=\"property_unit_carousel_69eea2b227c48\" class=\"carousel property_unit_carousel slide  \" data-ride=\"carousel\" data-interval=\"false\">\n                    <div class=\"carousel-inner\">\n                        <div class=\"item active\">\n                            <a href=\"https:\/\/fabrega.syspre.sysprovider.com\/en\/properties\/grifeu-13-1-duplex-apartment-with-2-terraces-and-views\/\"><img decoding=\"async\" itemprop=\"image\" src=\"https:\/\/fabrega.syspre.sysprovider.com\/wp-content\/uploads\/2025\/10\/09-Llanca-13.1-Grifeu-min-400x314.jpg\"   class=\"b-lazy img-responsive wp-post-image lazy-hidden\" alt=\"image\" \/><\/a>\n                        <\/div>\n                        <div class=\"item lazy-load-item\">\n                                        <a href=\"https:\/\/fabrega.syspre.sysprovider.com\/en\/properties\/grifeu-13-1-duplex-apartment-with-2-terraces-and-views\/\"><img  data-lazy-load-src=\"https:\/\/fabrega.syspre.sysprovider.com\/wp-content\/uploads\/2025\/10\/01-Llanca-13.1-Grifeu-min-400x314.jpg\" alt=\"GRIFEU 13.1 &#8211; Duplex apartment with 2 terraces and views\" class=\"img-responsive\" \/><\/a>\n                                    <\/div><div class=\"item lazy-load-item\">\n                                        <a href=\"https:\/\/fabrega.syspre.sysprovider.com\/en\/properties\/grifeu-13-1-duplex-apartment-with-2-terraces-and-views\/\"><img  data-lazy-load-src=\"https:\/\/fabrega.syspre.sysprovider.com\/wp-content\/uploads\/2025\/10\/02-Llanca-13.1-Grifeu-min-400x314.jpg\" alt=\"GRIFEU 13.1 &#8211; Duplex apartment with 2 terraces and views\" class=\"img-responsive\" \/><\/a>\n                                    <\/div><div class=\"item lazy-load-item\">\n                                        <a href=\"https:\/\/fabrega.syspre.sysprovider.com\/en\/properties\/grifeu-13-1-duplex-apartment-with-2-terraces-and-views\/\"><img  data-lazy-load-src=\"https:\/\/fabrega.syspre.sysprovider.com\/wp-content\/uploads\/2025\/10\/03-Llanca-13.1-Grifeu-min-400x314.jpg\" alt=\"GRIFEU 13.1 &#8211; Duplex apartment with 2 terraces and views\" class=\"img-responsive\" \/><\/a>\n                                    <\/div><div class=\"item lazy-load-item\">\n                                        <a href=\"https:\/\/fabrega.syspre.sysprovider.com\/en\/properties\/grifeu-13-1-duplex-apartment-with-2-terraces-and-views\/\"><img  data-lazy-load-src=\"https:\/\/fabrega.syspre.sysprovider.com\/wp-content\/uploads\/2025\/10\/04-Llanca-13.1-Grifeu-min-400x314.jpg\" alt=\"GRIFEU 13.1 &#8211; Duplex apartment with 2 terraces and views\" class=\"img-responsive\" \/><\/a>\n                                    <\/div><div class=\"item lazy-load-item\">\n                                        <a href=\"https:\/\/fabrega.syspre.sysprovider.com\/en\/properties\/grifeu-13-1-duplex-apartment-with-2-terraces-and-views\/\"><img  data-lazy-load-src=\"https:\/\/fabrega.syspre.sysprovider.com\/wp-content\/uploads\/2025\/10\/05-Llanca-13.1-Grifeu-min-400x314.jpg\" alt=\"GRIFEU 13.1 &#8211; Duplex apartment with 2 terraces and views\" class=\"img-responsive\" \/><\/a>\n                                    <\/div><div class=\"item lazy-load-item\">\n                                        <a href=\"https:\/\/fabrega.syspre.sysprovider.com\/en\/properties\/grifeu-13-1-duplex-apartment-with-2-terraces-and-views\/\"><img  data-lazy-load-src=\"https:\/\/fabrega.syspre.sysprovider.com\/wp-content\/uploads\/2025\/10\/06-Llanca-13.1-Grifeu-min-400x314.jpg\" alt=\"GRIFEU 13.1 &#8211; Duplex apartment with 2 terraces and views\" class=\"img-responsive\" \/><\/a>\n                                    <\/div><div class=\"item lazy-load-item\">\n                                        <a href=\"https:\/\/fabrega.syspre.sysprovider.com\/en\/properties\/grifeu-13-1-duplex-apartment-with-2-terraces-and-views\/\"><img  data-lazy-load-src=\"https:\/\/fabrega.syspre.sysprovider.com\/wp-content\/uploads\/2025\/10\/07-Llanca-13.1-Grifeu-min-400x314.jpg\" alt=\"GRIFEU 13.1 &#8211; Duplex apartment with 2 terraces and views\" class=\"img-responsive\" \/><\/a>\n                                    <\/div><div class=\"item lazy-load-item\">\n                                        <a href=\"https:\/\/fabrega.syspre.sysprovider.com\/en\/properties\/grifeu-13-1-duplex-apartment-with-2-terraces-and-views\/\"><img  data-lazy-load-src=\"https:\/\/fabrega.syspre.sysprovider.com\/wp-content\/uploads\/2025\/10\/08-Llanca-13.1-Grifeu-min-400x314.jpg\" alt=\"GRIFEU 13.1 &#8211; Duplex apartment with 2 terraces and views\" class=\"img-responsive\" \/><\/a>\n                                    <\/div><div class=\"item lazy-load-item\">\n                                        <a href=\"https:\/\/fabrega.syspre.sysprovider.com\/en\/properties\/grifeu-13-1-duplex-apartment-with-2-terraces-and-views\/\"><img  data-lazy-load-src=\"https:\/\/fabrega.syspre.sysprovider.com\/wp-content\/uploads\/2025\/10\/10-Llanca-13.1-Grifeu-min-400x314.jpg\" alt=\"GRIFEU 13.1 &#8211; Duplex apartment with 2 terraces and views\" class=\"img-responsive\" \/><\/a>\n                                    <\/div><div class=\"item lazy-load-item\">\n                                        <a href=\"https:\/\/fabrega.syspre.sysprovider.com\/en\/properties\/grifeu-13-1-duplex-apartment-with-2-terraces-and-views\/\"><img  data-lazy-load-src=\"https:\/\/fabrega.syspre.sysprovider.com\/wp-content\/uploads\/2025\/10\/11-Llanca-13.1-Grifeu-min-400x314.jpg\" alt=\"GRIFEU 13.1 &#8211; Duplex apartment with 2 terraces and views\" class=\"img-responsive\" \/><\/a>\n                                    <\/div><div class=\"item lazy-load-item\">\n                                        <a href=\"https:\/\/fabrega.syspre.sysprovider.com\/en\/properties\/grifeu-13-1-duplex-apartment-with-2-terraces-and-views\/\"><img  data-lazy-load-src=\"https:\/\/fabrega.syspre.sysprovider.com\/wp-content\/uploads\/2025\/10\/12-Llanca-13.1-Grifeu-min-400x314.jpg\" alt=\"GRIFEU 13.1 &#8211; Duplex apartment with 2 terraces and views\" class=\"img-responsive\" \/><\/a>\n                                    <\/div><div class=\"item lazy-load-item\">\n                                        <a href=\"https:\/\/fabrega.syspre.sysprovider.com\/en\/properties\/grifeu-13-1-duplex-apartment-with-2-terraces-and-views\/\"><img  data-lazy-load-src=\"https:\/\/fabrega.syspre.sysprovider.com\/wp-content\/uploads\/2025\/10\/13-Llanca-13.1-Grifeu-min-400x314.jpg\" alt=\"GRIFEU 13.1 &#8211; Duplex apartment with 2 terraces and views\" class=\"img-responsive\" \/><\/a>\n                                    <\/div><div class=\"item lazy-load-item\">\n                                        <a href=\"https:\/\/fabrega.syspre.sysprovider.com\/en\/properties\/grifeu-13-1-duplex-apartment-with-2-terraces-and-views\/\"><img  data-lazy-load-src=\"https:\/\/fabrega.syspre.sysprovider.com\/wp-content\/uploads\/2025\/10\/14-Llanca-13.1-Grifeu-min-400x314.jpg\" alt=\"GRIFEU 13.1 &#8211; Duplex apartment with 2 terraces and views\" class=\"img-responsive\" \/><\/a>\n                                    <\/div><div class=\"item lazy-load-item\">\n                                        <a href=\"https:\/\/fabrega.syspre.sysprovider.com\/en\/properties\/grifeu-13-1-duplex-apartment-with-2-terraces-and-views\/\"><img  data-lazy-load-src=\"https:\/\/fabrega.syspre.sysprovider.com\/wp-content\/uploads\/2025\/10\/15-Llanca-13.1-Grifeu-min-400x314.jpg\" alt=\"GRIFEU 13.1 &#8211; Duplex apartment with 2 terraces and views\" class=\"img-responsive\" \/><\/a>\n                                    <\/div><div class=\"item lazy-load-item\">\n                                        <a href=\"https:\/\/fabrega.syspre.sysprovider.com\/en\/properties\/grifeu-13-1-duplex-apartment-with-2-terraces-and-views\/\"><img  data-lazy-load-src=\"https:\/\/fabrega.syspre.sysprovider.com\/wp-content\/uploads\/2025\/10\/16-Llanca-13.1-Grifeu-min-400x314.jpg\" alt=\"GRIFEU 13.1 &#8211; Duplex apartment with 2 terraces and views\" class=\"img-responsive\" \/><\/a>\n                                    <\/div><div class=\"item lazy-load-item\">\n                                        <a href=\"https:\/\/fabrega.syspre.sysprovider.com\/en\/properties\/grifeu-13-1-duplex-apartment-with-2-terraces-and-views\/\"><img  data-lazy-load-src=\"https:\/\/fabrega.syspre.sysprovider.com\/wp-content\/uploads\/2025\/10\/17-Llanca-13.1-Grifeu-min-400x314.jpg\" alt=\"GRIFEU 13.1 &#8211; Duplex apartment with 2 terraces and views\" class=\"img-responsive\" \/><\/a>\n                                    <\/div><div class=\"item lazy-load-item\">\n                                        <a href=\"https:\/\/fabrega.syspre.sysprovider.com\/en\/properties\/grifeu-13-1-duplex-apartment-with-2-terraces-and-views\/\"><img  data-lazy-load-src=\"https:\/\/fabrega.syspre.sysprovider.com\/wp-content\/uploads\/2025\/10\/18-Llanca-13.1-Grifeu-min-400x314.jpg\" alt=\"GRIFEU 13.1 &#8211; Duplex apartment with 2 terraces and views\" class=\"img-responsive\" \/><\/a>\n                                    <\/div><div class=\"item lazy-load-item\">\n                                        <a href=\"https:\/\/fabrega.syspre.sysprovider.com\/en\/properties\/grifeu-13-1-duplex-apartment-with-2-terraces-and-views\/\"><img  data-lazy-load-src=\"https:\/\/fabrega.syspre.sysprovider.com\/wp-content\/uploads\/2025\/10\/19-Llanca-13.1-Grifeu-min-400x314.jpg\" alt=\"GRIFEU 13.1 &#8211; Duplex apartment with 2 terraces and views\" class=\"img-responsive\" \/><\/a>\n                                    <\/div><div class=\"item lazy-load-item\">\n                                        <a href=\"https:\/\/fabrega.syspre.sysprovider.com\/en\/properties\/grifeu-13-1-duplex-apartment-with-2-terraces-and-views\/\"><img  data-lazy-load-src=\"https:\/\/fabrega.syspre.sysprovider.com\/wp-content\/uploads\/2025\/10\/20-Llanca-13.1-Grifeu-min-400x314.jpg\" alt=\"GRIFEU 13.1 &#8211; Duplex apartment with 2 terraces and views\" class=\"img-responsive\" \/><\/a>\n                                    <\/div><div class=\"item lazy-load-item\">\n                                        <a href=\"https:\/\/fabrega.syspre.sysprovider.com\/en\/properties\/grifeu-13-1-duplex-apartment-with-2-terraces-and-views\/\"><img  data-lazy-load-src=\"https:\/\/fabrega.syspre.sysprovider.com\/wp-content\/uploads\/2025\/10\/21-Llanca-13.1-Grifeu-min-400x314.jpg\" alt=\"GRIFEU 13.1 &#8211; Duplex apartment with 2 terraces and views\" class=\"img-responsive\" \/><\/a>\n                                    <\/div><div class=\"item lazy-load-item\">\n                                        <a href=\"https:\/\/fabrega.syspre.sysprovider.com\/en\/properties\/grifeu-13-1-duplex-apartment-with-2-terraces-and-views\/\"><img  data-lazy-load-src=\"https:\/\/fabrega.syspre.sysprovider.com\/wp-content\/uploads\/2025\/10\/22-Llanca-13.1-Grifeu-min-400x314.jpg\" alt=\"GRIFEU 13.1 &#8211; Duplex apartment with 2 terraces and views\" class=\"img-responsive\" \/><\/a>\n                                    <\/div><div class=\"item lazy-load-item\">\n                                        <a href=\"https:\/\/fabrega.syspre.sysprovider.com\/en\/properties\/grifeu-13-1-duplex-apartment-with-2-terraces-and-views\/\"><img  data-lazy-load-src=\"https:\/\/fabrega.syspre.sysprovider.com\/wp-content\/uploads\/2025\/10\/23-Llanca-13.1-Grifeu-min-400x314.jpg\" alt=\"GRIFEU 13.1 &#8211; Duplex apartment with 2 terraces and views\" class=\"img-responsive\" \/><\/a>\n                                    <\/div><div class=\"item lazy-load-item\">\n                                        <a href=\"https:\/\/fabrega.syspre.sysprovider.com\/en\/properties\/grifeu-13-1-duplex-apartment-with-2-terraces-and-views\/\"><img  data-lazy-load-src=\"https:\/\/fabrega.syspre.sysprovider.com\/wp-content\/uploads\/2025\/10\/24-Llanca-13.1-Grifeu-min-400x314.jpg\" alt=\"GRIFEU 13.1 &#8211; Duplex apartment with 2 terraces and views\" class=\"img-responsive\" \/><\/a>\n                                    <\/div><div class=\"item lazy-load-item\">\n                                        <a href=\"https:\/\/fabrega.syspre.sysprovider.com\/en\/properties\/grifeu-13-1-duplex-apartment-with-2-terraces-and-views\/\"><img  data-lazy-load-src=\"https:\/\/fabrega.syspre.sysprovider.com\/wp-content\/uploads\/2025\/10\/25-Llanca-13.1-Grifeu-min-400x314.jpg\" alt=\"GRIFEU 13.1 &#8211; Duplex apartment with 2 terraces and views\" class=\"img-responsive\" \/><\/a>\n                                    <\/div><div class=\"item lazy-load-item\">\n                                        <a href=\"https:\/\/fabrega.syspre.sysprovider.com\/en\/properties\/grifeu-13-1-duplex-apartment-with-2-terraces-and-views\/\"><img  data-lazy-load-src=\"https:\/\/fabrega.syspre.sysprovider.com\/wp-content\/uploads\/2025\/10\/26-Llanca-13.1-Grifeu-min-400x314.jpg\" alt=\"GRIFEU 13.1 &#8211; Duplex apartment with 2 terraces and views\" class=\"img-responsive\" \/><\/a>\n                                    <\/div><div class=\"item lazy-load-item\">\n                                        <a href=\"https:\/\/fabrega.syspre.sysprovider.com\/en\/properties\/grifeu-13-1-duplex-apartment-with-2-terraces-and-views\/\"><img  data-lazy-load-src=\"https:\/\/fabrega.syspre.sysprovider.com\/wp-content\/uploads\/2025\/10\/27-Llanca-13.1-Grifeu-min-400x314.jpg\" alt=\"GRIFEU 13.1 &#8211; Duplex apartment with 2 terraces and views\" class=\"img-responsive\" \/><\/a>\n                                    <\/div><div class=\"item lazy-load-item\">\n                                        <a href=\"https:\/\/fabrega.syspre.sysprovider.com\/en\/properties\/grifeu-13-1-duplex-apartment-with-2-terraces-and-views\/\"><img  data-lazy-load-src=\"https:\/\/fabrega.syspre.sysprovider.com\/wp-content\/uploads\/2025\/10\/28-Llanca-13.1-Grifeu-min-400x314.jpg\" alt=\"GRIFEU 13.1 &#8211; Duplex apartment with 2 terraces and views\" class=\"img-responsive\" \/><\/a>\n                                    <\/div><div class=\"item lazy-load-item\">\n                                        <a href=\"https:\/\/fabrega.syspre.sysprovider.com\/en\/properties\/grifeu-13-1-duplex-apartment-with-2-terraces-and-views\/\"><img  data-lazy-load-src=\"https:\/\/fabrega.syspre.sysprovider.com\/wp-content\/uploads\/2025\/10\/29-Llanca-13.1-Grifeu-min-400x314.jpg\" alt=\"GRIFEU 13.1 &#8211; Duplex apartment with 2 terraces and views\" class=\"img-responsive\" \/><\/a>\n                                    <\/div><div class=\"item lazy-load-item\">\n                                        <a href=\"https:\/\/fabrega.syspre.sysprovider.com\/en\/properties\/grifeu-13-1-duplex-apartment-with-2-terraces-and-views\/\"><img  data-lazy-load-src=\"https:\/\/fabrega.syspre.sysprovider.com\/wp-content\/uploads\/2025\/10\/30-Llanca-13.1-Grifeu-min-400x314.jpg\" alt=\"GRIFEU 13.1 &#8211; Duplex apartment with 2 terraces and views\" class=\"img-responsive\" \/><\/a>\n                                    <\/div><div class=\"item lazy-load-item\">\n                                        <a href=\"https:\/\/fabrega.syspre.sysprovider.com\/en\/properties\/grifeu-13-1-duplex-apartment-with-2-terraces-and-views\/\"><img  data-lazy-load-src=\"https:\/\/fabrega.syspre.sysprovider.com\/wp-content\/uploads\/2025\/10\/31-Llanca-13.1-Grifeu-min-400x314.jpg\" alt=\"GRIFEU 13.1 &#8211; Duplex apartment with 2 terraces and views\" class=\"img-responsive\" \/><\/a>\n                                    <\/div><div class=\"item lazy-load-item\">\n                                        <a href=\"https:\/\/fabrega.syspre.sysprovider.com\/en\/properties\/grifeu-13-1-duplex-apartment-with-2-terraces-and-views\/\"><img  data-lazy-load-src=\"https:\/\/fabrega.syspre.sysprovider.com\/wp-content\/uploads\/2025\/10\/32-Llanca-13.1-Grifeu-min-400x314.jpg\" alt=\"GRIFEU 13.1 &#8211; Duplex apartment with 2 terraces and views\" class=\"img-responsive\" \/><\/a>\n                                    <\/div><div class=\"item lazy-load-item\">\n                                        <a href=\"https:\/\/fabrega.syspre.sysprovider.com\/en\/properties\/grifeu-13-1-duplex-apartment-with-2-terraces-and-views\/\"><img  data-lazy-load-src=\"https:\/\/fabrega.syspre.sysprovider.com\/wp-content\/uploads\/2025\/10\/33-Llanca-13.1-Grifeu-min-400x314.jpg\" alt=\"GRIFEU 13.1 &#8211; Duplex apartment with 2 terraces and views\" class=\"img-responsive\" \/><\/a>\n                                    <\/div><div class=\"item lazy-load-item\">\n                                        <a href=\"https:\/\/fabrega.syspre.sysprovider.com\/en\/properties\/grifeu-13-1-duplex-apartment-with-2-terraces-and-views\/\"><img  data-lazy-load-src=\"https:\/\/fabrega.syspre.sysprovider.com\/wp-content\/uploads\/2025\/10\/34-Llanca-13.1-Grifeu-min-400x314.jpg\" alt=\"GRIFEU 13.1 &#8211; Duplex apartment with 2 terraces and views\" class=\"img-responsive\" \/><\/a>\n                                    <\/div><div class=\"item lazy-load-item\">\n                                        <a href=\"https:\/\/fabrega.syspre.sysprovider.com\/en\/properties\/grifeu-13-1-duplex-apartment-with-2-terraces-and-views\/\"><img  data-lazy-load-src=\"https:\/\/fabrega.syspre.sysprovider.com\/wp-content\/uploads\/2025\/10\/35-Llanca-13.1-Grifeu-min-400x314.jpg\" alt=\"GRIFEU 13.1 &#8211; Duplex apartment with 2 terraces and views\" class=\"img-responsive\" \/><\/a>\n                                    <\/div><div class=\"item lazy-load-item\">\n                                        <a href=\"https:\/\/fabrega.syspre.sysprovider.com\/en\/properties\/grifeu-13-1-duplex-apartment-with-2-terraces-and-views\/\"><img  data-lazy-load-src=\"https:\/\/fabrega.syspre.sysprovider.com\/wp-content\/uploads\/2025\/10\/36-Llanca-13.1-Grifeu-min-400x314.jpg\" alt=\"GRIFEU 13.1 &#8211; Duplex apartment with 2 terraces and views\" class=\"img-responsive\" \/><\/a>\n                                    <\/div>\n                    <\/div><a href=\"https:\/\/fabrega.syspre.sysprovider.com\/en\/properties\/grifeu-13-1-duplex-apartment-with-2-terraces-and-views\/\"> <\/a><a class=\"left  carousel-control\" href=\"#property_unit_carousel_69eea2b227c48\" data-slide=\"prev\">\n                        <i class=\"icon-left-open-big\"><\/i>\n                    <\/a>\n\n                    <a class=\"right  carousel-control\" href=\"#property_unit_carousel_69eea2b227c48\" data-slide=\"next\">\n                        <i class=\"icon-right-open-big\"><\/i>\n                    <\/a><\/div><div class=\"price_unit_wrapper\"> <\/div><div class=\"price_unit\">From 85 \u20ac\/night<\/div><\/div>\n\n\n            <div class=\"property_status_wrapper\"><\/div>\n            <div class=\"title-container\">\n\n                <meta itemprop=\"ratingValue\" content=\"0\"\/><div class=rating_placeholder><\/div>\n                <div class=\"category_name\">\n                        <a  itemprop=\"url\"  href=\"https:\/\/fabrega.syspre.sysprovider.com\/en\/properties\/grifeu-13-1-duplex-apartment-with-2-terraces-and-views\/\"  class=\"listing_title_unit\" >\n    \n    \n   <span itemprop=\"name\">\n    GRIFEU 13.1 \u2013 Duplex apartment with 2 terraces and views    <\/span>\n<\/a>\n                    <div class=\"category_tagline actions_icon\">\n                        <a href=\"https:\/\/fabrega.syspre.sysprovider.com\/en\/listings\/tourist-apartments\/\" rel=\"tag\">Tourist apartments<\/a> \/                    <\/div>\n\n                    <div class=\"category_tagline custom_details\">\n                       <div class=\"custom_listing_data\"><span class=\"custom_listing_data_label\">Hostes:<\/span>4<\/div><div class=\"custom_listing_data\"><i class=\"fas fa-bed\"><\/i>2<\/div><div class=\"custom_listing_data\"><i class=\"fas fa-bath\"><\/i>1<\/div>                    <\/div>\n                <\/div>\n\n\n            <\/div>\n            <\/div>\n<\/div>\n<\/li><li>\n<div itemscope itemtype=\"http:\/\/schema.org\/Product\" class=\"listing_wrapper col-md- shortcode-col property_unit_v3  property_flex propety_unit_3\" data-org=\"4\" data-listid=\"54165\" >\n    \n    <div class=\"property_listing\" >\n        \n\n            <div class=\"listing-unit-img-wrapper\">\n                <div id=\"property_unit_carousel_69eea2b22a707\" class=\"carousel property_unit_carousel slide  \" data-ride=\"carousel\" data-interval=\"false\">\n                    <div class=\"carousel-inner\">\n                        <div class=\"item active\">\n                            <a href=\"https:\/\/fabrega.syspre.sysprovider.com\/en\/properties\/grifeu-14-apartment-with-outside-terrace\/\"><img decoding=\"async\" itemprop=\"image\" src=\"https:\/\/fabrega.syspre.sysprovider.com\/wp-content\/uploads\/2021\/10\/01-Llanca-14-Grifeu-min-400x314.jpg\"   class=\"b-lazy img-responsive wp-post-image lazy-hidden\" alt=\"image\" \/><\/a>\n                        <\/div>\n                        <div class=\"item lazy-load-item\">\n                                        <a href=\"https:\/\/fabrega.syspre.sysprovider.com\/en\/properties\/grifeu-14-apartment-with-outside-terrace\/\"><img  data-lazy-load-src=\"https:\/\/fabrega.syspre.sysprovider.com\/wp-content\/uploads\/2021\/10\/02-Llanca-14-Grifeu-min-400x314.jpg\" alt=\"GRIFEU 14 &#8211; Apartment with terrace and garden\" class=\"img-responsive\" \/><\/a>\n                                    <\/div><div class=\"item lazy-load-item\">\n                                        <a href=\"https:\/\/fabrega.syspre.sysprovider.com\/en\/properties\/grifeu-14-apartment-with-outside-terrace\/\"><img  data-lazy-load-src=\"https:\/\/fabrega.syspre.sysprovider.com\/wp-content\/uploads\/2021\/10\/03-Llanca-14-Grifeu-min-400x314.jpg\" alt=\"GRIFEU 14 &#8211; Apartment with terrace and garden\" class=\"img-responsive\" \/><\/a>\n                                    <\/div><div class=\"item lazy-load-item\">\n                                        <a href=\"https:\/\/fabrega.syspre.sysprovider.com\/en\/properties\/grifeu-14-apartment-with-outside-terrace\/\"><img  data-lazy-load-src=\"https:\/\/fabrega.syspre.sysprovider.com\/wp-content\/uploads\/2021\/10\/04-Llanca-14-Grifeu-min-400x314.jpg\" alt=\"GRIFEU 14 &#8211; Apartment with terrace and garden\" class=\"img-responsive\" \/><\/a>\n                                    <\/div><div class=\"item lazy-load-item\">\n                                        <a href=\"https:\/\/fabrega.syspre.sysprovider.com\/en\/properties\/grifeu-14-apartment-with-outside-terrace\/\"><img  data-lazy-load-src=\"https:\/\/fabrega.syspre.sysprovider.com\/wp-content\/uploads\/2021\/10\/05-Llanca-14-Grifeu-min-400x314.jpg\" alt=\"GRIFEU 14 &#8211; Apartment with terrace and garden\" class=\"img-responsive\" \/><\/a>\n                                    <\/div><div class=\"item lazy-load-item\">\n                                        <a href=\"https:\/\/fabrega.syspre.sysprovider.com\/en\/properties\/grifeu-14-apartment-with-outside-terrace\/\"><img  data-lazy-load-src=\"https:\/\/fabrega.syspre.sysprovider.com\/wp-content\/uploads\/2021\/10\/06-Llanca-14-Grifeu-min-400x314.jpg\" alt=\"GRIFEU 14 &#8211; Apartment with terrace and garden\" class=\"img-responsive\" \/><\/a>\n                                    <\/div><div class=\"item lazy-load-item\">\n                                        <a href=\"https:\/\/fabrega.syspre.sysprovider.com\/en\/properties\/grifeu-14-apartment-with-outside-terrace\/\"><img  data-lazy-load-src=\"https:\/\/fabrega.syspre.sysprovider.com\/wp-content\/uploads\/2021\/10\/07-Llanca-14-Grifeu-min-400x314.jpg\" alt=\"GRIFEU 14 &#8211; Apartment with terrace and garden\" class=\"img-responsive\" \/><\/a>\n                                    <\/div><div class=\"item lazy-load-item\">\n                                        <a href=\"https:\/\/fabrega.syspre.sysprovider.com\/en\/properties\/grifeu-14-apartment-with-outside-terrace\/\"><img  data-lazy-load-src=\"https:\/\/fabrega.syspre.sysprovider.com\/wp-content\/uploads\/2021\/10\/08-Llanca-14-Grifeu-min-400x314.jpg\" alt=\"GRIFEU 14 &#8211; Apartment with terrace and garden\" class=\"img-responsive\" \/><\/a>\n                                    <\/div><div class=\"item lazy-load-item\">\n                                        <a href=\"https:\/\/fabrega.syspre.sysprovider.com\/en\/properties\/grifeu-14-apartment-with-outside-terrace\/\"><img  data-lazy-load-src=\"https:\/\/fabrega.syspre.sysprovider.com\/wp-content\/uploads\/2021\/10\/09-Llanca-14-Grifeu-min-400x314.jpg\" alt=\"GRIFEU 14 &#8211; Apartment with terrace and garden\" class=\"img-responsive\" \/><\/a>\n                                    <\/div><div class=\"item lazy-load-item\">\n                                        <a href=\"https:\/\/fabrega.syspre.sysprovider.com\/en\/properties\/grifeu-14-apartment-with-outside-terrace\/\"><img  data-lazy-load-src=\"https:\/\/fabrega.syspre.sysprovider.com\/wp-content\/uploads\/2021\/10\/10-Llanca-14-Grifeu-min-400x314.jpg\" alt=\"GRIFEU 14 &#8211; Apartment with terrace and garden\" class=\"img-responsive\" \/><\/a>\n                                    <\/div><div class=\"item lazy-load-item\">\n                                        <a href=\"https:\/\/fabrega.syspre.sysprovider.com\/en\/properties\/grifeu-14-apartment-with-outside-terrace\/\"><img  data-lazy-load-src=\"https:\/\/fabrega.syspre.sysprovider.com\/wp-content\/uploads\/2021\/10\/11-Llanca-14-Grifeu-min-400x314.jpg\" alt=\"GRIFEU 14 &#8211; Apartment with terrace and garden\" class=\"img-responsive\" \/><\/a>\n                                    <\/div><div class=\"item lazy-load-item\">\n                                        <a href=\"https:\/\/fabrega.syspre.sysprovider.com\/en\/properties\/grifeu-14-apartment-with-outside-terrace\/\"><img  data-lazy-load-src=\"https:\/\/fabrega.syspre.sysprovider.com\/wp-content\/uploads\/2021\/10\/12-Llanca-14-Grifeu-min-400x314.jpg\" alt=\"GRIFEU 14 &#8211; Apartment with terrace and garden\" class=\"img-responsive\" \/><\/a>\n                                    <\/div><div class=\"item lazy-load-item\">\n                                        <a href=\"https:\/\/fabrega.syspre.sysprovider.com\/en\/properties\/grifeu-14-apartment-with-outside-terrace\/\"><img  data-lazy-load-src=\"https:\/\/fabrega.syspre.sysprovider.com\/wp-content\/uploads\/2021\/10\/13-Llanca-14-Grifeu-min-400x314.jpg\" alt=\"GRIFEU 14 &#8211; Apartment with terrace and garden\" class=\"img-responsive\" \/><\/a>\n                                    <\/div><div class=\"item lazy-load-item\">\n                                        <a href=\"https:\/\/fabrega.syspre.sysprovider.com\/en\/properties\/grifeu-14-apartment-with-outside-terrace\/\"><img  data-lazy-load-src=\"https:\/\/fabrega.syspre.sysprovider.com\/wp-content\/uploads\/2021\/10\/14-Llanca-14-Grifeu-min-400x314.jpg\" alt=\"GRIFEU 14 &#8211; Apartment with terrace and garden\" class=\"img-responsive\" \/><\/a>\n                                    <\/div><div class=\"item lazy-load-item\">\n                                        <a href=\"https:\/\/fabrega.syspre.sysprovider.com\/en\/properties\/grifeu-14-apartment-with-outside-terrace\/\"><img  data-lazy-load-src=\"https:\/\/fabrega.syspre.sysprovider.com\/wp-content\/uploads\/2021\/10\/15-Llanca-14-Grifeu-min-400x314.jpg\" alt=\"GRIFEU 14 &#8211; Apartment with terrace and garden\" class=\"img-responsive\" \/><\/a>\n                                    <\/div><div class=\"item lazy-load-item\">\n                                        <a href=\"https:\/\/fabrega.syspre.sysprovider.com\/en\/properties\/grifeu-14-apartment-with-outside-terrace\/\"><img  data-lazy-load-src=\"https:\/\/fabrega.syspre.sysprovider.com\/wp-content\/uploads\/2021\/10\/16-Llanca-14-Grifeu-min-400x314.jpg\" alt=\"GRIFEU 14 &#8211; Apartment with terrace and garden\" class=\"img-responsive\" \/><\/a>\n                                    <\/div><div class=\"item lazy-load-item\">\n                                        <a href=\"https:\/\/fabrega.syspre.sysprovider.com\/en\/properties\/grifeu-14-apartment-with-outside-terrace\/\"><img  data-lazy-load-src=\"https:\/\/fabrega.syspre.sysprovider.com\/wp-content\/uploads\/2021\/10\/17-Llanca-14-Grifeu-min-400x314.jpg\" alt=\"GRIFEU 14 &#8211; Apartment with terrace and garden\" class=\"img-responsive\" \/><\/a>\n                                    <\/div><div class=\"item lazy-load-item\">\n                                        <a href=\"https:\/\/fabrega.syspre.sysprovider.com\/en\/properties\/grifeu-14-apartment-with-outside-terrace\/\"><img  data-lazy-load-src=\"https:\/\/fabrega.syspre.sysprovider.com\/wp-content\/uploads\/2021\/10\/18-Llanca-14-Grifeu-min-400x314.jpg\" alt=\"GRIFEU 14 &#8211; Apartment with terrace and garden\" class=\"img-responsive\" \/><\/a>\n                                    <\/div><div class=\"item lazy-load-item\">\n                                        <a href=\"https:\/\/fabrega.syspre.sysprovider.com\/en\/properties\/grifeu-14-apartment-with-outside-terrace\/\"><img  data-lazy-load-src=\"https:\/\/fabrega.syspre.sysprovider.com\/wp-content\/uploads\/2021\/10\/20-Llanca-14-Grifeu-min-400x314.jpg\" alt=\"GRIFEU 14 &#8211; Apartment with terrace and garden\" class=\"img-responsive\" \/><\/a>\n                                    <\/div><div class=\"item lazy-load-item\">\n                                        <a href=\"https:\/\/fabrega.syspre.sysprovider.com\/en\/properties\/grifeu-14-apartment-with-outside-terrace\/\"><img  data-lazy-load-src=\"https:\/\/fabrega.syspre.sysprovider.com\/wp-content\/uploads\/2021\/10\/21-Llanca-14-Grifeu-min-400x314.jpg\" alt=\"GRIFEU 14 &#8211; Apartment with terrace and garden\" class=\"img-responsive\" \/><\/a>\n                                    <\/div>\n                    <\/div><a href=\"https:\/\/fabrega.syspre.sysprovider.com\/en\/properties\/grifeu-14-apartment-with-outside-terrace\/\"> <\/a><a class=\"left  carousel-control\" href=\"#property_unit_carousel_69eea2b22a707\" data-slide=\"prev\">\n                        <i class=\"icon-left-open-big\"><\/i>\n                    <\/a>\n\n                    <a class=\"right  carousel-control\" href=\"#property_unit_carousel_69eea2b22a707\" data-slide=\"next\">\n                        <i class=\"icon-right-open-big\"><\/i>\n                    <\/a><\/div><div class=\"price_unit_wrapper\"> <\/div><div class=\"price_unit\">From 65 \u20ac\/night<\/div><\/div>\n\n\n            <div class=\"property_status_wrapper\"><\/div>\n            <div class=\"title-container\">\n\n                <meta itemprop=\"ratingValue\" content=\"0\"\/><div class=rating_placeholder><\/div>\n                <div class=\"category_name\">\n                        <a  itemprop=\"url\"  href=\"https:\/\/fabrega.syspre.sysprovider.com\/en\/properties\/grifeu-14-apartment-with-outside-terrace\/\"  class=\"listing_title_unit\" >\n    \n    \n   <span itemprop=\"name\">\n    GRIFEU 14 \u2013 Apartment with terrace and garden    <\/span>\n<\/a>\n                    <div class=\"category_tagline actions_icon\">\n                        <a href=\"https:\/\/fabrega.syspre.sysprovider.com\/en\/listings\/tourist-apartments\/\" rel=\"tag\">Tourist apartments<\/a> \/                    <\/div>\n\n                    <div class=\"category_tagline custom_details\">\n                       <div class=\"custom_listing_data\"><span class=\"custom_listing_data_label\">Hostes:<\/span>6<\/div><div class=\"custom_listing_data\"><i class=\"fas fa-bed\"><\/i>3<\/div><div class=\"custom_listing_data\"><i class=\"fas fa-bath\"><\/i>1<\/div><div class=\"custom_listing_data\"><i class=\"fas fa-paw\"><\/i>Si<\/div>                    <\/div>\n                <\/div>\n\n\n            <\/div>\n            <\/div>\n<\/div>\n<\/li><\/ul><\/div><\/div>\t\t\t\t<\/div>\n\t\t\t\t<\/div>\n\t\t\t\t\t<\/div>\n\t\t<\/div>\n\t\t\t\t\t<\/div>\n\t\t<\/section>\n\t\t\t\t<section class=\"elementor-section elementor-top-section elementor-element elementor-element-5c4f851 elementor-section-boxed elementor-section-height-default elementor-section-height-default\" data-id=\"5c4f851\" data-element_type=\"section\" data-settings=\"{&quot;background_background&quot;:&quot;classic&quot;}\">\n\t\t\t\t\t\t<div class=\"elementor-container elementor-column-gap-default\">\n\t\t\t\t\t<div class=\"elementor-column elementor-col-50 elementor-top-column elementor-element elementor-element-d8a98c2\" data-id=\"d8a98c2\" data-element_type=\"column\">\n\t\t\t<div class=\"elementor-widget-wrap elementor-element-populated\">\n\t\t\t\t\t\t<div class=\"elementor-element elementor-element-0a8fe6e elementor-widget elementor-widget-heading\" data-id=\"0a8fe6e\" data-element_type=\"widget\" data-widget_type=\"heading.default\">\n\t\t\t\t<div class=\"elementor-widget-container\">\n\t\t\t\t\t<h2 class=\"elementor-heading-title elementor-size-default\">Find your ideal holiday home in Llan\u00e7\u00e0 <\/h2>\t\t\t\t<\/div>\n\t\t\t\t<\/div>\n\t\t\t\t<div class=\"elementor-element elementor-element-c8c4c48 elementor-widget elementor-widget-text-editor\" data-id=\"c8c4c48\" data-element_type=\"widget\" data-widget_type=\"text-editor.default\">\n\t\t\t\t<div class=\"elementor-widget-container\">\n\t\t\t\t\t\t\t\t\tHouse or apartment? With F\u00e0brega-Goertzen it\u2019s easy for you to find the holiday home you\u2019re looking for in the Costa Brava. Select the option you prefer and we\u2019ll make sure your stay in the Costa Brava is memorable. <br><br>\nWe are local, know all the secrets of the area and our professional team speak a range of languages to help you. Your satisfaction is our motivation. \n\t\t\t\t\t\t\t\t<\/div>\n\t\t\t\t<\/div>\n\t\t\t\t<div class=\"elementor-element elementor-element-bd63799 elementor-align-left elementor-invisible elementor-widget elementor-widget-button\" data-id=\"bd63799\" data-element_type=\"widget\" data-settings=\"{&quot;_animation&quot;:&quot;fadeInUp&quot;,&quot;_animation_delay&quot;:200}\" data-widget_type=\"button.default\">\n\t\t\t\t<div class=\"elementor-widget-container\">\n\t\t\t\t\t\t\t\t\t<div class=\"elementor-button-wrapper\">\n\t\t\t\t\t<a class=\"elementor-button elementor-button-link elementor-size-md\" href=\"https:\/\/fabrega-goertzen.com\/en\/who-we-are\/\">\n\t\t\t\t\t\t<span class=\"elementor-button-content-wrapper\">\n\t\t\t\t\t\t\t\t\t<span class=\"elementor-button-text\">About us<\/span>\n\t\t\t\t\t<\/span>\n\t\t\t\t\t<\/a>\n\t\t\t\t<\/div>\n\t\t\t\t\t\t\t\t<\/div>\n\t\t\t\t<\/div>\n\t\t\t\t\t<\/div>\n\t\t<\/div>\n\t\t\t\t<div class=\"elementor-column elementor-col-50 elementor-top-column elementor-element elementor-element-2a9ce96\" data-id=\"2a9ce96\" data-element_type=\"column\">\n\t\t\t<div class=\"elementor-widget-wrap elementor-element-populated\">\n\t\t\t\t\t\t<div class=\"elementor-element elementor-element-7f9b2f1 elementor-widget elementor-widget-image\" data-id=\"7f9b2f1\" data-element_type=\"widget\" data-widget_type=\"image.default\">\n\t\t\t\t<div class=\"elementor-widget-container\">\n\t\t\t\t\t\t\t\t\t\t\t\t\t\t\t<img loading=\"lazy\" decoding=\"async\" width=\"1024\" height=\"683\" src=\"https:\/\/fabrega.syspre.sysprovider.com\/wp-content\/uploads\/2022\/01\/edgar-chaparro-5Zznjje88bo-unsplash-1024x683-1.jpg\" class=\"attachment-large size-large wp-image-57423\" alt=\"\" srcset=\"https:\/\/fabrega.syspre.sysprovider.com\/wp-content\/uploads\/2022\/01\/edgar-chaparro-5Zznjje88bo-unsplash-1024x683-1.jpg 1024w, https:\/\/fabrega.syspre.sysprovider.com\/wp-content\/uploads\/2022\/01\/edgar-chaparro-5Zznjje88bo-unsplash-1024x683-1-600x400.jpg 600w, https:\/\/fabrega.syspre.sysprovider.com\/wp-content\/uploads\/2022\/01\/edgar-chaparro-5Zznjje88bo-unsplash-1024x683-1-300x200.jpg 300w, https:\/\/fabrega.syspre.sysprovider.com\/wp-content\/uploads\/2022\/01\/edgar-chaparro-5Zznjje88bo-unsplash-1024x683-1-768x512.jpg 768w, https:\/\/fabrega.syspre.sysprovider.com\/wp-content\/uploads\/2022\/01\/edgar-chaparro-5Zznjje88bo-unsplash-1024x683-1-240x160.jpg 240w\" sizes=\"(max-width: 1024px) 100vw, 1024px\" \/>\t\t\t\t\t\t\t\t\t\t\t\t\t\t\t<\/div>\n\t\t\t\t<\/div>\n\t\t\t\t\t<\/div>\n\t\t<\/div>\n\t\t\t\t\t<\/div>\n\t\t<\/section>\n\t\t\t\t<section class=\"elementor-section elementor-top-section elementor-element elementor-element-4086eb55 elementor-section-stretched elementor-section-boxed elementor-section-height-default elementor-section-height-default\" data-id=\"4086eb55\" data-element_type=\"section\" data-settings=\"{&quot;stretch_section&quot;:&quot;section-stretched&quot;,&quot;background_background&quot;:&quot;slideshow&quot;,&quot;background_slideshow_ken_burns&quot;:&quot;yes&quot;,&quot;background_slideshow_ken_burns_zoom_direction&quot;:&quot;out&quot;,&quot;background_slideshow_gallery&quot;:[{&quot;id&quot;:82403,&quot;url&quot;:&quot;https:\\\/\\\/fabrega-goertzen.com\\\/wp-content\\\/uploads\\\/2021\\\/10\\\/02-Llanca-03-Cap-Ras-min-1.jpg&quot;}],&quot;background_slideshow_loop&quot;:&quot;yes&quot;,&quot;background_slideshow_slide_duration&quot;:5000,&quot;background_slideshow_slide_transition&quot;:&quot;fade&quot;,&quot;background_slideshow_transition_duration&quot;:500}\">\n\t\t\t\t\t\t\t<div class=\"elementor-background-overlay\"><\/div>\n\t\t\t\t\t\t\t<div class=\"elementor-container elementor-column-gap-default\">\n\t\t\t\t\t<div class=\"elementor-column elementor-col-100 elementor-top-column elementor-element elementor-element-5c76a0a\" data-id=\"5c76a0a\" data-element_type=\"column\">\n\t\t\t<div class=\"elementor-widget-wrap elementor-element-populated\">\n\t\t\t\t\t\t<div class=\"elementor-element elementor-element-218e092e elementor-invisible elementor-widget elementor-widget-heading\" data-id=\"218e092e\" data-element_type=\"widget\" data-settings=\"{&quot;_animation&quot;:&quot;fadeInUp&quot;,&quot;_animation_delay&quot;:200}\" data-widget_type=\"heading.default\">\n\t\t\t\t<div class=\"elementor-widget-container\">\n\t\t\t\t\t<h2 class=\"elementor-heading-title elementor-size-default\">Experience Llan\u00e7\u00e0<\/h2>\t\t\t\t<\/div>\n\t\t\t\t<\/div>\n\t\t\t\t<div class=\"elementor-element elementor-element-4d947c0b elementor-invisible elementor-widget elementor-widget-heading\" data-id=\"4d947c0b\" data-element_type=\"widget\" data-settings=\"{&quot;_animation&quot;:&quot;fadeInUp&quot;,&quot;_animation_delay&quot;:200}\" data-widget_type=\"heading.default\">\n\t\t\t\t<div class=\"elementor-widget-container\">\n\t\t\t\t\t<h2 class=\"elementor-heading-title elementor-size-default\">We reveal all the secrets for a dream holiday in Llan\u00e7\u00e0 and the Cap de Creus<\/h2>\t\t\t\t<\/div>\n\t\t\t\t<\/div>\n\t\t\t\t\t<\/div>\n\t\t<\/div>\n\t\t\t\t\t<\/div>\n\t\t<\/section>\n\t\t\t\t<section class=\"elementor-section elementor-top-section elementor-element elementor-element-779bee55 elementor-section-boxed elementor-section-height-default elementor-section-height-default\" data-id=\"779bee55\" data-element_type=\"section\">\n\t\t\t\t\t\t<div class=\"elementor-container elementor-column-gap-default\">\n\t\t\t\t\t<div class=\"elementor-column elementor-col-100 elementor-top-column elementor-element elementor-element-3215d04c\" data-id=\"3215d04c\" data-element_type=\"column\">\n\t\t\t<div class=\"elementor-widget-wrap elementor-element-populated\">\n\t\t\t\t\t\t<div class=\"elementor-element elementor-element-36b671c4 elementor-widget elementor-widget-Wprentals_Recent_Items\" data-id=\"36b671c4\" data-element_type=\"widget\" data-widget_type=\"Wprentals_Recent_Items.default\">\n\t\t\t\t<div class=\"elementor-widget-container\">\n\t\t\t\t\t<div class=\" bottom-post nobutton \" ><div class=\"items_shortcode_wrapper  \"><div class=\"col-md-4 blog_unit_wrapper \">\n    <div class=\"blog_unit_back blog-unit-2\" data-link=\"https:\/\/fabrega.syspre.sysprovider.com\/en\/llanca-en-setiembre\/\">\n        <div class=\"listing-unit-img-wrapper\"> <img decoding=\"async\" src=\"https:\/\/fabrega.syspre.sysprovider.com\/wp-content\/uploads\/2022\/01\/jan21llanc-a-0804_7_orig-1024x682-1-400x242.jpeg\" class=\" b-lazy img-responsive\" alt=\"LLAN\u00c7\u00c0 IN SEPTEMBER IS EVEN MORE LLAN\u00c7\u00c0\" ><\/div>          \n        <div class=\"wprentals-blog-unit-content-wrapper\">\n\n            <a itemprop=\"url\"  href=\"https:\/\/fabrega.syspre.sysprovider.com\/en\/llanca-en-setiembre\/\" class=\"blog-title-link\">\n        <span itemprop=\"name\">LLAN\u00c7\u00c0 IN SEPTEMBER IS EVEN MORE LLAN\u00c7\u00c0<\/span><\/a>    \n            \n            <div class=\"blog-unit-content\">\n                Every season of the year or holiday season is good but September is even better. Why? In September Llan\u00e7\u00e0 is even more Llan\u00e7\u00e0. Because the ...            <\/div>\n            \n            <div class=\"category_tagline\">\n                <span class=\"span_widemeta\"> June 11, 2021<\/span> , \n                <span class=\"span_widemeta span_comments\"><i class=\"far fa-comment\"><\/i> 0<\/span>\n            <\/div>           \n        <\/div>\n    <\/div>    \n<\/div><div class=\"col-md-4 blog_unit_wrapper \">\n    <div class=\"blog_unit_back blog-unit-2\" data-link=\"https:\/\/fabrega.syspre.sysprovider.com\/en\/como-alquilar-un-apartamento-vacacional\/\">\n        <div class=\"listing-unit-img-wrapper\"> <img decoding=\"async\" src=\"https:\/\/fabrega.syspre.sysprovider.com\/wp-content\/uploads\/2021\/05\/12-Feb21Llanc\u0327a\u0300-90-1-400x242.jpg\" class=\" b-lazy img-responsive\" alt=\"HOW TO RENT A HOLIDAY HOME ?\" ><\/div>          \n        <div class=\"wprentals-blog-unit-content-wrapper\">\n\n            <a itemprop=\"url\"  href=\"https:\/\/fabrega.syspre.sysprovider.com\/en\/como-alquilar-un-apartamento-vacacional\/\" class=\"blog-title-link\">\n        <span itemprop=\"name\">HOW TO RENT A HOLIDAY HOME ?<\/span><\/a>    \n            \n            <div class=\"blog-unit-content\">\n                With the arrival of the holiday season, all sorts of questions arise. The first one we ask ourselves is which city or country we want ...            <\/div>\n            \n            <div class=\"category_tagline\">\n                <span class=\"span_widemeta\"> February 22, 2021<\/span> , \n                <span class=\"span_widemeta span_comments\"><i class=\"far fa-comment\"><\/i> 0<\/span>\n            <\/div>           \n        <\/div>\n    <\/div>    \n<\/div><div class=\"col-md-4 blog_unit_wrapper \">\n    <div class=\"blog_unit_back blog-unit-2\" data-link=\"https:\/\/fabrega.syspre.sysprovider.com\/en\/ruta-por-los-faros-de-la-costa-brava-emporda\/\">\n        <div class=\"listing-unit-img-wrapper\"> <img decoding=\"async\" src=\"https:\/\/fabrega.syspre.sysprovider.com\/wp-content\/uploads\/2021\/01\/feb21altemp-6083_7_orig-1024x682-min-400x242.jpeg\" class=\" b-lazy img-responsive\" alt=\"ROUTE EXPLORING THE LIGHTHOUSES OF THE COSTA BRAVA, EMPORD\u00c0\" ><\/div>          \n        <div class=\"wprentals-blog-unit-content-wrapper\">\n\n            <a itemprop=\"url\"  href=\"https:\/\/fabrega.syspre.sysprovider.com\/en\/ruta-por-los-faros-de-la-costa-brava-emporda\/\" class=\"blog-title-link\">\n        <span itemprop=\"name\">ROUTE EXPLORING THE LIGHTHOUSES OF THE COSTA BRAVA, EMPORD...<\/span><\/a>    \n            \n            <div class=\"blog-unit-content\">\n                Here we outline the route which explores the lighthouses of the Costa Brava, Empord\u00e0, starting from the one which separates Llan\u00e7\u00e0 from Port de la ...            <\/div>\n            \n            <div class=\"category_tagline\">\n                <span class=\"span_widemeta\"> January 31, 2021<\/span> , \n                <span class=\"span_widemeta span_comments\"><i class=\"far fa-comment\"><\/i> 0<\/span>\n            <\/div>           \n        <\/div>\n    <\/div>    \n<\/div><\/div><\/div>\t\t\t\t<\/div>\n\t\t\t\t<\/div>\n\t\t\t\t<div class=\"elementor-element elementor-element-3ff5940 elementor-widget elementor-widget-spacer\" data-id=\"3ff5940\" data-element_type=\"widget\" data-widget_type=\"spacer.default\">\n\t\t\t\t<div class=\"elementor-widget-container\">\n\t\t\t\t\t\t\t<div class=\"elementor-spacer\">\n\t\t\t<div class=\"elementor-spacer-inner\"><\/div>\n\t\t<\/div>\n\t\t\t\t\t\t<\/div>\n\t\t\t\t<\/div>\n\t\t\t\t\t<\/div>\n\t\t<\/div>\n\t\t\t\t\t<\/div>\n\t\t<\/section>\n\t\t\t\t<section class=\"elementor-section elementor-top-section elementor-element elementor-element-e4026c8 elementor-section-boxed elementor-section-height-default elementor-section-height-default\" data-id=\"e4026c8\" data-element_type=\"section\" data-settings=\"{&quot;background_background&quot;:&quot;classic&quot;}\">\n\t\t\t\t\t\t<div class=\"elementor-container elementor-column-gap-default\">\n\t\t\t\t\t<div class=\"elementor-column elementor-col-100 elementor-top-column elementor-element elementor-element-1bdcb13\" data-id=\"1bdcb13\" data-element_type=\"column\">\n\t\t\t<div class=\"elementor-widget-wrap elementor-element-populated\">\n\t\t\t\t\t\t<div class=\"elementor-element elementor-element-e5c7431 elementor-widget elementor-widget-heading\" data-id=\"e5c7431\" data-element_type=\"widget\" data-widget_type=\"heading.default\">\n\t\t\t\t<div class=\"elementor-widget-container\">\n\t\t\t\t\t<h2 class=\"elementor-heading-title elementor-size-default\">Opinions<\/h2>\t\t\t\t<\/div>\n\t\t\t\t<\/div>\n\t\t\t\t<div class=\"elementor-element elementor-element-7a7666a elementor-widget elementor-widget-text-editor\" data-id=\"7a7666a\" data-element_type=\"widget\" data-widget_type=\"text-editor.default\">\n\t\t\t\t<div class=\"elementor-widget-container\">\n\t\t\t\t\t\t\t\t\tThe opinions of our customers endorse us as one of the best portals to find accommodation in Llan\u00e7\u00e0.\t\t\t\t\t\t\t\t<\/div>\n\t\t\t\t<\/div>\n\t\t\t\t<div class=\"elementor-element elementor-element-a63be2a elementor-widget elementor-widget-shortcode\" data-id=\"a63be2a\" data-element_type=\"widget\" data-widget_type=\"shortcode.default\">\n\t\t\t\t<div class=\"elementor-widget-container\">\n\t\t\t\t\t\t\t<div class=\"elementor-shortcode\"><pre class=\"ti-widget\" style=\"display: none\"><template id=\"trustindex-google-widget-html\"><div class=\" ti-widget  ti-goog ti-no-profile-img ti-disable-font ti-show-rating-text ti-review-text-mode-readmore ti-text-align-left\" data-no-translation=\"true\" data-layout-id=\"13\" data-layout-category=\"slider\" data-set-id=\"drop-shadow\" data-pid=\"\" data-language=\"en\" data-close-locale=\"Close\" data-review-target-width=\"275\" data-css-version=\"2\" data-review-text-mode=\"readmore\" data-reply-by-locale=\"Owner's reply\" data-only-rating-locale=\"This user only left a rating.\" data-pager-autoplay-timeout=\"6\" > <div class=\"ti-widget-container ti-col-4\"> <div class=\"ti-footer source-Google\"> <div class=\"ti-row\"> <div class=\"ti-profile-img\"> <trustindex-image data-imgurl=\"https:\/\/lh5.googleusercontent.com\/p\/AF1QipPOxU6xzm6hO24CULuwvLQ1NPtISCZWm1cBQFPZ=w65-h65-k-no-p\" data-imgurlset=\"https:\/\/lh5.googleusercontent.com\/p\/AF1QipPOxU6xzm6hO24CULuwvLQ1NPtISCZWm1cBQFPZ=w130-h130-k-no-p 2x\" alt=\"Finques F\u00e0brega\/Goertzen\" loading=\"lazy\" ><\/trustindex-image> <\/div> <div class=\"ti-profile-details\"> <div class=\"ti-name\"> Finques F\u00e0brega\/Goertzen<\/div> <span class=\"ti-stars\"><trustindex-image class=\"ti-star\" data-imgurl=\"https:\/\/cdn.trustindex.io\/assets\/platform\/Google\/star\/f.svg\" alt=\"Google\" width=\"17\" height=\"17\" loading=\"lazy\" ><\/trustindex-image><trustindex-image class=\"ti-star\" data-imgurl=\"https:\/\/cdn.trustindex.io\/assets\/platform\/Google\/star\/f.svg\" alt=\"Google\" width=\"17\" height=\"17\" loading=\"lazy\" ><\/trustindex-image><trustindex-image class=\"ti-star\" data-imgurl=\"https:\/\/cdn.trustindex.io\/assets\/platform\/Google\/star\/f.svg\" alt=\"Google\" width=\"17\" height=\"17\" loading=\"lazy\" ><\/trustindex-image><trustindex-image class=\"ti-star\" data-imgurl=\"https:\/\/cdn.trustindex.io\/assets\/platform\/Google\/star\/f.svg\" alt=\"Google\" width=\"17\" height=\"17\" loading=\"lazy\" ><\/trustindex-image><trustindex-image class=\"ti-star\" data-imgurl=\"https:\/\/cdn.trustindex.io\/assets\/platform\/Google\/star\/h.svg\" alt=\"Google\" width=\"17\" height=\"17\" loading=\"lazy\" ><\/trustindex-image><\/span> <div class=\"ti-rating-text\"> <span class=\"nowrap\"><strong>29 Google reviews<\/strong><\/span> <\/div> <div class=\"ti-header-write-btn-container\"> <a href=\"https:\/\/admin.trustindex.io\/api\/googleWriteReview?place-id=ChIJA_DikJV8uhIRKMNAUOrAXME\" class=\"ti-header-write-btn\" role=\"button\" aria-label=\"Write a review to Google\" target=\"_blank\" rel=\"noopener\" >Write a review<\/a> <\/div>  <\/div> <\/div> <\/div> <div class=\"ti-reviews-container\"> <div class=\"ti-controls\"> <div class=\"ti-next\" aria-label=\"Next review\" role=\"button\" tabindex=\"0\"><\/div> <div class=\"ti-prev\" aria-label=\"Previous review\" role=\"button\" tabindex=\"0\"><\/div> <\/div> <div class=\"ti-reviews-container-wrapper\">  <div data-empty=\"0\" class=\"ti-review-item source-Google ti-image-layout-thumbnail\" data-id=\"cfcd208495d565ef66e7dff9f98764da\" > <div class=\"ti-inner\"> <div class=\"ti-review-header\"> <div class=\"ti-platform-icon ti-with-tooltip\"> <span class=\"ti-tooltip\">Posted on <\/span> <trustindex-image data-imgurl=\"https:\/\/cdn.trustindex.io\/assets\/platform\/Google\/icon.svg\" alt=\"\" width=\"20\" height=\"20\" loading=\"lazy\" ><\/trustindex-image> <\/div>  <div class=\"ti-profile-details\"> <div class=\"ti-name\"> Rosa SUCARRAT DELCLOS <\/div> <div class=\"ti-date\">16. October, 2021.<\/div> <\/div> <\/div> <span class=\"ti-stars\"><trustindex-image class=\"ti-star\" data-imgurl=\"https:\/\/cdn.trustindex.io\/assets\/platform\/Google\/star\/f.svg\" alt=\"Google\" width=\"17\" height=\"17\" loading=\"lazy\" ><\/trustindex-image><trustindex-image class=\"ti-star\" data-imgurl=\"https:\/\/cdn.trustindex.io\/assets\/platform\/Google\/star\/f.svg\" alt=\"Google\" width=\"17\" height=\"17\" loading=\"lazy\" ><\/trustindex-image><trustindex-image class=\"ti-star\" data-imgurl=\"https:\/\/cdn.trustindex.io\/assets\/platform\/Google\/star\/f.svg\" alt=\"Google\" width=\"17\" height=\"17\" loading=\"lazy\" ><\/trustindex-image><trustindex-image class=\"ti-star\" data-imgurl=\"https:\/\/cdn.trustindex.io\/assets\/platform\/Google\/star\/f.svg\" alt=\"Google\" width=\"17\" height=\"17\" loading=\"lazy\" ><\/trustindex-image><trustindex-image class=\"ti-star\" data-imgurl=\"https:\/\/cdn.trustindex.io\/assets\/platform\/Google\/star\/f.svg\" alt=\"Google\" width=\"17\" height=\"17\" loading=\"lazy\" ><\/trustindex-image><\/span> <div class=\"ti-review-text-container ti-review-content\"><!-- R-CONTENT -->Vaig trucar.hi i amb van atendre molt correcte.<!-- R-CONTENT --><\/div> <span class=\"ti-read-more\" data-container=\".ti-review-content\" data-collapse-text=\"Hide\" data-open-text=\"Read more\" ><\/span> <\/div> <\/div>  <div data-empty=\"1\" class=\"ti-review-item source-Google ti-image-layout-thumbnail\" data-id=\"cfcd208495d565ef66e7dff9f98764da\" > <div class=\"ti-inner\"> <div class=\"ti-review-header\"> <div class=\"ti-platform-icon ti-with-tooltip\"> <span class=\"ti-tooltip\">Posted on <\/span> <trustindex-image data-imgurl=\"https:\/\/cdn.trustindex.io\/assets\/platform\/Google\/icon.svg\" alt=\"\" width=\"20\" height=\"20\" loading=\"lazy\" ><\/trustindex-image> <\/div>  <div class=\"ti-profile-details\"> <div class=\"ti-name\"> Florence Bonnet <\/div> <div class=\"ti-date\">3. September, 2021.<\/div> <\/div> <\/div> <span class=\"ti-stars\"><trustindex-image class=\"ti-star\" data-imgurl=\"https:\/\/cdn.trustindex.io\/assets\/platform\/Google\/star\/f.svg\" alt=\"Google\" width=\"17\" height=\"17\" loading=\"lazy\" ><\/trustindex-image><trustindex-image class=\"ti-star\" data-imgurl=\"https:\/\/cdn.trustindex.io\/assets\/platform\/Google\/star\/f.svg\" alt=\"Google\" width=\"17\" height=\"17\" loading=\"lazy\" ><\/trustindex-image><trustindex-image class=\"ti-star\" data-imgurl=\"https:\/\/cdn.trustindex.io\/assets\/platform\/Google\/star\/f.svg\" alt=\"Google\" width=\"17\" height=\"17\" loading=\"lazy\" ><\/trustindex-image><trustindex-image class=\"ti-star\" data-imgurl=\"https:\/\/cdn.trustindex.io\/assets\/platform\/Google\/star\/f.svg\" alt=\"Google\" width=\"17\" height=\"17\" loading=\"lazy\" ><\/trustindex-image><trustindex-image class=\"ti-star\" data-imgurl=\"https:\/\/cdn.trustindex.io\/assets\/platform\/Google\/star\/f.svg\" alt=\"Google\" width=\"17\" height=\"17\" loading=\"lazy\" ><\/trustindex-image><\/span> <div class=\"ti-review-text-container ti-review-content\"><!-- R-CONTENT --><!-- R-CONTENT --><\/div> <span class=\"ti-read-more\" data-container=\".ti-review-content\" data-collapse-text=\"Hide\" data-open-text=\"Read more\" ><\/span> <\/div> <\/div>  <div data-empty=\"1\" class=\"ti-review-item source-Google ti-image-layout-thumbnail\" data-id=\"cfcd208495d565ef66e7dff9f98764da\" > <div class=\"ti-inner\"> <div class=\"ti-review-header\"> <div class=\"ti-platform-icon ti-with-tooltip\"> <span class=\"ti-tooltip\">Posted on <\/span> <trustindex-image data-imgurl=\"https:\/\/cdn.trustindex.io\/assets\/platform\/Google\/icon.svg\" alt=\"\" width=\"20\" height=\"20\" loading=\"lazy\" ><\/trustindex-image> <\/div>  <div class=\"ti-profile-details\"> <div class=\"ti-name\"> Georgina Hernandez <\/div> <div class=\"ti-date\">2. September, 2021.<\/div> <\/div> <\/div> <span class=\"ti-stars\"><trustindex-image class=\"ti-star\" data-imgurl=\"https:\/\/cdn.trustindex.io\/assets\/platform\/Google\/star\/f.svg\" alt=\"Google\" width=\"17\" height=\"17\" loading=\"lazy\" ><\/trustindex-image><trustindex-image class=\"ti-star\" data-imgurl=\"https:\/\/cdn.trustindex.io\/assets\/platform\/Google\/star\/f.svg\" alt=\"Google\" width=\"17\" height=\"17\" loading=\"lazy\" ><\/trustindex-image><trustindex-image class=\"ti-star\" data-imgurl=\"https:\/\/cdn.trustindex.io\/assets\/platform\/Google\/star\/f.svg\" alt=\"Google\" width=\"17\" height=\"17\" loading=\"lazy\" ><\/trustindex-image><trustindex-image class=\"ti-star\" data-imgurl=\"https:\/\/cdn.trustindex.io\/assets\/platform\/Google\/star\/f.svg\" alt=\"Google\" width=\"17\" height=\"17\" loading=\"lazy\" ><\/trustindex-image><trustindex-image class=\"ti-star\" data-imgurl=\"https:\/\/cdn.trustindex.io\/assets\/platform\/Google\/star\/f.svg\" alt=\"Google\" width=\"17\" height=\"17\" loading=\"lazy\" ><\/trustindex-image><\/span> <div class=\"ti-review-text-container ti-review-content\"><!-- R-CONTENT --><!-- R-CONTENT --><\/div> <span class=\"ti-read-more\" data-container=\".ti-review-content\" data-collapse-text=\"Hide\" data-open-text=\"Read more\" ><\/span> <\/div> <\/div>  <div data-empty=\"1\" class=\"ti-review-item source-Google ti-image-layout-thumbnail\" data-id=\"cfcd208495d565ef66e7dff9f98764da\" > <div class=\"ti-inner\"> <div class=\"ti-review-header\"> <div class=\"ti-platform-icon ti-with-tooltip\"> <span class=\"ti-tooltip\">Posted on <\/span> <trustindex-image data-imgurl=\"https:\/\/cdn.trustindex.io\/assets\/platform\/Google\/icon.svg\" alt=\"\" width=\"20\" height=\"20\" loading=\"lazy\" ><\/trustindex-image> <\/div>  <div class=\"ti-profile-details\"> <div class=\"ti-name\"> Sylvie Dutot <\/div> <div class=\"ti-date\">22. July, 2021.<\/div> <\/div> <\/div> <span class=\"ti-stars\"><trustindex-image class=\"ti-star\" data-imgurl=\"https:\/\/cdn.trustindex.io\/assets\/platform\/Google\/star\/f.svg\" alt=\"Google\" width=\"17\" height=\"17\" loading=\"lazy\" ><\/trustindex-image><trustindex-image class=\"ti-star\" data-imgurl=\"https:\/\/cdn.trustindex.io\/assets\/platform\/Google\/star\/f.svg\" alt=\"Google\" width=\"17\" height=\"17\" loading=\"lazy\" ><\/trustindex-image><trustindex-image class=\"ti-star\" data-imgurl=\"https:\/\/cdn.trustindex.io\/assets\/platform\/Google\/star\/f.svg\" alt=\"Google\" width=\"17\" height=\"17\" loading=\"lazy\" ><\/trustindex-image><trustindex-image class=\"ti-star\" data-imgurl=\"https:\/\/cdn.trustindex.io\/assets\/platform\/Google\/star\/f.svg\" alt=\"Google\" width=\"17\" height=\"17\" loading=\"lazy\" ><\/trustindex-image><trustindex-image class=\"ti-star\" data-imgurl=\"https:\/\/cdn.trustindex.io\/assets\/platform\/Google\/star\/f.svg\" alt=\"Google\" width=\"17\" height=\"17\" loading=\"lazy\" ><\/trustindex-image><\/span> <div class=\"ti-review-text-container ti-review-content\"><!-- R-CONTENT --><!-- R-CONTENT --><\/div> <span class=\"ti-read-more\" data-container=\".ti-review-content\" data-collapse-text=\"Hide\" data-open-text=\"Read more\" ><\/span> <\/div> <\/div>  <div data-empty=\"1\" class=\"ti-review-item source-Google ti-image-layout-thumbnail\" data-id=\"cfcd208495d565ef66e7dff9f98764da\" > <div class=\"ti-inner\"> <div class=\"ti-review-header\"> <div class=\"ti-platform-icon ti-with-tooltip\"> <span class=\"ti-tooltip\">Posted on <\/span> <trustindex-image data-imgurl=\"https:\/\/cdn.trustindex.io\/assets\/platform\/Google\/icon.svg\" alt=\"\" width=\"20\" height=\"20\" loading=\"lazy\" ><\/trustindex-image> <\/div>  <div class=\"ti-profile-details\"> <div class=\"ti-name\"> Carlos Medrano <\/div> <div class=\"ti-date\">17. May, 2021.<\/div> <\/div> <\/div> <span class=\"ti-stars\"><trustindex-image class=\"ti-star\" data-imgurl=\"https:\/\/cdn.trustindex.io\/assets\/platform\/Google\/star\/f.svg\" alt=\"Google\" width=\"17\" height=\"17\" loading=\"lazy\" ><\/trustindex-image><trustindex-image class=\"ti-star\" data-imgurl=\"https:\/\/cdn.trustindex.io\/assets\/platform\/Google\/star\/f.svg\" alt=\"Google\" width=\"17\" height=\"17\" loading=\"lazy\" ><\/trustindex-image><trustindex-image class=\"ti-star\" data-imgurl=\"https:\/\/cdn.trustindex.io\/assets\/platform\/Google\/star\/f.svg\" alt=\"Google\" width=\"17\" height=\"17\" loading=\"lazy\" ><\/trustindex-image><trustindex-image class=\"ti-star\" data-imgurl=\"https:\/\/cdn.trustindex.io\/assets\/platform\/Google\/star\/e.svg\" alt=\"Google\" width=\"17\" height=\"17\" loading=\"lazy\" ><\/trustindex-image><trustindex-image class=\"ti-star\" data-imgurl=\"https:\/\/cdn.trustindex.io\/assets\/platform\/Google\/star\/e.svg\" alt=\"Google\" width=\"17\" height=\"17\" loading=\"lazy\" ><\/trustindex-image><\/span> <div class=\"ti-review-text-container ti-review-content\"><!-- R-CONTENT --><!-- R-CONTENT --><\/div> <span class=\"ti-read-more\" data-container=\".ti-review-content\" data-collapse-text=\"Hide\" data-open-text=\"Read more\" ><\/span> <\/div> <\/div>  <div data-empty=\"1\" class=\"ti-review-item source-Google ti-image-layout-thumbnail\" data-id=\"cfcd208495d565ef66e7dff9f98764da\" > <div class=\"ti-inner\"> <div class=\"ti-review-header\"> <div class=\"ti-platform-icon ti-with-tooltip\"> <span class=\"ti-tooltip\">Posted on <\/span> <trustindex-image data-imgurl=\"https:\/\/cdn.trustindex.io\/assets\/platform\/Google\/icon.svg\" alt=\"\" width=\"20\" height=\"20\" loading=\"lazy\" ><\/trustindex-image> <\/div>  <div class=\"ti-profile-details\"> <div class=\"ti-name\"> Maica MC <\/div> <div class=\"ti-date\">3. April, 2021.<\/div> <\/div> <\/div> <span class=\"ti-stars\"><trustindex-image class=\"ti-star\" data-imgurl=\"https:\/\/cdn.trustindex.io\/assets\/platform\/Google\/star\/f.svg\" alt=\"Google\" width=\"17\" height=\"17\" loading=\"lazy\" ><\/trustindex-image><trustindex-image class=\"ti-star\" data-imgurl=\"https:\/\/cdn.trustindex.io\/assets\/platform\/Google\/star\/f.svg\" alt=\"Google\" width=\"17\" height=\"17\" loading=\"lazy\" ><\/trustindex-image><trustindex-image class=\"ti-star\" data-imgurl=\"https:\/\/cdn.trustindex.io\/assets\/platform\/Google\/star\/f.svg\" alt=\"Google\" width=\"17\" height=\"17\" loading=\"lazy\" ><\/trustindex-image><trustindex-image class=\"ti-star\" data-imgurl=\"https:\/\/cdn.trustindex.io\/assets\/platform\/Google\/star\/f.svg\" alt=\"Google\" width=\"17\" height=\"17\" loading=\"lazy\" ><\/trustindex-image><trustindex-image class=\"ti-star\" data-imgurl=\"https:\/\/cdn.trustindex.io\/assets\/platform\/Google\/star\/e.svg\" alt=\"Google\" width=\"17\" height=\"17\" loading=\"lazy\" ><\/trustindex-image><\/span> <div class=\"ti-review-text-container ti-review-content\"><!-- R-CONTENT --><!-- R-CONTENT --><\/div> <span class=\"ti-read-more\" data-container=\".ti-review-content\" data-collapse-text=\"Hide\" data-open-text=\"Read more\" ><\/span> <\/div> <\/div>  <div data-empty=\"0\" class=\"ti-review-item source-Google ti-image-layout-thumbnail\" data-id=\"cfcd208495d565ef66e7dff9f98764da\" > <div class=\"ti-inner\"> <div class=\"ti-review-header\"> <div class=\"ti-platform-icon ti-with-tooltip\"> <span class=\"ti-tooltip\">Posted on <\/span> <trustindex-image data-imgurl=\"https:\/\/cdn.trustindex.io\/assets\/platform\/Google\/icon.svg\" alt=\"\" width=\"20\" height=\"20\" loading=\"lazy\" ><\/trustindex-image> <\/div>  <div class=\"ti-profile-details\"> <div class=\"ti-name\"> Manuel Riera <\/div> <div class=\"ti-date\">12. March, 2021.<\/div> <\/div> <\/div> <span class=\"ti-stars\"><trustindex-image class=\"ti-star\" data-imgurl=\"https:\/\/cdn.trustindex.io\/assets\/platform\/Google\/star\/f.svg\" alt=\"Google\" width=\"17\" height=\"17\" loading=\"lazy\" ><\/trustindex-image><trustindex-image class=\"ti-star\" data-imgurl=\"https:\/\/cdn.trustindex.io\/assets\/platform\/Google\/star\/f.svg\" alt=\"Google\" width=\"17\" height=\"17\" loading=\"lazy\" ><\/trustindex-image><trustindex-image class=\"ti-star\" data-imgurl=\"https:\/\/cdn.trustindex.io\/assets\/platform\/Google\/star\/f.svg\" alt=\"Google\" width=\"17\" height=\"17\" loading=\"lazy\" ><\/trustindex-image><trustindex-image class=\"ti-star\" data-imgurl=\"https:\/\/cdn.trustindex.io\/assets\/platform\/Google\/star\/f.svg\" alt=\"Google\" width=\"17\" height=\"17\" loading=\"lazy\" ><\/trustindex-image><trustindex-image class=\"ti-star\" data-imgurl=\"https:\/\/cdn.trustindex.io\/assets\/platform\/Google\/star\/f.svg\" alt=\"Google\" width=\"17\" height=\"17\" loading=\"lazy\" ><\/trustindex-image><\/span> <div class=\"ti-review-text-container ti-review-content\"><!-- R-CONTENT -->Correcte<!-- R-CONTENT --><\/div> <span class=\"ti-read-more\" data-container=\".ti-review-content\" data-collapse-text=\"Hide\" data-open-text=\"Read more\" ><\/span> <\/div> <\/div>  <div data-empty=\"1\" class=\"ti-review-item source-Google ti-image-layout-thumbnail\" data-id=\"cfcd208495d565ef66e7dff9f98764da\" > <div class=\"ti-inner\"> <div class=\"ti-review-header\"> <div class=\"ti-platform-icon ti-with-tooltip\"> <span class=\"ti-tooltip\">Posted on <\/span> <trustindex-image data-imgurl=\"https:\/\/cdn.trustindex.io\/assets\/platform\/Google\/icon.svg\" alt=\"\" width=\"20\" height=\"20\" loading=\"lazy\" ><\/trustindex-image> <\/div>  <div class=\"ti-profile-details\"> <div class=\"ti-name\"> francois-xavier Evrard <\/div> <div class=\"ti-date\">28. October, 2020.<\/div> <\/div> <\/div> <span class=\"ti-stars\"><trustindex-image class=\"ti-star\" data-imgurl=\"https:\/\/cdn.trustindex.io\/assets\/platform\/Google\/star\/f.svg\" alt=\"Google\" width=\"17\" height=\"17\" loading=\"lazy\" ><\/trustindex-image><trustindex-image class=\"ti-star\" data-imgurl=\"https:\/\/cdn.trustindex.io\/assets\/platform\/Google\/star\/f.svg\" alt=\"Google\" width=\"17\" height=\"17\" loading=\"lazy\" ><\/trustindex-image><trustindex-image class=\"ti-star\" data-imgurl=\"https:\/\/cdn.trustindex.io\/assets\/platform\/Google\/star\/f.svg\" alt=\"Google\" width=\"17\" height=\"17\" loading=\"lazy\" ><\/trustindex-image><trustindex-image class=\"ti-star\" data-imgurl=\"https:\/\/cdn.trustindex.io\/assets\/platform\/Google\/star\/e.svg\" alt=\"Google\" width=\"17\" height=\"17\" loading=\"lazy\" ><\/trustindex-image><trustindex-image class=\"ti-star\" data-imgurl=\"https:\/\/cdn.trustindex.io\/assets\/platform\/Google\/star\/e.svg\" alt=\"Google\" width=\"17\" height=\"17\" loading=\"lazy\" ><\/trustindex-image><\/span> <div class=\"ti-review-text-container ti-review-content\"><!-- R-CONTENT --><!-- R-CONTENT --><\/div> <span class=\"ti-read-more\" data-container=\".ti-review-content\" data-collapse-text=\"Hide\" data-open-text=\"Read more\" ><\/span> <\/div> <\/div>  <div data-empty=\"1\" class=\"ti-review-item source-Google ti-image-layout-thumbnail\" data-id=\"cfcd208495d565ef66e7dff9f98764da\" > <div class=\"ti-inner\"> <div class=\"ti-review-header\"> <div class=\"ti-platform-icon ti-with-tooltip\"> <span class=\"ti-tooltip\">Posted on <\/span> <trustindex-image data-imgurl=\"https:\/\/cdn.trustindex.io\/assets\/platform\/Google\/icon.svg\" alt=\"\" width=\"20\" height=\"20\" loading=\"lazy\" ><\/trustindex-image> <\/div>  <div class=\"ti-profile-details\"> <div class=\"ti-name\"> catherine toque <\/div> <div class=\"ti-date\">18. September, 2020.<\/div> <\/div> <\/div> <span class=\"ti-stars\"><trustindex-image class=\"ti-star\" data-imgurl=\"https:\/\/cdn.trustindex.io\/assets\/platform\/Google\/star\/f.svg\" alt=\"Google\" width=\"17\" height=\"17\" loading=\"lazy\" ><\/trustindex-image><trustindex-image class=\"ti-star\" data-imgurl=\"https:\/\/cdn.trustindex.io\/assets\/platform\/Google\/star\/f.svg\" alt=\"Google\" width=\"17\" height=\"17\" loading=\"lazy\" ><\/trustindex-image><trustindex-image class=\"ti-star\" data-imgurl=\"https:\/\/cdn.trustindex.io\/assets\/platform\/Google\/star\/f.svg\" alt=\"Google\" width=\"17\" height=\"17\" loading=\"lazy\" ><\/trustindex-image><trustindex-image class=\"ti-star\" data-imgurl=\"https:\/\/cdn.trustindex.io\/assets\/platform\/Google\/star\/f.svg\" alt=\"Google\" width=\"17\" height=\"17\" loading=\"lazy\" ><\/trustindex-image><trustindex-image class=\"ti-star\" data-imgurl=\"https:\/\/cdn.trustindex.io\/assets\/platform\/Google\/star\/f.svg\" alt=\"Google\" width=\"17\" height=\"17\" loading=\"lazy\" ><\/trustindex-image><\/span> <div class=\"ti-review-text-container ti-review-content\"><!-- R-CONTENT --><!-- R-CONTENT --><\/div> <span class=\"ti-read-more\" data-container=\".ti-review-content\" data-collapse-text=\"Hide\" data-open-text=\"Read more\" ><\/span> <\/div> <\/div>  <div data-empty=\"1\" class=\"ti-review-item source-Google ti-image-layout-thumbnail\" data-id=\"cfcd208495d565ef66e7dff9f98764da\" > <div class=\"ti-inner\"> <div class=\"ti-review-header\"> <div class=\"ti-platform-icon ti-with-tooltip\"> <span class=\"ti-tooltip\">Posted on <\/span> <trustindex-image data-imgurl=\"https:\/\/cdn.trustindex.io\/assets\/platform\/Google\/icon.svg\" alt=\"\" width=\"20\" height=\"20\" loading=\"lazy\" ><\/trustindex-image> <\/div>  <div class=\"ti-profile-details\"> <div class=\"ti-name\"> laura ricba <\/div> <div class=\"ti-date\">11. September, 2020.<\/div> <\/div> <\/div> <span class=\"ti-stars\"><trustindex-image class=\"ti-star\" data-imgurl=\"https:\/\/cdn.trustindex.io\/assets\/platform\/Google\/star\/f.svg\" alt=\"Google\" width=\"17\" height=\"17\" loading=\"lazy\" ><\/trustindex-image><trustindex-image class=\"ti-star\" data-imgurl=\"https:\/\/cdn.trustindex.io\/assets\/platform\/Google\/star\/f.svg\" alt=\"Google\" width=\"17\" height=\"17\" loading=\"lazy\" ><\/trustindex-image><trustindex-image class=\"ti-star\" data-imgurl=\"https:\/\/cdn.trustindex.io\/assets\/platform\/Google\/star\/f.svg\" alt=\"Google\" width=\"17\" height=\"17\" loading=\"lazy\" ><\/trustindex-image><trustindex-image class=\"ti-star\" data-imgurl=\"https:\/\/cdn.trustindex.io\/assets\/platform\/Google\/star\/f.svg\" alt=\"Google\" width=\"17\" height=\"17\" loading=\"lazy\" ><\/trustindex-image><trustindex-image class=\"ti-star\" data-imgurl=\"https:\/\/cdn.trustindex.io\/assets\/platform\/Google\/star\/f.svg\" alt=\"Google\" width=\"17\" height=\"17\" loading=\"lazy\" ><\/trustindex-image><\/span> <div class=\"ti-review-text-container ti-review-content\"><!-- R-CONTENT --><!-- R-CONTENT --><\/div> <span class=\"ti-read-more\" data-container=\".ti-review-content\" data-collapse-text=\"Hide\" data-open-text=\"Read more\" ><\/span> <\/div> <\/div>  <\/div> <div class=\"ti-controls-line\"> <div class=\"dot\"><\/div> <\/div>   <\/div> <\/div> <\/div> <\/template><\/pre><div data-src=\"https:\/\/cdn.trustindex.io\/loader.js?wp-widget\" data-template-id=\"trustindex-google-widget-html\" data-css-url=\"https:\/\/fabrega.syspre.sysprovider.com\/wp-content\/uploads\/trustindex-google-widget.css?1735600718\"><\/div><\/div>\n\t\t\t\t\t\t<\/div>\n\t\t\t\t<\/div>\n\t\t\t\t\t<\/div>\n\t\t<\/div>\n\t\t\t\t\t<\/div>\n\t\t<\/section>\n\t\t\t\t<section class=\"elementor-section elementor-top-section elementor-element elementor-element-8074cab elementor-section-stretched elementor-section-boxed elementor-section-height-default elementor-section-height-default\" data-id=\"8074cab\" data-element_type=\"section\" data-settings=\"{&quot;background_background&quot;:&quot;classic&quot;,&quot;stretch_section&quot;:&quot;section-stretched&quot;}\">\n\t\t\t\t\t\t<div class=\"elementor-container elementor-column-gap-default\">\n\t\t\t\t\t<div class=\"elementor-column elementor-col-100 elementor-top-column elementor-element elementor-element-630bfe6\" data-id=\"630bfe6\" data-element_type=\"column\">\n\t\t\t<div class=\"elementor-widget-wrap elementor-element-populated\">\n\t\t\t\t\t\t<div class=\"elementor-element elementor-element-835d498 elementor-widget elementor-widget-text-editor\" data-id=\"835d498\" data-element_type=\"widget\" data-widget_type=\"text-editor.default\">\n\t\t\t\t<div class=\"elementor-widget-container\">\n\t\t\t\t\t\t\t\t\tHave you stayed with us?\t\t\t\t\t\t\t\t<\/div>\n\t\t\t\t<\/div>\n\t\t\t\t<div class=\"elementor-element elementor-element-861294c elementor-align-center elementor-mobile-align-center elementor-widget elementor-widget-button\" data-id=\"861294c\" data-element_type=\"widget\" data-settings=\"{&quot;_animation&quot;:&quot;none&quot;,&quot;_animation_delay&quot;:200}\" data-widget_type=\"button.default\">\n\t\t\t\t<div class=\"elementor-widget-container\">\n\t\t\t\t\t\t\t\t\t<div class=\"elementor-button-wrapper\">\n\t\t\t\t\t<a class=\"elementor-button elementor-button-link elementor-size-md\" href=\"https:\/\/www.google.com\/search?client=firefox-b-d&#038;q=fabrega+goertzen#lrd=0x12ba7c9590e2f003:0xc15cc0ea5040c328,1,,,%20target=_blank\">\n\t\t\t\t\t\t<span class=\"elementor-button-content-wrapper\">\n\t\t\t\t\t\t\t\t\t<span class=\"elementor-button-text\">Write a review<\/span>\n\t\t\t\t\t<\/span>\n\t\t\t\t\t<\/a>\n\t\t\t\t<\/div>\n\t\t\t\t\t\t\t\t<\/div>\n\t\t\t\t<\/div>\n\t\t\t\t\t<\/div>\n\t\t<\/div>\n\t\t\t\t\t<\/div>\n\t\t<\/section>\n\t\t\t\t<section class=\"elementor-section elementor-top-section elementor-element elementor-element-42fc48f elementor-hidden-tablet elementor-hidden-phone elementor-section-stretched elementor-section-boxed elementor-section-height-default elementor-section-height-default\" data-id=\"42fc48f\" data-element_type=\"section\" data-settings=\"{&quot;background_background&quot;:&quot;classic&quot;,&quot;stretch_section&quot;:&quot;section-stretched&quot;}\">\n\t\t\t\t\t\t<div class=\"elementor-container elementor-column-gap-default\">\n\t\t\t\t\t<div class=\"elementor-column elementor-col-33 elementor-top-column elementor-element elementor-element-fdc11c5\" data-id=\"fdc11c5\" data-element_type=\"column\">\n\t\t\t<div class=\"elementor-widget-wrap\">\n\t\t\t\t\t\t\t<\/div>\n\t\t<\/div>\n\t\t\t\t<div class=\"elementor-column elementor-col-33 elementor-top-column elementor-element elementor-element-5e3c01f\" data-id=\"5e3c01f\" data-element_type=\"column\">\n\t\t\t<div class=\"elementor-widget-wrap elementor-element-populated\">\n\t\t\t\t\t\t<div class=\"elementor-element elementor-element-5b010a4 elementor-widget elementor-widget-spacer\" data-id=\"5b010a4\" data-element_type=\"widget\" data-widget_type=\"spacer.default\">\n\t\t\t\t<div class=\"elementor-widget-container\">\n\t\t\t\t\t\t\t<div class=\"elementor-spacer\">\n\t\t\t<div class=\"elementor-spacer-inner\"><\/div>\n\t\t<\/div>\n\t\t\t\t\t\t<\/div>\n\t\t\t\t<\/div>\n\t\t\t\t<div class=\"elementor-element elementor-element-a043e8e elementor-widget elementor-widget-heading\" data-id=\"a043e8e\" data-element_type=\"widget\" data-widget_type=\"heading.default\">\n\t\t\t\t<div class=\"elementor-widget-container\">\n\t\t\t\t\t<h2 class=\"elementor-heading-title elementor-size-default\">Subscribe to the FG Newsletter\n<\/h2>\t\t\t\t<\/div>\n\t\t\t\t<\/div>\n\t\t\t\t<div class=\"elementor-element elementor-element-1808d2a elementor-widget elementor-widget-text-editor\" data-id=\"1808d2a\" data-element_type=\"widget\" data-widget_type=\"text-editor.default\">\n\t\t\t\t<div class=\"elementor-widget-container\">\n\t\t\t\t\t\t\t\t\tWe\u2019ll let you know about unique experiences, suggestions for getaways and special promotions for F\u00e0brega-Goertzen subscribers.\t\t\t\t\t\t\t\t<\/div>\n\t\t\t\t<\/div>\n\t\t\t\t<div class=\"elementor-element elementor-element-755604e elementor-widget elementor-widget-shortcode\" data-id=\"755604e\" data-element_type=\"widget\" data-widget_type=\"shortcode.default\">\n\t\t\t\t<div class=\"elementor-widget-container\">\n\t\t\t\t\t\t\t<div class=\"elementor-shortcode\">\n<div class=\"wpcf7 no-js\" id=\"wpcf7-f55070-o1\" lang=\"ca\" dir=\"ltr\" data-wpcf7-id=\"55070\">\n<div class=\"screen-reader-response\"><p role=\"status\" aria-live=\"polite\" aria-atomic=\"true\"><\/p> <ul><\/ul><\/div>\n<form action=\"\/en\/wp-json\/wp\/v2\/pages\/54753#wpcf7-f55070-o1\" method=\"post\" class=\"wpcf7-form init\" aria-label=\"Formulari de contacte\" novalidate=\"novalidate\" data-status=\"init\">\n<div style=\"display: none;\">\n<input type=\"hidden\" name=\"_wpcf7\" value=\"55070\" \/>\n<input type=\"hidden\" name=\"_wpcf7_version\" value=\"6.0.3\" \/>\n<input type=\"hidden\" name=\"_wpcf7_locale\" value=\"ca\" \/>\n<input type=\"hidden\" name=\"_wpcf7_unit_tag\" value=\"wpcf7-f55070-o1\" \/>\n<input type=\"hidden\" name=\"_wpcf7_container_post\" value=\"0\" \/>\n<input type=\"hidden\" name=\"_wpcf7_posted_data_hash\" value=\"\" \/>\n<input type=\"hidden\" name=\"_wpcf7_recaptcha_response\" value=\"\" \/>\n<\/div>\n<p><label> First name<br \/>\n<span class=\"wpcf7-form-control-wrap\" data-name=\"your-name\"><input size=\"40\" maxlength=\"400\" class=\"wpcf7-form-control wpcf7-text wpcf7-validates-as-required\" aria-required=\"true\" aria-invalid=\"false\" value=\"\" type=\"text\" name=\"your-name\" \/><\/span> <\/label>\n<\/p>\n<p><label> E-mail<br \/>\n<span class=\"wpcf7-form-control-wrap\" data-name=\"your-email\"><input size=\"40\" maxlength=\"400\" class=\"wpcf7-form-control wpcf7-email wpcf7-validates-as-required wpcf7-text wpcf7-validates-as-email\" aria-required=\"true\" aria-invalid=\"false\" value=\"\" type=\"email\" name=\"your-email\" \/><\/span> <\/label>\n<\/p>\n<p><input class=\"wpcf7-form-control wpcf7-submit has-spinner\" type=\"submit\" value=\"Register\" \/>\n<\/p><div class=\"wpcf7-response-output\" aria-hidden=\"true\"><\/div>\n<\/form>\n<\/div>\n<\/div>\n\t\t\t\t\t\t<\/div>\n\t\t\t\t<\/div>\n\t\t\t\t<div class=\"elementor-element elementor-element-353580d elementor-widget elementor-widget-spacer\" data-id=\"353580d\" data-element_type=\"widget\" data-widget_type=\"spacer.default\">\n\t\t\t\t<div class=\"elementor-widget-container\">\n\t\t\t\t\t\t\t<div class=\"elementor-spacer\">\n\t\t\t<div class=\"elementor-spacer-inner\"><\/div>\n\t\t<\/div>\n\t\t\t\t\t\t<\/div>\n\t\t\t\t<\/div>\n\t\t\t\t\t<\/div>\n\t\t<\/div>\n\t\t\t\t<div class=\"elementor-column elementor-col-33 elementor-top-column elementor-element elementor-element-3bc42cd\" data-id=\"3bc42cd\" data-element_type=\"column\">\n\t\t\t<div class=\"elementor-widget-wrap\">\n\t\t\t\t\t\t\t<\/div>\n\t\t<\/div>\n\t\t\t\t\t<\/div>\n\t\t<\/section>\n\t\t\t\t<section class=\"elementor-section elementor-top-section elementor-element elementor-element-840b399 elementor-section-stretched elementor-section-boxed elementor-section-height-default elementor-section-height-default\" data-id=\"840b399\" data-element_type=\"section\" data-settings=\"{&quot;stretch_section&quot;:&quot;section-stretched&quot;,&quot;background_background&quot;:&quot;gradient&quot;}\">\n\t\t\t\t\t\t<div class=\"elementor-container elementor-column-gap-default\">\n\t\t\t\t\t<div class=\"elementor-column elementor-col-25 elementor-top-column elementor-element elementor-element-cde9113\" data-id=\"cde9113\" data-element_type=\"column\">\n\t\t\t<div class=\"elementor-widget-wrap elementor-element-populated\">\n\t\t\t\t\t\t<div class=\"elementor-element elementor-element-44f9c8e elementor-view-stacked elementor-position-left elementor-vertical-align-middle elementor-shape-circle elementor-mobile-position-top elementor-widget elementor-widget-icon-box\" data-id=\"44f9c8e\" data-element_type=\"widget\" data-widget_type=\"icon-box.default\">\n\t\t\t\t<div class=\"elementor-widget-container\">\n\t\t\t\t\t\t\t<div class=\"elementor-icon-box-wrapper\">\n\n\t\t\t\t\t\t<div class=\"elementor-icon-box-icon\">\n\t\t\t\t<span  class=\"elementor-icon\">\n\t\t\t\t<svg xmlns=\"http:\/\/www.w3.org\/2000\/svg\" xmlns:xlink=\"http:\/\/www.w3.org\/1999\/xlink\" xmlns:svgjs=\"http:\/\/svgjs.com\/svgjs\" width=\"512\" height=\"512\" x=\"0\" y=\"0\" viewBox=\"0 0 480.48 480.48\" style=\"enable-background:new 0 0 512 512\" xml:space=\"preserve\" class=\"\"><g><g xmlns=\"http:\/\/www.w3.org\/2000\/svg\">\t<g>\t\t<g>\t\t\t<path d=\"M477.128,172.606l-53.68-139.568C413.276,6.654,383.641-6.488,357.257,3.684c-0.383,0.148-0.765,0.3-1.145,0.457     l-268.256,111.2c-25.543,10.478-38.097,39.391-28.312,65.208l7.376,19.688H50c-27.601,0.031-49.969,22.399-50,50v180     c0.031,27.601,22.399,49.969,50,50h340c27.601-0.031,49.969-22.399,50-50v-180c-0.016-2.714-0.257-5.422-0.72-8.096l9.288-3.76     C474.339,227.818,487.005,198.648,477.128,172.606z M50,216.238h340c17.956,0.051,32.768,14.074,33.8,32H16.2     C17.232,230.311,32.044,216.288,50,216.238z M130.408,168.046l53.472-26.744l10.992,27.496L141.4,195.534L130.408,168.046z      M424,430.238c-0.022,18.769-15.231,33.978-34,34H50c-18.769-0.022-33.978-15.231-34-34v-102h408V430.238z M424,312.238H16v-48     h408V312.238z M442.568,223.598l-8.36,3.384c-8.635-16.424-25.652-26.718-44.208-26.744H167.776l40.84-20.424     c3.724-1.859,5.401-6.263,3.856-10.128l-16.968-42.4c-1.641-4.102-6.296-6.098-10.398-4.458c-0.207,0.083-0.41,0.174-0.609,0.274     l-67.832,33.936c-3.721,1.862-5.394,6.265-3.848,10.128l13.232,33.072H84l-9.472-25.264c-6.715-17.738,1.91-37.598,19.456-44.8     l268.248-111.2c17.933-7.436,38.499,1.073,45.936,19.006c0.116,0.279,0.228,0.56,0.336,0.842l53.68,139.568     C468.975,196.285,460.276,216.333,442.568,223.598z\" fill=\"#ffffff\" data-original=\"#000000\" style=\"\" class=\"\"><\/path>\t\t\t<path d=\"M287.775,441.742c14.908,8.661,33.317,8.661,48.225,0c22.922,13.317,52.3,5.53,65.617-17.392s5.53-52.3-17.392-65.617     c-7.357-4.274-15.717-6.516-24.225-6.496c-8.434,0.004-16.716,2.245-24,6.496c-22.922-13.317-52.3-5.531-65.617,17.391     C257.066,399.047,264.853,428.424,287.775,441.742z M349.376,370.19c3.403-1.254,6.997-1.914,10.624-1.952     c17.673,0,32,14.327,32,32c0,17.673-14.327,32-32,32c-3.627-0.038-7.221-0.698-10.624-1.952     C363.54,412.757,363.54,387.718,349.376,370.19z M336,379.294c10.667,11.926,10.667,29.962,0,41.888     C325.333,409.256,325.333,391.219,336,379.294z M312,368.238c3.627,0.037,7.221,0.698,10.624,1.952     c-14.164,17.528-14.164,42.568,0,60.096c-3.403,1.254-6.997,1.914-10.624,1.952c-17.673,0-32-14.327-32-32     C280,382.564,294.327,368.238,312,368.238z\" fill=\"#ffffff\" data-original=\"#000000\" style=\"\" class=\"\"><\/path>\t\t\t\t\t\t\t<rect x=\"370.883\" y=\"113.937\" transform=\"matrix(-0.4062 -0.9138 0.9138 -0.4062 390.4948 565.1589)\" width=\"16\" height=\"83.52\" fill=\"#ffffff\" data-original=\"#000000\" style=\"\" class=\"\"><\/rect>\t\t\t\t\t\t\t<rect x=\"284.256\" y=\"122.262\" transform=\"matrix(0.908 -0.4191 0.4191 0.908 -22.8353 156.5479)\" width=\"121.408\" height=\"15.992\" fill=\"#ffffff\" data-original=\"#000000\" style=\"\" class=\"\"><\/rect>\t\t<\/g>\t<\/g><\/g><g xmlns=\"http:\/\/www.w3.org\/2000\/svg\"><\/g><g xmlns=\"http:\/\/www.w3.org\/2000\/svg\"><\/g><g xmlns=\"http:\/\/www.w3.org\/2000\/svg\"><\/g><g xmlns=\"http:\/\/www.w3.org\/2000\/svg\"><\/g><g xmlns=\"http:\/\/www.w3.org\/2000\/svg\"><\/g><g xmlns=\"http:\/\/www.w3.org\/2000\/svg\"><\/g><g xmlns=\"http:\/\/www.w3.org\/2000\/svg\"><\/g><g xmlns=\"http:\/\/www.w3.org\/2000\/svg\"><\/g><g xmlns=\"http:\/\/www.w3.org\/2000\/svg\"><\/g><g xmlns=\"http:\/\/www.w3.org\/2000\/svg\"><\/g><g xmlns=\"http:\/\/www.w3.org\/2000\/svg\"><\/g><g xmlns=\"http:\/\/www.w3.org\/2000\/svg\"><\/g><g xmlns=\"http:\/\/www.w3.org\/2000\/svg\"><\/g><g xmlns=\"http:\/\/www.w3.org\/2000\/svg\"><\/g><g xmlns=\"http:\/\/www.w3.org\/2000\/svg\"><\/g><\/g><\/svg>\t\t\t\t<\/span>\n\t\t\t<\/div>\n\t\t\t\n\t\t\t\t\t\t<div class=\"elementor-icon-box-content\">\n\n\t\t\t\t\t\t\t\t\t<h3 class=\"elementor-icon-box-title\">\n\t\t\t\t\t\t<span  >\n\t\t\t\t\t\t\tSecure payment <br> platform\t\t\t\t\t\t<\/span>\n\t\t\t\t\t<\/h3>\n\t\t\t\t\n\t\t\t\t\n\t\t\t<\/div>\n\t\t\t\n\t\t<\/div>\n\t\t\t\t\t\t<\/div>\n\t\t\t\t<\/div>\n\t\t\t\t\t<\/div>\n\t\t<\/div>\n\t\t\t\t<div class=\"elementor-column elementor-col-25 elementor-top-column elementor-element elementor-element-90a628b\" data-id=\"90a628b\" data-element_type=\"column\">\n\t\t\t<div class=\"elementor-widget-wrap elementor-element-populated\">\n\t\t\t\t\t\t<div class=\"elementor-element elementor-element-2fef3a4 elementor-view-stacked elementor-position-left elementor-vertical-align-middle elementor-shape-circle elementor-mobile-position-top elementor-widget elementor-widget-icon-box\" data-id=\"2fef3a4\" data-element_type=\"widget\" data-widget_type=\"icon-box.default\">\n\t\t\t\t<div class=\"elementor-widget-container\">\n\t\t\t\t\t\t\t<div class=\"elementor-icon-box-wrapper\">\n\n\t\t\t\t\t\t<div class=\"elementor-icon-box-icon\">\n\t\t\t\t<span  class=\"elementor-icon\">\n\t\t\t\t<svg xmlns=\"http:\/\/www.w3.org\/2000\/svg\" xmlns:xlink=\"http:\/\/www.w3.org\/1999\/xlink\" xmlns:svgjs=\"http:\/\/svgjs.com\/svgjs\" width=\"512\" height=\"512\" x=\"0\" y=\"0\" viewBox=\"0 0 496 496.01461\" style=\"enable-background:new 0 0 512 512\" xml:space=\"preserve\" class=\"\"><g><path xmlns=\"http:\/\/www.w3.org\/2000\/svg\" d=\"m494.492188 243.308594-37.25-51.386719 6.601562-63.109375c.359375-3.449219-1.539062-6.734375-4.707031-8.144531l-57.980469-25.800781-25.800781-57.984376c-1.417969-3.160156-4.699219-5.054687-8.144531-4.710937l-63.121094 6.597656-51.382813-37.246093c-2.800781-2.03125-6.589843-2.03125-9.390625 0l-51.386718 37.246093-63.117188-6.597656c-3.441406-.328125-6.710938 1.5625-8.144531 4.703125l-25.800781 57.984375-57.984376 25.808594c-3.164062 1.40625-5.0625 4.691406-4.703124 8.136719l6.597656 63.117187-37.246094 51.386719c-2.03125 2.800781-2.03125 6.589844 0 9.390625l37.246094 51.382812-6.597656 63.121094c-.363282 3.445313 1.535156 6.734375 4.703124 8.144531l57.984376 25.800782 25.800781 57.984374c1.425781 3.148438 4.699219 5.042969 8.144531 4.710938l63.117188-6.601562 51.386718 37.25c2.800782 2.03125 6.589844 2.03125 9.390625 0l51.382813-37.25 63.121094 6.601562c3.445312.347656 6.722656-1.546875 8.144531-4.703125l25.800781-57.984375 57.980469-25.808594c3.164062-1.410156 5.0625-4.691406 4.707031-8.136718l-6.601562-63.121094 37.25-51.382813c2.035156-2.800781 2.035156-6.597656 0-9.398437zm-52 53.863281c-1.160157 1.597656-1.6875 3.566406-1.480469 5.527344l6.304687 60.382812-55.480468 24.699219c-1.8125.796875-3.265626 2.242188-4.066407 4.054688l-24.679687 55.480468-60.398438-6.3125c-1.960937-.203125-3.925781.328125-5.519531 1.488282l-49.160156 35.632812-49.167969-35.632812c-1.363281-.996094-3.003906-1.53125-4.6875-1.527344-.28125 0-.5625 0-.800781.039062l-60.402344 6.3125-24.679687-55.480468c-.804688-1.8125-2.25-3.261719-4.0625-4.066407l-55.511719-24.6875 6.304687-60.382812c.203125-1.960938-.324218-3.929688-1.480468-5.527344l-35.632813-49.167969 35.632813-49.167968c1.15625-1.597657 1.683593-3.566407 1.480468-5.527344l-6.304687-60.386719 55.480469-24.695313c1.8125-.796874 3.261718-2.242187 4.0625-4.054687l24.679687-55.480469 60.402344 6.3125c1.957031.195313 3.921875-.335937 5.519531-1.488281l49.167969-35.632813 49.167969 35.632813c1.59375 1.15625 3.558593 1.683594 5.519531 1.488281l60.398437-6.3125 24.679688 55.480469c.804687 1.8125 2.253906 3.257813 4.066406 4.0625l55.480469 24.6875-6.304688 60.386719c-.207031 1.960937.320313 3.929687 1.480469 5.527344l35.628906 49.167968zm0 0\" fill=\"#ffffff\" data-original=\"#000000\" style=\"\"><\/path><path xmlns=\"http:\/\/www.w3.org\/2000\/svg\" d=\"m341.425781 157.308594c-3.125-3.125-8.1875-3.125-11.3125 0l-130.101562 130.101562-39.625-39.550781c-3.121094-3.113281-8.175781-3.113281-11.296875 0l-22.679688 22.542969c-1.503906 1.5-2.351562 3.539062-2.351562 5.664062s.847656 4.164063 2.351562 5.664063l67.921875 67.921875c3.121094 3.121094 8.1875 3.121094 11.3125 0l158.398438-158.402344c3.121093-3.121094 3.121093-8.1875 0-11.3125zm-141.414062 175.382812-56.601563-56.601562 11.3125-11.285156 39.640625 39.558593c3.121094 3.117188 8.179688 3.117188 11.304688 0l130.101562-130.089843 11.328125 11.328124zm0 0\" fill=\"#ffffff\" data-original=\"#000000\" style=\"\"><\/path><\/g><\/svg>\t\t\t\t<\/span>\n\t\t\t<\/div>\n\t\t\t\n\t\t\t\t\t\t<div class=\"elementor-icon-box-content\">\n\n\t\t\t\t\t\t\t\t\t<h3 class=\"elementor-icon-box-title\">\n\t\t\t\t\t\t<span  >\n\t\t\t\t\t\t\tVerified <br>accommodation\t\t\t\t\t\t<\/span>\n\t\t\t\t\t<\/h3>\n\t\t\t\t\n\t\t\t\t\n\t\t\t<\/div>\n\t\t\t\n\t\t<\/div>\n\t\t\t\t\t\t<\/div>\n\t\t\t\t<\/div>\n\t\t\t\t\t<\/div>\n\t\t<\/div>\n\t\t\t\t<div class=\"elementor-column elementor-col-25 elementor-top-column elementor-element elementor-element-9f9b2ff\" data-id=\"9f9b2ff\" data-element_type=\"column\">\n\t\t\t<div class=\"elementor-widget-wrap elementor-element-populated\">\n\t\t\t\t\t\t<div class=\"elementor-element elementor-element-c67f8db elementor-view-stacked elementor-position-left elementor-vertical-align-middle elementor-shape-circle elementor-mobile-position-top elementor-widget elementor-widget-icon-box\" data-id=\"c67f8db\" data-element_type=\"widget\" data-widget_type=\"icon-box.default\">\n\t\t\t\t<div class=\"elementor-widget-container\">\n\t\t\t\t\t\t\t<div class=\"elementor-icon-box-wrapper\">\n\n\t\t\t\t\t\t<div class=\"elementor-icon-box-icon\">\n\t\t\t\t<span  class=\"elementor-icon\">\n\t\t\t\t<svg xmlns=\"http:\/\/www.w3.org\/2000\/svg\" xmlns:xlink=\"http:\/\/www.w3.org\/1999\/xlink\" xmlns:svgjs=\"http:\/\/svgjs.com\/svgjs\" width=\"512\" height=\"512\" x=\"0\" y=\"0\" viewBox=\"0 0 496 496\" style=\"enable-background:new 0 0 512 512\" xml:space=\"preserve\"><g><g xmlns=\"http:\/\/www.w3.org\/2000\/svg\">\t<g>\t\t<path d=\"M402.524,432l-18.52-55.568c-6.472-19.4-22.984-33.72-43.112-37.384l-53.464-9.728v-4.144    c9.304-5.4,17.4-12.624,23.848-21.176h16.152c13.232,0,24-10.768,24-24v-96c0-57.344-46.656-104-104-104s-104,46.656-104,104v56    c0,15.424,10.968,28.328,25.512,31.336c4.488,22.992,18.856,42.448,38.488,53.84v4.144l-53.472,9.728    c-20.12,3.664-36.64,17.984-43.104,37.384l-3.2,9.608l-27.248-27.248c-3.12-3.12-3.12-8.2,0-11.32l31.6-31.592l-59.312-59.312    L16.98,292.28c-10.576,10.576-16.4,24.64-16.4,39.6s5.824,29.016,16.4,39.592l108.12,108.12C135.676,490.168,149.74,496,164.7,496    c14.96,0,29.016-5.832,39.344-16.168l38.968-35.704L230.86,432H402.524z M335.428,280c0,4.416-3.592,8-8,8H320.7    c2.32-5.288,4.08-10.864,5.216-16.664c3.424-0.712,6.576-2.072,9.512-3.784V280z M327.428,253.776v-27.552    c4.76,2.776,8,7.88,8,13.776S332.188,251,327.428,253.776z M167.428,253.776c-4.76-2.776-8-7.88-8-13.776s3.24-11,8-13.776    V253.776z M167.428,200v9.136c-2.848,0.744-5.52,1.864-8,3.312V184c0-48.52,39.48-88,88-88s88,39.48,88,88v28.448    c-2.48-1.448-5.152-2.576-8-3.312V200h-8c-23.656,0-45.896-9.216-62.632-25.944l-9.368-9.368l-9.368,9.368    C221.324,190.784,199.084,200,175.428,200H167.428z M183.428,256v-40.304c24.024-1.808,46.424-11.72,64-28.432    c17.576,16.712,39.976,26.632,64,28.432V256c0,11.664-3.184,22.576-8.656,32h-55.344v16h42.192c-11.28,9.928-26.024,16-42.192,16    C212.14,320,183.428,291.288,183.428,256z M271.428,332.312v0.376l-24,24l-24-24v-0.376c7.584,2.384,15.64,3.688,24,3.688    S263.844,334.696,271.428,332.312z M126.02,381.488c4.616-13.856,16.416-24.088,30.792-26.712l55.92-10.16l34.696,34.696    l34.688-34.688l55.912,10.16c14.376,2.624,26.176,12.848,30.792,26.712L380.332,416H214.86l-31.16-31.16l-34.624,31.32    c-3.016,3.032-8.288,3.032-11.312,0l-17.472-17.472L126.02,381.488z M52.684,279.192l36.688,36.688l-8.688,8.688L43.996,287.88    L52.684,279.192z M192.964,468.296c-7.552,7.536-17.6,11.704-28.28,11.704c-10.68,0-20.728-4.168-28.288-11.72L28.276,360.168    c-7.552-7.552-11.712-17.6-11.712-28.28c0-10.688,4.16-20.736,11.712-28.288l4.4-4.4l36.688,36.688l-0.288,0.288    c-9.352,9.36-9.352,24.584,0,33.944l57.368,57.368c4.536,4.528,10.56,7.032,16.976,7.032s12.44-2.496,16.68-6.752l0.6-0.536    l36.856,36.856L192.964,468.296z M209.364,453.256l-36.776-36.776l10.568-9.552l36.712,36.712L209.364,453.256z\" fill=\"#ffffff\" data-original=\"#000000\" style=\"\"><\/path>\t<\/g><\/g><g xmlns=\"http:\/\/www.w3.org\/2000\/svg\">\t<g>\t\t<path d=\"M471.428,0h-112c-13.232,0-24,10.768-24,24v64c0,13.232,10.768,24,24,24h21.368l-8.272,48.248l77.2-48.248h21.704    c13.232,0,24-10.768,24-24V24C495.428,10.768,484.66,0,471.428,0z M479.428,88c0,4.408-3.592,8-8,8h-26.296l-50.808,31.752    L399.772,96h-40.344c-4.408,0-8-3.592-8-8V24c0-4.408,3.592-8,8-8h112c4.408,0,8,3.592,8,8V88z\" fill=\"#ffffff\" data-original=\"#000000\" style=\"\"><\/path>\t<\/g><\/g><g xmlns=\"http:\/\/www.w3.org\/2000\/svg\">\t<g>\t\t<rect x=\"367.428\" y=\"32\" width=\"96\" height=\"16\" fill=\"#ffffff\" data-original=\"#000000\" style=\"\"><\/rect>\t<\/g><\/g><g xmlns=\"http:\/\/www.w3.org\/2000\/svg\">\t<g>\t\t<rect x=\"367.428\" y=\"64\" width=\"64\" height=\"16\" fill=\"#ffffff\" data-original=\"#000000\" style=\"\"><\/rect>\t<\/g><\/g><g xmlns=\"http:\/\/www.w3.org\/2000\/svg\">\t<g>\t\t<rect x=\"447.428\" y=\"64\" width=\"16\" height=\"16\" fill=\"#ffffff\" data-original=\"#000000\" style=\"\"><\/rect>\t<\/g><\/g><g xmlns=\"http:\/\/www.w3.org\/2000\/svg\">\t<g>\t\t<path d=\"M247.428,24C142.9,24,52.86,96.304,29.452,197.16l-15.16-25.272l-13.72,8.232l28.12,46.856l46.856-28.12l-8.232-13.72    l-21.68,13.008C68.308,105.88,151.276,40,247.428,40c21.016,0,41.752,3.12,61.632,9.28L313.796,34    C292.38,27.36,270.052,24,247.428,24z\" fill=\"#ffffff\" data-original=\"#000000\" style=\"\"><\/path>\t<\/g><\/g><g xmlns=\"http:\/\/www.w3.org\/2000\/svg\">\t<g>\t\t<path d=\"M491.54,177.136l-46.856-28.12l-28.112,46.864l13.72,8.232l14-23.336c7.368,21.56,11.136,44.112,11.136,67.224    c0,47.576-16.48,94.088-46.392,130.96l12.424,10.08c32.224-39.712,49.968-89.808,49.968-141.04    c0-24.472-3.944-48.368-11.632-71.248l23.512,14.104L491.54,177.136z\" fill=\"#ffffff\" data-original=\"#000000\" style=\"\"><\/path>\t<\/g><\/g><g xmlns=\"http:\/\/www.w3.org\/2000\/svg\"><\/g><g xmlns=\"http:\/\/www.w3.org\/2000\/svg\"><\/g><g xmlns=\"http:\/\/www.w3.org\/2000\/svg\"><\/g><g xmlns=\"http:\/\/www.w3.org\/2000\/svg\"><\/g><g xmlns=\"http:\/\/www.w3.org\/2000\/svg\"><\/g><g xmlns=\"http:\/\/www.w3.org\/2000\/svg\"><\/g><g xmlns=\"http:\/\/www.w3.org\/2000\/svg\"><\/g><g xmlns=\"http:\/\/www.w3.org\/2000\/svg\"><\/g><g xmlns=\"http:\/\/www.w3.org\/2000\/svg\"><\/g><g xmlns=\"http:\/\/www.w3.org\/2000\/svg\"><\/g><g xmlns=\"http:\/\/www.w3.org\/2000\/svg\"><\/g><g xmlns=\"http:\/\/www.w3.org\/2000\/svg\"><\/g><g xmlns=\"http:\/\/www.w3.org\/2000\/svg\"><\/g><g xmlns=\"http:\/\/www.w3.org\/2000\/svg\"><\/g><g xmlns=\"http:\/\/www.w3.org\/2000\/svg\"><\/g><\/g><\/svg>\t\t\t\t<\/span>\n\t\t\t<\/div>\n\t\t\t\n\t\t\t\t\t\t<div class=\"elementor-icon-box-content\">\n\n\t\t\t\t\t\t\t\t\t<h3 class=\"elementor-icon-box-title\">\n\t\t\t\t\t\t<span  >\n\t\t\t\t\t\t\tPersonalised <br>service\t\t\t\t\t\t<\/span>\n\t\t\t\t\t<\/h3>\n\t\t\t\t\n\t\t\t\t\n\t\t\t<\/div>\n\t\t\t\n\t\t<\/div>\n\t\t\t\t\t\t<\/div>\n\t\t\t\t<\/div>\n\t\t\t\t\t<\/div>\n\t\t<\/div>\n\t\t\t\t<div class=\"elementor-column elementor-col-25 elementor-top-column elementor-element elementor-element-3bda426\" data-id=\"3bda426\" data-element_type=\"column\">\n\t\t\t<div class=\"elementor-widget-wrap elementor-element-populated\">\n\t\t\t\t\t\t<div class=\"elementor-element elementor-element-bacfb30 elementor-view-stacked elementor-position-left elementor-vertical-align-middle elementor-shape-circle elementor-mobile-position-top elementor-widget elementor-widget-icon-box\" data-id=\"bacfb30\" data-element_type=\"widget\" data-widget_type=\"icon-box.default\">\n\t\t\t\t<div class=\"elementor-widget-container\">\n\t\t\t\t\t\t\t<div class=\"elementor-icon-box-wrapper\">\n\n\t\t\t\t\t\t<div class=\"elementor-icon-box-icon\">\n\t\t\t\t<span  class=\"elementor-icon\">\n\t\t\t\t<svg xmlns=\"http:\/\/www.w3.org\/2000\/svg\" xmlns:xlink=\"http:\/\/www.w3.org\/1999\/xlink\" xmlns:svgjs=\"http:\/\/svgjs.com\/svgjs\" width=\"512\" height=\"512\" x=\"0\" y=\"0\" viewBox=\"0 0 512 512\" style=\"enable-background:new 0 0 512 512\" xml:space=\"preserve\"><g><g xmlns=\"http:\/\/www.w3.org\/2000\/svg\">\t<g>\t\t<path d=\"M250.956,382.77c-4.086-0.848-23.251,2.453-41.515-7.39c-3.649-1.967-8.197-0.602-10.163,3.044    c-1.965,3.647-0.602,8.196,3.044,10.163c1.556,0.838,3.116,1.6,4.679,2.293c-15.304,6.722-27.668,18.856-34.891,36.791    c-6.853-16.778-18.598-29.534-34.906-36.811c16.632-7.422,28.203-20.402,34.906-36.808c1.436,3.544,2.746,6.006,2.796,6.108    c1.882,3.689,6.402,5.153,10.092,3.271c3.69-1.883,5.154-6.401,3.271-10.092c-0.022-0.1-9.103-16.674-8.03-38.733    c0.613-4.135-2.285-8.245-6.704-9.058c-4.022-0.792-8.478,1.759-9.514,6.277c-0.536,2.341,3.344,42.848-26.052,61.642    c-19.137,12.208-40.863,8.414-44.911,9.332c-8.557,1.948-8.55,14.176,0,16.123c3.998,0.901,26.15-2.883,45.293,9.578    c28.428,18.522,25.291,57.953,25.481,59.719c0,9.249,13.217,11.331,16.134,2.307c0.987-3.073-3.164-42.18,24.905-61.4    c18.493-12.672,41.411-9.616,45.399-10.065C259.396,398.036,260.212,384.728,250.956,382.77z\" fill=\"#ffffff\" data-original=\"#000000\" style=\"\"><\/path>\t<\/g><\/g><g xmlns=\"http:\/\/www.w3.org\/2000\/svg\">\t<g>\t\t<path d=\"M503.965,236.428c-13.713-1.523-111.464,12.208-154.185-77.488c-22.458-47.18-16.698-89.951-17.922-95.317    c-1.102-4.824-5.663-7.714-10.024-7.157c-4.973,0.563-8.272,4.681-8.272,8.827v19.464    c-3.389,66.912-33.839,123.872-97.781,143.921c-36.925,11.583-68.981,6.58-74.966,7.889c-9.598,2.178-9.67,15.963,0.102,18.134    c8.368,1.766,71.326-8.434,120.217,32.169c3.188,2.646,7.917,2.207,10.564-0.978c2.646-3.188,2.209-7.916-0.978-10.564    c-16.776-13.932-36.883-23.888-59.891-29.672c60.573-15.257,97.752-58.495,111.983-119.061    c14.112,60.195,50.984,103.816,112.208,118.997c-60.613,15.167-98.306,58.369-112.295,118.769    c-5.208-22.138-13.896-43.327-26.956-61.831c-2.389-3.385-7.069-4.192-10.454-1.804c-3.386,2.389-4.192,7.069-1.804,10.454    c4.604,6.522,8.747,13.629,12.319,21.124c21.189,44.516,17.445,89.806,17.752,94.175c0.791,11.16,18.999,11.722,18.429-2.077    c-1.029-24.872,0.9-109.129,68.956-149.111c45.923-26.952,97.009-19.079,103.828-20.613    C515.073,252.345,513.961,237.55,503.965,236.428z\" fill=\"#ffffff\" data-original=\"#000000\" style=\"\"><\/path>\t<\/g><\/g><g xmlns=\"http:\/\/www.w3.org\/2000\/svg\">\t<g>\t\t<path d=\"M164.308,113.042c-5.079-1.053-45.121,6.036-63.009-30.052c-8.409-16.93-7.825-35.754-7.71-38.114    c0.602-4.085-2.234-8.238-6.711-9.055c-3.997-0.791-8.474,1.745-9.509,6.29c-0.534,2.33,3.343,42.837-26.05,61.631    c-18.466,11.78-40.018,8.737-44.08,9.19c-9.127,1.038-9.865,14.207-0.832,16.264c4.362,0.982,26.045-2.952,45.293,9.578    c20.514,13.364,24.777,37.908,25.482,51.479c0.097,7.756-0.246,8.658,0.363,10.548c1.121,3.469,4.29,5.798,7.884,5.798    c4.126,0.002,7.469-3.049,8.131-6.788c0.458-2.564-1.544-22.068,7.956-40.945c1.862-3.701,0.372-8.21-3.328-10.073    c-3.701-1.864-8.21-0.372-10.073,3.328c-0.948,1.885-1.829,3.84-2.642,5.856c-6.849-16.789-18.595-29.555-34.917-36.841    c16.631-7.425,28.201-20.402,34.904-36.809c6.699,16.527,18.176,29.448,34.878,36.835c-1.637,0.723-3.274,1.52-4.899,2.398    c-3.645,1.971-5,6.522-3.028,10.167c1.971,3.644,6.521,4.999,10.167,3.029c17.704-9.578,37.046-6.973,41.043-7.418    C172.796,128.286,173.492,114.985,164.308,113.042z\" fill=\"#ffffff\" data-original=\"#000000\" style=\"\"><\/path>\t<\/g><\/g><g xmlns=\"http:\/\/www.w3.org\/2000\/svg\"><\/g><g xmlns=\"http:\/\/www.w3.org\/2000\/svg\"><\/g><g xmlns=\"http:\/\/www.w3.org\/2000\/svg\"><\/g><g xmlns=\"http:\/\/www.w3.org\/2000\/svg\"><\/g><g xmlns=\"http:\/\/www.w3.org\/2000\/svg\"><\/g><g xmlns=\"http:\/\/www.w3.org\/2000\/svg\"><\/g><g xmlns=\"http:\/\/www.w3.org\/2000\/svg\"><\/g><g xmlns=\"http:\/\/www.w3.org\/2000\/svg\"><\/g><g xmlns=\"http:\/\/www.w3.org\/2000\/svg\"><\/g><g xmlns=\"http:\/\/www.w3.org\/2000\/svg\"><\/g><g xmlns=\"http:\/\/www.w3.org\/2000\/svg\"><\/g><g xmlns=\"http:\/\/www.w3.org\/2000\/svg\"><\/g><g xmlns=\"http:\/\/www.w3.org\/2000\/svg\"><\/g><g xmlns=\"http:\/\/www.w3.org\/2000\/svg\"><\/g><g xmlns=\"http:\/\/www.w3.org\/2000\/svg\"><\/g><\/g><\/svg>\t\t\t\t<\/span>\n\t\t\t<\/div>\n\t\t\t\n\t\t\t\t\t\t<div class=\"elementor-icon-box-content\">\n\n\t\t\t\t\t\t\t\t\t<h3 class=\"elementor-icon-box-title\">\n\t\t\t\t\t\t<span  >\n\t\t\t\t\t\t\tUnique <br> Experiences\t\t\t\t\t\t<\/span>\n\t\t\t\t\t<\/h3>\n\t\t\t\t\n\t\t\t\t\n\t\t\t<\/div>\n\t\t\t\n\t\t<\/div>\n\t\t\t\t\t\t<\/div>\n\t\t\t\t<\/div>\n\t\t\t\t\t<\/div>\n\t\t<\/div>\n\t\t\t\t\t<\/div>\n\t\t<\/section>\n\t\t\t\t<\/div>\n\t\t","protected":false},"excerpt":{"rendered":"<p>Dream holidays in Llan\u00e7\u00e0 Tourist apartments and accommodation in Llan\u00e7\u00e0 &#8211; Cap de Creus On vols anar? any Carboneras &#8211; Tonyines Carboneras &#8211; Tonyines, Llan\u00e7\u00e0 Fener &#8211; Cau del Llop Fener &#8211; Cau del Llop, Llan\u00e7\u00e0 Grifeu &#8211; Cap Ras Grifeu &#8211; Cap Ras, Llan\u00e7\u00e0 Port de Llan\u00e7\u00e0 Port de Llan\u00e7\u00e0, Llan\u00e7\u00e0 Port de la &#8230;<\/p>\n","protected":false},"author":2,"featured_media":0,"parent":0,"menu_order":0,"comment_status":"closed","ping_status":"closed","template":"","meta":{"_acf_changed":false,"footnotes":""},"class_list":["post-54753","page","type-page","status-publish","hentry"],"acf":[],"yoast_head":"<!-- This site is optimized with the Yoast SEO plugin v24.3 - https:\/\/yoast.com\/wordpress\/plugins\/seo\/ -->\n<title>Fabrega-Goertzen I Tourist rental in Llan\u00e7\u00e0 and Cap de Creus<\/title>\n<meta name=\"description\" content=\"Enjoy a dream holiday in Llan\u00e7\u00e0 and Cap de Creus. Find the ideal flat for your holidays on the Costa Brava.\" \/>\n<meta name=\"robots\" content=\"index, follow, max-snippet:-1, max-image-preview:large, max-video-preview:-1\" \/>\n<link rel=\"canonical\" href=\"https:\/\/fabrega.syspre.sysprovider.com\/en\/\" \/>\n<meta property=\"og:locale\" content=\"en_US\" \/>\n<meta property=\"og:type\" content=\"article\" \/>\n<meta property=\"og:title\" content=\"Fabrega-Goertzen I Tourist rental in Llan\u00e7\u00e0 and Cap de Creus\" \/>\n<meta property=\"og:description\" content=\"Enjoy a dream holiday in Llan\u00e7\u00e0 and Cap de Creus. Find the ideal flat for your holidays on the Costa Brava.\" \/>\n<meta property=\"og:url\" content=\"https:\/\/fabrega.syspre.sysprovider.com\/en\/\" \/>\n<meta property=\"og:site_name\" content=\"Fabrega-Goertzen\" \/>\n<meta property=\"article:modified_time\" content=\"2025-01-11T17:11:58+00:00\" \/>\n<meta property=\"og:image\" content=\"https:\/\/fabrega-goertzen.com\/wp-content\/uploads\/2025\/01\/Diseno-sin-titulo-1.jpg\" \/>\n<meta name=\"twitter:card\" content=\"summary_large_image\" \/>\n<meta name=\"twitter:label1\" content=\"Est. reading time\" \/>\n\t<meta name=\"twitter:data1\" content=\"94 minutes\" \/>\n<script type=\"application\/ld+json\" class=\"yoast-schema-graph\">{\"@context\":\"https:\/\/schema.org\",\"@graph\":[{\"@type\":\"WebPage\",\"@id\":\"https:\/\/fabrega.syspre.sysprovider.com\/en\/\",\"url\":\"https:\/\/fabrega.syspre.sysprovider.com\/en\/\",\"name\":\"Fabrega-Goertzen I Tourist rental in Llan\u00e7\u00e0 and Cap de Creus\",\"isPartOf\":{\"@id\":\"https:\/\/fabrega.syspre.sysprovider.com\/#website\"},\"primaryImageOfPage\":{\"@id\":\"https:\/\/fabrega.syspre.sysprovider.com\/en\/#primaryimage\"},\"image\":{\"@id\":\"https:\/\/fabrega.syspre.sysprovider.com\/en\/#primaryimage\"},\"thumbnailUrl\":\"https:\/\/fabrega-goertzen.com\/wp-content\/uploads\/2025\/01\/Diseno-sin-titulo-1.jpg\",\"datePublished\":\"2019-08-07T09:58:39+00:00\",\"dateModified\":\"2025-01-11T17:11:58+00:00\",\"description\":\"Enjoy a dream holiday in Llan\u00e7\u00e0 and Cap de Creus. Find the ideal flat for your holidays on the Costa Brava.\",\"breadcrumb\":{\"@id\":\"https:\/\/fabrega.syspre.sysprovider.com\/en\/#breadcrumb\"},\"inLanguage\":\"en-US\",\"potentialAction\":[{\"@type\":\"ReadAction\",\"target\":[\"https:\/\/fabrega.syspre.sysprovider.com\/en\/\"]}]},{\"@type\":\"ImageObject\",\"inLanguage\":\"en-US\",\"@id\":\"https:\/\/fabrega.syspre.sysprovider.com\/en\/#primaryimage\",\"url\":\"https:\/\/fabrega-goertzen.com\/wp-content\/uploads\/2025\/01\/Diseno-sin-titulo-1.jpg\",\"contentUrl\":\"https:\/\/fabrega-goertzen.com\/wp-content\/uploads\/2025\/01\/Diseno-sin-titulo-1.jpg\"},{\"@type\":\"BreadcrumbList\",\"@id\":\"https:\/\/fabrega.syspre.sysprovider.com\/en\/#breadcrumb\",\"itemListElement\":[{\"@type\":\"ListItem\",\"position\":1,\"name\":\"Home\",\"item\":\"https:\/\/fabrega.syspre.sysprovider.com\/en\/\"},{\"@type\":\"ListItem\",\"position\":2,\"name\":\"Fabrega-Goertzen by More Holiday\"}]},{\"@type\":\"WebSite\",\"@id\":\"https:\/\/fabrega.syspre.sysprovider.com\/#website\",\"url\":\"https:\/\/fabrega.syspre.sysprovider.com\/\",\"name\":\"Fabrega-Goertzen\",\"description\":\"Fabrega-Goertzen\",\"potentialAction\":[{\"@type\":\"SearchAction\",\"target\":{\"@type\":\"EntryPoint\",\"urlTemplate\":\"https:\/\/fabrega.syspre.sysprovider.com\/?s={search_term_string}\"},\"query-input\":{\"@type\":\"PropertyValueSpecification\",\"valueRequired\":true,\"valueName\":\"search_term_string\"}}],\"inLanguage\":\"en-US\"}]}<\/script>\n<!-- \/ Yoast SEO plugin. -->","yoast_head_json":{"title":"Fabrega-Goertzen I Tourist rental in Llan\u00e7\u00e0 and Cap de Creus","description":"Enjoy a dream holiday in Llan\u00e7\u00e0 and Cap de Creus. Find the ideal flat for your holidays on the Costa Brava.","robots":{"index":"index","follow":"follow","max-snippet":"max-snippet:-1","max-image-preview":"max-image-preview:large","max-video-preview":"max-video-preview:-1"},"canonical":"https:\/\/fabrega.syspre.sysprovider.com\/en\/","og_locale":"en_US","og_type":"article","og_title":"Fabrega-Goertzen I Tourist rental in Llan\u00e7\u00e0 and Cap de Creus","og_description":"Enjoy a dream holiday in Llan\u00e7\u00e0 and Cap de Creus. Find the ideal flat for your holidays on the Costa Brava.","og_url":"https:\/\/fabrega.syspre.sysprovider.com\/en\/","og_site_name":"Fabrega-Goertzen","article_modified_time":"2025-01-11T17:11:58+00:00","og_image":[{"url":"https:\/\/fabrega-goertzen.com\/wp-content\/uploads\/2025\/01\/Diseno-sin-titulo-1.jpg","type":"","width":"","height":""}],"twitter_card":"summary_large_image","twitter_misc":{"Est. reading time":"94 minutes"},"schema":{"@context":"https:\/\/schema.org","@graph":[{"@type":"WebPage","@id":"https:\/\/fabrega.syspre.sysprovider.com\/en\/","url":"https:\/\/fabrega.syspre.sysprovider.com\/en\/","name":"Fabrega-Goertzen I Tourist rental in Llan\u00e7\u00e0 and Cap de Creus","isPartOf":{"@id":"https:\/\/fabrega.syspre.sysprovider.com\/#website"},"primaryImageOfPage":{"@id":"https:\/\/fabrega.syspre.sysprovider.com\/en\/#primaryimage"},"image":{"@id":"https:\/\/fabrega.syspre.sysprovider.com\/en\/#primaryimage"},"thumbnailUrl":"https:\/\/fabrega-goertzen.com\/wp-content\/uploads\/2025\/01\/Diseno-sin-titulo-1.jpg","datePublished":"2019-08-07T09:58:39+00:00","dateModified":"2025-01-11T17:11:58+00:00","description":"Enjoy a dream holiday in Llan\u00e7\u00e0 and Cap de Creus. Find the ideal flat for your holidays on the Costa Brava.","breadcrumb":{"@id":"https:\/\/fabrega.syspre.sysprovider.com\/en\/#breadcrumb"},"inLanguage":"en-US","potentialAction":[{"@type":"ReadAction","target":["https:\/\/fabrega.syspre.sysprovider.com\/en\/"]}]},{"@type":"ImageObject","inLanguage":"en-US","@id":"https:\/\/fabrega.syspre.sysprovider.com\/en\/#primaryimage","url":"https:\/\/fabrega-goertzen.com\/wp-content\/uploads\/2025\/01\/Diseno-sin-titulo-1.jpg","contentUrl":"https:\/\/fabrega-goertzen.com\/wp-content\/uploads\/2025\/01\/Diseno-sin-titulo-1.jpg"},{"@type":"BreadcrumbList","@id":"https:\/\/fabrega.syspre.sysprovider.com\/en\/#breadcrumb","itemListElement":[{"@type":"ListItem","position":1,"name":"Home","item":"https:\/\/fabrega.syspre.sysprovider.com\/en\/"},{"@type":"ListItem","position":2,"name":"Fabrega-Goertzen by More Holiday"}]},{"@type":"WebSite","@id":"https:\/\/fabrega.syspre.sysprovider.com\/#website","url":"https:\/\/fabrega.syspre.sysprovider.com\/","name":"Fabrega-Goertzen","description":"Fabrega-Goertzen","potentialAction":[{"@type":"SearchAction","target":{"@type":"EntryPoint","urlTemplate":"https:\/\/fabrega.syspre.sysprovider.com\/?s={search_term_string}"},"query-input":{"@type":"PropertyValueSpecification","valueRequired":true,"valueName":"search_term_string"}}],"inLanguage":"en-US"}]}},"_links":{"self":[{"href":"https:\/\/fabrega.syspre.sysprovider.com\/en\/wp-json\/wp\/v2\/pages\/54753","targetHints":{"allow":["GET"]}}],"collection":[{"href":"https:\/\/fabrega.syspre.sysprovider.com\/en\/wp-json\/wp\/v2\/pages"}],"about":[{"href":"https:\/\/fabrega.syspre.sysprovider.com\/en\/wp-json\/wp\/v2\/types\/page"}],"author":[{"embeddable":true,"href":"https:\/\/fabrega.syspre.sysprovider.com\/en\/wp-json\/wp\/v2\/users\/2"}],"replies":[{"embeddable":true,"href":"https:\/\/fabrega.syspre.sysprovider.com\/en\/wp-json\/wp\/v2\/comments?post=54753"}],"version-history":[{"count":33,"href":"https:\/\/fabrega.syspre.sysprovider.com\/en\/wp-json\/wp\/v2\/pages\/54753\/revisions"}],"predecessor-version":[{"id":84250,"href":"https:\/\/fabrega.syspre.sysprovider.com\/en\/wp-json\/wp\/v2\/pages\/54753\/revisions\/84250"}],"wp:attachment":[{"href":"https:\/\/fabrega.syspre.sysprovider.com\/en\/wp-json\/wp\/v2\/media?parent=54753"}],"curies":[{"name":"wp","href":"https:\/\/api.w.org\/{rel}","templated":true}]}}